{"id":32552,"date":"2024-07-10T08:46:46","date_gmt":"2024-07-10T06:46:46","guid":{"rendered":"https:\/\/www.efk.admin.ch\/fachtexte\/absichtserklaerung-oder-doch-echter-wandel-moege-die-digitale-transformation-mehr-als-ein-feigenblatt-sein\/"},"modified":"2024-07-10T08:50:54","modified_gmt":"2024-07-10T06:50:54","slug":"absichtserklaerung-oder-doch-echter-wandel-moege-die-digitale-transformation-mehr-als-ein-feigenblatt-sein","status":"publish","type":"fachtexte","link":"https:\/\/www.efk.admin.ch\/it\/fachtexte\/absichtserklaerung-oder-doch-echter-wandel-moege-die-digitale-transformation-mehr-als-ein-feigenblatt-sein\/","title":{"rendered":"D\u00e9claration d\u2019intention ou changement r\u00e9el ? Esp\u00e9rons que la transformation num\u00e9rique soit plus qu\u2019un artifice"},"content":{"rendered":"\n<p>Une r\u00e9organisation apporte la r\u00e9ponse appropri\u00e9e \u00e0 de nombreuses critiques : oui, nous avons des probl\u00e8mes, raison pour laquelle nous allons nous r\u00e9organiser, nous sommes en cours de r\u00e9organisation, nous venons de nous r\u00e9organiser. Dans l\u2019air du temps, un terme tout aussi salutaire et rassurant s\u2019est impos\u00e9 ces derni\u00e8res ann\u00e9es : la transformation num\u00e9rique.<\/p>\n","protected":false},"featured_media":0,"menu_order":0,"template":"","class_list":["post-32552","fachtexte","type-fachtexte","status-publish","hentry"],"acf":[],"yoast_head":"<!-- This site is optimized with the Yoast SEO Premium plugin v27.4 (Yoast SEO v27.4) - https:\/\/yoast.com\/product\/yoast-seo-premium-wordpress\/ -->\n<title>D\u00e9claration d\u2019intention ou changement r\u00e9el ? Esp\u00e9rons que la transformation num\u00e9rique soit plus qu\u2019un artifice - Controllo federale delle finanze (CDF)<\/title>\n<meta name=\"robots\" content=\"index, follow, max-snippet:-1, max-image-preview:large, max-video-preview:-1\" \/>\n<link rel=\"canonical\" href=\"https:\/\/www.efk.admin.ch\/it\/fachtexte\/absichtserklaerung-oder-doch-echter-wandel-moege-die-digitale-transformation-mehr-als-ein-feigenblatt-sein\/\" \/>\n<meta property=\"og:locale\" content=\"it_IT\" \/>\n<meta property=\"og:type\" content=\"article\" \/>\n<meta property=\"og:title\" content=\"D\u00e9claration d\u2019intention ou changement r\u00e9el ? Esp\u00e9rons que la transformation num\u00e9rique soit plus qu\u2019un artifice\" \/>\n<meta property=\"og:description\" content=\"Une r\u00e9organisation apporte la r\u00e9ponse appropri\u00e9e \u00e0 de nombreuses critiques : oui, nous avons des probl\u00e8mes, raison pour laquelle nous allons nous r\u00e9organiser, nous sommes en cours de r\u00e9organisation, nous venons de nous r\u00e9organiser. Dans l\u2019air du temps, un terme tout aussi salutaire et rassurant s\u2019est impos\u00e9 ces derni\u00e8res ann\u00e9es : la transformation num\u00e9rique.\" \/>\n<meta property=\"og:url\" content=\"https:\/\/www.efk.admin.ch\/it\/fachtexte\/absichtserklaerung-oder-doch-echter-wandel-moege-die-digitale-transformation-mehr-als-ein-feigenblatt-sein\/\" \/>\n<meta property=\"og:site_name\" content=\"Controllo federale delle finanze (CDF)\" \/>\n<meta property=\"article:modified_time\" content=\"2024-07-10T06:50:54+00:00\" \/>\n<meta property=\"og:image\" content=\"https:\/\/www.efk.admin.ch\/wp-content\/uploads\/test\/palais.jpg\" \/>\n\t<meta property=\"og:image:width\" content=\"750\" \/>\n\t<meta property=\"og:image:height\" content=\"500\" \/>\n\t<meta property=\"og:image:type\" content=\"image\/jpeg\" \/>\n<meta name=\"twitter:card\" content=\"summary_large_image\" \/>\n<meta name=\"twitter:label1\" content=\"Est. reading time\" \/>\n\t<meta name=\"twitter:data1\" content=\"1 minute\" \/>\n<script type=\"application\/ld+json\" class=\"yoast-schema-graph\">{\"@context\":\"https:\\\/\\\/schema.org\",\"@graph\":[{\"@type\":\"WebPage\",\"@id\":\"https:\\\/\\\/www.efk.admin.ch\\\/it\\\/fachtexte\\\/absichtserklaerung-oder-doch-echter-wandel-moege-die-digitale-transformation-mehr-als-ein-feigenblatt-sein\\\/\",\"url\":\"https:\\\/\\\/www.efk.admin.ch\\\/it\\\/fachtexte\\\/absichtserklaerung-oder-doch-echter-wandel-moege-die-digitale-transformation-mehr-als-ein-feigenblatt-sein\\\/\",\"name\":\"D\u00e9claration d\u2019intention ou changement r\u00e9el ? Esp\u00e9rons que la transformation num\u00e9rique soit plus qu\u2019un artifice - Controllo federale delle finanze (CDF)\",\"isPartOf\":{\"@id\":\"https:\\\/\\\/www.efk.admin.ch\\\/it\\\/#website\"},\"datePublished\":\"2024-07-10T06:46:46+00:00\",\"dateModified\":\"2024-07-10T06:50:54+00:00\",\"breadcrumb\":{\"@id\":\"https:\\\/\\\/www.efk.admin.ch\\\/it\\\/fachtexte\\\/absichtserklaerung-oder-doch-echter-wandel-moege-die-digitale-transformation-mehr-als-ein-feigenblatt-sein\\\/#breadcrumb\"},\"inLanguage\":\"it-IT\",\"potentialAction\":[{\"@type\":\"ReadAction\",\"target\":[\"https:\\\/\\\/www.efk.admin.ch\\\/it\\\/fachtexte\\\/absichtserklaerung-oder-doch-echter-wandel-moege-die-digitale-transformation-mehr-als-ein-feigenblatt-sein\\\/\"]}]},{\"@type\":\"BreadcrumbList\",\"@id\":\"https:\\\/\\\/www.efk.admin.ch\\\/it\\\/fachtexte\\\/absichtserklaerung-oder-doch-echter-wandel-moege-die-digitale-transformation-mehr-als-ein-feigenblatt-sein\\\/#breadcrumb\",\"itemListElement\":[{\"@type\":\"ListItem\",\"position\":1,\"name\":\"Home\",\"item\":\"https:\\\/\\\/www.efk.admin.ch\\\/it\\\/\"},{\"@type\":\"ListItem\",\"position\":2,\"name\":\"D\u00e9claration d\u2019intention ou changement r\u00e9el ? Esp\u00e9rons que la transformation num\u00e9rique soit plus qu\u2019un artifice\"}]},{\"@type\":\"WebSite\",\"@id\":\"https:\\\/\\\/www.efk.admin.ch\\\/it\\\/#website\",\"url\":\"https:\\\/\\\/www.efk.admin.ch\\\/it\\\/\",\"name\":\"Informationen \u00fcber das oberste Finanzaufsichtsorgan der Schweiz\",\"description\":\"Il Controllo federale delle finanze (CDF) \u00e8 l'organo supremo di vigilanza finanziaria della Confederazione svizzera.\",\"publisher\":{\"@id\":\"https:\\\/\\\/www.efk.admin.ch\\\/it\\\/#organization\"},\"alternateName\":\"EFK\",\"potentialAction\":[{\"@type\":\"SearchAction\",\"target\":{\"@type\":\"EntryPoint\",\"urlTemplate\":\"https:\\\/\\\/www.efk.admin.ch\\\/it\\\/?s={search_term_string}\"},\"query-input\":{\"@type\":\"PropertyValueSpecification\",\"valueRequired\":true,\"valueName\":\"search_term_string\"}}],\"inLanguage\":\"it-IT\"},{\"@type\":\"Organization\",\"@id\":\"https:\\\/\\\/www.efk.admin.ch\\\/it\\\/#organization\",\"name\":\"Controllo federale delle finanze (CDF)\",\"alternateName\":\"EFK\",\"url\":\"https:\\\/\\\/www.efk.admin.ch\\\/it\\\/\",\"logo\":{\"@type\":\"ImageObject\",\"inLanguage\":\"it-IT\",\"@id\":\"https:\\\/\\\/www.efk.admin.ch\\\/it\\\/#\\\/schema\\\/logo\\\/image\\\/\",\"url\":\"https:\\\/\\\/www.efk.admin.ch\\\/wp-content\\\/uploads\\\/efk_cdf_logo_ohne_claim.png\",\"contentUrl\":\"https:\\\/\\\/www.efk.admin.ch\\\/wp-content\\\/uploads\\\/efk_cdf_logo_ohne_claim.png\",\"width\":268,\"height\":258,\"caption\":\"Controllo federale delle finanze (CDF)\"},\"image\":{\"@id\":\"https:\\\/\\\/www.efk.admin.ch\\\/it\\\/#\\\/schema\\\/logo\\\/image\\\/\"},\"sameAs\":[\"https:\\\/\\\/www.instagram.com\\\/efk_cdf_sfao\\\/\",\"https:\\\/\\\/www.youtube.com\\\/channel\\\/UCm-bXj227VE5sJzhB-ihdvw\\\/featured\",\"https:\\\/\\\/www.linkedin.com\\\/company\\\/11081578\\\/\"]}]}<\/script>\n<!-- \/ Yoast SEO Premium plugin. -->","yoast_head_json":{"title":"D\u00e9claration d\u2019intention ou changement r\u00e9el ? Esp\u00e9rons que la transformation num\u00e9rique soit plus qu\u2019un artifice - Controllo federale delle finanze (CDF)","robots":{"index":"index","follow":"follow","max-snippet":"max-snippet:-1","max-image-preview":"max-image-preview:large","max-video-preview":"max-video-preview:-1"},"canonical":"https:\/\/www.efk.admin.ch\/it\/fachtexte\/absichtserklaerung-oder-doch-echter-wandel-moege-die-digitale-transformation-mehr-als-ein-feigenblatt-sein\/","og_locale":"it_IT","og_type":"article","og_title":"D\u00e9claration d\u2019intention ou changement r\u00e9el ? Esp\u00e9rons que la transformation num\u00e9rique soit plus qu\u2019un artifice","og_description":"Une r\u00e9organisation apporte la r\u00e9ponse appropri\u00e9e \u00e0 de nombreuses critiques : oui, nous avons des probl\u00e8mes, raison pour laquelle nous allons nous r\u00e9organiser, nous sommes en cours de r\u00e9organisation, nous venons de nous r\u00e9organiser. Dans l\u2019air du temps, un terme tout aussi salutaire et rassurant s\u2019est impos\u00e9 ces derni\u00e8res ann\u00e9es : la transformation num\u00e9rique.","og_url":"https:\/\/www.efk.admin.ch\/it\/fachtexte\/absichtserklaerung-oder-doch-echter-wandel-moege-die-digitale-transformation-mehr-als-ein-feigenblatt-sein\/","og_site_name":"Controllo federale delle finanze (CDF)","article_modified_time":"2024-07-10T06:50:54+00:00","og_image":[{"width":750,"height":500,"url":"https:\/\/www.efk.admin.ch\/wp-content\/uploads\/test\/palais.jpg","type":"image\/jpeg"}],"twitter_card":"summary_large_image","twitter_misc":{"Est. reading time":"1 minute"},"schema":{"@context":"https:\/\/schema.org","@graph":[{"@type":"WebPage","@id":"https:\/\/www.efk.admin.ch\/it\/fachtexte\/absichtserklaerung-oder-doch-echter-wandel-moege-die-digitale-transformation-mehr-als-ein-feigenblatt-sein\/","url":"https:\/\/www.efk.admin.ch\/it\/fachtexte\/absichtserklaerung-oder-doch-echter-wandel-moege-die-digitale-transformation-mehr-als-ein-feigenblatt-sein\/","name":"D\u00e9claration d\u2019intention ou changement r\u00e9el ? Esp\u00e9rons que la transformation num\u00e9rique soit plus qu\u2019un artifice - Controllo federale delle finanze (CDF)","isPartOf":{"@id":"https:\/\/www.efk.admin.ch\/it\/#website"},"datePublished":"2024-07-10T06:46:46+00:00","dateModified":"2024-07-10T06:50:54+00:00","breadcrumb":{"@id":"https:\/\/www.efk.admin.ch\/it\/fachtexte\/absichtserklaerung-oder-doch-echter-wandel-moege-die-digitale-transformation-mehr-als-ein-feigenblatt-sein\/#breadcrumb"},"inLanguage":"it-IT","potentialAction":[{"@type":"ReadAction","target":["https:\/\/www.efk.admin.ch\/it\/fachtexte\/absichtserklaerung-oder-doch-echter-wandel-moege-die-digitale-transformation-mehr-als-ein-feigenblatt-sein\/"]}]},{"@type":"BreadcrumbList","@id":"https:\/\/www.efk.admin.ch\/it\/fachtexte\/absichtserklaerung-oder-doch-echter-wandel-moege-die-digitale-transformation-mehr-als-ein-feigenblatt-sein\/#breadcrumb","itemListElement":[{"@type":"ListItem","position":1,"name":"Home","item":"https:\/\/www.efk.admin.ch\/it\/"},{"@type":"ListItem","position":2,"name":"D\u00e9claration d\u2019intention ou changement r\u00e9el ? Esp\u00e9rons que la transformation num\u00e9rique soit plus qu\u2019un artifice"}]},{"@type":"WebSite","@id":"https:\/\/www.efk.admin.ch\/it\/#website","url":"https:\/\/www.efk.admin.ch\/it\/","name":"Informationen \u00fcber das oberste Finanzaufsichtsorgan der Schweiz","description":"Il Controllo federale delle finanze (CDF) \u00e8 l'organo supremo di vigilanza finanziaria della Confederazione svizzera.","publisher":{"@id":"https:\/\/www.efk.admin.ch\/it\/#organization"},"alternateName":"EFK","potentialAction":[{"@type":"SearchAction","target":{"@type":"EntryPoint","urlTemplate":"https:\/\/www.efk.admin.ch\/it\/?s={search_term_string}"},"query-input":{"@type":"PropertyValueSpecification","valueRequired":true,"valueName":"search_term_string"}}],"inLanguage":"it-IT"},{"@type":"Organization","@id":"https:\/\/www.efk.admin.ch\/it\/#organization","name":"Controllo federale delle finanze (CDF)","alternateName":"EFK","url":"https:\/\/www.efk.admin.ch\/it\/","logo":{"@type":"ImageObject","inLanguage":"it-IT","@id":"https:\/\/www.efk.admin.ch\/it\/#\/schema\/logo\/image\/","url":"https:\/\/www.efk.admin.ch\/wp-content\/uploads\/efk_cdf_logo_ohne_claim.png","contentUrl":"https:\/\/www.efk.admin.ch\/wp-content\/uploads\/efk_cdf_logo_ohne_claim.png","width":268,"height":258,"caption":"Controllo federale delle finanze (CDF)"},"image":{"@id":"https:\/\/www.efk.admin.ch\/it\/#\/schema\/logo\/image\/"},"sameAs":["https:\/\/www.instagram.com\/efk_cdf_sfao\/","https:\/\/www.youtube.com\/channel\/UCm-bXj227VE5sJzhB-ihdvw\/featured","https:\/\/www.linkedin.com\/company\/11081578\/"]}]}},"_links":{"self":[{"href":"https:\/\/www.efk.admin.ch\/it\/wp-json\/wp\/v2\/fachtexte\/32552","targetHints":{"allow":["GET"]}}],"collection":[{"href":"https:\/\/www.efk.admin.ch\/it\/wp-json\/wp\/v2\/fachtexte"}],"about":[{"href":"https:\/\/www.efk.admin.ch\/it\/wp-json\/wp\/v2\/types\/fachtexte"}],"wp:attachment":[{"href":"https:\/\/www.efk.admin.ch\/it\/wp-json\/wp\/v2\/media?parent=32552"}],"curies":[{"name":"wp","href":"https:\/\/api.w.org\/{rel}","templated":true}]}}