{"id":31659,"date":"2024-06-03T12:32:12","date_gmt":"2024-06-03T10:32:12","guid":{"rendered":"https:\/\/www.efk.admin.ch\/fachtexte\/comment-la-confederation-lutte-contre-lacriminalite-en-col-blanc\/"},"modified":"2024-06-03T12:36:17","modified_gmt":"2024-06-03T10:36:17","slug":"comment-la-confederation-lutte-contre-lacriminalite-en-col-blanc","status":"publish","type":"fachtexte","link":"https:\/\/www.efk.admin.ch\/it\/fachtexte\/comment-la-confederation-lutte-contre-lacriminalite-en-col-blanc\/","title":{"rendered":"Comment la Conf\u00e9d\u00e9ration lutte contre lacriminalit\u00e9 en col blanc"},"content":{"rendered":"\n<p>Le Contr\u00f4le f\u00e9d\u00e9ral des finances dresse un bilan globalement positif des activit\u00e9s men\u00e9es depuis 2015 par la Conf\u00e9d\u00e9ration pour lutter contre la criminalit\u00e9 \u00e9conomique. Des am\u00e9liorations sont toutefois n\u00e9cessaires, notamment dans le domaine de la disponibilit\u00e9 des donn\u00e9es et dans la lutte contre le blanchiment d\u2019argent.<\/p>\n","protected":false},"featured_media":0,"menu_order":0,"template":"","class_list":["post-31659","fachtexte","type-fachtexte","status-publish","hentry"],"acf":[],"yoast_head":"<!-- This site is optimized with the Yoast SEO Premium plugin v27.4 (Yoast SEO v27.4) - https:\/\/yoast.com\/product\/yoast-seo-premium-wordpress\/ -->\n<title>Comment la Conf\u00e9d\u00e9ration lutte contre lacriminalit\u00e9 en col blanc - Controllo federale delle finanze (CDF)<\/title>\n<meta name=\"robots\" content=\"index, follow, max-snippet:-1, max-image-preview:large, max-video-preview:-1\" \/>\n<link rel=\"canonical\" href=\"https:\/\/www.efk.admin.ch\/it\/fachtexte\/comment-la-confederation-lutte-contre-lacriminalite-en-col-blanc\/\" \/>\n<meta property=\"og:locale\" content=\"it_IT\" \/>\n<meta property=\"og:type\" content=\"article\" \/>\n<meta property=\"og:title\" content=\"Comment la Conf\u00e9d\u00e9ration lutte contre lacriminalit\u00e9 en col blanc\" \/>\n<meta property=\"og:description\" content=\"Le Contr\u00f4le f\u00e9d\u00e9ral des finances dresse un bilan globalement positif des activit\u00e9s men\u00e9es depuis 2015 par la Conf\u00e9d\u00e9ration pour lutter contre la criminalit\u00e9 \u00e9conomique. Des am\u00e9liorations sont toutefois n\u00e9cessaires, notamment dans le domaine de la disponibilit\u00e9 des donn\u00e9es et dans la lutte contre le blanchiment d\u2019argent.\" \/>\n<meta property=\"og:url\" content=\"https:\/\/www.efk.admin.ch\/it\/fachtexte\/comment-la-confederation-lutte-contre-lacriminalite-en-col-blanc\/\" \/>\n<meta property=\"og:site_name\" content=\"Controllo federale delle finanze (CDF)\" \/>\n<meta property=\"article:modified_time\" content=\"2024-06-03T10:36:17+00:00\" \/>\n<meta property=\"og:image\" content=\"https:\/\/www.efk.admin.ch\/wp-content\/uploads\/test\/palais.jpg\" \/>\n\t<meta property=\"og:image:width\" content=\"750\" \/>\n\t<meta property=\"og:image:height\" content=\"500\" \/>\n\t<meta property=\"og:image:type\" content=\"image\/jpeg\" \/>\n<meta name=\"twitter:card\" content=\"summary_large_image\" \/>\n<meta name=\"twitter:label1\" content=\"Est. reading time\" \/>\n\t<meta name=\"twitter:data1\" content=\"1 minute\" \/>\n<script type=\"application\/ld+json\" class=\"yoast-schema-graph\">{\"@context\":\"https:\\\/\\\/schema.org\",\"@graph\":[{\"@type\":\"WebPage\",\"@id\":\"https:\\\/\\\/www.efk.admin.ch\\\/it\\\/fachtexte\\\/comment-la-confederation-lutte-contre-lacriminalite-en-col-blanc\\\/\",\"url\":\"https:\\\/\\\/www.efk.admin.ch\\\/it\\\/fachtexte\\\/comment-la-confederation-lutte-contre-lacriminalite-en-col-blanc\\\/\",\"name\":\"Comment la Conf\u00e9d\u00e9ration lutte contre lacriminalit\u00e9 en col blanc - Controllo federale delle finanze (CDF)\",\"isPartOf\":{\"@id\":\"https:\\\/\\\/www.efk.admin.ch\\\/it\\\/#website\"},\"datePublished\":\"2024-06-03T10:32:12+00:00\",\"dateModified\":\"2024-06-03T10:36:17+00:00\",\"breadcrumb\":{\"@id\":\"https:\\\/\\\/www.efk.admin.ch\\\/it\\\/fachtexte\\\/comment-la-confederation-lutte-contre-lacriminalite-en-col-blanc\\\/#breadcrumb\"},\"inLanguage\":\"it-IT\",\"potentialAction\":[{\"@type\":\"ReadAction\",\"target\":[\"https:\\\/\\\/www.efk.admin.ch\\\/it\\\/fachtexte\\\/comment-la-confederation-lutte-contre-lacriminalite-en-col-blanc\\\/\"]}]},{\"@type\":\"BreadcrumbList\",\"@id\":\"https:\\\/\\\/www.efk.admin.ch\\\/it\\\/fachtexte\\\/comment-la-confederation-lutte-contre-lacriminalite-en-col-blanc\\\/#breadcrumb\",\"itemListElement\":[{\"@type\":\"ListItem\",\"position\":1,\"name\":\"Home\",\"item\":\"https:\\\/\\\/www.efk.admin.ch\\\/it\\\/\"},{\"@type\":\"ListItem\",\"position\":2,\"name\":\"Comment la Conf\u00e9d\u00e9ration lutte contre lacriminalit\u00e9 en col blanc\"}]},{\"@type\":\"WebSite\",\"@id\":\"https:\\\/\\\/www.efk.admin.ch\\\/it\\\/#website\",\"url\":\"https:\\\/\\\/www.efk.admin.ch\\\/it\\\/\",\"name\":\"Informationen \u00fcber das oberste Finanzaufsichtsorgan der Schweiz\",\"description\":\"Il Controllo federale delle finanze (CDF) \u00e8 l'organo supremo di vigilanza finanziaria della Confederazione svizzera.\",\"publisher\":{\"@id\":\"https:\\\/\\\/www.efk.admin.ch\\\/it\\\/#organization\"},\"alternateName\":\"EFK\",\"potentialAction\":[{\"@type\":\"SearchAction\",\"target\":{\"@type\":\"EntryPoint\",\"urlTemplate\":\"https:\\\/\\\/www.efk.admin.ch\\\/it\\\/?s={search_term_string}\"},\"query-input\":{\"@type\":\"PropertyValueSpecification\",\"valueRequired\":true,\"valueName\":\"search_term_string\"}}],\"inLanguage\":\"it-IT\"},{\"@type\":\"Organization\",\"@id\":\"https:\\\/\\\/www.efk.admin.ch\\\/it\\\/#organization\",\"name\":\"Controllo federale delle finanze (CDF)\",\"alternateName\":\"EFK\",\"url\":\"https:\\\/\\\/www.efk.admin.ch\\\/it\\\/\",\"logo\":{\"@type\":\"ImageObject\",\"inLanguage\":\"it-IT\",\"@id\":\"https:\\\/\\\/www.efk.admin.ch\\\/it\\\/#\\\/schema\\\/logo\\\/image\\\/\",\"url\":\"https:\\\/\\\/www.efk.admin.ch\\\/wp-content\\\/uploads\\\/efk_cdf_logo_ohne_claim.png\",\"contentUrl\":\"https:\\\/\\\/www.efk.admin.ch\\\/wp-content\\\/uploads\\\/efk_cdf_logo_ohne_claim.png\",\"width\":268,\"height\":258,\"caption\":\"Controllo federale delle finanze (CDF)\"},\"image\":{\"@id\":\"https:\\\/\\\/www.efk.admin.ch\\\/it\\\/#\\\/schema\\\/logo\\\/image\\\/\"},\"sameAs\":[\"https:\\\/\\\/www.instagram.com\\\/efk_cdf_sfao\\\/\",\"https:\\\/\\\/www.youtube.com\\\/channel\\\/UCm-bXj227VE5sJzhB-ihdvw\\\/featured\",\"https:\\\/\\\/www.linkedin.com\\\/company\\\/11081578\\\/\"]}]}<\/script>\n<!-- \/ Yoast SEO Premium plugin. -->","yoast_head_json":{"title":"Comment la Conf\u00e9d\u00e9ration lutte contre lacriminalit\u00e9 en col blanc - Controllo federale delle finanze (CDF)","robots":{"index":"index","follow":"follow","max-snippet":"max-snippet:-1","max-image-preview":"max-image-preview:large","max-video-preview":"max-video-preview:-1"},"canonical":"https:\/\/www.efk.admin.ch\/it\/fachtexte\/comment-la-confederation-lutte-contre-lacriminalite-en-col-blanc\/","og_locale":"it_IT","og_type":"article","og_title":"Comment la Conf\u00e9d\u00e9ration lutte contre lacriminalit\u00e9 en col blanc","og_description":"Le Contr\u00f4le f\u00e9d\u00e9ral des finances dresse un bilan globalement positif des activit\u00e9s men\u00e9es depuis 2015 par la Conf\u00e9d\u00e9ration pour lutter contre la criminalit\u00e9 \u00e9conomique. Des am\u00e9liorations sont toutefois n\u00e9cessaires, notamment dans le domaine de la disponibilit\u00e9 des donn\u00e9es et dans la lutte contre le blanchiment d\u2019argent.","og_url":"https:\/\/www.efk.admin.ch\/it\/fachtexte\/comment-la-confederation-lutte-contre-lacriminalite-en-col-blanc\/","og_site_name":"Controllo federale delle finanze (CDF)","article_modified_time":"2024-06-03T10:36:17+00:00","og_image":[{"width":750,"height":500,"url":"https:\/\/www.efk.admin.ch\/wp-content\/uploads\/test\/palais.jpg","type":"image\/jpeg"}],"twitter_card":"summary_large_image","twitter_misc":{"Est. reading time":"1 minute"},"schema":{"@context":"https:\/\/schema.org","@graph":[{"@type":"WebPage","@id":"https:\/\/www.efk.admin.ch\/it\/fachtexte\/comment-la-confederation-lutte-contre-lacriminalite-en-col-blanc\/","url":"https:\/\/www.efk.admin.ch\/it\/fachtexte\/comment-la-confederation-lutte-contre-lacriminalite-en-col-blanc\/","name":"Comment la Conf\u00e9d\u00e9ration lutte contre lacriminalit\u00e9 en col blanc - Controllo federale delle finanze (CDF)","isPartOf":{"@id":"https:\/\/www.efk.admin.ch\/it\/#website"},"datePublished":"2024-06-03T10:32:12+00:00","dateModified":"2024-06-03T10:36:17+00:00","breadcrumb":{"@id":"https:\/\/www.efk.admin.ch\/it\/fachtexte\/comment-la-confederation-lutte-contre-lacriminalite-en-col-blanc\/#breadcrumb"},"inLanguage":"it-IT","potentialAction":[{"@type":"ReadAction","target":["https:\/\/www.efk.admin.ch\/it\/fachtexte\/comment-la-confederation-lutte-contre-lacriminalite-en-col-blanc\/"]}]},{"@type":"BreadcrumbList","@id":"https:\/\/www.efk.admin.ch\/it\/fachtexte\/comment-la-confederation-lutte-contre-lacriminalite-en-col-blanc\/#breadcrumb","itemListElement":[{"@type":"ListItem","position":1,"name":"Home","item":"https:\/\/www.efk.admin.ch\/it\/"},{"@type":"ListItem","position":2,"name":"Comment la Conf\u00e9d\u00e9ration lutte contre lacriminalit\u00e9 en col blanc"}]},{"@type":"WebSite","@id":"https:\/\/www.efk.admin.ch\/it\/#website","url":"https:\/\/www.efk.admin.ch\/it\/","name":"Informationen \u00fcber das oberste Finanzaufsichtsorgan der Schweiz","description":"Il Controllo federale delle finanze (CDF) \u00e8 l'organo supremo di vigilanza finanziaria della Confederazione svizzera.","publisher":{"@id":"https:\/\/www.efk.admin.ch\/it\/#organization"},"alternateName":"EFK","potentialAction":[{"@type":"SearchAction","target":{"@type":"EntryPoint","urlTemplate":"https:\/\/www.efk.admin.ch\/it\/?s={search_term_string}"},"query-input":{"@type":"PropertyValueSpecification","valueRequired":true,"valueName":"search_term_string"}}],"inLanguage":"it-IT"},{"@type":"Organization","@id":"https:\/\/www.efk.admin.ch\/it\/#organization","name":"Controllo federale delle finanze (CDF)","alternateName":"EFK","url":"https:\/\/www.efk.admin.ch\/it\/","logo":{"@type":"ImageObject","inLanguage":"it-IT","@id":"https:\/\/www.efk.admin.ch\/it\/#\/schema\/logo\/image\/","url":"https:\/\/www.efk.admin.ch\/wp-content\/uploads\/efk_cdf_logo_ohne_claim.png","contentUrl":"https:\/\/www.efk.admin.ch\/wp-content\/uploads\/efk_cdf_logo_ohne_claim.png","width":268,"height":258,"caption":"Controllo federale delle finanze (CDF)"},"image":{"@id":"https:\/\/www.efk.admin.ch\/it\/#\/schema\/logo\/image\/"},"sameAs":["https:\/\/www.instagram.com\/efk_cdf_sfao\/","https:\/\/www.youtube.com\/channel\/UCm-bXj227VE5sJzhB-ihdvw\/featured","https:\/\/www.linkedin.com\/company\/11081578\/"]}]}},"_links":{"self":[{"href":"https:\/\/www.efk.admin.ch\/it\/wp-json\/wp\/v2\/fachtexte\/31659","targetHints":{"allow":["GET"]}}],"collection":[{"href":"https:\/\/www.efk.admin.ch\/it\/wp-json\/wp\/v2\/fachtexte"}],"about":[{"href":"https:\/\/www.efk.admin.ch\/it\/wp-json\/wp\/v2\/types\/fachtexte"}],"wp:attachment":[{"href":"https:\/\/www.efk.admin.ch\/it\/wp-json\/wp\/v2\/media?parent=31659"}],"curies":[{"name":"wp","href":"https:\/\/api.w.org\/{rel}","templated":true}]}}