{"id":7108,"date":"2024-01-17T16:38:30","date_gmt":"2024-01-17T15:38:30","guid":{"rendered":"https:\/\/preview.efk.admin.ch\/prufung\/7108\/"},"modified":"2024-03-08T16:06:44","modified_gmt":"2024-03-08T15:06:44","slug":"7108","status":"publish","type":"audit","link":"https:\/\/www.efk.admin.ch\/it\/verifica\/7108\/","title":{"rendered":"Contr\u00f4le de la coordination de la g\u00e9oinformation et des syst\u00e8mes d&#8217;information g\u00e9ographique (COSIG)"},"content":{"rendered":"\n<p>Le Contr\u00f4le f\u00e9d\u00e9ral des finances (CDF) a proc\u00e9d\u00e9 \u00e0 un contr\u00f4le aupr\u00e8s de swisstopo dans le domaine de la coordination de la g\u00e9oinformation (GI) et des syst\u00e8mes d&#8217;information g\u00e9ographique (SIG) &#8220;COSIG&#8221;. &#8211; Le principal objectif du contr\u00f4le portait sur l&#8217;\u00e9tat de r\u00e9alisation des objectifs COSIG \u00e0 fin 2006. Le contr\u00f4le devait notamment renseigner sur la coordination, la qualit\u00e9 et l\u2019organisation de ce \u00ab projet \u00bb complexe1. Il s\u2019agissait en premier lieu de d\u00e9terminer si les objectifs COSIG et la mise en place d\u2019une infrastructure nationale de donn\u00e9es g\u00e9ographiques (INDG) \u00e9taient r\u00e9alisables compte tenu de la situation actuelle dans le cadre des objectifs en termes de d\u00e9lais et de finances et conform\u00e9ment \u00e0 la \u00ab strat\u00e9gie pour la g\u00e9oinformation aupr\u00e8s de la Conf\u00e9d\u00e9ration \u00bb d\u00e9finie par le Conseil f\u00e9d\u00e9ral le 15 juin 2001.<\/p>\n","protected":false},"featured_media":0,"menu_order":0,"template":"","audit_category":[138],"audit_type":[53],"class_list":["post-7108","audit","type-audit","status-publish","hentry","audit_category-progetti-informatici","audit_type-verifica"],"acf":{"audit_lang":[{"lang":"d"}],"audit_numbers":[{"audit_number":"7248"}],"audit_office":22725,"audit_office_text":"","audit_date":"20070709","bgo":false,"keywords":"Le Contr\u00f4le f\u00e9d\u00e9ral des finances (CDF) a proc\u00e9d\u00e9 \u00e0 un contr\u00f4le aupr\u00e8s de swisstopo dans le domaine de la coordination de la g\u00e9oinformation (GI) et des syst\u00e8mes d'information g\u00e9ographique (SIG) \"COSIG\". - Le principal objectif du contr\u00f4le portait sur l'\u00e9tat de r\u00e9alisation des objectifs COSIG \u00e0 fin 2006. Le contr\u00f4le devait notamment renseigner sur la coordination, la qualit\u00e9 et l\u2019organisation de ce \u00ab projet \u00bb complexe1. Il s\u2019agissait en premier lieu de d\u00e9terminer si les objectifs COSIG et la mise en place d\u2019une infrastructure nationale de donn\u00e9es g\u00e9ographiques (INDG) \u00e9taient r\u00e9alisables compte tenu de la situation actuelle dans le cadre des objectifs en termes de d\u00e9lais et de finances et conform\u00e9ment \u00e0 la \u00ab strat\u00e9gie pour la g\u00e9oinformation aupr\u00e8s de la Conf\u00e9d\u00e9ration \u00bb d\u00e9finie par le Conseil f\u00e9d\u00e9ral le 15 juin 2001.","audit_office_local":""},"yoast_head":"<!-- This site is optimized with the Yoast SEO Premium plugin v27.4 (Yoast SEO v27.4) - https:\/\/yoast.com\/product\/yoast-seo-premium-wordpress\/ -->\n<title>Contr\u00f4le de la coordination de la g\u00e9oinformation et des syst\u00e8mes d&#039;information g\u00e9ographique (COSIG) - Controllo federale delle finanze (CDF)<\/title>\n<meta name=\"description\" content=\"Contr\u00f4le de la coordination de la g\u00e9oinformation et des syst\u00e8mes d&#039;information g\u00e9ographique (COSIG)\" \/>\n<meta name=\"robots\" content=\"index, follow, max-snippet:-1, max-image-preview:large, max-video-preview:-1\" \/>\n<link rel=\"canonical\" href=\"https:\/\/www.efk.admin.ch\/it\/verifica\/7108\/\" \/>\n<meta property=\"og:locale\" content=\"it_IT\" \/>\n<meta property=\"og:type\" content=\"article\" \/>\n<meta property=\"og:title\" content=\"Contr\u00f4le de la coordination de la g\u00e9oinformation et des syst\u00e8mes d&#039;information g\u00e9ographique (COSIG)\" \/>\n<meta property=\"og:description\" content=\"Contr\u00f4le de la coordination de la g\u00e9oinformation et des syst\u00e8mes d&#039;information g\u00e9ographique (COSIG)\" \/>\n<meta property=\"og:url\" content=\"https:\/\/www.efk.admin.ch\/it\/verifica\/7108\/\" \/>\n<meta property=\"og:site_name\" content=\"Controllo federale delle finanze (CDF)\" \/>\n<meta property=\"article:modified_time\" content=\"2024-03-08T15:06:44+00:00\" \/>\n<meta property=\"og:image\" content=\"https:\/\/www.efk.admin.ch\/wp-content\/uploads\/test\/palais.jpg\" \/>\n\t<meta property=\"og:image:width\" content=\"750\" \/>\n\t<meta property=\"og:image:height\" content=\"500\" \/>\n\t<meta property=\"og:image:type\" content=\"image\/jpeg\" \/>\n<meta name=\"twitter:card\" content=\"summary_large_image\" \/>\n<meta name=\"twitter:label1\" content=\"Est. reading time\" \/>\n\t<meta name=\"twitter:data1\" content=\"1 minute\" \/>\n<script type=\"application\/ld+json\" class=\"yoast-schema-graph\">{\"@context\":\"https:\\\/\\\/schema.org\",\"@graph\":[{\"@type\":\"WebPage\",\"@id\":\"https:\\\/\\\/www.efk.admin.ch\\\/it\\\/verifica\\\/7108\\\/\",\"url\":\"https:\\\/\\\/www.efk.admin.ch\\\/it\\\/verifica\\\/7108\\\/\",\"name\":\"Contr\u00f4le de la coordination de la g\u00e9oinformation et des syst\u00e8mes d'information g\u00e9ographique (COSIG) - Controllo federale delle finanze (CDF)\",\"isPartOf\":{\"@id\":\"https:\\\/\\\/www.efk.admin.ch\\\/it\\\/#website\"},\"datePublished\":\"2024-01-17T15:38:30+00:00\",\"dateModified\":\"2024-03-08T15:06:44+00:00\",\"description\":\"Contr\u00f4le de la coordination de la g\u00e9oinformation et des syst\u00e8mes d'information g\u00e9ographique (COSIG)\",\"breadcrumb\":{\"@id\":\"https:\\\/\\\/www.efk.admin.ch\\\/it\\\/verifica\\\/7108\\\/#breadcrumb\"},\"inLanguage\":\"it-IT\",\"potentialAction\":[{\"@type\":\"ReadAction\",\"target\":[\"https:\\\/\\\/www.efk.admin.ch\\\/it\\\/verifica\\\/7108\\\/\"]}]},{\"@type\":\"BreadcrumbList\",\"@id\":\"https:\\\/\\\/www.efk.admin.ch\\\/it\\\/verifica\\\/7108\\\/#breadcrumb\",\"itemListElement\":[{\"@type\":\"ListItem\",\"position\":1,\"name\":\"Home\",\"item\":\"https:\\\/\\\/www.efk.admin.ch\\\/it\\\/\"},{\"@type\":\"ListItem\",\"position\":2,\"name\":\"Rapporto\",\"item\":\"https:\\\/\\\/www.efk.admin.ch\\\/it\\\/verifica\\\/\"},{\"@type\":\"ListItem\",\"position\":3,\"name\":\"Contr\u00f4le de la coordination de la g\u00e9oinformation et des syst\u00e8mes d&#8217;information g\u00e9ographique (COSIG)\"}]},{\"@type\":\"WebSite\",\"@id\":\"https:\\\/\\\/www.efk.admin.ch\\\/it\\\/#website\",\"url\":\"https:\\\/\\\/www.efk.admin.ch\\\/it\\\/\",\"name\":\"Informationen \u00fcber das oberste Finanzaufsichtsorgan der Schweiz\",\"description\":\"Il Controllo federale delle finanze (CDF) \u00e8 l'organo supremo di vigilanza finanziaria della Confederazione svizzera.\",\"publisher\":{\"@id\":\"https:\\\/\\\/www.efk.admin.ch\\\/it\\\/#organization\"},\"alternateName\":\"EFK\",\"potentialAction\":[{\"@type\":\"SearchAction\",\"target\":{\"@type\":\"EntryPoint\",\"urlTemplate\":\"https:\\\/\\\/www.efk.admin.ch\\\/it\\\/?s={search_term_string}\"},\"query-input\":{\"@type\":\"PropertyValueSpecification\",\"valueRequired\":true,\"valueName\":\"search_term_string\"}}],\"inLanguage\":\"it-IT\"},{\"@type\":\"Organization\",\"@id\":\"https:\\\/\\\/www.efk.admin.ch\\\/it\\\/#organization\",\"name\":\"Controllo federale delle finanze (CDF)\",\"alternateName\":\"EFK\",\"url\":\"https:\\\/\\\/www.efk.admin.ch\\\/it\\\/\",\"logo\":{\"@type\":\"ImageObject\",\"inLanguage\":\"it-IT\",\"@id\":\"https:\\\/\\\/www.efk.admin.ch\\\/it\\\/#\\\/schema\\\/logo\\\/image\\\/\",\"url\":\"https:\\\/\\\/www.efk.admin.ch\\\/wp-content\\\/uploads\\\/efk_cdf_logo_ohne_claim.png\",\"contentUrl\":\"https:\\\/\\\/www.efk.admin.ch\\\/wp-content\\\/uploads\\\/efk_cdf_logo_ohne_claim.png\",\"width\":268,\"height\":258,\"caption\":\"Controllo federale delle finanze (CDF)\"},\"image\":{\"@id\":\"https:\\\/\\\/www.efk.admin.ch\\\/it\\\/#\\\/schema\\\/logo\\\/image\\\/\"},\"sameAs\":[\"https:\\\/\\\/www.instagram.com\\\/efk_cdf_sfao\\\/\",\"https:\\\/\\\/www.youtube.com\\\/channel\\\/UCm-bXj227VE5sJzhB-ihdvw\\\/featured\",\"https:\\\/\\\/www.linkedin.com\\\/company\\\/11081578\\\/\"]}]}<\/script>\n<!-- \/ Yoast SEO Premium plugin. -->","yoast_head_json":{"title":"Contr\u00f4le de la coordination de la g\u00e9oinformation et des syst\u00e8mes d'information g\u00e9ographique (COSIG) - Controllo federale delle finanze (CDF)","description":"Contr\u00f4le de la coordination de la g\u00e9oinformation et des syst\u00e8mes d'information g\u00e9ographique (COSIG)","robots":{"index":"index","follow":"follow","max-snippet":"max-snippet:-1","max-image-preview":"max-image-preview:large","max-video-preview":"max-video-preview:-1"},"canonical":"https:\/\/www.efk.admin.ch\/it\/verifica\/7108\/","og_locale":"it_IT","og_type":"article","og_title":"Contr\u00f4le de la coordination de la g\u00e9oinformation et des syst\u00e8mes d'information g\u00e9ographique (COSIG)","og_description":"Contr\u00f4le de la coordination de la g\u00e9oinformation et des syst\u00e8mes d'information g\u00e9ographique (COSIG)","og_url":"https:\/\/www.efk.admin.ch\/it\/verifica\/7108\/","og_site_name":"Controllo federale delle finanze (CDF)","article_modified_time":"2024-03-08T15:06:44+00:00","og_image":[{"width":750,"height":500,"url":"https:\/\/www.efk.admin.ch\/wp-content\/uploads\/test\/palais.jpg","type":"image\/jpeg"}],"twitter_card":"summary_large_image","twitter_misc":{"Est. reading time":"1 minute"},"schema":{"@context":"https:\/\/schema.org","@graph":[{"@type":"WebPage","@id":"https:\/\/www.efk.admin.ch\/it\/verifica\/7108\/","url":"https:\/\/www.efk.admin.ch\/it\/verifica\/7108\/","name":"Contr\u00f4le de la coordination de la g\u00e9oinformation et des syst\u00e8mes d'information g\u00e9ographique (COSIG) - Controllo federale delle finanze (CDF)","isPartOf":{"@id":"https:\/\/www.efk.admin.ch\/it\/#website"},"datePublished":"2024-01-17T15:38:30+00:00","dateModified":"2024-03-08T15:06:44+00:00","description":"Contr\u00f4le de la coordination de la g\u00e9oinformation et des syst\u00e8mes d'information g\u00e9ographique (COSIG)","breadcrumb":{"@id":"https:\/\/www.efk.admin.ch\/it\/verifica\/7108\/#breadcrumb"},"inLanguage":"it-IT","potentialAction":[{"@type":"ReadAction","target":["https:\/\/www.efk.admin.ch\/it\/verifica\/7108\/"]}]},{"@type":"BreadcrumbList","@id":"https:\/\/www.efk.admin.ch\/it\/verifica\/7108\/#breadcrumb","itemListElement":[{"@type":"ListItem","position":1,"name":"Home","item":"https:\/\/www.efk.admin.ch\/it\/"},{"@type":"ListItem","position":2,"name":"Rapporto","item":"https:\/\/www.efk.admin.ch\/it\/verifica\/"},{"@type":"ListItem","position":3,"name":"Contr\u00f4le de la coordination de la g\u00e9oinformation et des syst\u00e8mes d&#8217;information g\u00e9ographique (COSIG)"}]},{"@type":"WebSite","@id":"https:\/\/www.efk.admin.ch\/it\/#website","url":"https:\/\/www.efk.admin.ch\/it\/","name":"Informationen \u00fcber das oberste Finanzaufsichtsorgan der Schweiz","description":"Il Controllo federale delle finanze (CDF) \u00e8 l'organo supremo di vigilanza finanziaria della Confederazione svizzera.","publisher":{"@id":"https:\/\/www.efk.admin.ch\/it\/#organization"},"alternateName":"EFK","potentialAction":[{"@type":"SearchAction","target":{"@type":"EntryPoint","urlTemplate":"https:\/\/www.efk.admin.ch\/it\/?s={search_term_string}"},"query-input":{"@type":"PropertyValueSpecification","valueRequired":true,"valueName":"search_term_string"}}],"inLanguage":"it-IT"},{"@type":"Organization","@id":"https:\/\/www.efk.admin.ch\/it\/#organization","name":"Controllo federale delle finanze (CDF)","alternateName":"EFK","url":"https:\/\/www.efk.admin.ch\/it\/","logo":{"@type":"ImageObject","inLanguage":"it-IT","@id":"https:\/\/www.efk.admin.ch\/it\/#\/schema\/logo\/image\/","url":"https:\/\/www.efk.admin.ch\/wp-content\/uploads\/efk_cdf_logo_ohne_claim.png","contentUrl":"https:\/\/www.efk.admin.ch\/wp-content\/uploads\/efk_cdf_logo_ohne_claim.png","width":268,"height":258,"caption":"Controllo federale delle finanze (CDF)"},"image":{"@id":"https:\/\/www.efk.admin.ch\/it\/#\/schema\/logo\/image\/"},"sameAs":["https:\/\/www.instagram.com\/efk_cdf_sfao\/","https:\/\/www.youtube.com\/channel\/UCm-bXj227VE5sJzhB-ihdvw\/featured","https:\/\/www.linkedin.com\/company\/11081578\/"]}]}},"_links":{"self":[{"href":"https:\/\/www.efk.admin.ch\/it\/wp-json\/wp\/v2\/audit\/7108","targetHints":{"allow":["GET"]}}],"collection":[{"href":"https:\/\/www.efk.admin.ch\/it\/wp-json\/wp\/v2\/audit"}],"about":[{"href":"https:\/\/www.efk.admin.ch\/it\/wp-json\/wp\/v2\/types\/audit"}],"acf:post":[{"embeddable":true,"href":"https:\/\/www.efk.admin.ch\/it\/wp-json\/wp\/v2\/office\/22725"}],"wp:attachment":[{"href":"https:\/\/www.efk.admin.ch\/it\/wp-json\/wp\/v2\/media?parent=7108"}],"wp:term":[{"taxonomy":"audit_category","embeddable":true,"href":"https:\/\/www.efk.admin.ch\/it\/wp-json\/wp\/v2\/audit_category?post=7108"},{"taxonomy":"audit_type","embeddable":true,"href":"https:\/\/www.efk.admin.ch\/it\/wp-json\/wp\/v2\/audit_type?post=7108"}],"curies":[{"name":"wp","href":"https:\/\/api.w.org\/{rel}","templated":true}]}}