{"id":7107,"date":"2024-01-17T16:38:30","date_gmt":"2024-01-17T15:38:30","guid":{"rendered":"https:\/\/preview.efk.admin.ch\/prufung\/7107\/"},"modified":"2024-03-08T13:37:04","modified_gmt":"2024-03-08T12:37:04","slug":"7107","status":"publish","type":"audit","link":"https:\/\/www.efk.admin.ch\/it\/verifica\/7107\/","title":{"rendered":"Audit portant sur la strat\u00e9gie SAP"},"content":{"rendered":"\n<p>Le Contr\u00f4le f\u00e9d\u00e9ral des finances (CDF) a effectu\u00e9 aupr\u00e8s de l\u2019Unit\u00e9 de strat\u00e9gie informatique de la Conf\u00e9d\u00e9ration (USIC) un audit portant sur la strat\u00e9gie SAP. &#8211; En ayant une approche orient\u00e9e vers l\u2019avenir de l\u2019\u00e9tat actuel de la strat\u00e9gie SAP et de sa mise en oeuvre, il s\u2019agissait notamment de v\u00e9rifier si les comp\u00e9tences sp\u00e9cialis\u00e9es \u00e9taient ad\u00e9quates et \u00e0 jour et d\u2019\u00e9valuer la prise en charge des co\u00fbts d\u2019exploitation li\u00e9s \u00e0 SAP. L\u2019existence d\u2019un inventaire des composants SAP utilis\u00e9s par les unit\u00e9s administratives a \u00e9galement \u00e9t\u00e9 examin\u00e9e.<\/p>\n","protected":false},"featured_media":0,"menu_order":0,"template":"","audit_category":[105],"audit_type":[53],"class_list":["post-7107","audit","type-audit","status-publish","hentry","audit_category-informatikprojekte","audit_type-verifica"],"acf":{"audit_lang":[{"lang":"d"}],"audit_numbers":[{"audit_number":"7402"}],"audit_office":[23411],"audit_office_text":"","audit_date":"20070809","bgo":false,"keywords":"Le Contr\u00f4le f\u00e9d\u00e9ral des finances (CDF) a effectu\u00e9 aupr\u00e8s de l\u2019Unit\u00e9 de strat\u00e9gie informatique de la Conf\u00e9d\u00e9ration (USIC) un audit portant sur la strat\u00e9gie SAP. - En ayant une approche orient\u00e9e vers l\u2019avenir de l\u2019\u00e9tat actuel de la strat\u00e9gie SAP et de sa mise en oeuvre, il s\u2019agissait notamment de v\u00e9rifier si les comp\u00e9tences sp\u00e9cialis\u00e9es \u00e9taient ad\u00e9quates et \u00e0 jour et d\u2019\u00e9valuer la prise en charge des co\u00fbts d\u2019exploitation li\u00e9s \u00e0 SAP. L\u2019existence d\u2019un inventaire des composants SAP utilis\u00e9s par les unit\u00e9s administratives a \u00e9galement \u00e9t\u00e9 examin\u00e9e.","audit_office_local":""},"yoast_head":"<!-- This site is optimized with the Yoast SEO Premium plugin v27.4 (Yoast SEO v27.4) - https:\/\/yoast.com\/product\/yoast-seo-premium-wordpress\/ -->\n<title>Audit portant sur la strat\u00e9gie SAP - Controllo federale delle finanze (CDF)<\/title>\n<meta name=\"description\" content=\"Audit portant sur la strat\u00e9gie SAP\" \/>\n<meta name=\"robots\" content=\"index, follow, max-snippet:-1, max-image-preview:large, max-video-preview:-1\" \/>\n<link rel=\"canonical\" href=\"https:\/\/www.efk.admin.ch\/it\/verifica\/7107\/\" \/>\n<meta property=\"og:locale\" content=\"it_IT\" \/>\n<meta property=\"og:type\" content=\"article\" \/>\n<meta property=\"og:title\" content=\"Audit portant sur la strat\u00e9gie SAP\" \/>\n<meta property=\"og:description\" content=\"Audit portant sur la strat\u00e9gie SAP\" \/>\n<meta property=\"og:url\" content=\"https:\/\/www.efk.admin.ch\/it\/verifica\/7107\/\" \/>\n<meta property=\"og:site_name\" content=\"Controllo federale delle finanze (CDF)\" \/>\n<meta property=\"article:modified_time\" content=\"2024-03-08T12:37:04+00:00\" \/>\n<meta property=\"og:image\" content=\"https:\/\/www.efk.admin.ch\/wp-content\/uploads\/test\/palais.jpg\" \/>\n\t<meta property=\"og:image:width\" content=\"750\" \/>\n\t<meta property=\"og:image:height\" content=\"500\" \/>\n\t<meta property=\"og:image:type\" content=\"image\/jpeg\" \/>\n<meta name=\"twitter:card\" content=\"summary_large_image\" \/>\n<meta name=\"twitter:label1\" content=\"Est. reading time\" \/>\n\t<meta name=\"twitter:data1\" content=\"1 minute\" \/>\n<script type=\"application\/ld+json\" class=\"yoast-schema-graph\">{\"@context\":\"https:\\\/\\\/schema.org\",\"@graph\":[{\"@type\":\"WebPage\",\"@id\":\"https:\\\/\\\/www.efk.admin.ch\\\/it\\\/verifica\\\/7107\\\/\",\"url\":\"https:\\\/\\\/www.efk.admin.ch\\\/it\\\/verifica\\\/7107\\\/\",\"name\":\"Audit portant sur la strat\u00e9gie SAP - Controllo federale delle finanze (CDF)\",\"isPartOf\":{\"@id\":\"https:\\\/\\\/www.efk.admin.ch\\\/it\\\/#website\"},\"datePublished\":\"2024-01-17T15:38:30+00:00\",\"dateModified\":\"2024-03-08T12:37:04+00:00\",\"description\":\"Audit portant sur la strat\u00e9gie SAP\",\"breadcrumb\":{\"@id\":\"https:\\\/\\\/www.efk.admin.ch\\\/it\\\/verifica\\\/7107\\\/#breadcrumb\"},\"inLanguage\":\"it-IT\",\"potentialAction\":[{\"@type\":\"ReadAction\",\"target\":[\"https:\\\/\\\/www.efk.admin.ch\\\/it\\\/verifica\\\/7107\\\/\"]}]},{\"@type\":\"BreadcrumbList\",\"@id\":\"https:\\\/\\\/www.efk.admin.ch\\\/it\\\/verifica\\\/7107\\\/#breadcrumb\",\"itemListElement\":[{\"@type\":\"ListItem\",\"position\":1,\"name\":\"Home\",\"item\":\"https:\\\/\\\/www.efk.admin.ch\\\/it\\\/\"},{\"@type\":\"ListItem\",\"position\":2,\"name\":\"Rapporto\",\"item\":\"https:\\\/\\\/www.efk.admin.ch\\\/it\\\/verifica\\\/\"},{\"@type\":\"ListItem\",\"position\":3,\"name\":\"Audit portant sur la strat\u00e9gie SAP\"}]},{\"@type\":\"WebSite\",\"@id\":\"https:\\\/\\\/www.efk.admin.ch\\\/it\\\/#website\",\"url\":\"https:\\\/\\\/www.efk.admin.ch\\\/it\\\/\",\"name\":\"Informationen \u00fcber das oberste Finanzaufsichtsorgan der Schweiz\",\"description\":\"Il Controllo federale delle finanze (CDF) \u00e8 l'organo supremo di vigilanza finanziaria della Confederazione svizzera.\",\"publisher\":{\"@id\":\"https:\\\/\\\/www.efk.admin.ch\\\/it\\\/#organization\"},\"alternateName\":\"EFK\",\"potentialAction\":[{\"@type\":\"SearchAction\",\"target\":{\"@type\":\"EntryPoint\",\"urlTemplate\":\"https:\\\/\\\/www.efk.admin.ch\\\/it\\\/?s={search_term_string}\"},\"query-input\":{\"@type\":\"PropertyValueSpecification\",\"valueRequired\":true,\"valueName\":\"search_term_string\"}}],\"inLanguage\":\"it-IT\"},{\"@type\":\"Organization\",\"@id\":\"https:\\\/\\\/www.efk.admin.ch\\\/it\\\/#organization\",\"name\":\"Controllo federale delle finanze (CDF)\",\"alternateName\":\"EFK\",\"url\":\"https:\\\/\\\/www.efk.admin.ch\\\/it\\\/\",\"logo\":{\"@type\":\"ImageObject\",\"inLanguage\":\"it-IT\",\"@id\":\"https:\\\/\\\/www.efk.admin.ch\\\/it\\\/#\\\/schema\\\/logo\\\/image\\\/\",\"url\":\"https:\\\/\\\/www.efk.admin.ch\\\/wp-content\\\/uploads\\\/efk_cdf_logo_ohne_claim.png\",\"contentUrl\":\"https:\\\/\\\/www.efk.admin.ch\\\/wp-content\\\/uploads\\\/efk_cdf_logo_ohne_claim.png\",\"width\":268,\"height\":258,\"caption\":\"Controllo federale delle finanze (CDF)\"},\"image\":{\"@id\":\"https:\\\/\\\/www.efk.admin.ch\\\/it\\\/#\\\/schema\\\/logo\\\/image\\\/\"},\"sameAs\":[\"https:\\\/\\\/www.instagram.com\\\/efk_cdf_sfao\\\/\",\"https:\\\/\\\/www.youtube.com\\\/channel\\\/UCm-bXj227VE5sJzhB-ihdvw\\\/featured\",\"https:\\\/\\\/www.linkedin.com\\\/company\\\/11081578\\\/\"]}]}<\/script>\n<!-- \/ Yoast SEO Premium plugin. -->","yoast_head_json":{"title":"Audit portant sur la strat\u00e9gie SAP - Controllo federale delle finanze (CDF)","description":"Audit portant sur la strat\u00e9gie SAP","robots":{"index":"index","follow":"follow","max-snippet":"max-snippet:-1","max-image-preview":"max-image-preview:large","max-video-preview":"max-video-preview:-1"},"canonical":"https:\/\/www.efk.admin.ch\/it\/verifica\/7107\/","og_locale":"it_IT","og_type":"article","og_title":"Audit portant sur la strat\u00e9gie SAP","og_description":"Audit portant sur la strat\u00e9gie SAP","og_url":"https:\/\/www.efk.admin.ch\/it\/verifica\/7107\/","og_site_name":"Controllo federale delle finanze (CDF)","article_modified_time":"2024-03-08T12:37:04+00:00","og_image":[{"width":750,"height":500,"url":"https:\/\/www.efk.admin.ch\/wp-content\/uploads\/test\/palais.jpg","type":"image\/jpeg"}],"twitter_card":"summary_large_image","twitter_misc":{"Est. reading time":"1 minute"},"schema":{"@context":"https:\/\/schema.org","@graph":[{"@type":"WebPage","@id":"https:\/\/www.efk.admin.ch\/it\/verifica\/7107\/","url":"https:\/\/www.efk.admin.ch\/it\/verifica\/7107\/","name":"Audit portant sur la strat\u00e9gie SAP - Controllo federale delle finanze (CDF)","isPartOf":{"@id":"https:\/\/www.efk.admin.ch\/it\/#website"},"datePublished":"2024-01-17T15:38:30+00:00","dateModified":"2024-03-08T12:37:04+00:00","description":"Audit portant sur la strat\u00e9gie SAP","breadcrumb":{"@id":"https:\/\/www.efk.admin.ch\/it\/verifica\/7107\/#breadcrumb"},"inLanguage":"it-IT","potentialAction":[{"@type":"ReadAction","target":["https:\/\/www.efk.admin.ch\/it\/verifica\/7107\/"]}]},{"@type":"BreadcrumbList","@id":"https:\/\/www.efk.admin.ch\/it\/verifica\/7107\/#breadcrumb","itemListElement":[{"@type":"ListItem","position":1,"name":"Home","item":"https:\/\/www.efk.admin.ch\/it\/"},{"@type":"ListItem","position":2,"name":"Rapporto","item":"https:\/\/www.efk.admin.ch\/it\/verifica\/"},{"@type":"ListItem","position":3,"name":"Audit portant sur la strat\u00e9gie SAP"}]},{"@type":"WebSite","@id":"https:\/\/www.efk.admin.ch\/it\/#website","url":"https:\/\/www.efk.admin.ch\/it\/","name":"Informationen \u00fcber das oberste Finanzaufsichtsorgan der Schweiz","description":"Il Controllo federale delle finanze (CDF) \u00e8 l'organo supremo di vigilanza finanziaria della Confederazione svizzera.","publisher":{"@id":"https:\/\/www.efk.admin.ch\/it\/#organization"},"alternateName":"EFK","potentialAction":[{"@type":"SearchAction","target":{"@type":"EntryPoint","urlTemplate":"https:\/\/www.efk.admin.ch\/it\/?s={search_term_string}"},"query-input":{"@type":"PropertyValueSpecification","valueRequired":true,"valueName":"search_term_string"}}],"inLanguage":"it-IT"},{"@type":"Organization","@id":"https:\/\/www.efk.admin.ch\/it\/#organization","name":"Controllo federale delle finanze (CDF)","alternateName":"EFK","url":"https:\/\/www.efk.admin.ch\/it\/","logo":{"@type":"ImageObject","inLanguage":"it-IT","@id":"https:\/\/www.efk.admin.ch\/it\/#\/schema\/logo\/image\/","url":"https:\/\/www.efk.admin.ch\/wp-content\/uploads\/efk_cdf_logo_ohne_claim.png","contentUrl":"https:\/\/www.efk.admin.ch\/wp-content\/uploads\/efk_cdf_logo_ohne_claim.png","width":268,"height":258,"caption":"Controllo federale delle finanze (CDF)"},"image":{"@id":"https:\/\/www.efk.admin.ch\/it\/#\/schema\/logo\/image\/"},"sameAs":["https:\/\/www.instagram.com\/efk_cdf_sfao\/","https:\/\/www.youtube.com\/channel\/UCm-bXj227VE5sJzhB-ihdvw\/featured","https:\/\/www.linkedin.com\/company\/11081578\/"]}]}},"_links":{"self":[{"href":"https:\/\/www.efk.admin.ch\/it\/wp-json\/wp\/v2\/audit\/7107","targetHints":{"allow":["GET"]}}],"collection":[{"href":"https:\/\/www.efk.admin.ch\/it\/wp-json\/wp\/v2\/audit"}],"about":[{"href":"https:\/\/www.efk.admin.ch\/it\/wp-json\/wp\/v2\/types\/audit"}],"acf:post":[{"embeddable":true,"href":"https:\/\/www.efk.admin.ch\/it\/wp-json\/wp\/v2\/office\/23411"}],"wp:attachment":[{"href":"https:\/\/www.efk.admin.ch\/it\/wp-json\/wp\/v2\/media?parent=7107"}],"wp:term":[{"taxonomy":"audit_category","embeddable":true,"href":"https:\/\/www.efk.admin.ch\/it\/wp-json\/wp\/v2\/audit_category?post=7107"},{"taxonomy":"audit_type","embeddable":true,"href":"https:\/\/www.efk.admin.ch\/it\/wp-json\/wp\/v2\/audit_type?post=7107"}],"curies":[{"name":"wp","href":"https:\/\/api.w.org\/{rel}","templated":true}]}}