{"id":7088,"date":"2024-01-17T16:38:24","date_gmt":"2024-01-17T15:38:24","guid":{"rendered":"https:\/\/preview.efk.admin.ch\/prufung\/allegements-fiscaux-de-la-confederation-examen-du-reporting-de-ladministration-federale-des-finances\/"},"modified":"2024-03-11T16:08:13","modified_gmt":"2024-03-11T15:08:13","slug":"allegements-fiscaux-de-la-confederation-examen-du-reporting-de-ladministration-federale-des-finances","status":"publish","type":"audit","link":"https:\/\/www.efk.admin.ch\/it\/verifica\/allegements-fiscaux-de-la-confederation-examen-du-reporting-de-ladministration-federale-des-finances\/","title":{"rendered":"All\u00e8gements fiscaux de la Conf\u00e9d\u00e9ration"},"content":{"rendered":"\n<p>Les all\u00e8gements fiscaux entra\u00eenent un manque \u00e0 gagner pour la Conf\u00e9d\u00e9ration d&#8217;au moins 2,5 milliards de francs par ann\u00e9e. Ils constituent ainsi un de ses moyens d&#8217;action les plus importants. Des d\u00e9rogations sont pr\u00e9vues dans tous les types d&#8217;imp\u00f4ts. L&#8217;imp\u00f4t f\u00e9d\u00e9ral direct, la taxe sur la valeur ajout\u00e9e, le droit de timbre et, de plus en plus, la taxe poids lourds se caract\u00e9risent par un grand nombre d&#8217;all\u00e8gements fiscaux. La loi sur les subventions oblige le Conseil f\u00e9d\u00e9ral \u00e0 examiner au minimum tous les six ans les actes normatifs r\u00e9gissant les subventions. Les all\u00e8gements fiscaux doivent \u00e9galement \u00eatre examin\u00e9s lorsqu&#8217;ils constituent, en tant qu&#8217;avantages monnayables, une forme sp\u00e9ciale de subventionnement.<\/p>\n","protected":false},"featured_media":0,"menu_order":0,"template":"","audit_category":[44],"audit_type":[133],"class_list":["post-7088","audit","type-audit","status-publish","hentry","audit_category-finanze-pubbliche-e-imposte","audit_type-valutazione"],"acf":{"audit_lang":[{"lang":"d"}],"audit_numbers":[{"audit_number":"4287"}],"audit_office":[1097],"audit_office_text":"","audit_date":"20050505","bgo":false,"keywords":"","audit_office_local":""},"yoast_head":"<!-- This site is optimized with the Yoast SEO Premium plugin v27.4 (Yoast SEO v27.4) - https:\/\/yoast.com\/product\/yoast-seo-premium-wordpress\/ -->\n<title>All\u00e8gements fiscaux de la Conf\u00e9d\u00e9ration - Controllo federale delle finanze (CDF)<\/title>\n<meta name=\"description\" content=\"All\u00e8gements fiscaux de la Conf\u00e9d\u00e9ration\" \/>\n<meta name=\"robots\" content=\"index, follow, max-snippet:-1, max-image-preview:large, max-video-preview:-1\" \/>\n<link rel=\"canonical\" href=\"https:\/\/www.efk.admin.ch\/it\/verifica\/allegements-fiscaux-de-la-confederation-examen-du-reporting-de-ladministration-federale-des-finances\/\" \/>\n<meta property=\"og:locale\" content=\"it_IT\" \/>\n<meta property=\"og:type\" content=\"article\" \/>\n<meta property=\"og:title\" content=\"All\u00e8gements fiscaux de la Conf\u00e9d\u00e9ration\" \/>\n<meta property=\"og:description\" content=\"All\u00e8gements fiscaux de la Conf\u00e9d\u00e9ration\" \/>\n<meta property=\"og:url\" content=\"https:\/\/www.efk.admin.ch\/it\/verifica\/allegements-fiscaux-de-la-confederation-examen-du-reporting-de-ladministration-federale-des-finances\/\" \/>\n<meta property=\"og:site_name\" content=\"Controllo federale delle finanze (CDF)\" \/>\n<meta property=\"article:modified_time\" content=\"2024-03-11T15:08:13+00:00\" \/>\n<meta property=\"og:image\" content=\"https:\/\/www.efk.admin.ch\/wp-content\/uploads\/test\/palais.jpg\" \/>\n\t<meta property=\"og:image:width\" content=\"750\" \/>\n\t<meta property=\"og:image:height\" content=\"500\" \/>\n\t<meta property=\"og:image:type\" content=\"image\/jpeg\" \/>\n<meta name=\"twitter:card\" content=\"summary_large_image\" \/>\n<meta name=\"twitter:label1\" content=\"Est. reading time\" \/>\n\t<meta name=\"twitter:data1\" content=\"1 minute\" \/>\n<script type=\"application\/ld+json\" class=\"yoast-schema-graph\">{\"@context\":\"https:\\\/\\\/schema.org\",\"@graph\":[{\"@type\":\"WebPage\",\"@id\":\"https:\\\/\\\/www.efk.admin.ch\\\/it\\\/verifica\\\/allegements-fiscaux-de-la-confederation-examen-du-reporting-de-ladministration-federale-des-finances\\\/\",\"url\":\"https:\\\/\\\/www.efk.admin.ch\\\/it\\\/verifica\\\/allegements-fiscaux-de-la-confederation-examen-du-reporting-de-ladministration-federale-des-finances\\\/\",\"name\":\"All\u00e8gements fiscaux de la Conf\u00e9d\u00e9ration - Controllo federale delle finanze (CDF)\",\"isPartOf\":{\"@id\":\"https:\\\/\\\/www.efk.admin.ch\\\/it\\\/#website\"},\"datePublished\":\"2024-01-17T15:38:24+00:00\",\"dateModified\":\"2024-03-11T15:08:13+00:00\",\"description\":\"All\u00e8gements fiscaux de la Conf\u00e9d\u00e9ration\",\"breadcrumb\":{\"@id\":\"https:\\\/\\\/www.efk.admin.ch\\\/it\\\/verifica\\\/allegements-fiscaux-de-la-confederation-examen-du-reporting-de-ladministration-federale-des-finances\\\/#breadcrumb\"},\"inLanguage\":\"it-IT\",\"potentialAction\":[{\"@type\":\"ReadAction\",\"target\":[\"https:\\\/\\\/www.efk.admin.ch\\\/it\\\/verifica\\\/allegements-fiscaux-de-la-confederation-examen-du-reporting-de-ladministration-federale-des-finances\\\/\"]}]},{\"@type\":\"BreadcrumbList\",\"@id\":\"https:\\\/\\\/www.efk.admin.ch\\\/it\\\/verifica\\\/allegements-fiscaux-de-la-confederation-examen-du-reporting-de-ladministration-federale-des-finances\\\/#breadcrumb\",\"itemListElement\":[{\"@type\":\"ListItem\",\"position\":1,\"name\":\"Home\",\"item\":\"https:\\\/\\\/www.efk.admin.ch\\\/it\\\/\"},{\"@type\":\"ListItem\",\"position\":2,\"name\":\"Rapporto\",\"item\":\"https:\\\/\\\/www.efk.admin.ch\\\/it\\\/verifica\\\/\"},{\"@type\":\"ListItem\",\"position\":3,\"name\":\"All\u00e8gements fiscaux de la Conf\u00e9d\u00e9ration\"}]},{\"@type\":\"WebSite\",\"@id\":\"https:\\\/\\\/www.efk.admin.ch\\\/it\\\/#website\",\"url\":\"https:\\\/\\\/www.efk.admin.ch\\\/it\\\/\",\"name\":\"Informationen \u00fcber das oberste Finanzaufsichtsorgan der Schweiz\",\"description\":\"Il Controllo federale delle finanze (CDF) \u00e8 l'organo supremo di vigilanza finanziaria della Confederazione svizzera.\",\"publisher\":{\"@id\":\"https:\\\/\\\/www.efk.admin.ch\\\/it\\\/#organization\"},\"alternateName\":\"EFK\",\"potentialAction\":[{\"@type\":\"SearchAction\",\"target\":{\"@type\":\"EntryPoint\",\"urlTemplate\":\"https:\\\/\\\/www.efk.admin.ch\\\/it\\\/?s={search_term_string}\"},\"query-input\":{\"@type\":\"PropertyValueSpecification\",\"valueRequired\":true,\"valueName\":\"search_term_string\"}}],\"inLanguage\":\"it-IT\"},{\"@type\":\"Organization\",\"@id\":\"https:\\\/\\\/www.efk.admin.ch\\\/it\\\/#organization\",\"name\":\"Controllo federale delle finanze (CDF)\",\"alternateName\":\"EFK\",\"url\":\"https:\\\/\\\/www.efk.admin.ch\\\/it\\\/\",\"logo\":{\"@type\":\"ImageObject\",\"inLanguage\":\"it-IT\",\"@id\":\"https:\\\/\\\/www.efk.admin.ch\\\/it\\\/#\\\/schema\\\/logo\\\/image\\\/\",\"url\":\"https:\\\/\\\/www.efk.admin.ch\\\/wp-content\\\/uploads\\\/efk_cdf_logo_ohne_claim.png\",\"contentUrl\":\"https:\\\/\\\/www.efk.admin.ch\\\/wp-content\\\/uploads\\\/efk_cdf_logo_ohne_claim.png\",\"width\":268,\"height\":258,\"caption\":\"Controllo federale delle finanze (CDF)\"},\"image\":{\"@id\":\"https:\\\/\\\/www.efk.admin.ch\\\/it\\\/#\\\/schema\\\/logo\\\/image\\\/\"},\"sameAs\":[\"https:\\\/\\\/www.instagram.com\\\/efk_cdf_sfao\\\/\",\"https:\\\/\\\/www.youtube.com\\\/channel\\\/UCm-bXj227VE5sJzhB-ihdvw\\\/featured\",\"https:\\\/\\\/www.linkedin.com\\\/company\\\/11081578\\\/\"]}]}<\/script>\n<!-- \/ Yoast SEO Premium plugin. -->","yoast_head_json":{"title":"All\u00e8gements fiscaux de la Conf\u00e9d\u00e9ration - Controllo federale delle finanze (CDF)","description":"All\u00e8gements fiscaux de la Conf\u00e9d\u00e9ration","robots":{"index":"index","follow":"follow","max-snippet":"max-snippet:-1","max-image-preview":"max-image-preview:large","max-video-preview":"max-video-preview:-1"},"canonical":"https:\/\/www.efk.admin.ch\/it\/verifica\/allegements-fiscaux-de-la-confederation-examen-du-reporting-de-ladministration-federale-des-finances\/","og_locale":"it_IT","og_type":"article","og_title":"All\u00e8gements fiscaux de la Conf\u00e9d\u00e9ration","og_description":"All\u00e8gements fiscaux de la Conf\u00e9d\u00e9ration","og_url":"https:\/\/www.efk.admin.ch\/it\/verifica\/allegements-fiscaux-de-la-confederation-examen-du-reporting-de-ladministration-federale-des-finances\/","og_site_name":"Controllo federale delle finanze (CDF)","article_modified_time":"2024-03-11T15:08:13+00:00","og_image":[{"width":750,"height":500,"url":"https:\/\/www.efk.admin.ch\/wp-content\/uploads\/test\/palais.jpg","type":"image\/jpeg"}],"twitter_card":"summary_large_image","twitter_misc":{"Est. reading time":"1 minute"},"schema":{"@context":"https:\/\/schema.org","@graph":[{"@type":"WebPage","@id":"https:\/\/www.efk.admin.ch\/it\/verifica\/allegements-fiscaux-de-la-confederation-examen-du-reporting-de-ladministration-federale-des-finances\/","url":"https:\/\/www.efk.admin.ch\/it\/verifica\/allegements-fiscaux-de-la-confederation-examen-du-reporting-de-ladministration-federale-des-finances\/","name":"All\u00e8gements fiscaux de la Conf\u00e9d\u00e9ration - Controllo federale delle finanze (CDF)","isPartOf":{"@id":"https:\/\/www.efk.admin.ch\/it\/#website"},"datePublished":"2024-01-17T15:38:24+00:00","dateModified":"2024-03-11T15:08:13+00:00","description":"All\u00e8gements fiscaux de la Conf\u00e9d\u00e9ration","breadcrumb":{"@id":"https:\/\/www.efk.admin.ch\/it\/verifica\/allegements-fiscaux-de-la-confederation-examen-du-reporting-de-ladministration-federale-des-finances\/#breadcrumb"},"inLanguage":"it-IT","potentialAction":[{"@type":"ReadAction","target":["https:\/\/www.efk.admin.ch\/it\/verifica\/allegements-fiscaux-de-la-confederation-examen-du-reporting-de-ladministration-federale-des-finances\/"]}]},{"@type":"BreadcrumbList","@id":"https:\/\/www.efk.admin.ch\/it\/verifica\/allegements-fiscaux-de-la-confederation-examen-du-reporting-de-ladministration-federale-des-finances\/#breadcrumb","itemListElement":[{"@type":"ListItem","position":1,"name":"Home","item":"https:\/\/www.efk.admin.ch\/it\/"},{"@type":"ListItem","position":2,"name":"Rapporto","item":"https:\/\/www.efk.admin.ch\/it\/verifica\/"},{"@type":"ListItem","position":3,"name":"All\u00e8gements fiscaux de la Conf\u00e9d\u00e9ration"}]},{"@type":"WebSite","@id":"https:\/\/www.efk.admin.ch\/it\/#website","url":"https:\/\/www.efk.admin.ch\/it\/","name":"Informationen \u00fcber das oberste Finanzaufsichtsorgan der Schweiz","description":"Il Controllo federale delle finanze (CDF) \u00e8 l'organo supremo di vigilanza finanziaria della Confederazione svizzera.","publisher":{"@id":"https:\/\/www.efk.admin.ch\/it\/#organization"},"alternateName":"EFK","potentialAction":[{"@type":"SearchAction","target":{"@type":"EntryPoint","urlTemplate":"https:\/\/www.efk.admin.ch\/it\/?s={search_term_string}"},"query-input":{"@type":"PropertyValueSpecification","valueRequired":true,"valueName":"search_term_string"}}],"inLanguage":"it-IT"},{"@type":"Organization","@id":"https:\/\/www.efk.admin.ch\/it\/#organization","name":"Controllo federale delle finanze (CDF)","alternateName":"EFK","url":"https:\/\/www.efk.admin.ch\/it\/","logo":{"@type":"ImageObject","inLanguage":"it-IT","@id":"https:\/\/www.efk.admin.ch\/it\/#\/schema\/logo\/image\/","url":"https:\/\/www.efk.admin.ch\/wp-content\/uploads\/efk_cdf_logo_ohne_claim.png","contentUrl":"https:\/\/www.efk.admin.ch\/wp-content\/uploads\/efk_cdf_logo_ohne_claim.png","width":268,"height":258,"caption":"Controllo federale delle finanze (CDF)"},"image":{"@id":"https:\/\/www.efk.admin.ch\/it\/#\/schema\/logo\/image\/"},"sameAs":["https:\/\/www.instagram.com\/efk_cdf_sfao\/","https:\/\/www.youtube.com\/channel\/UCm-bXj227VE5sJzhB-ihdvw\/featured","https:\/\/www.linkedin.com\/company\/11081578\/"]}]}},"_links":{"self":[{"href":"https:\/\/www.efk.admin.ch\/it\/wp-json\/wp\/v2\/audit\/7088","targetHints":{"allow":["GET"]}}],"collection":[{"href":"https:\/\/www.efk.admin.ch\/it\/wp-json\/wp\/v2\/audit"}],"about":[{"href":"https:\/\/www.efk.admin.ch\/it\/wp-json\/wp\/v2\/types\/audit"}],"acf:post":[{"embeddable":true,"href":"https:\/\/www.efk.admin.ch\/it\/wp-json\/wp\/v2\/office\/1097"}],"wp:attachment":[{"href":"https:\/\/www.efk.admin.ch\/it\/wp-json\/wp\/v2\/media?parent=7088"}],"wp:term":[{"taxonomy":"audit_category","embeddable":true,"href":"https:\/\/www.efk.admin.ch\/it\/wp-json\/wp\/v2\/audit_category?post=7088"},{"taxonomy":"audit_type","embeddable":true,"href":"https:\/\/www.efk.admin.ch\/it\/wp-json\/wp\/v2\/audit_type?post=7088"}],"curies":[{"name":"wp","href":"https:\/\/api.w.org\/{rel}","templated":true}]}}