{"id":7082,"date":"2024-01-17T16:38:24","date_gmt":"2024-01-17T15:38:24","guid":{"rendered":"https:\/\/preview.efk.admin.ch\/prufung\/taux-tva-reduits-en-tant-quallegement-fiscal-evaluation-du-taux-reduit-sur-les-produits-alimentaires-et-les-domaines-apparentes\/"},"modified":"2024-03-08T17:57:07","modified_gmt":"2024-03-08T16:57:07","slug":"taux-tva-reduits-en-tant-quallegement-fiscal-evaluation-du-taux-reduit-sur-les-produits-alimentaires-et-les-domaines-apparentes","status":"publish","type":"audit","link":"https:\/\/www.efk.admin.ch\/it\/verifica\/taux-tva-reduits-en-tant-quallegement-fiscal-evaluation-du-taux-reduit-sur-les-produits-alimentaires-et-les-domaines-apparentes\/","title":{"rendered":"Taux TVA r\u00e9duits en tant qu&#8217;all\u00e9gement fiscal &#8211; Evaluation du taux r\u00e9duit sur les produits alimentaires et les domaines apparent\u00e9s"},"content":{"rendered":"\n<p>Le Contr\u00f4le f\u00e9d\u00e9ral des finances (CDF) a choisi d\u2018\u00e9valuer les taux r\u00e9duits de la taxe sur la valeur ajout\u00e9e (TVA), car ils constituent une forme de subvention peu transparente. Les produits alimentaires constituent en l\u2019occurrence le groupe le plus important en chiffre d\u2019affaires de tous les biens et prestations qui sont impos\u00e9s au taux r\u00e9duit. Le CDF a concr\u00e9tis\u00e9 cette \u00e9valuation dans le cadre d\u2019un groupe de travail de l\u2019Organisation d\u2019institutions sup\u00e9rieures de contr\u00f4le d\u2019Europe. Les r\u00e9sultats sont d\u2019importance dans le cadre des d\u00e9bats actuels sur la refonte de la TVA, qui vise notamment \u00e0 simplifier la structure des taux d\u2019imposition.<\/p>\n","protected":false},"featured_media":0,"menu_order":0,"template":"","audit_category":[44],"audit_type":[133],"class_list":["post-7082","audit","type-audit","status-publish","hentry","audit_category-finanze-pubbliche-e-imposte","audit_type-valutazione"],"acf":{"audit_lang":[{"lang":"d"}],"audit_numbers":[{"audit_number":"5305"}],"audit_office":null,"audit_office_text":"","audit_date":"20071108","bgo":false,"keywords":"Le Contr\u00f4le f\u00e9d\u00e9ral des finances (CDF) a choisi d\u2018\u00e9valuer les taux r\u00e9duits de la taxe sur la valeur ajout\u00e9e (TVA), car ils constituent une forme de subvention peu transparente. Les produits alimentaires constituent en l\u2019occurrence le groupe le plus important en chiffre d\u2019affaires de tous les biens et prestations qui sont impos\u00e9s au taux r\u00e9duit. Le CDF a concr\u00e9tis\u00e9 cette \u00e9valuation dans le cadre d\u2019un groupe de travail de l\u2019Organisation d\u2019institutions sup\u00e9rieures de contr\u00f4le d\u2019Europe. Les r\u00e9sultats sont d\u2019importance dans le cadre des d\u00e9bats actuels sur la refonte de la TVA, qui vise notamment \u00e0 simplifier la structure des taux d\u2019imposition.","audit_office_local":""},"yoast_head":"<!-- This site is optimized with the Yoast SEO Premium plugin v27.4 (Yoast SEO v27.4) - https:\/\/yoast.com\/product\/yoast-seo-premium-wordpress\/ -->\n<title>Taux TVA r\u00e9duits en tant qu&#039;all\u00e9gement fiscal - Evaluation du taux r\u00e9duit sur les produits alimentaires et les domaines apparent\u00e9s - Controllo federale delle finanze (CDF)<\/title>\n<meta name=\"description\" content=\"Taux TVA r\u00e9duits en tant qu&#039;all\u00e9gement fiscal - Evaluation du taux r\u00e9duit sur les produits alimentaires et les domaines apparent\u00e9s\" \/>\n<meta name=\"robots\" content=\"index, follow, max-snippet:-1, max-image-preview:large, max-video-preview:-1\" \/>\n<link rel=\"canonical\" href=\"https:\/\/www.efk.admin.ch\/it\/verifica\/taux-tva-reduits-en-tant-quallegement-fiscal-evaluation-du-taux-reduit-sur-les-produits-alimentaires-et-les-domaines-apparentes\/\" \/>\n<meta property=\"og:locale\" content=\"it_IT\" \/>\n<meta property=\"og:type\" content=\"article\" \/>\n<meta property=\"og:title\" content=\"Taux TVA r\u00e9duits en tant qu&#039;all\u00e9gement fiscal - Evaluation du taux r\u00e9duit sur les produits alimentaires et les domaines apparent\u00e9s\" \/>\n<meta property=\"og:description\" content=\"Taux TVA r\u00e9duits en tant qu&#039;all\u00e9gement fiscal - Evaluation du taux r\u00e9duit sur les produits alimentaires et les domaines apparent\u00e9s\" \/>\n<meta property=\"og:url\" content=\"https:\/\/www.efk.admin.ch\/it\/verifica\/taux-tva-reduits-en-tant-quallegement-fiscal-evaluation-du-taux-reduit-sur-les-produits-alimentaires-et-les-domaines-apparentes\/\" \/>\n<meta property=\"og:site_name\" content=\"Controllo federale delle finanze (CDF)\" \/>\n<meta property=\"article:modified_time\" content=\"2024-03-08T16:57:07+00:00\" \/>\n<meta property=\"og:image\" content=\"https:\/\/www.efk.admin.ch\/wp-content\/uploads\/test\/palais.jpg\" \/>\n\t<meta property=\"og:image:width\" content=\"750\" \/>\n\t<meta property=\"og:image:height\" content=\"500\" \/>\n\t<meta property=\"og:image:type\" content=\"image\/jpeg\" \/>\n<meta name=\"twitter:card\" content=\"summary_large_image\" \/>\n<meta name=\"twitter:label1\" content=\"Est. reading time\" \/>\n\t<meta name=\"twitter:data1\" content=\"1 minute\" \/>\n<script type=\"application\/ld+json\" class=\"yoast-schema-graph\">{\"@context\":\"https:\\\/\\\/schema.org\",\"@graph\":[{\"@type\":\"WebPage\",\"@id\":\"https:\\\/\\\/www.efk.admin.ch\\\/it\\\/verifica\\\/taux-tva-reduits-en-tant-quallegement-fiscal-evaluation-du-taux-reduit-sur-les-produits-alimentaires-et-les-domaines-apparentes\\\/\",\"url\":\"https:\\\/\\\/www.efk.admin.ch\\\/it\\\/verifica\\\/taux-tva-reduits-en-tant-quallegement-fiscal-evaluation-du-taux-reduit-sur-les-produits-alimentaires-et-les-domaines-apparentes\\\/\",\"name\":\"Taux TVA r\u00e9duits en tant qu'all\u00e9gement fiscal - Evaluation du taux r\u00e9duit sur les produits alimentaires et les domaines apparent\u00e9s - Controllo federale delle finanze (CDF)\",\"isPartOf\":{\"@id\":\"https:\\\/\\\/www.efk.admin.ch\\\/it\\\/#website\"},\"datePublished\":\"2024-01-17T15:38:24+00:00\",\"dateModified\":\"2024-03-08T16:57:07+00:00\",\"description\":\"Taux TVA r\u00e9duits en tant qu'all\u00e9gement fiscal - Evaluation du taux r\u00e9duit sur les produits alimentaires et les domaines apparent\u00e9s\",\"breadcrumb\":{\"@id\":\"https:\\\/\\\/www.efk.admin.ch\\\/it\\\/verifica\\\/taux-tva-reduits-en-tant-quallegement-fiscal-evaluation-du-taux-reduit-sur-les-produits-alimentaires-et-les-domaines-apparentes\\\/#breadcrumb\"},\"inLanguage\":\"it-IT\",\"potentialAction\":[{\"@type\":\"ReadAction\",\"target\":[\"https:\\\/\\\/www.efk.admin.ch\\\/it\\\/verifica\\\/taux-tva-reduits-en-tant-quallegement-fiscal-evaluation-du-taux-reduit-sur-les-produits-alimentaires-et-les-domaines-apparentes\\\/\"]}]},{\"@type\":\"BreadcrumbList\",\"@id\":\"https:\\\/\\\/www.efk.admin.ch\\\/it\\\/verifica\\\/taux-tva-reduits-en-tant-quallegement-fiscal-evaluation-du-taux-reduit-sur-les-produits-alimentaires-et-les-domaines-apparentes\\\/#breadcrumb\",\"itemListElement\":[{\"@type\":\"ListItem\",\"position\":1,\"name\":\"Home\",\"item\":\"https:\\\/\\\/www.efk.admin.ch\\\/it\\\/\"},{\"@type\":\"ListItem\",\"position\":2,\"name\":\"Rapporto\",\"item\":\"https:\\\/\\\/www.efk.admin.ch\\\/it\\\/verifica\\\/\"},{\"@type\":\"ListItem\",\"position\":3,\"name\":\"Taux TVA r\u00e9duits en tant qu&#8217;all\u00e9gement fiscal &#8211; Evaluation du taux r\u00e9duit sur les produits alimentaires et les domaines apparent\u00e9s\"}]},{\"@type\":\"WebSite\",\"@id\":\"https:\\\/\\\/www.efk.admin.ch\\\/it\\\/#website\",\"url\":\"https:\\\/\\\/www.efk.admin.ch\\\/it\\\/\",\"name\":\"Informationen \u00fcber das oberste Finanzaufsichtsorgan der Schweiz\",\"description\":\"Il Controllo federale delle finanze (CDF) \u00e8 l'organo supremo di vigilanza finanziaria della Confederazione svizzera.\",\"publisher\":{\"@id\":\"https:\\\/\\\/www.efk.admin.ch\\\/it\\\/#organization\"},\"alternateName\":\"EFK\",\"potentialAction\":[{\"@type\":\"SearchAction\",\"target\":{\"@type\":\"EntryPoint\",\"urlTemplate\":\"https:\\\/\\\/www.efk.admin.ch\\\/it\\\/?s={search_term_string}\"},\"query-input\":{\"@type\":\"PropertyValueSpecification\",\"valueRequired\":true,\"valueName\":\"search_term_string\"}}],\"inLanguage\":\"it-IT\"},{\"@type\":\"Organization\",\"@id\":\"https:\\\/\\\/www.efk.admin.ch\\\/it\\\/#organization\",\"name\":\"Controllo federale delle finanze (CDF)\",\"alternateName\":\"EFK\",\"url\":\"https:\\\/\\\/www.efk.admin.ch\\\/it\\\/\",\"logo\":{\"@type\":\"ImageObject\",\"inLanguage\":\"it-IT\",\"@id\":\"https:\\\/\\\/www.efk.admin.ch\\\/it\\\/#\\\/schema\\\/logo\\\/image\\\/\",\"url\":\"https:\\\/\\\/www.efk.admin.ch\\\/wp-content\\\/uploads\\\/efk_cdf_logo_ohne_claim.png\",\"contentUrl\":\"https:\\\/\\\/www.efk.admin.ch\\\/wp-content\\\/uploads\\\/efk_cdf_logo_ohne_claim.png\",\"width\":268,\"height\":258,\"caption\":\"Controllo federale delle finanze (CDF)\"},\"image\":{\"@id\":\"https:\\\/\\\/www.efk.admin.ch\\\/it\\\/#\\\/schema\\\/logo\\\/image\\\/\"},\"sameAs\":[\"https:\\\/\\\/www.instagram.com\\\/efk_cdf_sfao\\\/\",\"https:\\\/\\\/www.youtube.com\\\/channel\\\/UCm-bXj227VE5sJzhB-ihdvw\\\/featured\",\"https:\\\/\\\/www.linkedin.com\\\/company\\\/11081578\\\/\"]}]}<\/script>\n<!-- \/ Yoast SEO Premium plugin. -->","yoast_head_json":{"title":"Taux TVA r\u00e9duits en tant qu'all\u00e9gement fiscal - Evaluation du taux r\u00e9duit sur les produits alimentaires et les domaines apparent\u00e9s - Controllo federale delle finanze (CDF)","description":"Taux TVA r\u00e9duits en tant qu'all\u00e9gement fiscal - Evaluation du taux r\u00e9duit sur les produits alimentaires et les domaines apparent\u00e9s","robots":{"index":"index","follow":"follow","max-snippet":"max-snippet:-1","max-image-preview":"max-image-preview:large","max-video-preview":"max-video-preview:-1"},"canonical":"https:\/\/www.efk.admin.ch\/it\/verifica\/taux-tva-reduits-en-tant-quallegement-fiscal-evaluation-du-taux-reduit-sur-les-produits-alimentaires-et-les-domaines-apparentes\/","og_locale":"it_IT","og_type":"article","og_title":"Taux TVA r\u00e9duits en tant qu'all\u00e9gement fiscal - Evaluation du taux r\u00e9duit sur les produits alimentaires et les domaines apparent\u00e9s","og_description":"Taux TVA r\u00e9duits en tant qu'all\u00e9gement fiscal - Evaluation du taux r\u00e9duit sur les produits alimentaires et les domaines apparent\u00e9s","og_url":"https:\/\/www.efk.admin.ch\/it\/verifica\/taux-tva-reduits-en-tant-quallegement-fiscal-evaluation-du-taux-reduit-sur-les-produits-alimentaires-et-les-domaines-apparentes\/","og_site_name":"Controllo federale delle finanze (CDF)","article_modified_time":"2024-03-08T16:57:07+00:00","og_image":[{"width":750,"height":500,"url":"https:\/\/www.efk.admin.ch\/wp-content\/uploads\/test\/palais.jpg","type":"image\/jpeg"}],"twitter_card":"summary_large_image","twitter_misc":{"Est. reading time":"1 minute"},"schema":{"@context":"https:\/\/schema.org","@graph":[{"@type":"WebPage","@id":"https:\/\/www.efk.admin.ch\/it\/verifica\/taux-tva-reduits-en-tant-quallegement-fiscal-evaluation-du-taux-reduit-sur-les-produits-alimentaires-et-les-domaines-apparentes\/","url":"https:\/\/www.efk.admin.ch\/it\/verifica\/taux-tva-reduits-en-tant-quallegement-fiscal-evaluation-du-taux-reduit-sur-les-produits-alimentaires-et-les-domaines-apparentes\/","name":"Taux TVA r\u00e9duits en tant qu'all\u00e9gement fiscal - Evaluation du taux r\u00e9duit sur les produits alimentaires et les domaines apparent\u00e9s - Controllo federale delle finanze (CDF)","isPartOf":{"@id":"https:\/\/www.efk.admin.ch\/it\/#website"},"datePublished":"2024-01-17T15:38:24+00:00","dateModified":"2024-03-08T16:57:07+00:00","description":"Taux TVA r\u00e9duits en tant qu'all\u00e9gement fiscal - Evaluation du taux r\u00e9duit sur les produits alimentaires et les domaines apparent\u00e9s","breadcrumb":{"@id":"https:\/\/www.efk.admin.ch\/it\/verifica\/taux-tva-reduits-en-tant-quallegement-fiscal-evaluation-du-taux-reduit-sur-les-produits-alimentaires-et-les-domaines-apparentes\/#breadcrumb"},"inLanguage":"it-IT","potentialAction":[{"@type":"ReadAction","target":["https:\/\/www.efk.admin.ch\/it\/verifica\/taux-tva-reduits-en-tant-quallegement-fiscal-evaluation-du-taux-reduit-sur-les-produits-alimentaires-et-les-domaines-apparentes\/"]}]},{"@type":"BreadcrumbList","@id":"https:\/\/www.efk.admin.ch\/it\/verifica\/taux-tva-reduits-en-tant-quallegement-fiscal-evaluation-du-taux-reduit-sur-les-produits-alimentaires-et-les-domaines-apparentes\/#breadcrumb","itemListElement":[{"@type":"ListItem","position":1,"name":"Home","item":"https:\/\/www.efk.admin.ch\/it\/"},{"@type":"ListItem","position":2,"name":"Rapporto","item":"https:\/\/www.efk.admin.ch\/it\/verifica\/"},{"@type":"ListItem","position":3,"name":"Taux TVA r\u00e9duits en tant qu&#8217;all\u00e9gement fiscal &#8211; Evaluation du taux r\u00e9duit sur les produits alimentaires et les domaines apparent\u00e9s"}]},{"@type":"WebSite","@id":"https:\/\/www.efk.admin.ch\/it\/#website","url":"https:\/\/www.efk.admin.ch\/it\/","name":"Informationen \u00fcber das oberste Finanzaufsichtsorgan der Schweiz","description":"Il Controllo federale delle finanze (CDF) \u00e8 l'organo supremo di vigilanza finanziaria della Confederazione svizzera.","publisher":{"@id":"https:\/\/www.efk.admin.ch\/it\/#organization"},"alternateName":"EFK","potentialAction":[{"@type":"SearchAction","target":{"@type":"EntryPoint","urlTemplate":"https:\/\/www.efk.admin.ch\/it\/?s={search_term_string}"},"query-input":{"@type":"PropertyValueSpecification","valueRequired":true,"valueName":"search_term_string"}}],"inLanguage":"it-IT"},{"@type":"Organization","@id":"https:\/\/www.efk.admin.ch\/it\/#organization","name":"Controllo federale delle finanze (CDF)","alternateName":"EFK","url":"https:\/\/www.efk.admin.ch\/it\/","logo":{"@type":"ImageObject","inLanguage":"it-IT","@id":"https:\/\/www.efk.admin.ch\/it\/#\/schema\/logo\/image\/","url":"https:\/\/www.efk.admin.ch\/wp-content\/uploads\/efk_cdf_logo_ohne_claim.png","contentUrl":"https:\/\/www.efk.admin.ch\/wp-content\/uploads\/efk_cdf_logo_ohne_claim.png","width":268,"height":258,"caption":"Controllo federale delle finanze (CDF)"},"image":{"@id":"https:\/\/www.efk.admin.ch\/it\/#\/schema\/logo\/image\/"},"sameAs":["https:\/\/www.instagram.com\/efk_cdf_sfao\/","https:\/\/www.youtube.com\/channel\/UCm-bXj227VE5sJzhB-ihdvw\/featured","https:\/\/www.linkedin.com\/company\/11081578\/"]}]}},"_links":{"self":[{"href":"https:\/\/www.efk.admin.ch\/it\/wp-json\/wp\/v2\/audit\/7082","targetHints":{"allow":["GET"]}}],"collection":[{"href":"https:\/\/www.efk.admin.ch\/it\/wp-json\/wp\/v2\/audit"}],"about":[{"href":"https:\/\/www.efk.admin.ch\/it\/wp-json\/wp\/v2\/types\/audit"}],"wp:attachment":[{"href":"https:\/\/www.efk.admin.ch\/it\/wp-json\/wp\/v2\/media?parent=7082"}],"wp:term":[{"taxonomy":"audit_category","embeddable":true,"href":"https:\/\/www.efk.admin.ch\/it\/wp-json\/wp\/v2\/audit_category?post=7082"},{"taxonomy":"audit_type","embeddable":true,"href":"https:\/\/www.efk.admin.ch\/it\/wp-json\/wp\/v2\/audit_type?post=7082"}],"curies":[{"name":"wp","href":"https:\/\/api.w.org\/{rel}","templated":true}]}}