{"id":7075,"date":"2024-01-17T16:38:24","date_gmt":"2024-01-17T15:38:24","guid":{"rendered":"https:\/\/preview.efk.admin.ch\/prufung\/7075\/"},"modified":"2024-03-07T17:21:12","modified_gmt":"2024-03-07T16:21:12","slug":"7075","status":"publish","type":"audit","link":"https:\/\/www.efk.admin.ch\/it\/verifica\/7075\/","title":{"rendered":"P\u00e9r\u00e9quation des ressources et compensation des charges &#8211; Audit 2009 aupr\u00e8s des cantons et des offices f\u00e9d\u00e9raux"},"content":{"rendered":"\n<p>Les travaux d\u2019audit n\u2019ont r\u00e9v\u00e9l\u00e9 aucune erreur ou faiblesse importante dans le dispositif de r\u00e9colte, de traitement et de calcul des donn\u00e9es 2010 de la p\u00e9r\u00e9quation financi\u00e8re. Adopt\u00e9es le 19 d\u00e9cembre 2008 par le Chef du D\u00e9partement f\u00e9d\u00e9ral des finances (DFF), les deux directives du DFF relatives \u00e0 la r\u00e9colte et au traitement des donn\u00e9es de la p\u00e9r\u00e9quation des ressources et de la compensation des charges ont \u00e9t\u00e9 pour l\u2019essentiel correctement appliqu\u00e9es. Les erreurs identifi\u00e9es par le CDF dans les donn\u00e9es cantonales de la p\u00e9r\u00e9quation des ressources ont fait l\u2019objet de corrections conform\u00e9ment aux directives du DFF.<\/p>\n","protected":false},"featured_media":0,"menu_order":0,"template":"","audit_category":[44],"audit_type":[53],"class_list":["post-7075","audit","type-audit","status-publish","hentry","audit_category-finanze-pubbliche-e-imposte","audit_type-verifica"],"acf":{"audit_lang":[{"lang":"f"}],"audit_numbers":[{"audit_number":"9242"}],"audit_office":null,"audit_office_text":"","audit_date":"20091009","bgo":false,"keywords":"","audit_office_local":""},"yoast_head":"<!-- This site is optimized with the Yoast SEO Premium plugin v27.4 (Yoast SEO v27.4) - https:\/\/yoast.com\/product\/yoast-seo-premium-wordpress\/ -->\n<title>P\u00e9r\u00e9quation des ressources et compensation des charges - Audit 2009 aupr\u00e8s des cantons et des offices f\u00e9d\u00e9raux - Controllo federale delle finanze (CDF)<\/title>\n<meta name=\"description\" content=\"P\u00e9r\u00e9quation des ressources et compensation des charges - Audit 2009 aupr\u00e8s des cantons et des offices f\u00e9d\u00e9raux\" \/>\n<meta name=\"robots\" content=\"index, follow, max-snippet:-1, max-image-preview:large, max-video-preview:-1\" \/>\n<link rel=\"canonical\" href=\"https:\/\/www.efk.admin.ch\/it\/verifica\/7075\/\" \/>\n<meta property=\"og:locale\" content=\"it_IT\" \/>\n<meta property=\"og:type\" content=\"article\" \/>\n<meta property=\"og:title\" content=\"P\u00e9r\u00e9quation des ressources et compensation des charges - Audit 2009 aupr\u00e8s des cantons et des offices f\u00e9d\u00e9raux\" \/>\n<meta property=\"og:description\" content=\"P\u00e9r\u00e9quation des ressources et compensation des charges - Audit 2009 aupr\u00e8s des cantons et des offices f\u00e9d\u00e9raux\" \/>\n<meta property=\"og:url\" content=\"https:\/\/www.efk.admin.ch\/it\/verifica\/7075\/\" \/>\n<meta property=\"og:site_name\" content=\"Controllo federale delle finanze (CDF)\" \/>\n<meta property=\"article:modified_time\" content=\"2024-03-07T16:21:12+00:00\" \/>\n<meta property=\"og:image\" content=\"https:\/\/www.efk.admin.ch\/wp-content\/uploads\/test\/palais.jpg\" \/>\n\t<meta property=\"og:image:width\" content=\"750\" \/>\n\t<meta property=\"og:image:height\" content=\"500\" \/>\n\t<meta property=\"og:image:type\" content=\"image\/jpeg\" \/>\n<meta name=\"twitter:card\" content=\"summary_large_image\" \/>\n<meta name=\"twitter:label1\" content=\"Est. reading time\" \/>\n\t<meta name=\"twitter:data1\" content=\"1 minute\" \/>\n<script type=\"application\/ld+json\" class=\"yoast-schema-graph\">{\"@context\":\"https:\\\/\\\/schema.org\",\"@graph\":[{\"@type\":\"WebPage\",\"@id\":\"https:\\\/\\\/www.efk.admin.ch\\\/it\\\/verifica\\\/7075\\\/\",\"url\":\"https:\\\/\\\/www.efk.admin.ch\\\/it\\\/verifica\\\/7075\\\/\",\"name\":\"P\u00e9r\u00e9quation des ressources et compensation des charges - Audit 2009 aupr\u00e8s des cantons et des offices f\u00e9d\u00e9raux - Controllo federale delle finanze (CDF)\",\"isPartOf\":{\"@id\":\"https:\\\/\\\/www.efk.admin.ch\\\/it\\\/#website\"},\"datePublished\":\"2024-01-17T15:38:24+00:00\",\"dateModified\":\"2024-03-07T16:21:12+00:00\",\"description\":\"P\u00e9r\u00e9quation des ressources et compensation des charges - Audit 2009 aupr\u00e8s des cantons et des offices f\u00e9d\u00e9raux\",\"breadcrumb\":{\"@id\":\"https:\\\/\\\/www.efk.admin.ch\\\/it\\\/verifica\\\/7075\\\/#breadcrumb\"},\"inLanguage\":\"it-IT\",\"potentialAction\":[{\"@type\":\"ReadAction\",\"target\":[\"https:\\\/\\\/www.efk.admin.ch\\\/it\\\/verifica\\\/7075\\\/\"]}]},{\"@type\":\"BreadcrumbList\",\"@id\":\"https:\\\/\\\/www.efk.admin.ch\\\/it\\\/verifica\\\/7075\\\/#breadcrumb\",\"itemListElement\":[{\"@type\":\"ListItem\",\"position\":1,\"name\":\"Home\",\"item\":\"https:\\\/\\\/www.efk.admin.ch\\\/it\\\/\"},{\"@type\":\"ListItem\",\"position\":2,\"name\":\"Rapporto\",\"item\":\"https:\\\/\\\/www.efk.admin.ch\\\/it\\\/verifica\\\/\"},{\"@type\":\"ListItem\",\"position\":3,\"name\":\"P\u00e9r\u00e9quation des ressources et compensation des charges &#8211; Audit 2009 aupr\u00e8s des cantons et des offices f\u00e9d\u00e9raux\"}]},{\"@type\":\"WebSite\",\"@id\":\"https:\\\/\\\/www.efk.admin.ch\\\/it\\\/#website\",\"url\":\"https:\\\/\\\/www.efk.admin.ch\\\/it\\\/\",\"name\":\"Informationen \u00fcber das oberste Finanzaufsichtsorgan der Schweiz\",\"description\":\"Il Controllo federale delle finanze (CDF) \u00e8 l'organo supremo di vigilanza finanziaria della Confederazione svizzera.\",\"publisher\":{\"@id\":\"https:\\\/\\\/www.efk.admin.ch\\\/it\\\/#organization\"},\"alternateName\":\"EFK\",\"potentialAction\":[{\"@type\":\"SearchAction\",\"target\":{\"@type\":\"EntryPoint\",\"urlTemplate\":\"https:\\\/\\\/www.efk.admin.ch\\\/it\\\/?s={search_term_string}\"},\"query-input\":{\"@type\":\"PropertyValueSpecification\",\"valueRequired\":true,\"valueName\":\"search_term_string\"}}],\"inLanguage\":\"it-IT\"},{\"@type\":\"Organization\",\"@id\":\"https:\\\/\\\/www.efk.admin.ch\\\/it\\\/#organization\",\"name\":\"Controllo federale delle finanze (CDF)\",\"alternateName\":\"EFK\",\"url\":\"https:\\\/\\\/www.efk.admin.ch\\\/it\\\/\",\"logo\":{\"@type\":\"ImageObject\",\"inLanguage\":\"it-IT\",\"@id\":\"https:\\\/\\\/www.efk.admin.ch\\\/it\\\/#\\\/schema\\\/logo\\\/image\\\/\",\"url\":\"https:\\\/\\\/www.efk.admin.ch\\\/wp-content\\\/uploads\\\/efk_cdf_logo_ohne_claim.png\",\"contentUrl\":\"https:\\\/\\\/www.efk.admin.ch\\\/wp-content\\\/uploads\\\/efk_cdf_logo_ohne_claim.png\",\"width\":268,\"height\":258,\"caption\":\"Controllo federale delle finanze (CDF)\"},\"image\":{\"@id\":\"https:\\\/\\\/www.efk.admin.ch\\\/it\\\/#\\\/schema\\\/logo\\\/image\\\/\"},\"sameAs\":[\"https:\\\/\\\/www.instagram.com\\\/efk_cdf_sfao\\\/\",\"https:\\\/\\\/www.youtube.com\\\/channel\\\/UCm-bXj227VE5sJzhB-ihdvw\\\/featured\",\"https:\\\/\\\/www.linkedin.com\\\/company\\\/11081578\\\/\"]}]}<\/script>\n<!-- \/ Yoast SEO Premium plugin. -->","yoast_head_json":{"title":"P\u00e9r\u00e9quation des ressources et compensation des charges - Audit 2009 aupr\u00e8s des cantons et des offices f\u00e9d\u00e9raux - Controllo federale delle finanze (CDF)","description":"P\u00e9r\u00e9quation des ressources et compensation des charges - Audit 2009 aupr\u00e8s des cantons et des offices f\u00e9d\u00e9raux","robots":{"index":"index","follow":"follow","max-snippet":"max-snippet:-1","max-image-preview":"max-image-preview:large","max-video-preview":"max-video-preview:-1"},"canonical":"https:\/\/www.efk.admin.ch\/it\/verifica\/7075\/","og_locale":"it_IT","og_type":"article","og_title":"P\u00e9r\u00e9quation des ressources et compensation des charges - Audit 2009 aupr\u00e8s des cantons et des offices f\u00e9d\u00e9raux","og_description":"P\u00e9r\u00e9quation des ressources et compensation des charges - Audit 2009 aupr\u00e8s des cantons et des offices f\u00e9d\u00e9raux","og_url":"https:\/\/www.efk.admin.ch\/it\/verifica\/7075\/","og_site_name":"Controllo federale delle finanze (CDF)","article_modified_time":"2024-03-07T16:21:12+00:00","og_image":[{"width":750,"height":500,"url":"https:\/\/www.efk.admin.ch\/wp-content\/uploads\/test\/palais.jpg","type":"image\/jpeg"}],"twitter_card":"summary_large_image","twitter_misc":{"Est. reading time":"1 minute"},"schema":{"@context":"https:\/\/schema.org","@graph":[{"@type":"WebPage","@id":"https:\/\/www.efk.admin.ch\/it\/verifica\/7075\/","url":"https:\/\/www.efk.admin.ch\/it\/verifica\/7075\/","name":"P\u00e9r\u00e9quation des ressources et compensation des charges - Audit 2009 aupr\u00e8s des cantons et des offices f\u00e9d\u00e9raux - Controllo federale delle finanze (CDF)","isPartOf":{"@id":"https:\/\/www.efk.admin.ch\/it\/#website"},"datePublished":"2024-01-17T15:38:24+00:00","dateModified":"2024-03-07T16:21:12+00:00","description":"P\u00e9r\u00e9quation des ressources et compensation des charges - Audit 2009 aupr\u00e8s des cantons et des offices f\u00e9d\u00e9raux","breadcrumb":{"@id":"https:\/\/www.efk.admin.ch\/it\/verifica\/7075\/#breadcrumb"},"inLanguage":"it-IT","potentialAction":[{"@type":"ReadAction","target":["https:\/\/www.efk.admin.ch\/it\/verifica\/7075\/"]}]},{"@type":"BreadcrumbList","@id":"https:\/\/www.efk.admin.ch\/it\/verifica\/7075\/#breadcrumb","itemListElement":[{"@type":"ListItem","position":1,"name":"Home","item":"https:\/\/www.efk.admin.ch\/it\/"},{"@type":"ListItem","position":2,"name":"Rapporto","item":"https:\/\/www.efk.admin.ch\/it\/verifica\/"},{"@type":"ListItem","position":3,"name":"P\u00e9r\u00e9quation des ressources et compensation des charges &#8211; Audit 2009 aupr\u00e8s des cantons et des offices f\u00e9d\u00e9raux"}]},{"@type":"WebSite","@id":"https:\/\/www.efk.admin.ch\/it\/#website","url":"https:\/\/www.efk.admin.ch\/it\/","name":"Informationen \u00fcber das oberste Finanzaufsichtsorgan der Schweiz","description":"Il Controllo federale delle finanze (CDF) \u00e8 l'organo supremo di vigilanza finanziaria della Confederazione svizzera.","publisher":{"@id":"https:\/\/www.efk.admin.ch\/it\/#organization"},"alternateName":"EFK","potentialAction":[{"@type":"SearchAction","target":{"@type":"EntryPoint","urlTemplate":"https:\/\/www.efk.admin.ch\/it\/?s={search_term_string}"},"query-input":{"@type":"PropertyValueSpecification","valueRequired":true,"valueName":"search_term_string"}}],"inLanguage":"it-IT"},{"@type":"Organization","@id":"https:\/\/www.efk.admin.ch\/it\/#organization","name":"Controllo federale delle finanze (CDF)","alternateName":"EFK","url":"https:\/\/www.efk.admin.ch\/it\/","logo":{"@type":"ImageObject","inLanguage":"it-IT","@id":"https:\/\/www.efk.admin.ch\/it\/#\/schema\/logo\/image\/","url":"https:\/\/www.efk.admin.ch\/wp-content\/uploads\/efk_cdf_logo_ohne_claim.png","contentUrl":"https:\/\/www.efk.admin.ch\/wp-content\/uploads\/efk_cdf_logo_ohne_claim.png","width":268,"height":258,"caption":"Controllo federale delle finanze (CDF)"},"image":{"@id":"https:\/\/www.efk.admin.ch\/it\/#\/schema\/logo\/image\/"},"sameAs":["https:\/\/www.instagram.com\/efk_cdf_sfao\/","https:\/\/www.youtube.com\/channel\/UCm-bXj227VE5sJzhB-ihdvw\/featured","https:\/\/www.linkedin.com\/company\/11081578\/"]}]}},"_links":{"self":[{"href":"https:\/\/www.efk.admin.ch\/it\/wp-json\/wp\/v2\/audit\/7075","targetHints":{"allow":["GET"]}}],"collection":[{"href":"https:\/\/www.efk.admin.ch\/it\/wp-json\/wp\/v2\/audit"}],"about":[{"href":"https:\/\/www.efk.admin.ch\/it\/wp-json\/wp\/v2\/types\/audit"}],"wp:attachment":[{"href":"https:\/\/www.efk.admin.ch\/it\/wp-json\/wp\/v2\/media?parent=7075"}],"wp:term":[{"taxonomy":"audit_category","embeddable":true,"href":"https:\/\/www.efk.admin.ch\/it\/wp-json\/wp\/v2\/audit_category?post=7075"},{"taxonomy":"audit_type","embeddable":true,"href":"https:\/\/www.efk.admin.ch\/it\/wp-json\/wp\/v2\/audit_type?post=7075"}],"curies":[{"name":"wp","href":"https:\/\/api.w.org\/{rel}","templated":true}]}}