{"id":6932,"date":"2024-01-17T16:37:45","date_gmt":"2024-01-17T15:37:45","guid":{"rendered":"https:\/\/preview.efk.admin.ch\/prufung\/provvedimenti-sanitari-dellassicurazione-invalidita-attuazione-e-analisi-dellevoluzione-dei-costi-ufficio-federale-delle-assicurazioni-sociali\/"},"modified":"2024-03-08T11:23:51","modified_gmt":"2024-03-08T10:23:51","slug":"provvedimenti-sanitari-dellassicurazione-invalidita-attuazione-e-analisi-dellevoluzione-dei-costi-ufficio-federale-delle-assicurazioni-sociali","status":"publish","type":"audit","link":"https:\/\/www.efk.admin.ch\/it\/verifica\/provvedimenti-sanitari-dellassicurazione-invalidita-attuazione-e-analisi-dellevoluzione-dei-costi-ufficio-federale-delle-assicurazioni-sociali\/","title":{"rendered":"Provvedimenti sanitari dell\u2019assicurazione invalidit\u00e0: attuazione e analisi dell\u2019evoluzione dei costi"},"content":{"rendered":"\n<p>Le uscite per i provvedimenti sanitari dell\u2019assicurazione invalidit\u00e0 sono in continuo aumento da oltre dieci anni. Nel 2010 i costi ammontavano a 692 milioni di franchi, di cui 669 milioni per le infermit\u00e0 congenite e 23 milioni per le misure di reintegrazione. Nell\u2019arco di 10 anni i costi delle infermit\u00e0 congenite sono aumentati del 61%. Nel 2010 poco pi\u00f9 di 113 000 beneficiari hanno usufruito di prestazioni sanitarie legate a infermit\u00e0 congenite, ci\u00f2 che tra il 2001 e il 2010 corrisponde a un aumento del 12%. Sempre nel 2010, il costo medio per beneficiario si attesta attorno ai 5920 franchi e nello stesso decennio \u00e8 quindi aumentato del 43%. In circa 10 anni, i costi delle prestazioni sanitarie legate a infermit\u00e0 congenite hanno subito un aumento di 1,5 volte pi\u00f9 rapido di quello dei costi della salute. Tuttavia, dal 2006 l\u2019evoluzione dei costi segue la stessa tendenza dell\u2019aumento dei costi dell\u2019assicurazione malattie.<\/p>\n","protected":false},"featured_media":0,"menu_order":0,"template":"","audit_category":[132],"audit_type":[133],"class_list":["post-6932","audit","type-audit","status-publish","hentry","audit_category-assicurazioni-sociali-e-previdenza-per-la-vecchiaia","audit_type-valutazione"],"acf":{"audit_lang":[{"lang":"d"},{"lang":"f"}],"audit_numbers":[{"audit_number":"9350"}],"audit_office":[1067],"audit_office_text":"","audit_date":"20130220","bgo":false,"keywords":"le infermit\u00e0 congenit, le misure di reintegrazione,  beneficiari hanno usufruito di prestazioni sanitarie, costo medio, costi della salute, costi dell\u2019assicurazione malattie","audit_office_local":""},"yoast_head":"<!-- This site is optimized with the Yoast SEO Premium plugin v27.4 (Yoast SEO v27.4) - https:\/\/yoast.com\/product\/yoast-seo-premium-wordpress\/ -->\n<title>Provvedimenti sanitari dell\u2019assicurazione invalidit\u00e0: attuazione e analisi dell\u2019evoluzione dei costi - Controllo federale delle finanze (CDF)<\/title>\n<meta name=\"description\" content=\"Provvedimenti sanitari dell\u2019assicurazione invalidit\u00e0: attuazione e analisi dell\u2019evoluzione dei costi\" \/>\n<meta name=\"robots\" content=\"index, follow, max-snippet:-1, max-image-preview:large, max-video-preview:-1\" \/>\n<link rel=\"canonical\" href=\"https:\/\/www.efk.admin.ch\/it\/verifica\/provvedimenti-sanitari-dellassicurazione-invalidita-attuazione-e-analisi-dellevoluzione-dei-costi-ufficio-federale-delle-assicurazioni-sociali\/\" \/>\n<meta property=\"og:locale\" content=\"it_IT\" \/>\n<meta property=\"og:type\" content=\"article\" \/>\n<meta property=\"og:title\" content=\"Provvedimenti sanitari dell\u2019assicurazione invalidit\u00e0: attuazione e analisi dell\u2019evoluzione dei costi\" \/>\n<meta property=\"og:description\" content=\"Provvedimenti sanitari dell\u2019assicurazione invalidit\u00e0: attuazione e analisi dell\u2019evoluzione dei costi\" \/>\n<meta property=\"og:url\" content=\"https:\/\/www.efk.admin.ch\/it\/verifica\/provvedimenti-sanitari-dellassicurazione-invalidita-attuazione-e-analisi-dellevoluzione-dei-costi-ufficio-federale-delle-assicurazioni-sociali\/\" \/>\n<meta property=\"og:site_name\" content=\"Controllo federale delle finanze (CDF)\" \/>\n<meta property=\"article:modified_time\" content=\"2024-03-08T10:23:51+00:00\" \/>\n<meta property=\"og:image\" content=\"https:\/\/www.efk.admin.ch\/wp-content\/uploads\/test\/palais.jpg\" \/>\n\t<meta property=\"og:image:width\" content=\"750\" \/>\n\t<meta property=\"og:image:height\" content=\"500\" \/>\n\t<meta property=\"og:image:type\" content=\"image\/jpeg\" \/>\n<meta name=\"twitter:card\" content=\"summary_large_image\" \/>\n<meta name=\"twitter:label1\" content=\"Est. reading time\" \/>\n\t<meta name=\"twitter:data1\" content=\"1 minute\" \/>\n<script type=\"application\/ld+json\" class=\"yoast-schema-graph\">{\"@context\":\"https:\\\/\\\/schema.org\",\"@graph\":[{\"@type\":\"WebPage\",\"@id\":\"https:\\\/\\\/www.efk.admin.ch\\\/it\\\/verifica\\\/provvedimenti-sanitari-dellassicurazione-invalidita-attuazione-e-analisi-dellevoluzione-dei-costi-ufficio-federale-delle-assicurazioni-sociali\\\/\",\"url\":\"https:\\\/\\\/www.efk.admin.ch\\\/it\\\/verifica\\\/provvedimenti-sanitari-dellassicurazione-invalidita-attuazione-e-analisi-dellevoluzione-dei-costi-ufficio-federale-delle-assicurazioni-sociali\\\/\",\"name\":\"Provvedimenti sanitari dell\u2019assicurazione invalidit\u00e0: attuazione e analisi dell\u2019evoluzione dei costi - Controllo federale delle finanze (CDF)\",\"isPartOf\":{\"@id\":\"https:\\\/\\\/www.efk.admin.ch\\\/it\\\/#website\"},\"datePublished\":\"2024-01-17T15:37:45+00:00\",\"dateModified\":\"2024-03-08T10:23:51+00:00\",\"description\":\"Provvedimenti sanitari dell\u2019assicurazione invalidit\u00e0: attuazione e analisi dell\u2019evoluzione dei costi\",\"breadcrumb\":{\"@id\":\"https:\\\/\\\/www.efk.admin.ch\\\/it\\\/verifica\\\/provvedimenti-sanitari-dellassicurazione-invalidita-attuazione-e-analisi-dellevoluzione-dei-costi-ufficio-federale-delle-assicurazioni-sociali\\\/#breadcrumb\"},\"inLanguage\":\"it-IT\",\"potentialAction\":[{\"@type\":\"ReadAction\",\"target\":[\"https:\\\/\\\/www.efk.admin.ch\\\/it\\\/verifica\\\/provvedimenti-sanitari-dellassicurazione-invalidita-attuazione-e-analisi-dellevoluzione-dei-costi-ufficio-federale-delle-assicurazioni-sociali\\\/\"]}]},{\"@type\":\"BreadcrumbList\",\"@id\":\"https:\\\/\\\/www.efk.admin.ch\\\/it\\\/verifica\\\/provvedimenti-sanitari-dellassicurazione-invalidita-attuazione-e-analisi-dellevoluzione-dei-costi-ufficio-federale-delle-assicurazioni-sociali\\\/#breadcrumb\",\"itemListElement\":[{\"@type\":\"ListItem\",\"position\":1,\"name\":\"Home\",\"item\":\"https:\\\/\\\/www.efk.admin.ch\\\/it\\\/\"},{\"@type\":\"ListItem\",\"position\":2,\"name\":\"Rapporto\",\"item\":\"https:\\\/\\\/www.efk.admin.ch\\\/it\\\/verifica\\\/\"},{\"@type\":\"ListItem\",\"position\":3,\"name\":\"Provvedimenti sanitari dell\u2019assicurazione invalidit\u00e0: attuazione e analisi dell\u2019evoluzione dei costi\"}]},{\"@type\":\"WebSite\",\"@id\":\"https:\\\/\\\/www.efk.admin.ch\\\/it\\\/#website\",\"url\":\"https:\\\/\\\/www.efk.admin.ch\\\/it\\\/\",\"name\":\"Informationen \u00fcber das oberste Finanzaufsichtsorgan der Schweiz\",\"description\":\"Il Controllo federale delle finanze (CDF) \u00e8 l'organo supremo di vigilanza finanziaria della Confederazione svizzera.\",\"publisher\":{\"@id\":\"https:\\\/\\\/www.efk.admin.ch\\\/it\\\/#organization\"},\"alternateName\":\"EFK\",\"potentialAction\":[{\"@type\":\"SearchAction\",\"target\":{\"@type\":\"EntryPoint\",\"urlTemplate\":\"https:\\\/\\\/www.efk.admin.ch\\\/it\\\/?s={search_term_string}\"},\"query-input\":{\"@type\":\"PropertyValueSpecification\",\"valueRequired\":true,\"valueName\":\"search_term_string\"}}],\"inLanguage\":\"it-IT\"},{\"@type\":\"Organization\",\"@id\":\"https:\\\/\\\/www.efk.admin.ch\\\/it\\\/#organization\",\"name\":\"Controllo federale delle finanze (CDF)\",\"alternateName\":\"EFK\",\"url\":\"https:\\\/\\\/www.efk.admin.ch\\\/it\\\/\",\"logo\":{\"@type\":\"ImageObject\",\"inLanguage\":\"it-IT\",\"@id\":\"https:\\\/\\\/www.efk.admin.ch\\\/it\\\/#\\\/schema\\\/logo\\\/image\\\/\",\"url\":\"https:\\\/\\\/www.efk.admin.ch\\\/wp-content\\\/uploads\\\/efk_cdf_logo_ohne_claim.png\",\"contentUrl\":\"https:\\\/\\\/www.efk.admin.ch\\\/wp-content\\\/uploads\\\/efk_cdf_logo_ohne_claim.png\",\"width\":268,\"height\":258,\"caption\":\"Controllo federale delle finanze (CDF)\"},\"image\":{\"@id\":\"https:\\\/\\\/www.efk.admin.ch\\\/it\\\/#\\\/schema\\\/logo\\\/image\\\/\"},\"sameAs\":[\"https:\\\/\\\/www.instagram.com\\\/efk_cdf_sfao\\\/\",\"https:\\\/\\\/www.youtube.com\\\/channel\\\/UCm-bXj227VE5sJzhB-ihdvw\\\/featured\",\"https:\\\/\\\/www.linkedin.com\\\/company\\\/11081578\\\/\"]}]}<\/script>\n<!-- \/ Yoast SEO Premium plugin. -->","yoast_head_json":{"title":"Provvedimenti sanitari dell\u2019assicurazione invalidit\u00e0: attuazione e analisi dell\u2019evoluzione dei costi - Controllo federale delle finanze (CDF)","description":"Provvedimenti sanitari dell\u2019assicurazione invalidit\u00e0: attuazione e analisi dell\u2019evoluzione dei costi","robots":{"index":"index","follow":"follow","max-snippet":"max-snippet:-1","max-image-preview":"max-image-preview:large","max-video-preview":"max-video-preview:-1"},"canonical":"https:\/\/www.efk.admin.ch\/it\/verifica\/provvedimenti-sanitari-dellassicurazione-invalidita-attuazione-e-analisi-dellevoluzione-dei-costi-ufficio-federale-delle-assicurazioni-sociali\/","og_locale":"it_IT","og_type":"article","og_title":"Provvedimenti sanitari dell\u2019assicurazione invalidit\u00e0: attuazione e analisi dell\u2019evoluzione dei costi","og_description":"Provvedimenti sanitari dell\u2019assicurazione invalidit\u00e0: attuazione e analisi dell\u2019evoluzione dei costi","og_url":"https:\/\/www.efk.admin.ch\/it\/verifica\/provvedimenti-sanitari-dellassicurazione-invalidita-attuazione-e-analisi-dellevoluzione-dei-costi-ufficio-federale-delle-assicurazioni-sociali\/","og_site_name":"Controllo federale delle finanze (CDF)","article_modified_time":"2024-03-08T10:23:51+00:00","og_image":[{"width":750,"height":500,"url":"https:\/\/www.efk.admin.ch\/wp-content\/uploads\/test\/palais.jpg","type":"image\/jpeg"}],"twitter_card":"summary_large_image","twitter_misc":{"Est. reading time":"1 minute"},"schema":{"@context":"https:\/\/schema.org","@graph":[{"@type":"WebPage","@id":"https:\/\/www.efk.admin.ch\/it\/verifica\/provvedimenti-sanitari-dellassicurazione-invalidita-attuazione-e-analisi-dellevoluzione-dei-costi-ufficio-federale-delle-assicurazioni-sociali\/","url":"https:\/\/www.efk.admin.ch\/it\/verifica\/provvedimenti-sanitari-dellassicurazione-invalidita-attuazione-e-analisi-dellevoluzione-dei-costi-ufficio-federale-delle-assicurazioni-sociali\/","name":"Provvedimenti sanitari dell\u2019assicurazione invalidit\u00e0: attuazione e analisi dell\u2019evoluzione dei costi - Controllo federale delle finanze (CDF)","isPartOf":{"@id":"https:\/\/www.efk.admin.ch\/it\/#website"},"datePublished":"2024-01-17T15:37:45+00:00","dateModified":"2024-03-08T10:23:51+00:00","description":"Provvedimenti sanitari dell\u2019assicurazione invalidit\u00e0: attuazione e analisi dell\u2019evoluzione dei costi","breadcrumb":{"@id":"https:\/\/www.efk.admin.ch\/it\/verifica\/provvedimenti-sanitari-dellassicurazione-invalidita-attuazione-e-analisi-dellevoluzione-dei-costi-ufficio-federale-delle-assicurazioni-sociali\/#breadcrumb"},"inLanguage":"it-IT","potentialAction":[{"@type":"ReadAction","target":["https:\/\/www.efk.admin.ch\/it\/verifica\/provvedimenti-sanitari-dellassicurazione-invalidita-attuazione-e-analisi-dellevoluzione-dei-costi-ufficio-federale-delle-assicurazioni-sociali\/"]}]},{"@type":"BreadcrumbList","@id":"https:\/\/www.efk.admin.ch\/it\/verifica\/provvedimenti-sanitari-dellassicurazione-invalidita-attuazione-e-analisi-dellevoluzione-dei-costi-ufficio-federale-delle-assicurazioni-sociali\/#breadcrumb","itemListElement":[{"@type":"ListItem","position":1,"name":"Home","item":"https:\/\/www.efk.admin.ch\/it\/"},{"@type":"ListItem","position":2,"name":"Rapporto","item":"https:\/\/www.efk.admin.ch\/it\/verifica\/"},{"@type":"ListItem","position":3,"name":"Provvedimenti sanitari dell\u2019assicurazione invalidit\u00e0: attuazione e analisi dell\u2019evoluzione dei costi"}]},{"@type":"WebSite","@id":"https:\/\/www.efk.admin.ch\/it\/#website","url":"https:\/\/www.efk.admin.ch\/it\/","name":"Informationen \u00fcber das oberste Finanzaufsichtsorgan der Schweiz","description":"Il Controllo federale delle finanze (CDF) \u00e8 l'organo supremo di vigilanza finanziaria della Confederazione svizzera.","publisher":{"@id":"https:\/\/www.efk.admin.ch\/it\/#organization"},"alternateName":"EFK","potentialAction":[{"@type":"SearchAction","target":{"@type":"EntryPoint","urlTemplate":"https:\/\/www.efk.admin.ch\/it\/?s={search_term_string}"},"query-input":{"@type":"PropertyValueSpecification","valueRequired":true,"valueName":"search_term_string"}}],"inLanguage":"it-IT"},{"@type":"Organization","@id":"https:\/\/www.efk.admin.ch\/it\/#organization","name":"Controllo federale delle finanze (CDF)","alternateName":"EFK","url":"https:\/\/www.efk.admin.ch\/it\/","logo":{"@type":"ImageObject","inLanguage":"it-IT","@id":"https:\/\/www.efk.admin.ch\/it\/#\/schema\/logo\/image\/","url":"https:\/\/www.efk.admin.ch\/wp-content\/uploads\/efk_cdf_logo_ohne_claim.png","contentUrl":"https:\/\/www.efk.admin.ch\/wp-content\/uploads\/efk_cdf_logo_ohne_claim.png","width":268,"height":258,"caption":"Controllo federale delle finanze (CDF)"},"image":{"@id":"https:\/\/www.efk.admin.ch\/it\/#\/schema\/logo\/image\/"},"sameAs":["https:\/\/www.instagram.com\/efk_cdf_sfao\/","https:\/\/www.youtube.com\/channel\/UCm-bXj227VE5sJzhB-ihdvw\/featured","https:\/\/www.linkedin.com\/company\/11081578\/"]}]}},"_links":{"self":[{"href":"https:\/\/www.efk.admin.ch\/it\/wp-json\/wp\/v2\/audit\/6932","targetHints":{"allow":["GET"]}}],"collection":[{"href":"https:\/\/www.efk.admin.ch\/it\/wp-json\/wp\/v2\/audit"}],"about":[{"href":"https:\/\/www.efk.admin.ch\/it\/wp-json\/wp\/v2\/types\/audit"}],"acf:post":[{"embeddable":true,"href":"https:\/\/www.efk.admin.ch\/it\/wp-json\/wp\/v2\/office\/1067"}],"wp:attachment":[{"href":"https:\/\/www.efk.admin.ch\/it\/wp-json\/wp\/v2\/media?parent=6932"}],"wp:term":[{"taxonomy":"audit_category","embeddable":true,"href":"https:\/\/www.efk.admin.ch\/it\/wp-json\/wp\/v2\/audit_category?post=6932"},{"taxonomy":"audit_type","embeddable":true,"href":"https:\/\/www.efk.admin.ch\/it\/wp-json\/wp\/v2\/audit_type?post=6932"}],"curies":[{"name":"wp","href":"https:\/\/api.w.org\/{rel}","templated":true}]}}