{"id":6910,"date":"2024-01-17T16:37:33","date_gmt":"2024-01-17T15:37:33","guid":{"rendered":"https:\/\/preview.efk.admin.ch\/prufung\/6910\/"},"modified":"2024-03-05T11:26:34","modified_gmt":"2024-03-05T10:26:34","slug":"6910","status":"publish","type":"audit","link":"https:\/\/www.efk.admin.ch\/it\/verifica\/6910\/","title":{"rendered":"Wirtschaftlichkeitspr\u00fcfung pers\u00f6nliches Armeematerial sowie Umsetzungsstand Projekt Modulares Bekleidungs- und Ausr\u00fcstungssystem f\u00fcr milit\u00e4rische Eins\u00e4tze (MBAS)"},"content":{"rendered":"\n<p>Die Eidg. Finanzkontrolle (EFK) hat gest\u00fczt auf Artikel 6 des Bundesgesetzes vom 28. Juni 1967 \u00fcber die Eidgen\u00f6ssische Finanzkontrolle in der Zeit vom 19. Mai bis 5. Juni 2014 beim VBS in den Departementsbereichen Verteidigung und armasuisse eine angemeldete Pr\u00fcfung durchgef\u00fchrt.<\/p>\n\n\n\n<p>Ziel der Pr\u00fcfung war die Beurteilung, ob die Planung und Beschaffung von pers\u00f6nlicher Ausr\u00fcstung (PA) wirtschaftlich und mit dem parallel laufenden Projekt &#8220;Modulares Bekleidungs- und Ausr\u00fcstungssystem f\u00fcr militarische Eins\u00e4tze&#8221; (MBAS), welches bestehende Systeme abl\u00f6sen soll, abgestimmt ist.<\/p>\n","protected":false},"featured_media":0,"menu_order":0,"template":"","audit_category":[40],"audit_type":[117],"class_list":["post-6910","audit","type-audit","status-publish","hentry","audit_category-difesa-ed-esercito","audit_type-beschaffungspruefung"],"acf":{"audit_lang":[{"lang":"d"}],"audit_numbers":[{"audit_number":"14424"}],"audit_office":[22341,22731],"audit_office_text":"","audit_date":"20141117","bgo":true,"keywords":"","audit_office_local":""},"yoast_head":"<!-- This site is optimized with the Yoast SEO Premium plugin v27.4 (Yoast SEO v27.4) - https:\/\/yoast.com\/product\/yoast-seo-premium-wordpress\/ -->\n<title>Wirtschaftlichkeitspr\u00fcfung pers\u00f6nliches Armeematerial sowie Umsetzungsstand Projekt Modulares Bekleidungs- und Ausr\u00fcstungssystem f\u00fcr milit\u00e4rische Eins\u00e4tze (MBAS) - Controllo federale delle finanze (CDF)<\/title>\n<meta name=\"description\" content=\"Wirtschaftlichkeitspr\u00fcfung pers\u00f6nliches Armeematerial sowie Umsetzungsstand Projekt Modulares Bekleidungs- und Ausr\u00fcstungssystem f\u00fcr milit\u00e4rische Eins\u00e4tze (MBAS)\" \/>\n<meta name=\"robots\" content=\"index, follow, max-snippet:-1, max-image-preview:large, max-video-preview:-1\" \/>\n<link rel=\"canonical\" href=\"https:\/\/www.efk.admin.ch\/it\/verifica\/6910\/\" \/>\n<meta property=\"og:locale\" content=\"it_IT\" \/>\n<meta property=\"og:type\" content=\"article\" \/>\n<meta property=\"og:title\" content=\"Wirtschaftlichkeitspr\u00fcfung pers\u00f6nliches Armeematerial sowie Umsetzungsstand Projekt Modulares Bekleidungs- und Ausr\u00fcstungssystem f\u00fcr milit\u00e4rische Eins\u00e4tze (MBAS)\" \/>\n<meta property=\"og:description\" content=\"Wirtschaftlichkeitspr\u00fcfung pers\u00f6nliches Armeematerial sowie Umsetzungsstand Projekt Modulares Bekleidungs- und Ausr\u00fcstungssystem f\u00fcr milit\u00e4rische Eins\u00e4tze (MBAS)\" \/>\n<meta property=\"og:url\" content=\"https:\/\/www.efk.admin.ch\/it\/verifica\/6910\/\" \/>\n<meta property=\"og:site_name\" content=\"Controllo federale delle finanze (CDF)\" \/>\n<meta property=\"article:modified_time\" content=\"2024-03-05T10:26:34+00:00\" \/>\n<meta property=\"og:image\" content=\"https:\/\/www.efk.admin.ch\/wp-content\/uploads\/test\/palais.jpg\" \/>\n\t<meta property=\"og:image:width\" content=\"750\" \/>\n\t<meta property=\"og:image:height\" content=\"500\" \/>\n\t<meta property=\"og:image:type\" content=\"image\/jpeg\" \/>\n<meta name=\"twitter:card\" content=\"summary_large_image\" \/>\n<script type=\"application\/ld+json\" class=\"yoast-schema-graph\">{\"@context\":\"https:\\\/\\\/schema.org\",\"@graph\":[{\"@type\":\"WebPage\",\"@id\":\"https:\\\/\\\/www.efk.admin.ch\\\/it\\\/verifica\\\/6910\\\/\",\"url\":\"https:\\\/\\\/www.efk.admin.ch\\\/it\\\/verifica\\\/6910\\\/\",\"name\":\"Wirtschaftlichkeitspr\u00fcfung pers\u00f6nliches Armeematerial sowie Umsetzungsstand Projekt Modulares Bekleidungs- und Ausr\u00fcstungssystem f\u00fcr milit\u00e4rische Eins\u00e4tze (MBAS) - Controllo federale delle finanze (CDF)\",\"isPartOf\":{\"@id\":\"https:\\\/\\\/www.efk.admin.ch\\\/it\\\/#website\"},\"datePublished\":\"2024-01-17T15:37:33+00:00\",\"dateModified\":\"2024-03-05T10:26:34+00:00\",\"description\":\"Wirtschaftlichkeitspr\u00fcfung pers\u00f6nliches Armeematerial sowie Umsetzungsstand Projekt Modulares Bekleidungs- und Ausr\u00fcstungssystem f\u00fcr milit\u00e4rische Eins\u00e4tze (MBAS)\",\"breadcrumb\":{\"@id\":\"https:\\\/\\\/www.efk.admin.ch\\\/it\\\/verifica\\\/6910\\\/#breadcrumb\"},\"inLanguage\":\"it-IT\",\"potentialAction\":[{\"@type\":\"ReadAction\",\"target\":[\"https:\\\/\\\/www.efk.admin.ch\\\/it\\\/verifica\\\/6910\\\/\"]}]},{\"@type\":\"BreadcrumbList\",\"@id\":\"https:\\\/\\\/www.efk.admin.ch\\\/it\\\/verifica\\\/6910\\\/#breadcrumb\",\"itemListElement\":[{\"@type\":\"ListItem\",\"position\":1,\"name\":\"Home\",\"item\":\"https:\\\/\\\/www.efk.admin.ch\\\/it\\\/\"},{\"@type\":\"ListItem\",\"position\":2,\"name\":\"Rapporto\",\"item\":\"https:\\\/\\\/www.efk.admin.ch\\\/it\\\/verifica\\\/\"},{\"@type\":\"ListItem\",\"position\":3,\"name\":\"Wirtschaftlichkeitspr\u00fcfung pers\u00f6nliches Armeematerial sowie Umsetzungsstand Projekt Modulares Bekleidungs- und Ausr\u00fcstungssystem f\u00fcr milit\u00e4rische Eins\u00e4tze (MBAS)\"}]},{\"@type\":\"WebSite\",\"@id\":\"https:\\\/\\\/www.efk.admin.ch\\\/it\\\/#website\",\"url\":\"https:\\\/\\\/www.efk.admin.ch\\\/it\\\/\",\"name\":\"Informationen \u00fcber das oberste Finanzaufsichtsorgan der Schweiz\",\"description\":\"Il Controllo federale delle finanze (CDF) \u00e8 l'organo supremo di vigilanza finanziaria della Confederazione svizzera.\",\"publisher\":{\"@id\":\"https:\\\/\\\/www.efk.admin.ch\\\/it\\\/#organization\"},\"alternateName\":\"EFK\",\"potentialAction\":[{\"@type\":\"SearchAction\",\"target\":{\"@type\":\"EntryPoint\",\"urlTemplate\":\"https:\\\/\\\/www.efk.admin.ch\\\/it\\\/?s={search_term_string}\"},\"query-input\":{\"@type\":\"PropertyValueSpecification\",\"valueRequired\":true,\"valueName\":\"search_term_string\"}}],\"inLanguage\":\"it-IT\"},{\"@type\":\"Organization\",\"@id\":\"https:\\\/\\\/www.efk.admin.ch\\\/it\\\/#organization\",\"name\":\"Controllo federale delle finanze (CDF)\",\"alternateName\":\"EFK\",\"url\":\"https:\\\/\\\/www.efk.admin.ch\\\/it\\\/\",\"logo\":{\"@type\":\"ImageObject\",\"inLanguage\":\"it-IT\",\"@id\":\"https:\\\/\\\/www.efk.admin.ch\\\/it\\\/#\\\/schema\\\/logo\\\/image\\\/\",\"url\":\"https:\\\/\\\/www.efk.admin.ch\\\/wp-content\\\/uploads\\\/efk_cdf_logo_ohne_claim.png\",\"contentUrl\":\"https:\\\/\\\/www.efk.admin.ch\\\/wp-content\\\/uploads\\\/efk_cdf_logo_ohne_claim.png\",\"width\":268,\"height\":258,\"caption\":\"Controllo federale delle finanze (CDF)\"},\"image\":{\"@id\":\"https:\\\/\\\/www.efk.admin.ch\\\/it\\\/#\\\/schema\\\/logo\\\/image\\\/\"},\"sameAs\":[\"https:\\\/\\\/www.instagram.com\\\/efk_cdf_sfao\\\/\",\"https:\\\/\\\/www.youtube.com\\\/channel\\\/UCm-bXj227VE5sJzhB-ihdvw\\\/featured\",\"https:\\\/\\\/www.linkedin.com\\\/company\\\/11081578\\\/\"]}]}<\/script>\n<!-- \/ Yoast SEO Premium plugin. -->","yoast_head_json":{"title":"Wirtschaftlichkeitspr\u00fcfung pers\u00f6nliches Armeematerial sowie Umsetzungsstand Projekt Modulares Bekleidungs- und Ausr\u00fcstungssystem f\u00fcr milit\u00e4rische Eins\u00e4tze (MBAS) - Controllo federale delle finanze (CDF)","description":"Wirtschaftlichkeitspr\u00fcfung pers\u00f6nliches Armeematerial sowie Umsetzungsstand Projekt Modulares Bekleidungs- und Ausr\u00fcstungssystem f\u00fcr milit\u00e4rische Eins\u00e4tze (MBAS)","robots":{"index":"index","follow":"follow","max-snippet":"max-snippet:-1","max-image-preview":"max-image-preview:large","max-video-preview":"max-video-preview:-1"},"canonical":"https:\/\/www.efk.admin.ch\/it\/verifica\/6910\/","og_locale":"it_IT","og_type":"article","og_title":"Wirtschaftlichkeitspr\u00fcfung pers\u00f6nliches Armeematerial sowie Umsetzungsstand Projekt Modulares Bekleidungs- und Ausr\u00fcstungssystem f\u00fcr milit\u00e4rische Eins\u00e4tze (MBAS)","og_description":"Wirtschaftlichkeitspr\u00fcfung pers\u00f6nliches Armeematerial sowie Umsetzungsstand Projekt Modulares Bekleidungs- und Ausr\u00fcstungssystem f\u00fcr milit\u00e4rische Eins\u00e4tze (MBAS)","og_url":"https:\/\/www.efk.admin.ch\/it\/verifica\/6910\/","og_site_name":"Controllo federale delle finanze (CDF)","article_modified_time":"2024-03-05T10:26:34+00:00","og_image":[{"width":750,"height":500,"url":"https:\/\/www.efk.admin.ch\/wp-content\/uploads\/test\/palais.jpg","type":"image\/jpeg"}],"twitter_card":"summary_large_image","schema":{"@context":"https:\/\/schema.org","@graph":[{"@type":"WebPage","@id":"https:\/\/www.efk.admin.ch\/it\/verifica\/6910\/","url":"https:\/\/www.efk.admin.ch\/it\/verifica\/6910\/","name":"Wirtschaftlichkeitspr\u00fcfung pers\u00f6nliches Armeematerial sowie Umsetzungsstand Projekt Modulares Bekleidungs- und Ausr\u00fcstungssystem f\u00fcr milit\u00e4rische Eins\u00e4tze (MBAS) - Controllo federale delle finanze (CDF)","isPartOf":{"@id":"https:\/\/www.efk.admin.ch\/it\/#website"},"datePublished":"2024-01-17T15:37:33+00:00","dateModified":"2024-03-05T10:26:34+00:00","description":"Wirtschaftlichkeitspr\u00fcfung pers\u00f6nliches Armeematerial sowie Umsetzungsstand Projekt Modulares Bekleidungs- und Ausr\u00fcstungssystem f\u00fcr milit\u00e4rische Eins\u00e4tze (MBAS)","breadcrumb":{"@id":"https:\/\/www.efk.admin.ch\/it\/verifica\/6910\/#breadcrumb"},"inLanguage":"it-IT","potentialAction":[{"@type":"ReadAction","target":["https:\/\/www.efk.admin.ch\/it\/verifica\/6910\/"]}]},{"@type":"BreadcrumbList","@id":"https:\/\/www.efk.admin.ch\/it\/verifica\/6910\/#breadcrumb","itemListElement":[{"@type":"ListItem","position":1,"name":"Home","item":"https:\/\/www.efk.admin.ch\/it\/"},{"@type":"ListItem","position":2,"name":"Rapporto","item":"https:\/\/www.efk.admin.ch\/it\/verifica\/"},{"@type":"ListItem","position":3,"name":"Wirtschaftlichkeitspr\u00fcfung pers\u00f6nliches Armeematerial sowie Umsetzungsstand Projekt Modulares Bekleidungs- und Ausr\u00fcstungssystem f\u00fcr milit\u00e4rische Eins\u00e4tze (MBAS)"}]},{"@type":"WebSite","@id":"https:\/\/www.efk.admin.ch\/it\/#website","url":"https:\/\/www.efk.admin.ch\/it\/","name":"Informationen \u00fcber das oberste Finanzaufsichtsorgan der Schweiz","description":"Il Controllo federale delle finanze (CDF) \u00e8 l'organo supremo di vigilanza finanziaria della Confederazione svizzera.","publisher":{"@id":"https:\/\/www.efk.admin.ch\/it\/#organization"},"alternateName":"EFK","potentialAction":[{"@type":"SearchAction","target":{"@type":"EntryPoint","urlTemplate":"https:\/\/www.efk.admin.ch\/it\/?s={search_term_string}"},"query-input":{"@type":"PropertyValueSpecification","valueRequired":true,"valueName":"search_term_string"}}],"inLanguage":"it-IT"},{"@type":"Organization","@id":"https:\/\/www.efk.admin.ch\/it\/#organization","name":"Controllo federale delle finanze (CDF)","alternateName":"EFK","url":"https:\/\/www.efk.admin.ch\/it\/","logo":{"@type":"ImageObject","inLanguage":"it-IT","@id":"https:\/\/www.efk.admin.ch\/it\/#\/schema\/logo\/image\/","url":"https:\/\/www.efk.admin.ch\/wp-content\/uploads\/efk_cdf_logo_ohne_claim.png","contentUrl":"https:\/\/www.efk.admin.ch\/wp-content\/uploads\/efk_cdf_logo_ohne_claim.png","width":268,"height":258,"caption":"Controllo federale delle finanze (CDF)"},"image":{"@id":"https:\/\/www.efk.admin.ch\/it\/#\/schema\/logo\/image\/"},"sameAs":["https:\/\/www.instagram.com\/efk_cdf_sfao\/","https:\/\/www.youtube.com\/channel\/UCm-bXj227VE5sJzhB-ihdvw\/featured","https:\/\/www.linkedin.com\/company\/11081578\/"]}]}},"_links":{"self":[{"href":"https:\/\/www.efk.admin.ch\/it\/wp-json\/wp\/v2\/audit\/6910","targetHints":{"allow":["GET"]}}],"collection":[{"href":"https:\/\/www.efk.admin.ch\/it\/wp-json\/wp\/v2\/audit"}],"about":[{"href":"https:\/\/www.efk.admin.ch\/it\/wp-json\/wp\/v2\/types\/audit"}],"acf:post":[{"embeddable":true,"href":"https:\/\/www.efk.admin.ch\/it\/wp-json\/wp\/v2\/office\/22731"},{"embeddable":true,"href":"https:\/\/www.efk.admin.ch\/it\/wp-json\/wp\/v2\/office\/22341"}],"wp:attachment":[{"href":"https:\/\/www.efk.admin.ch\/it\/wp-json\/wp\/v2\/media?parent=6910"}],"wp:term":[{"taxonomy":"audit_category","embeddable":true,"href":"https:\/\/www.efk.admin.ch\/it\/wp-json\/wp\/v2\/audit_category?post=6910"},{"taxonomy":"audit_type","embeddable":true,"href":"https:\/\/www.efk.admin.ch\/it\/wp-json\/wp\/v2\/audit_type?post=6910"}],"curies":[{"name":"wp","href":"https:\/\/api.w.org\/{rel}","templated":true}]}}