{"id":38987,"date":"2025-06-25T23:00:00","date_gmt":"2025-06-25T21:00:00","guid":{"rendered":"https:\/\/www.efk.admin.ch\/?post_type=audit&#038;p=38987"},"modified":"2025-06-23T10:00:29","modified_gmt":"2025-06-23T08:00:29","slug":"contributi-per-la-biodiversita-nellagricoltura","status":"publish","type":"audit","link":"https:\/\/www.efk.admin.ch\/it\/verifica\/contributi-per-la-biodiversita-nellagricoltura\/","title":{"rendered":"Contributi per la biodiversit\u00e0 nell\u2019agricoltura"},"content":{"rendered":"\n<p>La Confederazione versa ogni anno circa 450 milioni di franchi con l\u2019obiettivo di preservare e promuovere la biodiversit\u00e0 nell\u2019agricoltura. Questi contributi per la biodiversit\u00e0 fanno parte dei pagamenti diretti e comprendono due tipi di contributi: in primo luogo, gli agricoltori ricevono contributi per la qualit\u00e0 se rispettano determinati requisiti, ad esempio la data di sfalcio, o se sulla superficie \u00e8 presente una certa diversit\u00e0 delle specie. In secondo luogo, vengono versati contributi per l\u2019interconnessione: nell\u2019ambito di progetti i Cantoni definiscono misure mirate per promuovere specie importanti e migliorare il collegamento tra le superfici. I contributi per la qualit\u00e0 sono interamente finanziati dalla Confederazione. I Cantoni partecipano all\u2019interconnessione con un contributo pari al 10 per cento. L\u2019Ufficio federale dell\u2019agricoltura (UFAG) esercita l\u2019alta vigilanza.<br><br>Il Controllo federale delle finanze (CDF) ha effettuato una verifica della redditivit\u00e0 dei contributi per la biodiversit\u00e0. L\u2019attenzione si \u00e8 concentrata sull\u2019impiego economico dei mezzi finanziari. Secondo i rilevamenti della Confederazione, i vari tipi di contributi per la biodiversit\u00e0 hanno complessivamente un impatto positivo sulla diversit\u00e0 delle specie. Tuttavia, in diversi settori i mezzi non sono impiegati in modo efficiente. Il Parlamento ha respinto molteplici sforzi dell\u2019UFAG volti a rafforzare l\u2019efficacia delle superfici per la promozione della biodiversit\u00e0, ad esempio mediante una maggiore consulenza o misure mirate nella regione campicola.<\/p>\n\n\n\n<figure class=\"wp-block-image size-large\"><img loading=\"lazy\" decoding=\"async\" width=\"1024\" height=\"576\" src=\"https:\/\/www.efk.admin.ch\/wp-content\/uploads\/publikationen\/berichte\/wirtschaft_und_verwaltung\/wirtschaft_und_landwirtschaft\/24469\/biodiversitaet-1024x576.jpg\" alt=\"\" class=\"wp-image-38974\" srcset=\"https:\/\/www.efk.admin.ch\/wp-content\/uploads\/publikationen\/berichte\/wirtschaft_und_verwaltung\/wirtschaft_und_landwirtschaft\/24469\/biodiversitaet-1024x576.jpg 1024w, https:\/\/www.efk.admin.ch\/wp-content\/uploads\/publikationen\/berichte\/wirtschaft_und_verwaltung\/wirtschaft_und_landwirtschaft\/24469\/biodiversitaet-300x168.jpg 300w, https:\/\/www.efk.admin.ch\/wp-content\/uploads\/publikationen\/berichte\/wirtschaft_und_verwaltung\/wirtschaft_und_landwirtschaft\/24469\/biodiversitaet-768x432.jpg 768w, https:\/\/www.efk.admin.ch\/wp-content\/uploads\/publikationen\/berichte\/wirtschaft_und_verwaltung\/wirtschaft_und_landwirtschaft\/24469\/biodiversitaet-1536x864.jpg 1536w, https:\/\/www.efk.admin.ch\/wp-content\/uploads\/publikationen\/berichte\/wirtschaft_und_verwaltung\/wirtschaft_und_landwirtschaft\/24469\/biodiversitaet-2048x1152.jpg 2048w, https:\/\/www.efk.admin.ch\/wp-content\/uploads\/publikationen\/berichte\/wirtschaft_und_verwaltung\/wirtschaft_und_landwirtschaft\/24469\/biodiversitaet.jpg 1920w\" sizes=\"auto, (max-width: 1024px) 100vw, 1024px\" \/><\/figure>\n","protected":false},"featured_media":38977,"menu_order":0,"template":"","audit_category":[89],"audit_type":[139],"class_list":["post-38987","audit","type-audit","status-publish","has-post-thumbnail","hentry","audit_category-economia-e-agricoltura","audit_type-verifica-dei-sussidi"],"acf":{"audit_lang":null,"audit_numbers":[{"audit_number":"24469"}],"audit_office":[22546],"audit_office_text":"","audit_date":"20250625","bgo":false,"keywords":"","audit_office_local":""},"yoast_head":"<!-- This site is optimized with the Yoast SEO Premium plugin v27.4 (Yoast SEO v27.4) - https:\/\/yoast.com\/product\/yoast-seo-premium-wordpress\/ -->\n<title>Contributi per la biodiversit\u00e0 nell\u2019agricoltura - Controllo federale delle finanze (CDF)<\/title>\n<meta name=\"description\" content=\"Contributi per la biodiversit\u00e0 nell\u2019agricoltura\" \/>\n<meta name=\"robots\" content=\"index, follow, max-snippet:-1, max-image-preview:large, max-video-preview:-1\" \/>\n<link rel=\"canonical\" href=\"https:\/\/www.efk.admin.ch\/it\/verifica\/contributi-per-la-biodiversita-nellagricoltura\/\" \/>\n<meta property=\"og:locale\" content=\"it_IT\" \/>\n<meta property=\"og:type\" content=\"article\" \/>\n<meta property=\"og:title\" content=\"Contributi per la biodiversit\u00e0 nell\u2019agricoltura\" \/>\n<meta property=\"og:description\" content=\"Contributi per la biodiversit\u00e0 nell\u2019agricoltura\" \/>\n<meta property=\"og:url\" content=\"https:\/\/www.efk.admin.ch\/it\/verifica\/contributi-per-la-biodiversita-nellagricoltura\/\" \/>\n<meta property=\"og:site_name\" content=\"Controllo federale delle finanze (CDF)\" \/>\n<meta property=\"og:image\" content=\"https:\/\/www.efk.admin.ch\/wp-content\/uploads\/publikationen\/berichte\/wirtschaft_und_verwaltung\/wirtschaft_und_landwirtschaft\/24469\/biodiversitaet.jpg\" \/>\n\t<meta property=\"og:image:width\" content=\"1920\" \/>\n\t<meta property=\"og:image:height\" content=\"1080\" \/>\n\t<meta property=\"og:image:type\" content=\"image\/jpeg\" \/>\n<meta name=\"twitter:card\" content=\"summary_large_image\" \/>\n<meta name=\"twitter:label1\" content=\"Est. reading time\" \/>\n\t<meta name=\"twitter:data1\" content=\"2 minutes\" \/>\n<script type=\"application\/ld+json\" class=\"yoast-schema-graph\">{\"@context\":\"https:\\\/\\\/schema.org\",\"@graph\":[{\"@type\":\"WebPage\",\"@id\":\"https:\\\/\\\/www.efk.admin.ch\\\/it\\\/verifica\\\/contributi-per-la-biodiversita-nellagricoltura\\\/\",\"url\":\"https:\\\/\\\/www.efk.admin.ch\\\/it\\\/verifica\\\/contributi-per-la-biodiversita-nellagricoltura\\\/\",\"name\":\"Contributi per la biodiversit\u00e0 nell\u2019agricoltura - Controllo federale delle finanze (CDF)\",\"isPartOf\":{\"@id\":\"https:\\\/\\\/www.efk.admin.ch\\\/it\\\/#website\"},\"primaryImageOfPage\":{\"@id\":\"https:\\\/\\\/www.efk.admin.ch\\\/it\\\/verifica\\\/contributi-per-la-biodiversita-nellagricoltura\\\/#primaryimage\"},\"image\":{\"@id\":\"https:\\\/\\\/www.efk.admin.ch\\\/it\\\/verifica\\\/contributi-per-la-biodiversita-nellagricoltura\\\/#primaryimage\"},\"thumbnailUrl\":\"https:\\\/\\\/www.efk.admin.ch\\\/wp-content\\\/uploads\\\/publikationen\\\/berichte\\\/wirtschaft_und_verwaltung\\\/wirtschaft_und_landwirtschaft\\\/24469\\\/biodiversitaet.jpg\",\"datePublished\":\"2025-06-25T21:00:00+00:00\",\"description\":\"Contributi per la biodiversit\u00e0 nell\u2019agricoltura\",\"breadcrumb\":{\"@id\":\"https:\\\/\\\/www.efk.admin.ch\\\/it\\\/verifica\\\/contributi-per-la-biodiversita-nellagricoltura\\\/#breadcrumb\"},\"inLanguage\":\"it-IT\",\"potentialAction\":[{\"@type\":\"ReadAction\",\"target\":[\"https:\\\/\\\/www.efk.admin.ch\\\/it\\\/verifica\\\/contributi-per-la-biodiversita-nellagricoltura\\\/\"]}]},{\"@type\":\"ImageObject\",\"inLanguage\":\"it-IT\",\"@id\":\"https:\\\/\\\/www.efk.admin.ch\\\/it\\\/verifica\\\/contributi-per-la-biodiversita-nellagricoltura\\\/#primaryimage\",\"url\":\"https:\\\/\\\/www.efk.admin.ch\\\/wp-content\\\/uploads\\\/publikationen\\\/berichte\\\/wirtschaft_und_verwaltung\\\/wirtschaft_und_landwirtschaft\\\/24469\\\/biodiversitaet.jpg\",\"contentUrl\":\"https:\\\/\\\/www.efk.admin.ch\\\/wp-content\\\/uploads\\\/publikationen\\\/berichte\\\/wirtschaft_und_verwaltung\\\/wirtschaft_und_landwirtschaft\\\/24469\\\/biodiversitaet.jpg\",\"width\":1920,\"height\":1080},{\"@type\":\"BreadcrumbList\",\"@id\":\"https:\\\/\\\/www.efk.admin.ch\\\/it\\\/verifica\\\/contributi-per-la-biodiversita-nellagricoltura\\\/#breadcrumb\",\"itemListElement\":[{\"@type\":\"ListItem\",\"position\":1,\"name\":\"Home\",\"item\":\"https:\\\/\\\/www.efk.admin.ch\\\/it\\\/\"},{\"@type\":\"ListItem\",\"position\":2,\"name\":\"Rapporto\",\"item\":\"https:\\\/\\\/www.efk.admin.ch\\\/it\\\/verifica\\\/\"},{\"@type\":\"ListItem\",\"position\":3,\"name\":\"Contributi per la biodiversit\u00e0 nell\u2019agricoltura\"}]},{\"@type\":\"WebSite\",\"@id\":\"https:\\\/\\\/www.efk.admin.ch\\\/it\\\/#website\",\"url\":\"https:\\\/\\\/www.efk.admin.ch\\\/it\\\/\",\"name\":\"Informationen \u00fcber das oberste Finanzaufsichtsorgan der Schweiz\",\"description\":\"Il Controllo federale delle finanze (CDF) \u00e8 l'organo supremo di vigilanza finanziaria della Confederazione svizzera.\",\"publisher\":{\"@id\":\"https:\\\/\\\/www.efk.admin.ch\\\/it\\\/#organization\"},\"alternateName\":\"EFK\",\"potentialAction\":[{\"@type\":\"SearchAction\",\"target\":{\"@type\":\"EntryPoint\",\"urlTemplate\":\"https:\\\/\\\/www.efk.admin.ch\\\/it\\\/?s={search_term_string}\"},\"query-input\":{\"@type\":\"PropertyValueSpecification\",\"valueRequired\":true,\"valueName\":\"search_term_string\"}}],\"inLanguage\":\"it-IT\"},{\"@type\":\"Organization\",\"@id\":\"https:\\\/\\\/www.efk.admin.ch\\\/it\\\/#organization\",\"name\":\"Controllo federale delle finanze (CDF)\",\"alternateName\":\"EFK\",\"url\":\"https:\\\/\\\/www.efk.admin.ch\\\/it\\\/\",\"logo\":{\"@type\":\"ImageObject\",\"inLanguage\":\"it-IT\",\"@id\":\"https:\\\/\\\/www.efk.admin.ch\\\/it\\\/#\\\/schema\\\/logo\\\/image\\\/\",\"url\":\"https:\\\/\\\/www.efk.admin.ch\\\/wp-content\\\/uploads\\\/efk_cdf_logo_ohne_claim.png\",\"contentUrl\":\"https:\\\/\\\/www.efk.admin.ch\\\/wp-content\\\/uploads\\\/efk_cdf_logo_ohne_claim.png\",\"width\":268,\"height\":258,\"caption\":\"Controllo federale delle finanze (CDF)\"},\"image\":{\"@id\":\"https:\\\/\\\/www.efk.admin.ch\\\/it\\\/#\\\/schema\\\/logo\\\/image\\\/\"},\"sameAs\":[\"https:\\\/\\\/www.instagram.com\\\/efk_cdf_sfao\\\/\",\"https:\\\/\\\/www.youtube.com\\\/channel\\\/UCm-bXj227VE5sJzhB-ihdvw\\\/featured\",\"https:\\\/\\\/www.linkedin.com\\\/company\\\/11081578\\\/\"]}]}<\/script>\n<!-- \/ Yoast SEO Premium plugin. -->","yoast_head_json":{"title":"Contributi per la biodiversit\u00e0 nell\u2019agricoltura - Controllo federale delle finanze (CDF)","description":"Contributi per la biodiversit\u00e0 nell\u2019agricoltura","robots":{"index":"index","follow":"follow","max-snippet":"max-snippet:-1","max-image-preview":"max-image-preview:large","max-video-preview":"max-video-preview:-1"},"canonical":"https:\/\/www.efk.admin.ch\/it\/verifica\/contributi-per-la-biodiversita-nellagricoltura\/","og_locale":"it_IT","og_type":"article","og_title":"Contributi per la biodiversit\u00e0 nell\u2019agricoltura","og_description":"Contributi per la biodiversit\u00e0 nell\u2019agricoltura","og_url":"https:\/\/www.efk.admin.ch\/it\/verifica\/contributi-per-la-biodiversita-nellagricoltura\/","og_site_name":"Controllo federale delle finanze (CDF)","og_image":[{"width":1920,"height":1080,"url":"https:\/\/www.efk.admin.ch\/wp-content\/uploads\/publikationen\/berichte\/wirtschaft_und_verwaltung\/wirtschaft_und_landwirtschaft\/24469\/biodiversitaet.jpg","type":"image\/jpeg"}],"twitter_card":"summary_large_image","twitter_misc":{"Est. reading time":"2 minutes"},"schema":{"@context":"https:\/\/schema.org","@graph":[{"@type":"WebPage","@id":"https:\/\/www.efk.admin.ch\/it\/verifica\/contributi-per-la-biodiversita-nellagricoltura\/","url":"https:\/\/www.efk.admin.ch\/it\/verifica\/contributi-per-la-biodiversita-nellagricoltura\/","name":"Contributi per la biodiversit\u00e0 nell\u2019agricoltura - Controllo federale delle finanze (CDF)","isPartOf":{"@id":"https:\/\/www.efk.admin.ch\/it\/#website"},"primaryImageOfPage":{"@id":"https:\/\/www.efk.admin.ch\/it\/verifica\/contributi-per-la-biodiversita-nellagricoltura\/#primaryimage"},"image":{"@id":"https:\/\/www.efk.admin.ch\/it\/verifica\/contributi-per-la-biodiversita-nellagricoltura\/#primaryimage"},"thumbnailUrl":"https:\/\/www.efk.admin.ch\/wp-content\/uploads\/publikationen\/berichte\/wirtschaft_und_verwaltung\/wirtschaft_und_landwirtschaft\/24469\/biodiversitaet.jpg","datePublished":"2025-06-25T21:00:00+00:00","description":"Contributi per la biodiversit\u00e0 nell\u2019agricoltura","breadcrumb":{"@id":"https:\/\/www.efk.admin.ch\/it\/verifica\/contributi-per-la-biodiversita-nellagricoltura\/#breadcrumb"},"inLanguage":"it-IT","potentialAction":[{"@type":"ReadAction","target":["https:\/\/www.efk.admin.ch\/it\/verifica\/contributi-per-la-biodiversita-nellagricoltura\/"]}]},{"@type":"ImageObject","inLanguage":"it-IT","@id":"https:\/\/www.efk.admin.ch\/it\/verifica\/contributi-per-la-biodiversita-nellagricoltura\/#primaryimage","url":"https:\/\/www.efk.admin.ch\/wp-content\/uploads\/publikationen\/berichte\/wirtschaft_und_verwaltung\/wirtschaft_und_landwirtschaft\/24469\/biodiversitaet.jpg","contentUrl":"https:\/\/www.efk.admin.ch\/wp-content\/uploads\/publikationen\/berichte\/wirtschaft_und_verwaltung\/wirtschaft_und_landwirtschaft\/24469\/biodiversitaet.jpg","width":1920,"height":1080},{"@type":"BreadcrumbList","@id":"https:\/\/www.efk.admin.ch\/it\/verifica\/contributi-per-la-biodiversita-nellagricoltura\/#breadcrumb","itemListElement":[{"@type":"ListItem","position":1,"name":"Home","item":"https:\/\/www.efk.admin.ch\/it\/"},{"@type":"ListItem","position":2,"name":"Rapporto","item":"https:\/\/www.efk.admin.ch\/it\/verifica\/"},{"@type":"ListItem","position":3,"name":"Contributi per la biodiversit\u00e0 nell\u2019agricoltura"}]},{"@type":"WebSite","@id":"https:\/\/www.efk.admin.ch\/it\/#website","url":"https:\/\/www.efk.admin.ch\/it\/","name":"Informationen \u00fcber das oberste Finanzaufsichtsorgan der Schweiz","description":"Il Controllo federale delle finanze (CDF) \u00e8 l'organo supremo di vigilanza finanziaria della Confederazione svizzera.","publisher":{"@id":"https:\/\/www.efk.admin.ch\/it\/#organization"},"alternateName":"EFK","potentialAction":[{"@type":"SearchAction","target":{"@type":"EntryPoint","urlTemplate":"https:\/\/www.efk.admin.ch\/it\/?s={search_term_string}"},"query-input":{"@type":"PropertyValueSpecification","valueRequired":true,"valueName":"search_term_string"}}],"inLanguage":"it-IT"},{"@type":"Organization","@id":"https:\/\/www.efk.admin.ch\/it\/#organization","name":"Controllo federale delle finanze (CDF)","alternateName":"EFK","url":"https:\/\/www.efk.admin.ch\/it\/","logo":{"@type":"ImageObject","inLanguage":"it-IT","@id":"https:\/\/www.efk.admin.ch\/it\/#\/schema\/logo\/image\/","url":"https:\/\/www.efk.admin.ch\/wp-content\/uploads\/efk_cdf_logo_ohne_claim.png","contentUrl":"https:\/\/www.efk.admin.ch\/wp-content\/uploads\/efk_cdf_logo_ohne_claim.png","width":268,"height":258,"caption":"Controllo federale delle finanze (CDF)"},"image":{"@id":"https:\/\/www.efk.admin.ch\/it\/#\/schema\/logo\/image\/"},"sameAs":["https:\/\/www.instagram.com\/efk_cdf_sfao\/","https:\/\/www.youtube.com\/channel\/UCm-bXj227VE5sJzhB-ihdvw\/featured","https:\/\/www.linkedin.com\/company\/11081578\/"]}]}},"_links":{"self":[{"href":"https:\/\/www.efk.admin.ch\/it\/wp-json\/wp\/v2\/audit\/38987","targetHints":{"allow":["GET"]}}],"collection":[{"href":"https:\/\/www.efk.admin.ch\/it\/wp-json\/wp\/v2\/audit"}],"about":[{"href":"https:\/\/www.efk.admin.ch\/it\/wp-json\/wp\/v2\/types\/audit"}],"acf:post":[{"embeddable":true,"href":"https:\/\/www.efk.admin.ch\/it\/wp-json\/wp\/v2\/office\/22546"}],"wp:featuredmedia":[{"embeddable":true,"href":"https:\/\/www.efk.admin.ch\/it\/wp-json\/wp\/v2\/media\/38977"}],"wp:attachment":[{"href":"https:\/\/www.efk.admin.ch\/it\/wp-json\/wp\/v2\/media?parent=38987"}],"wp:term":[{"taxonomy":"audit_category","embeddable":true,"href":"https:\/\/www.efk.admin.ch\/it\/wp-json\/wp\/v2\/audit_category?post=38987"},{"taxonomy":"audit_type","embeddable":true,"href":"https:\/\/www.efk.admin.ch\/it\/wp-json\/wp\/v2\/audit_type?post=38987"}],"curies":[{"name":"wp","href":"https:\/\/api.w.org\/{rel}","templated":true}]}}