{"id":29960,"date":"2024-05-07T17:26:42","date_gmt":"2024-05-07T15:26:42","guid":{"rendered":"https:\/\/preview.efk.admin.ch\/prufung\/baupruefung-des-umbaus-und-der-sanierung-der-schweizerischen-nationalbibliothek\/"},"modified":"2024-05-14T17:35:20","modified_gmt":"2024-05-14T15:35:20","slug":"audit-de-construction-de-la-transformation-et-de-la-renovation-de-la-bibliotheque-nationale-suisse","status":"publish","type":"audit","link":"https:\/\/www.efk.admin.ch\/it\/verifica\/audit-de-construction-de-la-transformation-et-de-la-renovation-de-la-bibliotheque-nationale-suisse\/","title":{"rendered":"Audit de construction de la transformation et de la r\u00e9novation de la Biblioth\u00e8que nationale suisse"},"content":{"rendered":"\n<p>La Biblioth\u00e8que nationale suisse (BN) collectionne, catalogue, conserve et transmet des informations sur la Suisse. Le b\u00e2timent de la BN \u00e0 Berne a \u00e9t\u00e9 construit en 1931 et est class\u00e9 monument historique. Une r\u00e9orientation et une r\u00e9novation compl\u00e8te du b\u00e2timent qui devront tenir compte non seulement de la protection du patrimoine, mais aussi du concept d\u2019utilisation de la BN et des d\u00e9fauts constat\u00e9s dans la statique du b\u00e2timent (s\u00e9curit\u00e9 sismique) sont en cours de planification. Selon une \u00e9tude de faisabilit\u00e9 de 2021 avec une estimation sommaire des co\u00fbts de l\u2019Office f\u00e9d\u00e9ral des constructions et de la logistique (OFCL), la r\u00e9novation se montera \u00e0 environ 70 millions de francs. Afin de pouvoir entreposer la collection en constante augmentation, il est aussi pr\u00e9vu de construire un troisi\u00e8me d\u00e9p\u00f4t souterrain sur le site actuel de la BN. Les co\u00fbts devraient s\u2019\u00e9lever \u00e0 plusieurs dizaines de millions de francs.<\/p>\n","protected":false},"featured_media":0,"menu_order":0,"template":"","audit_category":[135],"audit_type":[140],"class_list":["post-29960","audit","type-audit","status-publish","hentry","audit_category-cultura-e-sport","audit_type-verifica-della-costruzione"],"acf":{"audit_lang":null,"audit_numbers":[{"audit_number":"23626"}],"audit_office":[""],"audit_office_text":"","audit_date":"20240506","bgo":false,"keywords":"Biblioth\u00e8que nationale suisse,Audit de construction,monument historique,s\u00e9curit\u00e9 sismique","audit_office_local":""},"yoast_head":"<!-- This site is optimized with the Yoast SEO Premium plugin v27.4 (Yoast SEO v27.4) - https:\/\/yoast.com\/product\/yoast-seo-premium-wordpress\/ -->\n<title>Audit de construction de la transformation et de la r\u00e9novation de la Biblioth\u00e8que nationale suisse - Controllo federale delle finanze (CDF)<\/title>\n<meta name=\"description\" content=\"Audit de construction de la transformation et de la r\u00e9novation de la Biblioth\u00e8que nationale suisse\" \/>\n<meta name=\"robots\" content=\"index, follow, max-snippet:-1, max-image-preview:large, max-video-preview:-1\" \/>\n<link rel=\"canonical\" href=\"https:\/\/www.efk.admin.ch\/it\/verifica\/audit-de-construction-de-la-transformation-et-de-la-renovation-de-la-bibliotheque-nationale-suisse\/\" \/>\n<meta property=\"og:locale\" content=\"it_IT\" \/>\n<meta property=\"og:type\" content=\"article\" \/>\n<meta property=\"og:title\" content=\"Audit de construction de la transformation et de la r\u00e9novation de la Biblioth\u00e8que nationale suisse\" \/>\n<meta property=\"og:description\" content=\"Audit de construction de la transformation et de la r\u00e9novation de la Biblioth\u00e8que nationale suisse\" \/>\n<meta property=\"og:url\" content=\"https:\/\/www.efk.admin.ch\/it\/verifica\/audit-de-construction-de-la-transformation-et-de-la-renovation-de-la-bibliotheque-nationale-suisse\/\" \/>\n<meta property=\"og:site_name\" content=\"Controllo federale delle finanze (CDF)\" \/>\n<meta property=\"article:modified_time\" content=\"2024-05-14T15:35:20+00:00\" \/>\n<meta property=\"og:image\" content=\"https:\/\/www.efk.admin.ch\/wp-content\/uploads\/test\/palais.jpg\" \/>\n\t<meta property=\"og:image:width\" content=\"750\" \/>\n\t<meta property=\"og:image:height\" content=\"500\" \/>\n\t<meta property=\"og:image:type\" content=\"image\/jpeg\" \/>\n<meta name=\"twitter:card\" content=\"summary_large_image\" \/>\n<meta name=\"twitter:label1\" content=\"Est. reading time\" \/>\n\t<meta name=\"twitter:data1\" content=\"1 minute\" \/>\n<script type=\"application\/ld+json\" class=\"yoast-schema-graph\">{\"@context\":\"https:\\\/\\\/schema.org\",\"@graph\":[{\"@type\":\"WebPage\",\"@id\":\"https:\\\/\\\/www.efk.admin.ch\\\/it\\\/verifica\\\/audit-de-construction-de-la-transformation-et-de-la-renovation-de-la-bibliotheque-nationale-suisse\\\/\",\"url\":\"https:\\\/\\\/www.efk.admin.ch\\\/it\\\/verifica\\\/audit-de-construction-de-la-transformation-et-de-la-renovation-de-la-bibliotheque-nationale-suisse\\\/\",\"name\":\"Audit de construction de la transformation et de la r\u00e9novation de la Biblioth\u00e8que nationale suisse - Controllo federale delle finanze (CDF)\",\"isPartOf\":{\"@id\":\"https:\\\/\\\/www.efk.admin.ch\\\/it\\\/#website\"},\"datePublished\":\"2024-05-07T15:26:42+00:00\",\"dateModified\":\"2024-05-14T15:35:20+00:00\",\"description\":\"Audit de construction de la transformation et de la r\u00e9novation de la Biblioth\u00e8que nationale suisse\",\"breadcrumb\":{\"@id\":\"https:\\\/\\\/www.efk.admin.ch\\\/it\\\/verifica\\\/audit-de-construction-de-la-transformation-et-de-la-renovation-de-la-bibliotheque-nationale-suisse\\\/#breadcrumb\"},\"inLanguage\":\"it-IT\",\"potentialAction\":[{\"@type\":\"ReadAction\",\"target\":[\"https:\\\/\\\/www.efk.admin.ch\\\/it\\\/verifica\\\/audit-de-construction-de-la-transformation-et-de-la-renovation-de-la-bibliotheque-nationale-suisse\\\/\"]}]},{\"@type\":\"BreadcrumbList\",\"@id\":\"https:\\\/\\\/www.efk.admin.ch\\\/it\\\/verifica\\\/audit-de-construction-de-la-transformation-et-de-la-renovation-de-la-bibliotheque-nationale-suisse\\\/#breadcrumb\",\"itemListElement\":[{\"@type\":\"ListItem\",\"position\":1,\"name\":\"Home\",\"item\":\"https:\\\/\\\/www.efk.admin.ch\\\/it\\\/\"},{\"@type\":\"ListItem\",\"position\":2,\"name\":\"Rapporto\",\"item\":\"https:\\\/\\\/www.efk.admin.ch\\\/it\\\/verifica\\\/\"},{\"@type\":\"ListItem\",\"position\":3,\"name\":\"Audit de construction de la transformation et de la r\u00e9novation de la Biblioth\u00e8que nationale suisse\"}]},{\"@type\":\"WebSite\",\"@id\":\"https:\\\/\\\/www.efk.admin.ch\\\/it\\\/#website\",\"url\":\"https:\\\/\\\/www.efk.admin.ch\\\/it\\\/\",\"name\":\"Informationen \u00fcber das oberste Finanzaufsichtsorgan der Schweiz\",\"description\":\"Il Controllo federale delle finanze (CDF) \u00e8 l'organo supremo di vigilanza finanziaria della Confederazione svizzera.\",\"publisher\":{\"@id\":\"https:\\\/\\\/www.efk.admin.ch\\\/it\\\/#organization\"},\"alternateName\":\"EFK\",\"potentialAction\":[{\"@type\":\"SearchAction\",\"target\":{\"@type\":\"EntryPoint\",\"urlTemplate\":\"https:\\\/\\\/www.efk.admin.ch\\\/it\\\/?s={search_term_string}\"},\"query-input\":{\"@type\":\"PropertyValueSpecification\",\"valueRequired\":true,\"valueName\":\"search_term_string\"}}],\"inLanguage\":\"it-IT\"},{\"@type\":\"Organization\",\"@id\":\"https:\\\/\\\/www.efk.admin.ch\\\/it\\\/#organization\",\"name\":\"Controllo federale delle finanze (CDF)\",\"alternateName\":\"EFK\",\"url\":\"https:\\\/\\\/www.efk.admin.ch\\\/it\\\/\",\"logo\":{\"@type\":\"ImageObject\",\"inLanguage\":\"it-IT\",\"@id\":\"https:\\\/\\\/www.efk.admin.ch\\\/it\\\/#\\\/schema\\\/logo\\\/image\\\/\",\"url\":\"https:\\\/\\\/www.efk.admin.ch\\\/wp-content\\\/uploads\\\/efk_cdf_logo_ohne_claim.png\",\"contentUrl\":\"https:\\\/\\\/www.efk.admin.ch\\\/wp-content\\\/uploads\\\/efk_cdf_logo_ohne_claim.png\",\"width\":268,\"height\":258,\"caption\":\"Controllo federale delle finanze (CDF)\"},\"image\":{\"@id\":\"https:\\\/\\\/www.efk.admin.ch\\\/it\\\/#\\\/schema\\\/logo\\\/image\\\/\"},\"sameAs\":[\"https:\\\/\\\/www.instagram.com\\\/efk_cdf_sfao\\\/\",\"https:\\\/\\\/www.youtube.com\\\/channel\\\/UCm-bXj227VE5sJzhB-ihdvw\\\/featured\",\"https:\\\/\\\/www.linkedin.com\\\/company\\\/11081578\\\/\"]}]}<\/script>\n<!-- \/ Yoast SEO Premium plugin. -->","yoast_head_json":{"title":"Audit de construction de la transformation et de la r\u00e9novation de la Biblioth\u00e8que nationale suisse - Controllo federale delle finanze (CDF)","description":"Audit de construction de la transformation et de la r\u00e9novation de la Biblioth\u00e8que nationale suisse","robots":{"index":"index","follow":"follow","max-snippet":"max-snippet:-1","max-image-preview":"max-image-preview:large","max-video-preview":"max-video-preview:-1"},"canonical":"https:\/\/www.efk.admin.ch\/it\/verifica\/audit-de-construction-de-la-transformation-et-de-la-renovation-de-la-bibliotheque-nationale-suisse\/","og_locale":"it_IT","og_type":"article","og_title":"Audit de construction de la transformation et de la r\u00e9novation de la Biblioth\u00e8que nationale suisse","og_description":"Audit de construction de la transformation et de la r\u00e9novation de la Biblioth\u00e8que nationale suisse","og_url":"https:\/\/www.efk.admin.ch\/it\/verifica\/audit-de-construction-de-la-transformation-et-de-la-renovation-de-la-bibliotheque-nationale-suisse\/","og_site_name":"Controllo federale delle finanze (CDF)","article_modified_time":"2024-05-14T15:35:20+00:00","og_image":[{"width":750,"height":500,"url":"https:\/\/www.efk.admin.ch\/wp-content\/uploads\/test\/palais.jpg","type":"image\/jpeg"}],"twitter_card":"summary_large_image","twitter_misc":{"Est. reading time":"1 minute"},"schema":{"@context":"https:\/\/schema.org","@graph":[{"@type":"WebPage","@id":"https:\/\/www.efk.admin.ch\/it\/verifica\/audit-de-construction-de-la-transformation-et-de-la-renovation-de-la-bibliotheque-nationale-suisse\/","url":"https:\/\/www.efk.admin.ch\/it\/verifica\/audit-de-construction-de-la-transformation-et-de-la-renovation-de-la-bibliotheque-nationale-suisse\/","name":"Audit de construction de la transformation et de la r\u00e9novation de la Biblioth\u00e8que nationale suisse - Controllo federale delle finanze (CDF)","isPartOf":{"@id":"https:\/\/www.efk.admin.ch\/it\/#website"},"datePublished":"2024-05-07T15:26:42+00:00","dateModified":"2024-05-14T15:35:20+00:00","description":"Audit de construction de la transformation et de la r\u00e9novation de la Biblioth\u00e8que nationale suisse","breadcrumb":{"@id":"https:\/\/www.efk.admin.ch\/it\/verifica\/audit-de-construction-de-la-transformation-et-de-la-renovation-de-la-bibliotheque-nationale-suisse\/#breadcrumb"},"inLanguage":"it-IT","potentialAction":[{"@type":"ReadAction","target":["https:\/\/www.efk.admin.ch\/it\/verifica\/audit-de-construction-de-la-transformation-et-de-la-renovation-de-la-bibliotheque-nationale-suisse\/"]}]},{"@type":"BreadcrumbList","@id":"https:\/\/www.efk.admin.ch\/it\/verifica\/audit-de-construction-de-la-transformation-et-de-la-renovation-de-la-bibliotheque-nationale-suisse\/#breadcrumb","itemListElement":[{"@type":"ListItem","position":1,"name":"Home","item":"https:\/\/www.efk.admin.ch\/it\/"},{"@type":"ListItem","position":2,"name":"Rapporto","item":"https:\/\/www.efk.admin.ch\/it\/verifica\/"},{"@type":"ListItem","position":3,"name":"Audit de construction de la transformation et de la r\u00e9novation de la Biblioth\u00e8que nationale suisse"}]},{"@type":"WebSite","@id":"https:\/\/www.efk.admin.ch\/it\/#website","url":"https:\/\/www.efk.admin.ch\/it\/","name":"Informationen \u00fcber das oberste Finanzaufsichtsorgan der Schweiz","description":"Il Controllo federale delle finanze (CDF) \u00e8 l'organo supremo di vigilanza finanziaria della Confederazione svizzera.","publisher":{"@id":"https:\/\/www.efk.admin.ch\/it\/#organization"},"alternateName":"EFK","potentialAction":[{"@type":"SearchAction","target":{"@type":"EntryPoint","urlTemplate":"https:\/\/www.efk.admin.ch\/it\/?s={search_term_string}"},"query-input":{"@type":"PropertyValueSpecification","valueRequired":true,"valueName":"search_term_string"}}],"inLanguage":"it-IT"},{"@type":"Organization","@id":"https:\/\/www.efk.admin.ch\/it\/#organization","name":"Controllo federale delle finanze (CDF)","alternateName":"EFK","url":"https:\/\/www.efk.admin.ch\/it\/","logo":{"@type":"ImageObject","inLanguage":"it-IT","@id":"https:\/\/www.efk.admin.ch\/it\/#\/schema\/logo\/image\/","url":"https:\/\/www.efk.admin.ch\/wp-content\/uploads\/efk_cdf_logo_ohne_claim.png","contentUrl":"https:\/\/www.efk.admin.ch\/wp-content\/uploads\/efk_cdf_logo_ohne_claim.png","width":268,"height":258,"caption":"Controllo federale delle finanze (CDF)"},"image":{"@id":"https:\/\/www.efk.admin.ch\/it\/#\/schema\/logo\/image\/"},"sameAs":["https:\/\/www.instagram.com\/efk_cdf_sfao\/","https:\/\/www.youtube.com\/channel\/UCm-bXj227VE5sJzhB-ihdvw\/featured","https:\/\/www.linkedin.com\/company\/11081578\/"]}]}},"_links":{"self":[{"href":"https:\/\/www.efk.admin.ch\/it\/wp-json\/wp\/v2\/audit\/29960","targetHints":{"allow":["GET"]}}],"collection":[{"href":"https:\/\/www.efk.admin.ch\/it\/wp-json\/wp\/v2\/audit"}],"about":[{"href":"https:\/\/www.efk.admin.ch\/it\/wp-json\/wp\/v2\/types\/audit"}],"acf:post":[{"embeddable":true,"href":"https:\/\/www.efk.admin.ch\/it\/wp-json\/wp\/v2\/audit\/"}],"wp:attachment":[{"href":"https:\/\/www.efk.admin.ch\/it\/wp-json\/wp\/v2\/media?parent=29960"}],"wp:term":[{"taxonomy":"audit_category","embeddable":true,"href":"https:\/\/www.efk.admin.ch\/it\/wp-json\/wp\/v2\/audit_category?post=29960"},{"taxonomy":"audit_type","embeddable":true,"href":"https:\/\/www.efk.admin.ch\/it\/wp-json\/wp\/v2\/audit_type?post=29960"}],"curies":[{"name":"wp","href":"https:\/\/api.w.org\/{rel}","templated":true}]}}