{"id":25177,"date":"2024-03-07T18:24:03","date_gmt":"2024-03-07T17:24:03","guid":{"rendered":"https:\/\/preview.efk.admin.ch\/?post_type=audit&#038;p=25177"},"modified":"2024-03-07T18:25:43","modified_gmt":"2024-03-07T17:25:43","slug":"financement-transport-public-regional-de-voyageurs","status":"publish","type":"audit","link":"https:\/\/www.efk.admin.ch\/it\/verifica\/financement-transport-public-regional-de-voyageurs\/","title":{"rendered":"Financement transport public r\u00e9gional de voyageurs\u00a0"},"content":{"rendered":"\n<p>Die Eidgen\u00f6ssische Finanzkontrolle (EFK) hat beim Bundesamt f\u00fcr Verkehr (BAV) ausgew\u00e4hlte Aspekte im Bereich der Finanzierung des \u00f6ffentlichen, regionalen Personenverkehrs (RPV) gepr\u00fcft. Bund und Kantone planen und bestellen gemeinsam seit \u00fcber zehn Jahren den \u00f6ffentlichen Regionalverkehr in der Schweiz. Mit ihren j\u00e4hrlichen Abgeltungen in einer durchschnittlichen Gr\u00f6ssenordnung von rund 1,6 Milliarden Franken leisten sie auch einen wichtigen Beitrag zu dessen Finanzierung. Die EFK untersuchte beim BAV diejenigen Prozesse, welche prim\u00e4r einen Einfluss auf den wirtschaftlichen Einsatz der Verkehrsabgeltungen haben sowie \u00fcbergeordnet, die der Finanzierung zugrunde liegende Zielsetzung des Bundes.<\/p>\n","protected":false},"featured_media":0,"menu_order":0,"template":"","audit_category":[134],"audit_type":[50],"class_list":["post-25177","audit","type-audit","status-publish","hentry","audit_category-trasporti-e-ambiete","audit_type-pruefung"],"acf":{"audit_lang":[{"lang":"d"}],"audit_numbers":[{"audit_number":"9307"}],"audit_office":[1116],"audit_office_text":"","audit_date":"20180323","bgo":true,"keywords":"","audit_office_local":""},"yoast_head":"<!-- This site is optimized with the Yoast SEO Premium plugin v27.4 (Yoast SEO v27.4) - https:\/\/yoast.com\/product\/yoast-seo-premium-wordpress\/ -->\n<title>Financement transport public r\u00e9gional de voyageurs\u00a0 - Controllo federale delle finanze (CDF)<\/title>\n<meta name=\"description\" content=\"Financement transport public r\u00e9gional de voyageurs\u00a0\" \/>\n<meta name=\"robots\" content=\"index, follow, max-snippet:-1, max-image-preview:large, max-video-preview:-1\" \/>\n<link rel=\"canonical\" href=\"https:\/\/www.efk.admin.ch\/it\/verifica\/financement-transport-public-regional-de-voyageurs\/\" \/>\n<meta property=\"og:locale\" content=\"it_IT\" \/>\n<meta property=\"og:type\" content=\"article\" \/>\n<meta property=\"og:title\" content=\"Financement transport public r\u00e9gional de voyageurs\u00a0\" \/>\n<meta property=\"og:description\" content=\"Financement transport public r\u00e9gional de voyageurs\u00a0\" \/>\n<meta property=\"og:url\" content=\"https:\/\/www.efk.admin.ch\/it\/verifica\/financement-transport-public-regional-de-voyageurs\/\" \/>\n<meta property=\"og:site_name\" content=\"Controllo federale delle finanze (CDF)\" \/>\n<meta property=\"article:modified_time\" content=\"2024-03-07T17:25:43+00:00\" \/>\n<meta property=\"og:image\" content=\"https:\/\/www.efk.admin.ch\/wp-content\/uploads\/test\/palais.jpg\" \/>\n\t<meta property=\"og:image:width\" content=\"750\" \/>\n\t<meta property=\"og:image:height\" content=\"500\" \/>\n\t<meta property=\"og:image:type\" content=\"image\/jpeg\" \/>\n<meta name=\"twitter:card\" content=\"summary_large_image\" \/>\n<script type=\"application\/ld+json\" class=\"yoast-schema-graph\">{\"@context\":\"https:\\\/\\\/schema.org\",\"@graph\":[{\"@type\":\"WebPage\",\"@id\":\"https:\\\/\\\/www.efk.admin.ch\\\/it\\\/verifica\\\/financement-transport-public-regional-de-voyageurs\\\/\",\"url\":\"https:\\\/\\\/www.efk.admin.ch\\\/it\\\/verifica\\\/financement-transport-public-regional-de-voyageurs\\\/\",\"name\":\"Financement transport public r\u00e9gional de voyageurs\u00a0 - Controllo federale delle finanze (CDF)\",\"isPartOf\":{\"@id\":\"https:\\\/\\\/www.efk.admin.ch\\\/it\\\/#website\"},\"datePublished\":\"2024-03-07T17:24:03+00:00\",\"dateModified\":\"2024-03-07T17:25:43+00:00\",\"description\":\"Financement transport public r\u00e9gional de voyageurs\u00a0\",\"breadcrumb\":{\"@id\":\"https:\\\/\\\/www.efk.admin.ch\\\/it\\\/verifica\\\/financement-transport-public-regional-de-voyageurs\\\/#breadcrumb\"},\"inLanguage\":\"it-IT\",\"potentialAction\":[{\"@type\":\"ReadAction\",\"target\":[\"https:\\\/\\\/www.efk.admin.ch\\\/it\\\/verifica\\\/financement-transport-public-regional-de-voyageurs\\\/\"]}]},{\"@type\":\"BreadcrumbList\",\"@id\":\"https:\\\/\\\/www.efk.admin.ch\\\/it\\\/verifica\\\/financement-transport-public-regional-de-voyageurs\\\/#breadcrumb\",\"itemListElement\":[{\"@type\":\"ListItem\",\"position\":1,\"name\":\"Home\",\"item\":\"https:\\\/\\\/www.efk.admin.ch\\\/it\\\/\"},{\"@type\":\"ListItem\",\"position\":2,\"name\":\"Rapporto\",\"item\":\"https:\\\/\\\/www.efk.admin.ch\\\/it\\\/verifica\\\/\"},{\"@type\":\"ListItem\",\"position\":3,\"name\":\"Financement transport public r\u00e9gional de voyageurs\u00a0\"}]},{\"@type\":\"WebSite\",\"@id\":\"https:\\\/\\\/www.efk.admin.ch\\\/it\\\/#website\",\"url\":\"https:\\\/\\\/www.efk.admin.ch\\\/it\\\/\",\"name\":\"Informationen \u00fcber das oberste Finanzaufsichtsorgan der Schweiz\",\"description\":\"Il Controllo federale delle finanze (CDF) \u00e8 l'organo supremo di vigilanza finanziaria della Confederazione svizzera.\",\"publisher\":{\"@id\":\"https:\\\/\\\/www.efk.admin.ch\\\/it\\\/#organization\"},\"alternateName\":\"EFK\",\"potentialAction\":[{\"@type\":\"SearchAction\",\"target\":{\"@type\":\"EntryPoint\",\"urlTemplate\":\"https:\\\/\\\/www.efk.admin.ch\\\/it\\\/?s={search_term_string}\"},\"query-input\":{\"@type\":\"PropertyValueSpecification\",\"valueRequired\":true,\"valueName\":\"search_term_string\"}}],\"inLanguage\":\"it-IT\"},{\"@type\":\"Organization\",\"@id\":\"https:\\\/\\\/www.efk.admin.ch\\\/it\\\/#organization\",\"name\":\"Controllo federale delle finanze (CDF)\",\"alternateName\":\"EFK\",\"url\":\"https:\\\/\\\/www.efk.admin.ch\\\/it\\\/\",\"logo\":{\"@type\":\"ImageObject\",\"inLanguage\":\"it-IT\",\"@id\":\"https:\\\/\\\/www.efk.admin.ch\\\/it\\\/#\\\/schema\\\/logo\\\/image\\\/\",\"url\":\"https:\\\/\\\/www.efk.admin.ch\\\/wp-content\\\/uploads\\\/efk_cdf_logo_ohne_claim.png\",\"contentUrl\":\"https:\\\/\\\/www.efk.admin.ch\\\/wp-content\\\/uploads\\\/efk_cdf_logo_ohne_claim.png\",\"width\":268,\"height\":258,\"caption\":\"Controllo federale delle finanze (CDF)\"},\"image\":{\"@id\":\"https:\\\/\\\/www.efk.admin.ch\\\/it\\\/#\\\/schema\\\/logo\\\/image\\\/\"},\"sameAs\":[\"https:\\\/\\\/www.instagram.com\\\/efk_cdf_sfao\\\/\",\"https:\\\/\\\/www.youtube.com\\\/channel\\\/UCm-bXj227VE5sJzhB-ihdvw\\\/featured\",\"https:\\\/\\\/www.linkedin.com\\\/company\\\/11081578\\\/\"]}]}<\/script>\n<!-- \/ Yoast SEO Premium plugin. -->","yoast_head_json":{"title":"Financement transport public r\u00e9gional de voyageurs\u00a0 - Controllo federale delle finanze (CDF)","description":"Financement transport public r\u00e9gional de voyageurs\u00a0","robots":{"index":"index","follow":"follow","max-snippet":"max-snippet:-1","max-image-preview":"max-image-preview:large","max-video-preview":"max-video-preview:-1"},"canonical":"https:\/\/www.efk.admin.ch\/it\/verifica\/financement-transport-public-regional-de-voyageurs\/","og_locale":"it_IT","og_type":"article","og_title":"Financement transport public r\u00e9gional de voyageurs\u00a0","og_description":"Financement transport public r\u00e9gional de voyageurs\u00a0","og_url":"https:\/\/www.efk.admin.ch\/it\/verifica\/financement-transport-public-regional-de-voyageurs\/","og_site_name":"Controllo federale delle finanze (CDF)","article_modified_time":"2024-03-07T17:25:43+00:00","og_image":[{"width":750,"height":500,"url":"https:\/\/www.efk.admin.ch\/wp-content\/uploads\/test\/palais.jpg","type":"image\/jpeg"}],"twitter_card":"summary_large_image","schema":{"@context":"https:\/\/schema.org","@graph":[{"@type":"WebPage","@id":"https:\/\/www.efk.admin.ch\/it\/verifica\/financement-transport-public-regional-de-voyageurs\/","url":"https:\/\/www.efk.admin.ch\/it\/verifica\/financement-transport-public-regional-de-voyageurs\/","name":"Financement transport public r\u00e9gional de voyageurs\u00a0 - Controllo federale delle finanze (CDF)","isPartOf":{"@id":"https:\/\/www.efk.admin.ch\/it\/#website"},"datePublished":"2024-03-07T17:24:03+00:00","dateModified":"2024-03-07T17:25:43+00:00","description":"Financement transport public r\u00e9gional de voyageurs\u00a0","breadcrumb":{"@id":"https:\/\/www.efk.admin.ch\/it\/verifica\/financement-transport-public-regional-de-voyageurs\/#breadcrumb"},"inLanguage":"it-IT","potentialAction":[{"@type":"ReadAction","target":["https:\/\/www.efk.admin.ch\/it\/verifica\/financement-transport-public-regional-de-voyageurs\/"]}]},{"@type":"BreadcrumbList","@id":"https:\/\/www.efk.admin.ch\/it\/verifica\/financement-transport-public-regional-de-voyageurs\/#breadcrumb","itemListElement":[{"@type":"ListItem","position":1,"name":"Home","item":"https:\/\/www.efk.admin.ch\/it\/"},{"@type":"ListItem","position":2,"name":"Rapporto","item":"https:\/\/www.efk.admin.ch\/it\/verifica\/"},{"@type":"ListItem","position":3,"name":"Financement transport public r\u00e9gional de voyageurs\u00a0"}]},{"@type":"WebSite","@id":"https:\/\/www.efk.admin.ch\/it\/#website","url":"https:\/\/www.efk.admin.ch\/it\/","name":"Informationen \u00fcber das oberste Finanzaufsichtsorgan der Schweiz","description":"Il Controllo federale delle finanze (CDF) \u00e8 l'organo supremo di vigilanza finanziaria della Confederazione svizzera.","publisher":{"@id":"https:\/\/www.efk.admin.ch\/it\/#organization"},"alternateName":"EFK","potentialAction":[{"@type":"SearchAction","target":{"@type":"EntryPoint","urlTemplate":"https:\/\/www.efk.admin.ch\/it\/?s={search_term_string}"},"query-input":{"@type":"PropertyValueSpecification","valueRequired":true,"valueName":"search_term_string"}}],"inLanguage":"it-IT"},{"@type":"Organization","@id":"https:\/\/www.efk.admin.ch\/it\/#organization","name":"Controllo federale delle finanze (CDF)","alternateName":"EFK","url":"https:\/\/www.efk.admin.ch\/it\/","logo":{"@type":"ImageObject","inLanguage":"it-IT","@id":"https:\/\/www.efk.admin.ch\/it\/#\/schema\/logo\/image\/","url":"https:\/\/www.efk.admin.ch\/wp-content\/uploads\/efk_cdf_logo_ohne_claim.png","contentUrl":"https:\/\/www.efk.admin.ch\/wp-content\/uploads\/efk_cdf_logo_ohne_claim.png","width":268,"height":258,"caption":"Controllo federale delle finanze (CDF)"},"image":{"@id":"https:\/\/www.efk.admin.ch\/it\/#\/schema\/logo\/image\/"},"sameAs":["https:\/\/www.instagram.com\/efk_cdf_sfao\/","https:\/\/www.youtube.com\/channel\/UCm-bXj227VE5sJzhB-ihdvw\/featured","https:\/\/www.linkedin.com\/company\/11081578\/"]}]}},"_links":{"self":[{"href":"https:\/\/www.efk.admin.ch\/it\/wp-json\/wp\/v2\/audit\/25177","targetHints":{"allow":["GET"]}}],"collection":[{"href":"https:\/\/www.efk.admin.ch\/it\/wp-json\/wp\/v2\/audit"}],"about":[{"href":"https:\/\/www.efk.admin.ch\/it\/wp-json\/wp\/v2\/types\/audit"}],"acf:post":[{"embeddable":true,"href":"https:\/\/www.efk.admin.ch\/it\/wp-json\/wp\/v2\/office\/1116"}],"wp:attachment":[{"href":"https:\/\/www.efk.admin.ch\/it\/wp-json\/wp\/v2\/media?parent=25177"}],"wp:term":[{"taxonomy":"audit_category","embeddable":true,"href":"https:\/\/www.efk.admin.ch\/it\/wp-json\/wp\/v2\/audit_category?post=25177"},{"taxonomy":"audit_type","embeddable":true,"href":"https:\/\/www.efk.admin.ch\/it\/wp-json\/wp\/v2\/audit_type?post=25177"}],"curies":[{"name":"wp","href":"https:\/\/api.w.org\/{rel}","templated":true}]}}