{"id":24960,"date":"2024-02-27T08:45:25","date_gmt":"2024-02-27T07:45:25","guid":{"rendered":"https:\/\/preview.efk.admin.ch\/?page_id=24960"},"modified":"2026-02-20T10:51:05","modified_gmt":"2026-02-20T09:51:05","slug":"liens","status":"publish","type":"page","link":"https:\/\/www.efk.admin.ch\/fr\/liens\/","title":{"rendered":"Liens"},"content":{"rendered":"\n<section\n  class=\"content-block no-img\">\n  <div class=\"content-block__wrapper\">\n        <div class=\"content-block__text \">\n            <h2 class=\"content-block__title secondary_title color-blue\">\n        Conf\u00e9d\u00e9ration      <\/h2>\n                        <div class=\"content-block__content \">\n        <p><strong><a href=\"https:\/\/www.parlament.ch\/fr\" target=\"_blank\" rel=\"noopener\">Le Parlement suisse<\/a><\/strong><\/p>\n<p><strong><a href=\"https:\/\/www.admin.ch\/gov\/fr\/accueil.html\" target=\"_blank\" rel=\"noopener\">Le Conseil f\u00e9d\u00e9ral &#8211; Le portail du Gouvernement suisse<\/a><\/strong><\/p>\n<p><strong><a href=\"https:\/\/www.efd.admin.ch\/efd\/fr\/home.html\" target=\"_blank\" rel=\"noopener\">D\u00e9partement f\u00e9d\u00e9ral des finances<\/a><\/strong><\/p>\n<p><strong><a href=\"https:\/\/www.ch.ch\/fr\/\">Le portail des autorit\u00e9s Suisses<\/a><\/strong><\/p>\n      <\/div>\n                <\/div>\n  <\/div>\n<\/section>\n\n\n\n<section\n  class=\"content-block no-img\">\n  <div class=\"content-block__wrapper\">\n        <div class=\"content-block__text \">\n            <h2 class=\"content-block__title secondary_title color-blue\">\n        Contr\u00f4les cantonaux des finances      <\/h2>\n                        <div class=\"content-block__content double-column\">\n        <p><strong><a href=\"http:\/\/www.finanzkontrolle.ch\/\">Fachvereinigung der Finanzkontrollen<\/a><\/strong><\/p>\n<p><strong><a href=\"https:\/\/www.ag.ch\/de\/verwaltung\/dfr\/ueber-uns\/organisation\/finanzkontrolle\">Argovie<\/a><\/strong><\/p>\n<p><a href=\"https:\/\/ar.ch\/verwaltung\/finanzkontrolle\/\"><strong>Appenzell Rhodes-Ext\u00e9rieures<\/strong><\/a><\/p>\n<p><strong><a href=\"https:\/\/www.ai.ch\/verwaltung\/finanzdepartement\/finanzkontrolle\">Appenzell Rhodes-Int\u00e9rieures<\/a><\/strong><\/p>\n<p><strong><a href=\"https:\/\/www.baselland.ch\/politik-und-behorden\/besondere-behoerden\/finanzkontrolle\">B\u00e2le-Campagne<\/a><\/strong><\/p>\n<p><strong><a href=\"http:\/\/www.finanzkontrolle.bs.ch\/\">B\u00e2le-Ville<\/a><\/strong><\/p>\n<p><strong><a href=\"https:\/\/www.finanzkontrolle.be.ch\/fr\/start.html\">Berne<\/a><\/strong><\/p>\n<p><a href=\"https:\/\/www.fr.ch\/dfin\/if\"><strong>Fribourg<\/strong><\/a><\/p>\n<p><strong><a href=\"http:\/\/www.cdc-ge.ch\/fr\/index.html\">Gen\u00e8ve (Cour des comptes)<\/a><\/strong><\/p>\n<p><strong><a href=\"https:\/\/www.ge.ch\/organisation\/service-audit-interne-etat-geneve\">Gen\u00e8ve<br \/>\n<\/a><\/strong><\/p>\n<p><strong><a href=\"https:\/\/www.gl.ch\/verwaltung\/staatskanzlei\/finanzkontrolle.html\/1336\">Glarus<\/a><\/strong><\/p>\n<p><strong><a href=\"http:\/\/www.gr.ch\/DE\/institutionen\/verwaltung\/dfg\/fiko\/ueberuns\/Seiten\/default.aspx\">Grisons<\/a><\/strong><\/p>\n<p><a href=\"https:\/\/www.jura.ch\/fr\/Autorites\/Administration\/DFI\/CFI\/Controle-des-finances-CFI.html\"><strong>Jura<\/strong><\/a><\/p>\n<p><strong><a href=\"http:\/\/www.finanzkontrolle.lu.ch\/\">Lucerne<\/a><\/strong><\/p>\n<p><strong><a href=\"http:\/\/www.ne.ch\/autorites\/CCFI\/Pages\/accueil.aspx\">Neuch\u00e2tel<\/a><\/strong><\/p>\n<p><strong><a href=\"https:\/\/www.nw.ch\/finanzkontrolle\/299\">Nidwald<\/a><\/strong><\/p>\n<p><strong><a href=\"http:\/\/www.obwalden.ch\/de\/verwaltung\/aemter\/welcome.php?amt_id=123\">Obwald<\/a><\/strong><\/p>\n<p><strong><a href=\"https:\/\/sh.ch\/CMS\/Webseite\/Kanton-Schaffhausen\/Beh-rde\/Verwaltung\/Finanzdepartement\/Finanzkontrolle-Kanton-und-Stadt-3922-DE.html\">Schaffhouse<\/a><\/strong><\/p>\n<p><strong><a href=\"https:\/\/www.so.ch\/verwaltung\/finanzdepartement\/kantonale-finanzkontrolle\/\">Soleure<\/a><\/strong><\/p>\n<p><a href=\"https:\/\/www.sg.ch\/politik-verwaltung\/departemente-und-staatskanzlei\/finanzdepartement\/finanzkontrolle.html\"><strong>Saint-Gall<\/strong><\/a><\/p>\n<p><a href=\"https:\/\/www.sz.ch\/behoerden\/verwaltung\/finanzdepartement\/finanzkontrolle.html\/8756-8758-8802-10332-10583\"><strong>Schwyz<\/strong><\/a><\/p>\n<p><strong><a href=\"http:\/\/www4.ti.ch\/di\/ccf\/\">Tessin<\/a><\/strong><\/p>\n<p><strong><a href=\"https:\/\/finanzkontrolle.tg.ch\/revisorat.html\/6609\">Thurgovie<\/a><\/strong><\/p>\n<p><strong><a href=\"http:\/\/www.ur.ch\/de\/verwaltung\/verwaltungorg\/?amt_id=942\">Uri<\/a><\/strong><\/p>\n<p><strong><a href=\"https:\/\/www.vd.ch\/toutes-les-autorites\/cour-des-comptes\/\">Vaud (Cour des comptes)<\/a><\/strong><\/p>\n<p><a href=\"https:\/\/www.vd.ch\/toutes-les-autorites\/controle-cantonal-des-finances-ccf\/\"><strong>Vaud<\/strong><\/a><\/p>\n<p><strong><a href=\"https:\/\/www.vs.ch\/de\/web\/if\">Valais<\/a><\/strong><\/p>\n<p><strong><a href=\"https:\/\/zg.ch\/de\/finanzdirektion\/finanzkontrolle\">Zoug<\/a><\/strong><\/p>\n<p><strong><a href=\"http:\/\/www.finanzkontrolle.zh.ch\/\">Zurich<\/a><\/strong><\/p>\n      <\/div>\n                <\/div>\n  <\/div>\n<\/section>\n\n\n\n<section\n  class=\"content-block no-img\">\n  <div class=\"content-block__wrapper\">\n        <div class=\"content-block__text \">\n            <h2 class=\"content-block__title secondary_title color-blue\">\n        International      <\/h2>\n                        <div class=\"content-block__content \">\n        <p><strong><a href=\"https:\/\/www.intosai.org\/fr\/\">International Organization of Supreme Audit Institutions (INTOSAI)<\/a><\/strong><\/p>\n<p><strong><a href=\"https:\/\/wgeppp.net\/\">INTOSAI Working Group on Evaluation of Public Policies and Programs (WGEPPP)<\/a><\/strong><\/p>\n<p><strong><a href=\"https:\/\/www.eurosai.org\/fr\/\">European Organisation of Supreme Audit Institutions (EUROSAI)<\/a><\/strong><\/p>\n<p><strong><a href=\"http:\/\/www.eurosai-it.org\/\">EUROSAI IT Working Group<\/a><\/strong><\/p>\n<p><strong><a href=\"https:\/\/www.environmental-auditing.org\/regional\/eurosai-wgea\/\">EUROSAI Working Group on Environmental Auditing (WGEA)<\/a><\/strong><\/p>\n<p><strong><a href=\"http:\/\/www.un.org\/auditors\/panel\/\">Board and Panel of External Auditors of the United Nations<\/a><\/strong><\/p>\n<p><strong><a href=\"https:\/\/anti-fraud.ec.europa.eu\/index_fr\">Europ\u00e4isches Amt f\u00fcr Betrugsbek\u00e4mpfung (OLAF)<\/a><\/strong><\/p>\n<p><strong><a href=\"http:\/\/www.bundesrechnungshof.de\/\">Bundesrechnungshof Deutschland<\/a><\/strong><\/p>\n<p><strong><a href=\"http:\/\/www.ccomptes.fr\/\">Cours des comptes France<\/a><\/strong><\/p>\n<p><strong><a href=\"http:\/\/www.corteconti.it\/\">Corte dei conti Italia<\/a><\/strong><\/p>\n<p><strong><a href=\"https:\/\/www.rechnungshof.gv.at\/rh\/Startseite.html\">Rechnungshof \u00d6sterreich<\/a><\/strong><\/p>\n<p><strong><a href=\"http:\/\/www.nao.org.uk\/\">National Audit Office United Kingdom<\/a><\/strong><\/p>\n      <\/div>\n                <\/div>\n  <\/div>\n<\/section>\n\n\n\n<p><\/p>\n\n\n\n<section\n  class=\"content-block no-img\">\n  <div class=\"content-block__wrapper\">\n        <div class=\"content-block__text \">\n            <h2 class=\"content-block__title secondary_title color-blue\">\n        Autres      <\/h2>\n                        <div class=\"content-block__content \">\n        <p><strong><a href=\"http:\/\/www.theiia.org\/\">The Institute of Internal Auditors (IIA)<\/a><\/strong><\/p>\n<p><strong><a href=\"https:\/\/www.ifaci.com\/\">Institut Fran\u00e7ais de l\u2019Audit et du Contr\u00f4le Internes (IFACI)<\/a><\/strong><\/p>\n<p><strong><a href=\"https:\/\/www.diir.de\/\">Deutsches Institut f\u00fcr Interne Revision (DIIR)<\/a><\/strong><\/p>\n<p><strong><a href=\"http:\/\/www.isaca.org\/\">Information Systems Audit and Control Association (ISACA)<\/a><\/strong><\/p>\n<p><strong><a href=\"http:\/\/www.isaca.ch\/\">ISACA Swiss Chapter<\/a><\/strong><\/p>\n<p><a href=\"https:\/\/www.acfe.ch\/fr\/\"><strong>Association of Certified Fraud\u00a0(ACFE)<\/strong><\/a><\/p>\n<p><strong><a href=\"https:\/\/expertsuisse.ch\/fr\">EXPERTsuisse<\/a><\/strong><\/p>\n<p><strong><a href=\"https:\/\/www.seval.ch\/fr\/\">Soci\u00e9t\u00e9 suisse d&#8217;\u00e9valuation (SEVAL)<\/a><\/strong><\/p>\n<p><strong><a href=\"http:\/\/www.ifac.org\/\">International Federation of Accountants (IFAC)<\/a><\/strong><\/p>\n<p><strong><a href=\"http:\/\/www.pcaobus.org\/\">Public Company Accounting Oversight Board (PCAOB)<\/a><\/strong><\/p>\n<p><strong><a href=\"https:\/\/www.rab-asr.ch\/#\/?lang=fr\">Autorit\u00e9 f\u00e9d\u00e9rale de suveillance en mati\u00e8re de r\u00e9vision (ASR)<\/a><\/strong><\/p>\n<p><strong><a href=\"http:\/\/www.voefrw.ch\/f\/index.html\">Association pour les finances et la comptabilit\u00e9 publiques (AFCP)<\/a><\/strong><\/p>\n<p><strong><a href=\"https:\/\/www.netzwerk-risikomanagement.ch\/\">Netzwerk Risikomanagement<\/a><\/strong><\/p>\n<p><strong><a href=\"http:\/\/www.oecd.org\/\">OECD &#8211; Public Management<\/a><\/strong><\/p>\n<p><strong><a href=\"https:\/\/www.srs-cspcp.ch\/fr\/mission-tache-n82\">Conseil suisse de pr\u00e9sentation des comptes publics (CSPCP)<\/a><\/strong><\/p>\n<p><strong><a href=\"https:\/\/www.fer.ch\/fr\/\">Swiss GAAP FER<\/a><\/strong><\/p>\n<p><strong><a href=\"https:\/\/www.ipsasb.org\/\">International Public Sector Accounting Standards Board (IPSASB)<\/a><\/strong><\/p>\n<p><strong><a href=\"https:\/\/www.iaasb.org\/\">International Auditing and Assurance Standards Board (IAASB)<\/a><\/strong><\/p>\n<p><strong><a href=\"https:\/\/www.ifrs.org\/\">International Financial Reporting Standards (IFRS)<\/a><\/strong><\/p>\n<p><strong><a href=\"https:\/\/www.iso.org\/fr\/home.html\">International Organization for Standardization (ISO)<\/a><\/strong><\/p>\n<p><strong><a href=\"http:\/\/www.clusis.ch\/\">CLUSIS (Club de la S\u00e9curit\u00e9 informatique Suisse)<\/a><\/strong><\/p>\n<p><strong><a href=\"https:\/\/sgvw.ch\/fr\/\">SSSA &#8211; Le r\u00e9seau de connaissances sur la transformation du secteur public<\/a><\/strong><\/p>\n<p><strong><a href=\"https:\/\/www.unil.ch\/idheap\">Institut de hautes \u00e9tudes en administration publique <\/a><a href=\"https:\/\/www.unil.ch\/idheap\">IDHEAP<\/a><\/strong><\/p>\n      <\/div>\n                <\/div>\n  <\/div>\n<\/section>\n","protected":false},"excerpt":{"rendered":"","protected":false},"author":10,"featured_media":0,"parent":0,"menu_order":78,"comment_status":"closed","ping_status":"closed","template":"","meta":{"_acf_changed":false,"footnotes":""},"class_list":["post-24960","page","type-page","status-publish","hentry"],"acf":[],"yoast_head":"<!-- This site is optimized with the Yoast SEO Premium plugin v27.4 (Yoast SEO v27.4) - https:\/\/yoast.com\/product\/yoast-seo-premium-wordpress\/ -->\n<title>Liens - Contr\u00f4le f\u00e9d\u00e9ral des finances (CDF)<\/title>\n<meta name=\"robots\" content=\"index, follow, max-snippet:-1, max-image-preview:large, max-video-preview:-1\" \/>\n<link rel=\"canonical\" href=\"https:\/\/www.efk.admin.ch\/fr\/liens\/\" \/>\n<meta property=\"og:locale\" content=\"fr_FR\" \/>\n<meta property=\"og:type\" content=\"article\" \/>\n<meta property=\"og:title\" content=\"Liens\" \/>\n<meta property=\"og:url\" content=\"https:\/\/www.efk.admin.ch\/fr\/liens\/\" \/>\n<meta property=\"og:site_name\" content=\"Contr\u00f4le f\u00e9d\u00e9ral des finances (CDF)\" \/>\n<meta property=\"article:modified_time\" content=\"2026-02-20T09:51:05+00:00\" \/>\n<meta property=\"og:image\" content=\"https:\/\/www.efk.admin.ch\/wp-content\/uploads\/test\/palais.jpg\" \/>\n\t<meta property=\"og:image:width\" content=\"750\" \/>\n\t<meta property=\"og:image:height\" content=\"500\" \/>\n\t<meta property=\"og:image:type\" content=\"image\/jpeg\" \/>\n<meta name=\"twitter:card\" content=\"summary_large_image\" \/>\n<script type=\"application\/ld+json\" class=\"yoast-schema-graph\">{\"@context\":\"https:\\\/\\\/schema.org\",\"@graph\":[{\"@type\":\"WebPage\",\"@id\":\"https:\\\/\\\/www.efk.admin.ch\\\/fr\\\/liens\\\/\",\"url\":\"https:\\\/\\\/www.efk.admin.ch\\\/fr\\\/liens\\\/\",\"name\":\"Liens - Contr\u00f4le f\u00e9d\u00e9ral des finances (CDF)\",\"isPartOf\":{\"@id\":\"https:\\\/\\\/www.efk.admin.ch\\\/fr\\\/#website\"},\"datePublished\":\"2024-02-27T07:45:25+00:00\",\"dateModified\":\"2026-02-20T09:51:05+00:00\",\"breadcrumb\":{\"@id\":\"https:\\\/\\\/www.efk.admin.ch\\\/fr\\\/liens\\\/#breadcrumb\"},\"inLanguage\":\"fr-FR\",\"potentialAction\":[{\"@type\":\"ReadAction\",\"target\":[\"https:\\\/\\\/www.efk.admin.ch\\\/fr\\\/liens\\\/\"]}]},{\"@type\":\"BreadcrumbList\",\"@id\":\"https:\\\/\\\/www.efk.admin.ch\\\/fr\\\/liens\\\/#breadcrumb\",\"itemListElement\":[{\"@type\":\"ListItem\",\"position\":1,\"name\":\"Home\",\"item\":\"https:\\\/\\\/www.efk.admin.ch\\\/fr\\\/\"},{\"@type\":\"ListItem\",\"position\":2,\"name\":\"Liens\"}]},{\"@type\":\"WebSite\",\"@id\":\"https:\\\/\\\/www.efk.admin.ch\\\/fr\\\/#website\",\"url\":\"https:\\\/\\\/www.efk.admin.ch\\\/fr\\\/\",\"name\":\"Informationen \u00fcber das oberste Finanzaufsichtsorgan der Schweiz\",\"description\":\"Le Contr\u00f4le f\u00e9d\u00e9ral des finances (CDF) est l'organe supr\u00eame de surveillance financi\u00e8re de la Conf\u00e9d\u00e9ration suisse.\",\"publisher\":{\"@id\":\"https:\\\/\\\/www.efk.admin.ch\\\/fr\\\/#organization\"},\"alternateName\":\"EFK\",\"potentialAction\":[{\"@type\":\"SearchAction\",\"target\":{\"@type\":\"EntryPoint\",\"urlTemplate\":\"https:\\\/\\\/www.efk.admin.ch\\\/fr\\\/?s={search_term_string}\"},\"query-input\":{\"@type\":\"PropertyValueSpecification\",\"valueRequired\":true,\"valueName\":\"search_term_string\"}}],\"inLanguage\":\"fr-FR\"},{\"@type\":\"Organization\",\"@id\":\"https:\\\/\\\/www.efk.admin.ch\\\/fr\\\/#organization\",\"name\":\"Contr\u00f4le f\u00e9d\u00e9ral des finances (CDF)\",\"alternateName\":\"EFK\",\"url\":\"https:\\\/\\\/www.efk.admin.ch\\\/fr\\\/\",\"logo\":{\"@type\":\"ImageObject\",\"inLanguage\":\"fr-FR\",\"@id\":\"https:\\\/\\\/www.efk.admin.ch\\\/fr\\\/#\\\/schema\\\/logo\\\/image\\\/\",\"url\":\"https:\\\/\\\/www.efk.admin.ch\\\/wp-content\\\/uploads\\\/efk_cdf_logo_ohne_claim.png\",\"contentUrl\":\"https:\\\/\\\/www.efk.admin.ch\\\/wp-content\\\/uploads\\\/efk_cdf_logo_ohne_claim.png\",\"width\":268,\"height\":258,\"caption\":\"Contr\u00f4le f\u00e9d\u00e9ral des finances (CDF)\"},\"image\":{\"@id\":\"https:\\\/\\\/www.efk.admin.ch\\\/fr\\\/#\\\/schema\\\/logo\\\/image\\\/\"},\"sameAs\":[\"https:\\\/\\\/www.instagram.com\\\/efk_cdf_sfao\\\/\",\"https:\\\/\\\/www.youtube.com\\\/channel\\\/UCm-bXj227VE5sJzhB-ihdvw\\\/featured\",\"https:\\\/\\\/www.linkedin.com\\\/company\\\/11081578\\\/\"]}]}<\/script>\n<!-- \/ Yoast SEO Premium plugin. -->","yoast_head_json":{"title":"Liens - Contr\u00f4le f\u00e9d\u00e9ral des finances (CDF)","robots":{"index":"index","follow":"follow","max-snippet":"max-snippet:-1","max-image-preview":"max-image-preview:large","max-video-preview":"max-video-preview:-1"},"canonical":"https:\/\/www.efk.admin.ch\/fr\/liens\/","og_locale":"fr_FR","og_type":"article","og_title":"Liens","og_url":"https:\/\/www.efk.admin.ch\/fr\/liens\/","og_site_name":"Contr\u00f4le f\u00e9d\u00e9ral des finances (CDF)","article_modified_time":"2026-02-20T09:51:05+00:00","og_image":[{"width":750,"height":500,"url":"https:\/\/www.efk.admin.ch\/wp-content\/uploads\/test\/palais.jpg","type":"image\/jpeg"}],"twitter_card":"summary_large_image","schema":{"@context":"https:\/\/schema.org","@graph":[{"@type":"WebPage","@id":"https:\/\/www.efk.admin.ch\/fr\/liens\/","url":"https:\/\/www.efk.admin.ch\/fr\/liens\/","name":"Liens - Contr\u00f4le f\u00e9d\u00e9ral des finances (CDF)","isPartOf":{"@id":"https:\/\/www.efk.admin.ch\/fr\/#website"},"datePublished":"2024-02-27T07:45:25+00:00","dateModified":"2026-02-20T09:51:05+00:00","breadcrumb":{"@id":"https:\/\/www.efk.admin.ch\/fr\/liens\/#breadcrumb"},"inLanguage":"fr-FR","potentialAction":[{"@type":"ReadAction","target":["https:\/\/www.efk.admin.ch\/fr\/liens\/"]}]},{"@type":"BreadcrumbList","@id":"https:\/\/www.efk.admin.ch\/fr\/liens\/#breadcrumb","itemListElement":[{"@type":"ListItem","position":1,"name":"Home","item":"https:\/\/www.efk.admin.ch\/fr\/"},{"@type":"ListItem","position":2,"name":"Liens"}]},{"@type":"WebSite","@id":"https:\/\/www.efk.admin.ch\/fr\/#website","url":"https:\/\/www.efk.admin.ch\/fr\/","name":"Informationen \u00fcber das oberste Finanzaufsichtsorgan der Schweiz","description":"Le Contr\u00f4le f\u00e9d\u00e9ral des finances (CDF) est l'organe supr\u00eame de surveillance financi\u00e8re de la Conf\u00e9d\u00e9ration suisse.","publisher":{"@id":"https:\/\/www.efk.admin.ch\/fr\/#organization"},"alternateName":"EFK","potentialAction":[{"@type":"SearchAction","target":{"@type":"EntryPoint","urlTemplate":"https:\/\/www.efk.admin.ch\/fr\/?s={search_term_string}"},"query-input":{"@type":"PropertyValueSpecification","valueRequired":true,"valueName":"search_term_string"}}],"inLanguage":"fr-FR"},{"@type":"Organization","@id":"https:\/\/www.efk.admin.ch\/fr\/#organization","name":"Contr\u00f4le f\u00e9d\u00e9ral des finances (CDF)","alternateName":"EFK","url":"https:\/\/www.efk.admin.ch\/fr\/","logo":{"@type":"ImageObject","inLanguage":"fr-FR","@id":"https:\/\/www.efk.admin.ch\/fr\/#\/schema\/logo\/image\/","url":"https:\/\/www.efk.admin.ch\/wp-content\/uploads\/efk_cdf_logo_ohne_claim.png","contentUrl":"https:\/\/www.efk.admin.ch\/wp-content\/uploads\/efk_cdf_logo_ohne_claim.png","width":268,"height":258,"caption":"Contr\u00f4le f\u00e9d\u00e9ral des finances (CDF)"},"image":{"@id":"https:\/\/www.efk.admin.ch\/fr\/#\/schema\/logo\/image\/"},"sameAs":["https:\/\/www.instagram.com\/efk_cdf_sfao\/","https:\/\/www.youtube.com\/channel\/UCm-bXj227VE5sJzhB-ihdvw\/featured","https:\/\/www.linkedin.com\/company\/11081578\/"]}]}},"_links":{"self":[{"href":"https:\/\/www.efk.admin.ch\/fr\/wp-json\/wp\/v2\/pages\/24960","targetHints":{"allow":["GET"]}}],"collection":[{"href":"https:\/\/www.efk.admin.ch\/fr\/wp-json\/wp\/v2\/pages"}],"about":[{"href":"https:\/\/www.efk.admin.ch\/fr\/wp-json\/wp\/v2\/types\/page"}],"author":[{"embeddable":true,"href":"https:\/\/www.efk.admin.ch\/fr\/wp-json\/wp\/v2\/users\/10"}],"replies":[{"embeddable":true,"href":"https:\/\/www.efk.admin.ch\/fr\/wp-json\/wp\/v2\/comments?post=24960"}],"version-history":[{"count":20,"href":"https:\/\/www.efk.admin.ch\/fr\/wp-json\/wp\/v2\/pages\/24960\/revisions"}],"predecessor-version":[{"id":43027,"href":"https:\/\/www.efk.admin.ch\/fr\/wp-json\/wp\/v2\/pages\/24960\/revisions\/43027"}],"wp:attachment":[{"href":"https:\/\/www.efk.admin.ch\/fr\/wp-json\/wp\/v2\/media?parent=24960"}],"curies":[{"name":"wp","href":"https:\/\/api.w.org\/{rel}","templated":true}]}}