{"id":34700,"date":"2024-11-29T09:55:33","date_gmt":"2024-11-29T08:55:33","guid":{"rendered":"https:\/\/www.efk.admin.ch\/?post_type=fachtexte&#038;p=34700"},"modified":"2024-11-29T10:00:26","modified_gmt":"2024-11-29T09:00:26","slug":"les-subventions-en-temps-de-crise-le-potentiel-damelioration-des-aides-financieres-et-des-compensations","status":"publish","type":"fachtexte","link":"https:\/\/www.efk.admin.ch\/fr\/fachtexte\/les-subventions-en-temps-de-crise-le-potentiel-damelioration-des-aides-financieres-et-des-compensations\/","title":{"rendered":"Les subventions en temps de crise. Le potentiel d&#8217;am\u00e9liora&shy;tion des aides financi\u00e8res et des compensations"},"content":{"rendered":"\n<p>La pand\u00e9mie COVID-19 a rendu plus difficile la mise en \u0153uvre d&#8217;une politique financi\u00e8re durable et a augment\u00e9 la pression sur les gouvernements du monde entier pour qu&#8217;ils utilisent les fonds publics de mani\u00e8re plus efficiente et efficace. La Suisse doit elle aussi r\u00e9duire ses d\u00e9penses pour que le budget f\u00e9d\u00e9ral soit \u00e0 nouveau conforme aux exigences du frein \u00e0 l&#8217;endettement. Il s&#8217;agit notamment de revoir les subventions f\u00e9d\u00e9rales qui ne cessent d&#8217;augmenter et de r\u00e9duire celles qui sont inutiles et non rentables. C&#8217;est dans ce contexte que s&#8217;inscrit l&#8217;article suivant, qui met en lumi\u00e8re les principaux d\u00e9fis li\u00e9s \u00e0 la gestion des subventions.<\/p>\n","protected":false},"featured_media":0,"menu_order":0,"template":"","class_list":["post-34700","fachtexte","type-fachtexte","status-publish","hentry"],"acf":[],"yoast_head":"<!-- This site is optimized with the Yoast SEO Premium plugin v27.4 (Yoast SEO v27.4) - https:\/\/yoast.com\/product\/yoast-seo-premium-wordpress\/ -->\n<title>Les subventions en temps de crise. Le potentiel d&#039;am\u00e9liora&shy;tion des aides financi\u00e8res et des compensations - Contr\u00f4le f\u00e9d\u00e9ral des finances (CDF)<\/title>\n<meta name=\"robots\" content=\"index, follow, max-snippet:-1, max-image-preview:large, max-video-preview:-1\" \/>\n<link rel=\"canonical\" href=\"https:\/\/www.efk.admin.ch\/fr\/fachtexte\/les-subventions-en-temps-de-crise-le-potentiel-damelioration-des-aides-financieres-et-des-compensations\/\" \/>\n<meta property=\"og:locale\" content=\"fr_FR\" \/>\n<meta property=\"og:type\" content=\"article\" \/>\n<meta property=\"og:title\" content=\"Les subventions en temps de crise. Le potentiel d&#039;am\u00e9liora&shy;tion des aides financi\u00e8res et des compensations\" \/>\n<meta property=\"og:description\" content=\"La pand\u00e9mie COVID-19 a rendu plus difficile la mise en \u0153uvre d&#8217;une politique financi\u00e8re durable et a augment\u00e9 la pression sur les gouvernements du monde entier pour qu&#8217;ils utilisent les fonds publics de mani\u00e8re plus efficiente et efficace. La Suisse doit elle aussi r\u00e9duire ses d\u00e9penses pour que le budget f\u00e9d\u00e9ral soit \u00e0 nouveau conforme [&hellip;]\" \/>\n<meta property=\"og:url\" content=\"https:\/\/www.efk.admin.ch\/fr\/fachtexte\/les-subventions-en-temps-de-crise-le-potentiel-damelioration-des-aides-financieres-et-des-compensations\/\" \/>\n<meta property=\"og:site_name\" content=\"Contr\u00f4le f\u00e9d\u00e9ral des finances (CDF)\" \/>\n<meta property=\"article:modified_time\" content=\"2024-11-29T09:00:26+00:00\" \/>\n<meta property=\"og:image\" content=\"https:\/\/www.efk.admin.ch\/wp-content\/uploads\/test\/palais.jpg\" \/>\n\t<meta property=\"og:image:width\" content=\"750\" \/>\n\t<meta property=\"og:image:height\" content=\"500\" \/>\n\t<meta property=\"og:image:type\" content=\"image\/jpeg\" \/>\n<meta name=\"twitter:card\" content=\"summary_large_image\" \/>\n<meta name=\"twitter:label1\" content=\"Dur\u00e9e de lecture estim\u00e9e\" \/>\n\t<meta name=\"twitter:data1\" content=\"1 minute\" \/>\n<script type=\"application\/ld+json\" class=\"yoast-schema-graph\">{\"@context\":\"https:\\\/\\\/schema.org\",\"@graph\":[{\"@type\":\"WebPage\",\"@id\":\"https:\\\/\\\/www.efk.admin.ch\\\/fr\\\/fachtexte\\\/les-subventions-en-temps-de-crise-le-potentiel-damelioration-des-aides-financieres-et-des-compensations\\\/\",\"url\":\"https:\\\/\\\/www.efk.admin.ch\\\/fr\\\/fachtexte\\\/les-subventions-en-temps-de-crise-le-potentiel-damelioration-des-aides-financieres-et-des-compensations\\\/\",\"name\":\"Les subventions en temps de crise. Le potentiel d'am\u00e9liora&shy;tion des aides financi\u00e8res et des compensations - Contr\u00f4le f\u00e9d\u00e9ral des finances (CDF)\",\"isPartOf\":{\"@id\":\"https:\\\/\\\/www.efk.admin.ch\\\/fr\\\/#website\"},\"datePublished\":\"2024-11-29T08:55:33+00:00\",\"dateModified\":\"2024-11-29T09:00:26+00:00\",\"breadcrumb\":{\"@id\":\"https:\\\/\\\/www.efk.admin.ch\\\/fr\\\/fachtexte\\\/les-subventions-en-temps-de-crise-le-potentiel-damelioration-des-aides-financieres-et-des-compensations\\\/#breadcrumb\"},\"inLanguage\":\"fr-FR\",\"potentialAction\":[{\"@type\":\"ReadAction\",\"target\":[\"https:\\\/\\\/www.efk.admin.ch\\\/fr\\\/fachtexte\\\/les-subventions-en-temps-de-crise-le-potentiel-damelioration-des-aides-financieres-et-des-compensations\\\/\"]}]},{\"@type\":\"BreadcrumbList\",\"@id\":\"https:\\\/\\\/www.efk.admin.ch\\\/fr\\\/fachtexte\\\/les-subventions-en-temps-de-crise-le-potentiel-damelioration-des-aides-financieres-et-des-compensations\\\/#breadcrumb\",\"itemListElement\":[{\"@type\":\"ListItem\",\"position\":1,\"name\":\"Home\",\"item\":\"https:\\\/\\\/www.efk.admin.ch\\\/fr\\\/\"},{\"@type\":\"ListItem\",\"position\":2,\"name\":\"Les subventions en temps de crise. Le potentiel d&#8217;am\u00e9liora&shy;tion des aides financi\u00e8res et des compensations\"}]},{\"@type\":\"WebSite\",\"@id\":\"https:\\\/\\\/www.efk.admin.ch\\\/fr\\\/#website\",\"url\":\"https:\\\/\\\/www.efk.admin.ch\\\/fr\\\/\",\"name\":\"Informationen \u00fcber das oberste Finanzaufsichtsorgan der Schweiz\",\"description\":\"Le Contr\u00f4le f\u00e9d\u00e9ral des finances (CDF) est l'organe supr\u00eame de surveillance financi\u00e8re de la Conf\u00e9d\u00e9ration suisse.\",\"publisher\":{\"@id\":\"https:\\\/\\\/www.efk.admin.ch\\\/fr\\\/#organization\"},\"alternateName\":\"EFK\",\"potentialAction\":[{\"@type\":\"SearchAction\",\"target\":{\"@type\":\"EntryPoint\",\"urlTemplate\":\"https:\\\/\\\/www.efk.admin.ch\\\/fr\\\/?s={search_term_string}\"},\"query-input\":{\"@type\":\"PropertyValueSpecification\",\"valueRequired\":true,\"valueName\":\"search_term_string\"}}],\"inLanguage\":\"fr-FR\"},{\"@type\":\"Organization\",\"@id\":\"https:\\\/\\\/www.efk.admin.ch\\\/fr\\\/#organization\",\"name\":\"Contr\u00f4le f\u00e9d\u00e9ral des finances (CDF)\",\"alternateName\":\"EFK\",\"url\":\"https:\\\/\\\/www.efk.admin.ch\\\/fr\\\/\",\"logo\":{\"@type\":\"ImageObject\",\"inLanguage\":\"fr-FR\",\"@id\":\"https:\\\/\\\/www.efk.admin.ch\\\/fr\\\/#\\\/schema\\\/logo\\\/image\\\/\",\"url\":\"https:\\\/\\\/www.efk.admin.ch\\\/wp-content\\\/uploads\\\/efk_cdf_logo_ohne_claim.png\",\"contentUrl\":\"https:\\\/\\\/www.efk.admin.ch\\\/wp-content\\\/uploads\\\/efk_cdf_logo_ohne_claim.png\",\"width\":268,\"height\":258,\"caption\":\"Contr\u00f4le f\u00e9d\u00e9ral des finances (CDF)\"},\"image\":{\"@id\":\"https:\\\/\\\/www.efk.admin.ch\\\/fr\\\/#\\\/schema\\\/logo\\\/image\\\/\"},\"sameAs\":[\"https:\\\/\\\/www.instagram.com\\\/efk_cdf_sfao\\\/\",\"https:\\\/\\\/www.youtube.com\\\/channel\\\/UCm-bXj227VE5sJzhB-ihdvw\\\/featured\",\"https:\\\/\\\/www.linkedin.com\\\/company\\\/11081578\\\/\"]}]}<\/script>\n<!-- \/ Yoast SEO Premium plugin. -->","yoast_head_json":{"title":"Les subventions en temps de crise. Le potentiel d'am\u00e9liora&shy;tion des aides financi\u00e8res et des compensations - Contr\u00f4le f\u00e9d\u00e9ral des finances (CDF)","robots":{"index":"index","follow":"follow","max-snippet":"max-snippet:-1","max-image-preview":"max-image-preview:large","max-video-preview":"max-video-preview:-1"},"canonical":"https:\/\/www.efk.admin.ch\/fr\/fachtexte\/les-subventions-en-temps-de-crise-le-potentiel-damelioration-des-aides-financieres-et-des-compensations\/","og_locale":"fr_FR","og_type":"article","og_title":"Les subventions en temps de crise. Le potentiel d'am\u00e9liora&shy;tion des aides financi\u00e8res et des compensations","og_description":"La pand\u00e9mie COVID-19 a rendu plus difficile la mise en \u0153uvre d&#8217;une politique financi\u00e8re durable et a augment\u00e9 la pression sur les gouvernements du monde entier pour qu&#8217;ils utilisent les fonds publics de mani\u00e8re plus efficiente et efficace. La Suisse doit elle aussi r\u00e9duire ses d\u00e9penses pour que le budget f\u00e9d\u00e9ral soit \u00e0 nouveau conforme [&hellip;]","og_url":"https:\/\/www.efk.admin.ch\/fr\/fachtexte\/les-subventions-en-temps-de-crise-le-potentiel-damelioration-des-aides-financieres-et-des-compensations\/","og_site_name":"Contr\u00f4le f\u00e9d\u00e9ral des finances (CDF)","article_modified_time":"2024-11-29T09:00:26+00:00","og_image":[{"width":750,"height":500,"url":"https:\/\/www.efk.admin.ch\/wp-content\/uploads\/test\/palais.jpg","type":"image\/jpeg"}],"twitter_card":"summary_large_image","twitter_misc":{"Dur\u00e9e de lecture estim\u00e9e":"1 minute"},"schema":{"@context":"https:\/\/schema.org","@graph":[{"@type":"WebPage","@id":"https:\/\/www.efk.admin.ch\/fr\/fachtexte\/les-subventions-en-temps-de-crise-le-potentiel-damelioration-des-aides-financieres-et-des-compensations\/","url":"https:\/\/www.efk.admin.ch\/fr\/fachtexte\/les-subventions-en-temps-de-crise-le-potentiel-damelioration-des-aides-financieres-et-des-compensations\/","name":"Les subventions en temps de crise. Le potentiel d'am\u00e9liora&shy;tion des aides financi\u00e8res et des compensations - Contr\u00f4le f\u00e9d\u00e9ral des finances (CDF)","isPartOf":{"@id":"https:\/\/www.efk.admin.ch\/fr\/#website"},"datePublished":"2024-11-29T08:55:33+00:00","dateModified":"2024-11-29T09:00:26+00:00","breadcrumb":{"@id":"https:\/\/www.efk.admin.ch\/fr\/fachtexte\/les-subventions-en-temps-de-crise-le-potentiel-damelioration-des-aides-financieres-et-des-compensations\/#breadcrumb"},"inLanguage":"fr-FR","potentialAction":[{"@type":"ReadAction","target":["https:\/\/www.efk.admin.ch\/fr\/fachtexte\/les-subventions-en-temps-de-crise-le-potentiel-damelioration-des-aides-financieres-et-des-compensations\/"]}]},{"@type":"BreadcrumbList","@id":"https:\/\/www.efk.admin.ch\/fr\/fachtexte\/les-subventions-en-temps-de-crise-le-potentiel-damelioration-des-aides-financieres-et-des-compensations\/#breadcrumb","itemListElement":[{"@type":"ListItem","position":1,"name":"Home","item":"https:\/\/www.efk.admin.ch\/fr\/"},{"@type":"ListItem","position":2,"name":"Les subventions en temps de crise. Le potentiel d&#8217;am\u00e9liora&shy;tion des aides financi\u00e8res et des compensations"}]},{"@type":"WebSite","@id":"https:\/\/www.efk.admin.ch\/fr\/#website","url":"https:\/\/www.efk.admin.ch\/fr\/","name":"Informationen \u00fcber das oberste Finanzaufsichtsorgan der Schweiz","description":"Le Contr\u00f4le f\u00e9d\u00e9ral des finances (CDF) est l'organe supr\u00eame de surveillance financi\u00e8re de la Conf\u00e9d\u00e9ration suisse.","publisher":{"@id":"https:\/\/www.efk.admin.ch\/fr\/#organization"},"alternateName":"EFK","potentialAction":[{"@type":"SearchAction","target":{"@type":"EntryPoint","urlTemplate":"https:\/\/www.efk.admin.ch\/fr\/?s={search_term_string}"},"query-input":{"@type":"PropertyValueSpecification","valueRequired":true,"valueName":"search_term_string"}}],"inLanguage":"fr-FR"},{"@type":"Organization","@id":"https:\/\/www.efk.admin.ch\/fr\/#organization","name":"Contr\u00f4le f\u00e9d\u00e9ral des finances (CDF)","alternateName":"EFK","url":"https:\/\/www.efk.admin.ch\/fr\/","logo":{"@type":"ImageObject","inLanguage":"fr-FR","@id":"https:\/\/www.efk.admin.ch\/fr\/#\/schema\/logo\/image\/","url":"https:\/\/www.efk.admin.ch\/wp-content\/uploads\/efk_cdf_logo_ohne_claim.png","contentUrl":"https:\/\/www.efk.admin.ch\/wp-content\/uploads\/efk_cdf_logo_ohne_claim.png","width":268,"height":258,"caption":"Contr\u00f4le f\u00e9d\u00e9ral des finances (CDF)"},"image":{"@id":"https:\/\/www.efk.admin.ch\/fr\/#\/schema\/logo\/image\/"},"sameAs":["https:\/\/www.instagram.com\/efk_cdf_sfao\/","https:\/\/www.youtube.com\/channel\/UCm-bXj227VE5sJzhB-ihdvw\/featured","https:\/\/www.linkedin.com\/company\/11081578\/"]}]}},"_links":{"self":[{"href":"https:\/\/www.efk.admin.ch\/fr\/wp-json\/wp\/v2\/fachtexte\/34700","targetHints":{"allow":["GET"]}}],"collection":[{"href":"https:\/\/www.efk.admin.ch\/fr\/wp-json\/wp\/v2\/fachtexte"}],"about":[{"href":"https:\/\/www.efk.admin.ch\/fr\/wp-json\/wp\/v2\/types\/fachtexte"}],"wp:attachment":[{"href":"https:\/\/www.efk.admin.ch\/fr\/wp-json\/wp\/v2\/media?parent=34700"}],"curies":[{"name":"wp","href":"https:\/\/api.w.org\/{rel}","templated":true}]}}