{"id":32612,"date":"2024-07-11T16:56:41","date_gmt":"2024-07-11T14:56:41","guid":{"rendered":"https:\/\/www.efk.admin.ch\/?post_type=fachtexte&#038;p=32612"},"modified":"2024-07-11T16:58:58","modified_gmt":"2024-07-11T14:58:58","slug":"plan-de-controle-des-credits-covid-19-visant-a-lutter-contre-les-abus","status":"publish","type":"fachtexte","link":"https:\/\/www.efk.admin.ch\/fr\/fachtexte\/plan-de-controle-des-credits-covid-19-visant-a-lutter-contre-les-abus\/","title":{"rendered":"Plan de contr\u00f4le des cr\u00e9dits COVID-19 visant \u00e0 lutter contre les abus"},"content":{"rendered":"\n<p>Das vorliegende Konzept fasst die Pr\u00fcfaufgaben der Akteure im Rahmen der Verordnung zur Gew\u00e4hrung von Krediten und Solidarb\u00fcrgschaften in Folge des Coronavirus zusammen.<\/p>\n\n\n\n<p>Der Zweck dieses Konzepts ist es: 1. Die Erstellung einer \u00dcbersicht s\u00e4mtlicher Pr\u00fcfschritte aller Akteure 2. Die Identifikation und der Umgang bei Fehlern und Missbr\u00e4uchen 3. Die Festlegung der geeigneten Instrumente und Prozesse, um die identifizierten Risiken zu reduzieren, auf Missbr\u00e4uche und allf\u00e4llige Fehlentwicklungen (Fehler, Leistungsausfall etc.) reagieren zu k\u00f6nnen.<\/p>\n\n\n\n<p>Mit dem vorliegenden Konzept entwickelt das WBF\/SECO in Zusammenarbeit mit dem EFD\/EFV und der EFK die Eckwerte des Konzepts zur Missbrauchsbek\u00e4mpfung, welche Bestandteil des Bundesratsbeschlusses vom 03.04.2020 bildeten, weiter und legt das Pr\u00fcfkonzept fest.<\/p>\n\n\n\n<p>Das Pr\u00fcfkonzept bildet ein operatives Instrument im Rahmen des Aufsichts- und Controllingkonzepts des gewerbeorientierten B\u00fcrgschaftswesens des SECO vom 17.02.2015. Aktivit\u00e4ten, welche die Pr\u00fcfaufgaben nicht betreffen (bspw. Monitoring, Umsetzung Art. 14 der COVID-19-Solidarb\u00fcrgschaftsverordnung), sind in diesem Dokument nicht oder nur summarisch wiedergegeben.<\/p>\n","protected":false},"featured_media":0,"menu_order":0,"template":"","class_list":["post-32612","fachtexte","type-fachtexte","status-publish","hentry"],"acf":[],"yoast_head":"<!-- This site is optimized with the Yoast SEO Premium plugin v27.4 (Yoast SEO v27.4) - https:\/\/yoast.com\/product\/yoast-seo-premium-wordpress\/ -->\n<title>Plan de contr\u00f4le des cr\u00e9dits COVID-19 visant \u00e0 lutter contre les abus - Contr\u00f4le f\u00e9d\u00e9ral des finances (CDF)<\/title>\n<meta name=\"robots\" content=\"index, follow, max-snippet:-1, max-image-preview:large, max-video-preview:-1\" \/>\n<link rel=\"canonical\" href=\"https:\/\/www.efk.admin.ch\/fr\/fachtexte\/plan-de-controle-des-credits-covid-19-visant-a-lutter-contre-les-abus\/\" \/>\n<meta property=\"og:locale\" content=\"fr_FR\" \/>\n<meta property=\"og:type\" content=\"article\" \/>\n<meta property=\"og:title\" content=\"Plan de contr\u00f4le des cr\u00e9dits COVID-19 visant \u00e0 lutter contre les abus\" \/>\n<meta property=\"og:description\" content=\"Das vorliegende Konzept fasst die Pr\u00fcfaufgaben der Akteure im Rahmen der Verordnung zur Gew\u00e4hrung von Krediten und Solidarb\u00fcrgschaften in Folge des Coronavirus zusammen. Der Zweck dieses Konzepts ist es: 1. Die Erstellung einer \u00dcbersicht s\u00e4mtlicher Pr\u00fcfschritte aller Akteure 2. Die Identifikation und der Umgang bei Fehlern und Missbr\u00e4uchen 3. Die Festlegung der geeigneten Instrumente und [&hellip;]\" \/>\n<meta property=\"og:url\" content=\"https:\/\/www.efk.admin.ch\/fr\/fachtexte\/plan-de-controle-des-credits-covid-19-visant-a-lutter-contre-les-abus\/\" \/>\n<meta property=\"og:site_name\" content=\"Contr\u00f4le f\u00e9d\u00e9ral des finances (CDF)\" \/>\n<meta property=\"article:modified_time\" content=\"2024-07-11T14:58:58+00:00\" \/>\n<meta property=\"og:image\" content=\"https:\/\/www.efk.admin.ch\/wp-content\/uploads\/test\/palais.jpg\" \/>\n\t<meta property=\"og:image:width\" content=\"750\" \/>\n\t<meta property=\"og:image:height\" content=\"500\" \/>\n\t<meta property=\"og:image:type\" content=\"image\/jpeg\" \/>\n<meta name=\"twitter:card\" content=\"summary_large_image\" \/>\n<meta name=\"twitter:label1\" content=\"Dur\u00e9e de lecture estim\u00e9e\" \/>\n\t<meta name=\"twitter:data1\" content=\"1 minute\" \/>\n<script type=\"application\/ld+json\" class=\"yoast-schema-graph\">{\"@context\":\"https:\\\/\\\/schema.org\",\"@graph\":[{\"@type\":\"WebPage\",\"@id\":\"https:\\\/\\\/www.efk.admin.ch\\\/fr\\\/fachtexte\\\/plan-de-controle-des-credits-covid-19-visant-a-lutter-contre-les-abus\\\/\",\"url\":\"https:\\\/\\\/www.efk.admin.ch\\\/fr\\\/fachtexte\\\/plan-de-controle-des-credits-covid-19-visant-a-lutter-contre-les-abus\\\/\",\"name\":\"Plan de contr\u00f4le des cr\u00e9dits COVID-19 visant \u00e0 lutter contre les abus - Contr\u00f4le f\u00e9d\u00e9ral des finances (CDF)\",\"isPartOf\":{\"@id\":\"https:\\\/\\\/www.efk.admin.ch\\\/fr\\\/#website\"},\"datePublished\":\"2024-07-11T14:56:41+00:00\",\"dateModified\":\"2024-07-11T14:58:58+00:00\",\"breadcrumb\":{\"@id\":\"https:\\\/\\\/www.efk.admin.ch\\\/fr\\\/fachtexte\\\/plan-de-controle-des-credits-covid-19-visant-a-lutter-contre-les-abus\\\/#breadcrumb\"},\"inLanguage\":\"fr-FR\",\"potentialAction\":[{\"@type\":\"ReadAction\",\"target\":[\"https:\\\/\\\/www.efk.admin.ch\\\/fr\\\/fachtexte\\\/plan-de-controle-des-credits-covid-19-visant-a-lutter-contre-les-abus\\\/\"]}]},{\"@type\":\"BreadcrumbList\",\"@id\":\"https:\\\/\\\/www.efk.admin.ch\\\/fr\\\/fachtexte\\\/plan-de-controle-des-credits-covid-19-visant-a-lutter-contre-les-abus\\\/#breadcrumb\",\"itemListElement\":[{\"@type\":\"ListItem\",\"position\":1,\"name\":\"Home\",\"item\":\"https:\\\/\\\/www.efk.admin.ch\\\/fr\\\/\"},{\"@type\":\"ListItem\",\"position\":2,\"name\":\"Plan de contr\u00f4le des cr\u00e9dits COVID-19 visant \u00e0 lutter contre les abus\"}]},{\"@type\":\"WebSite\",\"@id\":\"https:\\\/\\\/www.efk.admin.ch\\\/fr\\\/#website\",\"url\":\"https:\\\/\\\/www.efk.admin.ch\\\/fr\\\/\",\"name\":\"Informationen \u00fcber das oberste Finanzaufsichtsorgan der Schweiz\",\"description\":\"Le Contr\u00f4le f\u00e9d\u00e9ral des finances (CDF) est l'organe supr\u00eame de surveillance financi\u00e8re de la Conf\u00e9d\u00e9ration suisse.\",\"publisher\":{\"@id\":\"https:\\\/\\\/www.efk.admin.ch\\\/fr\\\/#organization\"},\"alternateName\":\"EFK\",\"potentialAction\":[{\"@type\":\"SearchAction\",\"target\":{\"@type\":\"EntryPoint\",\"urlTemplate\":\"https:\\\/\\\/www.efk.admin.ch\\\/fr\\\/?s={search_term_string}\"},\"query-input\":{\"@type\":\"PropertyValueSpecification\",\"valueRequired\":true,\"valueName\":\"search_term_string\"}}],\"inLanguage\":\"fr-FR\"},{\"@type\":\"Organization\",\"@id\":\"https:\\\/\\\/www.efk.admin.ch\\\/fr\\\/#organization\",\"name\":\"Contr\u00f4le f\u00e9d\u00e9ral des finances (CDF)\",\"alternateName\":\"EFK\",\"url\":\"https:\\\/\\\/www.efk.admin.ch\\\/fr\\\/\",\"logo\":{\"@type\":\"ImageObject\",\"inLanguage\":\"fr-FR\",\"@id\":\"https:\\\/\\\/www.efk.admin.ch\\\/fr\\\/#\\\/schema\\\/logo\\\/image\\\/\",\"url\":\"https:\\\/\\\/www.efk.admin.ch\\\/wp-content\\\/uploads\\\/efk_cdf_logo_ohne_claim.png\",\"contentUrl\":\"https:\\\/\\\/www.efk.admin.ch\\\/wp-content\\\/uploads\\\/efk_cdf_logo_ohne_claim.png\",\"width\":268,\"height\":258,\"caption\":\"Contr\u00f4le f\u00e9d\u00e9ral des finances (CDF)\"},\"image\":{\"@id\":\"https:\\\/\\\/www.efk.admin.ch\\\/fr\\\/#\\\/schema\\\/logo\\\/image\\\/\"},\"sameAs\":[\"https:\\\/\\\/www.instagram.com\\\/efk_cdf_sfao\\\/\",\"https:\\\/\\\/www.youtube.com\\\/channel\\\/UCm-bXj227VE5sJzhB-ihdvw\\\/featured\",\"https:\\\/\\\/www.linkedin.com\\\/company\\\/11081578\\\/\"]}]}<\/script>\n<!-- \/ Yoast SEO Premium plugin. -->","yoast_head_json":{"title":"Plan de contr\u00f4le des cr\u00e9dits COVID-19 visant \u00e0 lutter contre les abus - Contr\u00f4le f\u00e9d\u00e9ral des finances (CDF)","robots":{"index":"index","follow":"follow","max-snippet":"max-snippet:-1","max-image-preview":"max-image-preview:large","max-video-preview":"max-video-preview:-1"},"canonical":"https:\/\/www.efk.admin.ch\/fr\/fachtexte\/plan-de-controle-des-credits-covid-19-visant-a-lutter-contre-les-abus\/","og_locale":"fr_FR","og_type":"article","og_title":"Plan de contr\u00f4le des cr\u00e9dits COVID-19 visant \u00e0 lutter contre les abus","og_description":"Das vorliegende Konzept fasst die Pr\u00fcfaufgaben der Akteure im Rahmen der Verordnung zur Gew\u00e4hrung von Krediten und Solidarb\u00fcrgschaften in Folge des Coronavirus zusammen. Der Zweck dieses Konzepts ist es: 1. Die Erstellung einer \u00dcbersicht s\u00e4mtlicher Pr\u00fcfschritte aller Akteure 2. Die Identifikation und der Umgang bei Fehlern und Missbr\u00e4uchen 3. Die Festlegung der geeigneten Instrumente und [&hellip;]","og_url":"https:\/\/www.efk.admin.ch\/fr\/fachtexte\/plan-de-controle-des-credits-covid-19-visant-a-lutter-contre-les-abus\/","og_site_name":"Contr\u00f4le f\u00e9d\u00e9ral des finances (CDF)","article_modified_time":"2024-07-11T14:58:58+00:00","og_image":[{"width":750,"height":500,"url":"https:\/\/www.efk.admin.ch\/wp-content\/uploads\/test\/palais.jpg","type":"image\/jpeg"}],"twitter_card":"summary_large_image","twitter_misc":{"Dur\u00e9e de lecture estim\u00e9e":"1 minute"},"schema":{"@context":"https:\/\/schema.org","@graph":[{"@type":"WebPage","@id":"https:\/\/www.efk.admin.ch\/fr\/fachtexte\/plan-de-controle-des-credits-covid-19-visant-a-lutter-contre-les-abus\/","url":"https:\/\/www.efk.admin.ch\/fr\/fachtexte\/plan-de-controle-des-credits-covid-19-visant-a-lutter-contre-les-abus\/","name":"Plan de contr\u00f4le des cr\u00e9dits COVID-19 visant \u00e0 lutter contre les abus - Contr\u00f4le f\u00e9d\u00e9ral des finances (CDF)","isPartOf":{"@id":"https:\/\/www.efk.admin.ch\/fr\/#website"},"datePublished":"2024-07-11T14:56:41+00:00","dateModified":"2024-07-11T14:58:58+00:00","breadcrumb":{"@id":"https:\/\/www.efk.admin.ch\/fr\/fachtexte\/plan-de-controle-des-credits-covid-19-visant-a-lutter-contre-les-abus\/#breadcrumb"},"inLanguage":"fr-FR","potentialAction":[{"@type":"ReadAction","target":["https:\/\/www.efk.admin.ch\/fr\/fachtexte\/plan-de-controle-des-credits-covid-19-visant-a-lutter-contre-les-abus\/"]}]},{"@type":"BreadcrumbList","@id":"https:\/\/www.efk.admin.ch\/fr\/fachtexte\/plan-de-controle-des-credits-covid-19-visant-a-lutter-contre-les-abus\/#breadcrumb","itemListElement":[{"@type":"ListItem","position":1,"name":"Home","item":"https:\/\/www.efk.admin.ch\/fr\/"},{"@type":"ListItem","position":2,"name":"Plan de contr\u00f4le des cr\u00e9dits COVID-19 visant \u00e0 lutter contre les abus"}]},{"@type":"WebSite","@id":"https:\/\/www.efk.admin.ch\/fr\/#website","url":"https:\/\/www.efk.admin.ch\/fr\/","name":"Informationen \u00fcber das oberste Finanzaufsichtsorgan der Schweiz","description":"Le Contr\u00f4le f\u00e9d\u00e9ral des finances (CDF) est l'organe supr\u00eame de surveillance financi\u00e8re de la Conf\u00e9d\u00e9ration suisse.","publisher":{"@id":"https:\/\/www.efk.admin.ch\/fr\/#organization"},"alternateName":"EFK","potentialAction":[{"@type":"SearchAction","target":{"@type":"EntryPoint","urlTemplate":"https:\/\/www.efk.admin.ch\/fr\/?s={search_term_string}"},"query-input":{"@type":"PropertyValueSpecification","valueRequired":true,"valueName":"search_term_string"}}],"inLanguage":"fr-FR"},{"@type":"Organization","@id":"https:\/\/www.efk.admin.ch\/fr\/#organization","name":"Contr\u00f4le f\u00e9d\u00e9ral des finances (CDF)","alternateName":"EFK","url":"https:\/\/www.efk.admin.ch\/fr\/","logo":{"@type":"ImageObject","inLanguage":"fr-FR","@id":"https:\/\/www.efk.admin.ch\/fr\/#\/schema\/logo\/image\/","url":"https:\/\/www.efk.admin.ch\/wp-content\/uploads\/efk_cdf_logo_ohne_claim.png","contentUrl":"https:\/\/www.efk.admin.ch\/wp-content\/uploads\/efk_cdf_logo_ohne_claim.png","width":268,"height":258,"caption":"Contr\u00f4le f\u00e9d\u00e9ral des finances (CDF)"},"image":{"@id":"https:\/\/www.efk.admin.ch\/fr\/#\/schema\/logo\/image\/"},"sameAs":["https:\/\/www.instagram.com\/efk_cdf_sfao\/","https:\/\/www.youtube.com\/channel\/UCm-bXj227VE5sJzhB-ihdvw\/featured","https:\/\/www.linkedin.com\/company\/11081578\/"]}]}},"_links":{"self":[{"href":"https:\/\/www.efk.admin.ch\/fr\/wp-json\/wp\/v2\/fachtexte\/32612","targetHints":{"allow":["GET"]}}],"collection":[{"href":"https:\/\/www.efk.admin.ch\/fr\/wp-json\/wp\/v2\/fachtexte"}],"about":[{"href":"https:\/\/www.efk.admin.ch\/fr\/wp-json\/wp\/v2\/types\/fachtexte"}],"wp:attachment":[{"href":"https:\/\/www.efk.admin.ch\/fr\/wp-json\/wp\/v2\/media?parent=32612"}],"curies":[{"name":"wp","href":"https:\/\/api.w.org\/{rel}","templated":true}]}}