{"id":28176,"date":"2023-11-29T11:02:26","date_gmt":"2023-11-29T10:02:26","guid":{"rendered":"https:\/\/preview.efk.admin.ch\/?post_type=direction&#038;p=28176"},"modified":"2024-05-10T09:58:52","modified_gmt":"2024-05-10T07:58:52","slug":"brigitte-christ","status":"publish","type":"direction","link":"https:\/\/www.efk.admin.ch\/fr\/leitung-und-stab\/brigitte-christ\/","title":{"rendered":"Brigitte Christ"},"content":{"rendered":"\n<p>Brigitte Christ travaille au CDF depuis 2011. Elle a \u00e9t\u00e9 nomm\u00e9e directrice suppl\u00e9ante en 2014 et dirige les sept domaines d\u2019examen. Elle a achev\u00e9 une formation en gestion d\u2019entreprise avec sp\u00e9cialisation dans le domaine informatique. Elle est aussi d\u00e9tentrice d\u2019un dipl\u00f4me de Certified Information Systems Auditor (CISA).<\/p>\n","protected":false},"featured_media":28180,"template":"","class_list":["post-28176","direction","type-direction","status-publish","has-post-thumbnail","hentry"],"acf":[],"yoast_head":"<!-- This site is optimized with the Yoast SEO Premium plugin v27.4 (Yoast SEO v27.4) - https:\/\/yoast.com\/product\/yoast-seo-premium-wordpress\/ -->\n<title>Brigitte Christ - Contr\u00f4le f\u00e9d\u00e9ral des finances (CDF)<\/title>\n<meta name=\"robots\" content=\"index, follow, max-snippet:-1, max-image-preview:large, max-video-preview:-1\" \/>\n<link rel=\"canonical\" href=\"https:\/\/www.efk.admin.ch\/fr\/leitung-und-stab\/brigitte-christ\/\" \/>\n<meta property=\"og:locale\" content=\"fr_FR\" \/>\n<meta property=\"og:type\" content=\"article\" \/>\n<meta property=\"og:title\" content=\"Brigitte Christ\" \/>\n<meta property=\"og:description\" content=\"Brigitte Christ travaille au CDF depuis 2011. Elle a \u00e9t\u00e9 nomm\u00e9e directrice suppl\u00e9ante en 2014 et dirige les sept domaines d\u2019examen. Elle a achev\u00e9 une formation en gestion d\u2019entreprise avec sp\u00e9cialisation dans le domaine informatique. Elle est aussi d\u00e9tentrice d\u2019un dipl\u00f4me de Certified Information Systems Auditor (CISA).\" \/>\n<meta property=\"og:url\" content=\"https:\/\/www.efk.admin.ch\/fr\/leitung-und-stab\/brigitte-christ\/\" \/>\n<meta property=\"og:site_name\" content=\"Contr\u00f4le f\u00e9d\u00e9ral des finances (CDF)\" \/>\n<meta property=\"article:modified_time\" content=\"2024-05-10T07:58:52+00:00\" \/>\n<meta property=\"og:image\" content=\"https:\/\/www.efk.admin.ch\/wp-content\/uploads\/bilder\/organigramm\/2024_03_26_eidg_finanzkontrolle7b2a3872-bearbeitet_highres-scaled.jpg\" \/>\n\t<meta property=\"og:image:width\" content=\"2343\" \/>\n\t<meta property=\"og:image:height\" content=\"2560\" \/>\n\t<meta property=\"og:image:type\" content=\"image\/jpeg\" \/>\n<meta name=\"twitter:card\" content=\"summary_large_image\" \/>\n<script type=\"application\/ld+json\" class=\"yoast-schema-graph\">{\"@context\":\"https:\\\/\\\/schema.org\",\"@graph\":[{\"@type\":\"WebPage\",\"@id\":\"https:\\\/\\\/www.efk.admin.ch\\\/fr\\\/leitung-und-stab\\\/brigitte-christ\\\/\",\"url\":\"https:\\\/\\\/www.efk.admin.ch\\\/fr\\\/leitung-und-stab\\\/brigitte-christ\\\/\",\"name\":\"Brigitte Christ - Contr\u00f4le f\u00e9d\u00e9ral des finances (CDF)\",\"isPartOf\":{\"@id\":\"https:\\\/\\\/www.efk.admin.ch\\\/fr\\\/#website\"},\"primaryImageOfPage\":{\"@id\":\"https:\\\/\\\/www.efk.admin.ch\\\/fr\\\/leitung-und-stab\\\/brigitte-christ\\\/#primaryimage\"},\"image\":{\"@id\":\"https:\\\/\\\/www.efk.admin.ch\\\/fr\\\/leitung-und-stab\\\/brigitte-christ\\\/#primaryimage\"},\"thumbnailUrl\":\"https:\\\/\\\/www.efk.admin.ch\\\/wp-content\\\/uploads\\\/bilder\\\/organigramm\\\/2024_03_26_eidg_finanzkontrolle7b2a3872-bearbeitet_highres-scaled.jpg\",\"datePublished\":\"2023-11-29T10:02:26+00:00\",\"dateModified\":\"2024-05-10T07:58:52+00:00\",\"breadcrumb\":{\"@id\":\"https:\\\/\\\/www.efk.admin.ch\\\/fr\\\/leitung-und-stab\\\/brigitte-christ\\\/#breadcrumb\"},\"inLanguage\":\"fr-FR\",\"potentialAction\":[{\"@type\":\"ReadAction\",\"target\":[\"https:\\\/\\\/www.efk.admin.ch\\\/fr\\\/leitung-und-stab\\\/brigitte-christ\\\/\"]}]},{\"@type\":\"ImageObject\",\"inLanguage\":\"fr-FR\",\"@id\":\"https:\\\/\\\/www.efk.admin.ch\\\/fr\\\/leitung-und-stab\\\/brigitte-christ\\\/#primaryimage\",\"url\":\"https:\\\/\\\/www.efk.admin.ch\\\/wp-content\\\/uploads\\\/bilder\\\/organigramm\\\/2024_03_26_eidg_finanzkontrolle7b2a3872-bearbeitet_highres-scaled.jpg\",\"contentUrl\":\"https:\\\/\\\/www.efk.admin.ch\\\/wp-content\\\/uploads\\\/bilder\\\/organigramm\\\/2024_03_26_eidg_finanzkontrolle7b2a3872-bearbeitet_highres-scaled.jpg\",\"width\":2343,\"height\":2560,\"caption\":\"Brigitte Christ\"},{\"@type\":\"BreadcrumbList\",\"@id\":\"https:\\\/\\\/www.efk.admin.ch\\\/fr\\\/leitung-und-stab\\\/brigitte-christ\\\/#breadcrumb\",\"itemListElement\":[{\"@type\":\"ListItem\",\"position\":1,\"name\":\"Home\",\"item\":\"https:\\\/\\\/www.efk.admin.ch\\\/fr\\\/\"},{\"@type\":\"ListItem\",\"position\":2,\"name\":\"Membres\",\"item\":\"https:\\\/\\\/www.efk.admin.ch\\\/fr\\\/leitung-und-stab\\\/\"},{\"@type\":\"ListItem\",\"position\":3,\"name\":\"Brigitte Christ\"}]},{\"@type\":\"WebSite\",\"@id\":\"https:\\\/\\\/www.efk.admin.ch\\\/fr\\\/#website\",\"url\":\"https:\\\/\\\/www.efk.admin.ch\\\/fr\\\/\",\"name\":\"Informationen \u00fcber das oberste Finanzaufsichtsorgan der Schweiz\",\"description\":\"Le Contr\u00f4le f\u00e9d\u00e9ral des finances (CDF) est l'organe supr\u00eame de surveillance financi\u00e8re de la Conf\u00e9d\u00e9ration suisse.\",\"publisher\":{\"@id\":\"https:\\\/\\\/www.efk.admin.ch\\\/fr\\\/#organization\"},\"alternateName\":\"EFK\",\"potentialAction\":[{\"@type\":\"SearchAction\",\"target\":{\"@type\":\"EntryPoint\",\"urlTemplate\":\"https:\\\/\\\/www.efk.admin.ch\\\/fr\\\/?s={search_term_string}\"},\"query-input\":{\"@type\":\"PropertyValueSpecification\",\"valueRequired\":true,\"valueName\":\"search_term_string\"}}],\"inLanguage\":\"fr-FR\"},{\"@type\":\"Organization\",\"@id\":\"https:\\\/\\\/www.efk.admin.ch\\\/fr\\\/#organization\",\"name\":\"Contr\u00f4le f\u00e9d\u00e9ral des finances (CDF)\",\"alternateName\":\"EFK\",\"url\":\"https:\\\/\\\/www.efk.admin.ch\\\/fr\\\/\",\"logo\":{\"@type\":\"ImageObject\",\"inLanguage\":\"fr-FR\",\"@id\":\"https:\\\/\\\/www.efk.admin.ch\\\/fr\\\/#\\\/schema\\\/logo\\\/image\\\/\",\"url\":\"https:\\\/\\\/www.efk.admin.ch\\\/wp-content\\\/uploads\\\/efk_cdf_logo_ohne_claim.png\",\"contentUrl\":\"https:\\\/\\\/www.efk.admin.ch\\\/wp-content\\\/uploads\\\/efk_cdf_logo_ohne_claim.png\",\"width\":268,\"height\":258,\"caption\":\"Contr\u00f4le f\u00e9d\u00e9ral des finances (CDF)\"},\"image\":{\"@id\":\"https:\\\/\\\/www.efk.admin.ch\\\/fr\\\/#\\\/schema\\\/logo\\\/image\\\/\"},\"sameAs\":[\"https:\\\/\\\/www.instagram.com\\\/efk_cdf_sfao\\\/\",\"https:\\\/\\\/www.youtube.com\\\/channel\\\/UCm-bXj227VE5sJzhB-ihdvw\\\/featured\",\"https:\\\/\\\/www.linkedin.com\\\/company\\\/11081578\\\/\"]}]}<\/script>\n<!-- \/ Yoast SEO Premium plugin. -->","yoast_head_json":{"title":"Brigitte Christ - Contr\u00f4le f\u00e9d\u00e9ral des finances (CDF)","robots":{"index":"index","follow":"follow","max-snippet":"max-snippet:-1","max-image-preview":"max-image-preview:large","max-video-preview":"max-video-preview:-1"},"canonical":"https:\/\/www.efk.admin.ch\/fr\/leitung-und-stab\/brigitte-christ\/","og_locale":"fr_FR","og_type":"article","og_title":"Brigitte Christ","og_description":"Brigitte Christ travaille au CDF depuis 2011. Elle a \u00e9t\u00e9 nomm\u00e9e directrice suppl\u00e9ante en 2014 et dirige les sept domaines d\u2019examen. Elle a achev\u00e9 une formation en gestion d\u2019entreprise avec sp\u00e9cialisation dans le domaine informatique. Elle est aussi d\u00e9tentrice d\u2019un dipl\u00f4me de Certified Information Systems Auditor (CISA).","og_url":"https:\/\/www.efk.admin.ch\/fr\/leitung-und-stab\/brigitte-christ\/","og_site_name":"Contr\u00f4le f\u00e9d\u00e9ral des finances (CDF)","article_modified_time":"2024-05-10T07:58:52+00:00","og_image":[{"width":2343,"height":2560,"url":"https:\/\/www.efk.admin.ch\/wp-content\/uploads\/bilder\/organigramm\/2024_03_26_eidg_finanzkontrolle7b2a3872-bearbeitet_highres-scaled.jpg","type":"image\/jpeg"}],"twitter_card":"summary_large_image","schema":{"@context":"https:\/\/schema.org","@graph":[{"@type":"WebPage","@id":"https:\/\/www.efk.admin.ch\/fr\/leitung-und-stab\/brigitte-christ\/","url":"https:\/\/www.efk.admin.ch\/fr\/leitung-und-stab\/brigitte-christ\/","name":"Brigitte Christ - Contr\u00f4le f\u00e9d\u00e9ral des finances (CDF)","isPartOf":{"@id":"https:\/\/www.efk.admin.ch\/fr\/#website"},"primaryImageOfPage":{"@id":"https:\/\/www.efk.admin.ch\/fr\/leitung-und-stab\/brigitte-christ\/#primaryimage"},"image":{"@id":"https:\/\/www.efk.admin.ch\/fr\/leitung-und-stab\/brigitte-christ\/#primaryimage"},"thumbnailUrl":"https:\/\/www.efk.admin.ch\/wp-content\/uploads\/bilder\/organigramm\/2024_03_26_eidg_finanzkontrolle7b2a3872-bearbeitet_highres-scaled.jpg","datePublished":"2023-11-29T10:02:26+00:00","dateModified":"2024-05-10T07:58:52+00:00","breadcrumb":{"@id":"https:\/\/www.efk.admin.ch\/fr\/leitung-und-stab\/brigitte-christ\/#breadcrumb"},"inLanguage":"fr-FR","potentialAction":[{"@type":"ReadAction","target":["https:\/\/www.efk.admin.ch\/fr\/leitung-und-stab\/brigitte-christ\/"]}]},{"@type":"ImageObject","inLanguage":"fr-FR","@id":"https:\/\/www.efk.admin.ch\/fr\/leitung-und-stab\/brigitte-christ\/#primaryimage","url":"https:\/\/www.efk.admin.ch\/wp-content\/uploads\/bilder\/organigramm\/2024_03_26_eidg_finanzkontrolle7b2a3872-bearbeitet_highres-scaled.jpg","contentUrl":"https:\/\/www.efk.admin.ch\/wp-content\/uploads\/bilder\/organigramm\/2024_03_26_eidg_finanzkontrolle7b2a3872-bearbeitet_highres-scaled.jpg","width":2343,"height":2560,"caption":"Brigitte Christ"},{"@type":"BreadcrumbList","@id":"https:\/\/www.efk.admin.ch\/fr\/leitung-und-stab\/brigitte-christ\/#breadcrumb","itemListElement":[{"@type":"ListItem","position":1,"name":"Home","item":"https:\/\/www.efk.admin.ch\/fr\/"},{"@type":"ListItem","position":2,"name":"Membres","item":"https:\/\/www.efk.admin.ch\/fr\/leitung-und-stab\/"},{"@type":"ListItem","position":3,"name":"Brigitte Christ"}]},{"@type":"WebSite","@id":"https:\/\/www.efk.admin.ch\/fr\/#website","url":"https:\/\/www.efk.admin.ch\/fr\/","name":"Informationen \u00fcber das oberste Finanzaufsichtsorgan der Schweiz","description":"Le Contr\u00f4le f\u00e9d\u00e9ral des finances (CDF) est l'organe supr\u00eame de surveillance financi\u00e8re de la Conf\u00e9d\u00e9ration suisse.","publisher":{"@id":"https:\/\/www.efk.admin.ch\/fr\/#organization"},"alternateName":"EFK","potentialAction":[{"@type":"SearchAction","target":{"@type":"EntryPoint","urlTemplate":"https:\/\/www.efk.admin.ch\/fr\/?s={search_term_string}"},"query-input":{"@type":"PropertyValueSpecification","valueRequired":true,"valueName":"search_term_string"}}],"inLanguage":"fr-FR"},{"@type":"Organization","@id":"https:\/\/www.efk.admin.ch\/fr\/#organization","name":"Contr\u00f4le f\u00e9d\u00e9ral des finances (CDF)","alternateName":"EFK","url":"https:\/\/www.efk.admin.ch\/fr\/","logo":{"@type":"ImageObject","inLanguage":"fr-FR","@id":"https:\/\/www.efk.admin.ch\/fr\/#\/schema\/logo\/image\/","url":"https:\/\/www.efk.admin.ch\/wp-content\/uploads\/efk_cdf_logo_ohne_claim.png","contentUrl":"https:\/\/www.efk.admin.ch\/wp-content\/uploads\/efk_cdf_logo_ohne_claim.png","width":268,"height":258,"caption":"Contr\u00f4le f\u00e9d\u00e9ral des finances (CDF)"},"image":{"@id":"https:\/\/www.efk.admin.ch\/fr\/#\/schema\/logo\/image\/"},"sameAs":["https:\/\/www.instagram.com\/efk_cdf_sfao\/","https:\/\/www.youtube.com\/channel\/UCm-bXj227VE5sJzhB-ihdvw\/featured","https:\/\/www.linkedin.com\/company\/11081578\/"]}]}},"_links":{"self":[{"href":"https:\/\/www.efk.admin.ch\/fr\/wp-json\/wp\/v2\/direction\/28176","targetHints":{"allow":["GET"]}}],"collection":[{"href":"https:\/\/www.efk.admin.ch\/fr\/wp-json\/wp\/v2\/direction"}],"about":[{"href":"https:\/\/www.efk.admin.ch\/fr\/wp-json\/wp\/v2\/types\/direction"}],"wp:featuredmedia":[{"embeddable":true,"href":"https:\/\/www.efk.admin.ch\/fr\/wp-json\/wp\/v2\/media\/28180"}],"wp:attachment":[{"href":"https:\/\/www.efk.admin.ch\/fr\/wp-json\/wp\/v2\/media?parent=28176"}],"curies":[{"name":"wp","href":"https:\/\/api.w.org\/{rel}","templated":true}]}}