{"id":6450,"date":"2024-01-17T16:38:42","date_gmt":"2024-01-17T15:38:42","guid":{"rendered":"https:\/\/preview.efk.admin.ch\/prufung\/exposition-nationale-expo-01-02-mandat-a-responsabilite-illimitee\/"},"modified":"2024-03-21T18:41:45","modified_gmt":"2024-03-21T17:41:45","slug":"exposition-nationale-expo-01-02-mandat-a-responsabilite-illimitee","status":"publish","type":"audit","link":"https:\/\/www.efk.admin.ch\/fr\/audit\/exposition-nationale-expo-01-02-mandat-a-responsabilite-illimitee\/","title":{"rendered":"Exposition nationale Expo.01\/02: mandat \u00e0 responsabilit\u00e9 illimit\u00e9e"},"content":{"rendered":"\n<p>Le pr\u00e9sent rapport a \u00e9t\u00e9 r\u00e9dig\u00e9 sur mandat du Conseil f\u00e9d\u00e9ral par le Contr\u00f4le f\u00e9d\u00e9ral des finances (CDF). Ce dernier devait d\u00e9crire les probl\u00e8mes rencontr\u00e9s lors d&#8217;Expo.01\/02 et consigner les exp\u00e9riences faites, afin que les m\u00eames erreurs soient \u00e9vit\u00e9es \u00e0 l&#8217;avenir dans des projets similaires. Son enqu\u00eate s&#8217;est concentr\u00e9e sur les probl\u00e8mes \u00e0 l\u2019origine du fait que la Conf\u00e9d\u00e9ration a d\u00fb verser \u00e0 l&#8217;Expo un multiple de la somme pr\u00e9vue initialement (un milliard environ au lieu de 130 millions de francs).<\/p>\n","protected":false},"featured_media":0,"menu_order":0,"template":"","audit_category":[70],"audit_type":[100],"class_list":["post-6450","audit","type-audit","status-publish","hentry","audit_category-divers","audit_type-evaluation"],"acf":{"audit_lang":[{"lang":"d"},{"lang":"f"}],"audit_numbers":[{"audit_number":"4252"}],"audit_office":null,"audit_office_text":"","audit_date":"20050622","bgo":false,"keywords":"Le pr\u00e9sent rapport a \u00e9t\u00e9 r\u00e9dig\u00e9 sur mandat du Conseil f\u00e9d\u00e9ral par le Contr\u00f4le f\u00e9d\u00e9ral des finances (CDF). Ce dernier devait d\u00e9crire les probl\u00e8mes rencontr\u00e9s lors d'Expo.01\/02 et consigner les exp\u00e9riences faites, afin que les m\u00eames erreurs soient \u00e9vit\u00e9es \u00e0 l'avenir dans des projets similaires. Son enqu\u00eate s'est concentr\u00e9e sur les probl\u00e8mes \u00e0 l\u2019origine du fait que la Conf\u00e9d\u00e9ration a d\u00fb verser \u00e0 l'Expo un multiple de la somme pr\u00e9vue initialement (un milliard environ au lieu de 130 millions de francs).","audit_office_local":""},"yoast_head":"<!-- This site is optimized with the Yoast SEO Premium plugin v27.4 (Yoast SEO v27.4) - https:\/\/yoast.com\/product\/yoast-seo-premium-wordpress\/ -->\n<title>Exposition nationale Expo.01\/02: mandat \u00e0 responsabilit\u00e9 illimit\u00e9e - Contr\u00f4le f\u00e9d\u00e9ral des finances (CDF)<\/title>\n<meta name=\"description\" content=\"Exposition nationale Expo.01\/02: mandat \u00e0 responsabilit\u00e9 illimit\u00e9e\" \/>\n<meta name=\"robots\" content=\"index, follow, max-snippet:-1, max-image-preview:large, max-video-preview:-1\" \/>\n<link rel=\"canonical\" href=\"https:\/\/www.efk.admin.ch\/fr\/audit\/exposition-nationale-expo-01-02-mandat-a-responsabilite-illimitee\/\" \/>\n<meta property=\"og:locale\" content=\"fr_FR\" \/>\n<meta property=\"og:type\" content=\"article\" \/>\n<meta property=\"og:title\" content=\"Exposition nationale Expo.01\/02: mandat \u00e0 responsabilit\u00e9 illimit\u00e9e\" \/>\n<meta property=\"og:description\" content=\"Exposition nationale Expo.01\/02: mandat \u00e0 responsabilit\u00e9 illimit\u00e9e\" \/>\n<meta property=\"og:url\" content=\"https:\/\/www.efk.admin.ch\/fr\/audit\/exposition-nationale-expo-01-02-mandat-a-responsabilite-illimitee\/\" \/>\n<meta property=\"og:site_name\" content=\"Contr\u00f4le f\u00e9d\u00e9ral des finances (CDF)\" \/>\n<meta property=\"article:modified_time\" content=\"2024-03-21T17:41:45+00:00\" \/>\n<meta property=\"og:image\" content=\"https:\/\/www.efk.admin.ch\/wp-content\/uploads\/test\/palais.jpg\" \/>\n\t<meta property=\"og:image:width\" content=\"750\" \/>\n\t<meta property=\"og:image:height\" content=\"500\" \/>\n\t<meta property=\"og:image:type\" content=\"image\/jpeg\" \/>\n<meta name=\"twitter:card\" content=\"summary_large_image\" \/>\n<script type=\"application\/ld+json\" class=\"yoast-schema-graph\">{\"@context\":\"https:\\\/\\\/schema.org\",\"@graph\":[{\"@type\":\"WebPage\",\"@id\":\"https:\\\/\\\/www.efk.admin.ch\\\/fr\\\/audit\\\/exposition-nationale-expo-01-02-mandat-a-responsabilite-illimitee\\\/\",\"url\":\"https:\\\/\\\/www.efk.admin.ch\\\/fr\\\/audit\\\/exposition-nationale-expo-01-02-mandat-a-responsabilite-illimitee\\\/\",\"name\":\"Exposition nationale Expo.01\\\/02: mandat \u00e0 responsabilit\u00e9 illimit\u00e9e - Contr\u00f4le f\u00e9d\u00e9ral des finances (CDF)\",\"isPartOf\":{\"@id\":\"https:\\\/\\\/www.efk.admin.ch\\\/fr\\\/#website\"},\"datePublished\":\"2024-01-17T15:38:42+00:00\",\"dateModified\":\"2024-03-21T17:41:45+00:00\",\"description\":\"Exposition nationale Expo.01\\\/02: mandat \u00e0 responsabilit\u00e9 illimit\u00e9e\",\"breadcrumb\":{\"@id\":\"https:\\\/\\\/www.efk.admin.ch\\\/fr\\\/audit\\\/exposition-nationale-expo-01-02-mandat-a-responsabilite-illimitee\\\/#breadcrumb\"},\"inLanguage\":\"fr-FR\",\"potentialAction\":[{\"@type\":\"ReadAction\",\"target\":[\"https:\\\/\\\/www.efk.admin.ch\\\/fr\\\/audit\\\/exposition-nationale-expo-01-02-mandat-a-responsabilite-illimitee\\\/\"]}]},{\"@type\":\"BreadcrumbList\",\"@id\":\"https:\\\/\\\/www.efk.admin.ch\\\/fr\\\/audit\\\/exposition-nationale-expo-01-02-mandat-a-responsabilite-illimitee\\\/#breadcrumb\",\"itemListElement\":[{\"@type\":\"ListItem\",\"position\":1,\"name\":\"Home\",\"item\":\"https:\\\/\\\/www.efk.admin.ch\\\/fr\\\/\"},{\"@type\":\"ListItem\",\"position\":2,\"name\":\"Rapport\",\"item\":\"https:\\\/\\\/www.efk.admin.ch\\\/fr\\\/audit\\\/\"},{\"@type\":\"ListItem\",\"position\":3,\"name\":\"Exposition nationale Expo.01\\\/02: mandat \u00e0 responsabilit\u00e9 illimit\u00e9e\"}]},{\"@type\":\"WebSite\",\"@id\":\"https:\\\/\\\/www.efk.admin.ch\\\/fr\\\/#website\",\"url\":\"https:\\\/\\\/www.efk.admin.ch\\\/fr\\\/\",\"name\":\"Informationen \u00fcber das oberste Finanzaufsichtsorgan der Schweiz\",\"description\":\"Le Contr\u00f4le f\u00e9d\u00e9ral des finances (CDF) est l'organe supr\u00eame de surveillance financi\u00e8re de la Conf\u00e9d\u00e9ration suisse.\",\"publisher\":{\"@id\":\"https:\\\/\\\/www.efk.admin.ch\\\/fr\\\/#organization\"},\"alternateName\":\"EFK\",\"potentialAction\":[{\"@type\":\"SearchAction\",\"target\":{\"@type\":\"EntryPoint\",\"urlTemplate\":\"https:\\\/\\\/www.efk.admin.ch\\\/fr\\\/?s={search_term_string}\"},\"query-input\":{\"@type\":\"PropertyValueSpecification\",\"valueRequired\":true,\"valueName\":\"search_term_string\"}}],\"inLanguage\":\"fr-FR\"},{\"@type\":\"Organization\",\"@id\":\"https:\\\/\\\/www.efk.admin.ch\\\/fr\\\/#organization\",\"name\":\"Contr\u00f4le f\u00e9d\u00e9ral des finances (CDF)\",\"alternateName\":\"EFK\",\"url\":\"https:\\\/\\\/www.efk.admin.ch\\\/fr\\\/\",\"logo\":{\"@type\":\"ImageObject\",\"inLanguage\":\"fr-FR\",\"@id\":\"https:\\\/\\\/www.efk.admin.ch\\\/fr\\\/#\\\/schema\\\/logo\\\/image\\\/\",\"url\":\"https:\\\/\\\/www.efk.admin.ch\\\/wp-content\\\/uploads\\\/efk_cdf_logo_ohne_claim.png\",\"contentUrl\":\"https:\\\/\\\/www.efk.admin.ch\\\/wp-content\\\/uploads\\\/efk_cdf_logo_ohne_claim.png\",\"width\":268,\"height\":258,\"caption\":\"Contr\u00f4le f\u00e9d\u00e9ral des finances (CDF)\"},\"image\":{\"@id\":\"https:\\\/\\\/www.efk.admin.ch\\\/fr\\\/#\\\/schema\\\/logo\\\/image\\\/\"},\"sameAs\":[\"https:\\\/\\\/www.instagram.com\\\/efk_cdf_sfao\\\/\",\"https:\\\/\\\/www.youtube.com\\\/channel\\\/UCm-bXj227VE5sJzhB-ihdvw\\\/featured\",\"https:\\\/\\\/www.linkedin.com\\\/company\\\/11081578\\\/\"]}]}<\/script>\n<!-- \/ Yoast SEO Premium plugin. -->","yoast_head_json":{"title":"Exposition nationale Expo.01\/02: mandat \u00e0 responsabilit\u00e9 illimit\u00e9e - Contr\u00f4le f\u00e9d\u00e9ral des finances (CDF)","description":"Exposition nationale Expo.01\/02: mandat \u00e0 responsabilit\u00e9 illimit\u00e9e","robots":{"index":"index","follow":"follow","max-snippet":"max-snippet:-1","max-image-preview":"max-image-preview:large","max-video-preview":"max-video-preview:-1"},"canonical":"https:\/\/www.efk.admin.ch\/fr\/audit\/exposition-nationale-expo-01-02-mandat-a-responsabilite-illimitee\/","og_locale":"fr_FR","og_type":"article","og_title":"Exposition nationale Expo.01\/02: mandat \u00e0 responsabilit\u00e9 illimit\u00e9e","og_description":"Exposition nationale Expo.01\/02: mandat \u00e0 responsabilit\u00e9 illimit\u00e9e","og_url":"https:\/\/www.efk.admin.ch\/fr\/audit\/exposition-nationale-expo-01-02-mandat-a-responsabilite-illimitee\/","og_site_name":"Contr\u00f4le f\u00e9d\u00e9ral des finances (CDF)","article_modified_time":"2024-03-21T17:41:45+00:00","og_image":[{"width":750,"height":500,"url":"https:\/\/www.efk.admin.ch\/wp-content\/uploads\/test\/palais.jpg","type":"image\/jpeg"}],"twitter_card":"summary_large_image","schema":{"@context":"https:\/\/schema.org","@graph":[{"@type":"WebPage","@id":"https:\/\/www.efk.admin.ch\/fr\/audit\/exposition-nationale-expo-01-02-mandat-a-responsabilite-illimitee\/","url":"https:\/\/www.efk.admin.ch\/fr\/audit\/exposition-nationale-expo-01-02-mandat-a-responsabilite-illimitee\/","name":"Exposition nationale Expo.01\/02: mandat \u00e0 responsabilit\u00e9 illimit\u00e9e - Contr\u00f4le f\u00e9d\u00e9ral des finances (CDF)","isPartOf":{"@id":"https:\/\/www.efk.admin.ch\/fr\/#website"},"datePublished":"2024-01-17T15:38:42+00:00","dateModified":"2024-03-21T17:41:45+00:00","description":"Exposition nationale Expo.01\/02: mandat \u00e0 responsabilit\u00e9 illimit\u00e9e","breadcrumb":{"@id":"https:\/\/www.efk.admin.ch\/fr\/audit\/exposition-nationale-expo-01-02-mandat-a-responsabilite-illimitee\/#breadcrumb"},"inLanguage":"fr-FR","potentialAction":[{"@type":"ReadAction","target":["https:\/\/www.efk.admin.ch\/fr\/audit\/exposition-nationale-expo-01-02-mandat-a-responsabilite-illimitee\/"]}]},{"@type":"BreadcrumbList","@id":"https:\/\/www.efk.admin.ch\/fr\/audit\/exposition-nationale-expo-01-02-mandat-a-responsabilite-illimitee\/#breadcrumb","itemListElement":[{"@type":"ListItem","position":1,"name":"Home","item":"https:\/\/www.efk.admin.ch\/fr\/"},{"@type":"ListItem","position":2,"name":"Rapport","item":"https:\/\/www.efk.admin.ch\/fr\/audit\/"},{"@type":"ListItem","position":3,"name":"Exposition nationale Expo.01\/02: mandat \u00e0 responsabilit\u00e9 illimit\u00e9e"}]},{"@type":"WebSite","@id":"https:\/\/www.efk.admin.ch\/fr\/#website","url":"https:\/\/www.efk.admin.ch\/fr\/","name":"Informationen \u00fcber das oberste Finanzaufsichtsorgan der Schweiz","description":"Le Contr\u00f4le f\u00e9d\u00e9ral des finances (CDF) est l'organe supr\u00eame de surveillance financi\u00e8re de la Conf\u00e9d\u00e9ration suisse.","publisher":{"@id":"https:\/\/www.efk.admin.ch\/fr\/#organization"},"alternateName":"EFK","potentialAction":[{"@type":"SearchAction","target":{"@type":"EntryPoint","urlTemplate":"https:\/\/www.efk.admin.ch\/fr\/?s={search_term_string}"},"query-input":{"@type":"PropertyValueSpecification","valueRequired":true,"valueName":"search_term_string"}}],"inLanguage":"fr-FR"},{"@type":"Organization","@id":"https:\/\/www.efk.admin.ch\/fr\/#organization","name":"Contr\u00f4le f\u00e9d\u00e9ral des finances (CDF)","alternateName":"EFK","url":"https:\/\/www.efk.admin.ch\/fr\/","logo":{"@type":"ImageObject","inLanguage":"fr-FR","@id":"https:\/\/www.efk.admin.ch\/fr\/#\/schema\/logo\/image\/","url":"https:\/\/www.efk.admin.ch\/wp-content\/uploads\/efk_cdf_logo_ohne_claim.png","contentUrl":"https:\/\/www.efk.admin.ch\/wp-content\/uploads\/efk_cdf_logo_ohne_claim.png","width":268,"height":258,"caption":"Contr\u00f4le f\u00e9d\u00e9ral des finances (CDF)"},"image":{"@id":"https:\/\/www.efk.admin.ch\/fr\/#\/schema\/logo\/image\/"},"sameAs":["https:\/\/www.instagram.com\/efk_cdf_sfao\/","https:\/\/www.youtube.com\/channel\/UCm-bXj227VE5sJzhB-ihdvw\/featured","https:\/\/www.linkedin.com\/company\/11081578\/"]}]}},"_links":{"self":[{"href":"https:\/\/www.efk.admin.ch\/fr\/wp-json\/wp\/v2\/audit\/6450","targetHints":{"allow":["GET"]}}],"collection":[{"href":"https:\/\/www.efk.admin.ch\/fr\/wp-json\/wp\/v2\/audit"}],"about":[{"href":"https:\/\/www.efk.admin.ch\/fr\/wp-json\/wp\/v2\/types\/audit"}],"wp:attachment":[{"href":"https:\/\/www.efk.admin.ch\/fr\/wp-json\/wp\/v2\/media?parent=6450"}],"wp:term":[{"taxonomy":"audit_category","embeddable":true,"href":"https:\/\/www.efk.admin.ch\/fr\/wp-json\/wp\/v2\/audit_category?post=6450"},{"taxonomy":"audit_type","embeddable":true,"href":"https:\/\/www.efk.admin.ch\/fr\/wp-json\/wp\/v2\/audit_type?post=6450"}],"curies":[{"name":"wp","href":"https:\/\/api.w.org\/{rel}","templated":true}]}}