{"id":6433,"date":"2024-01-17T16:38:36","date_gmt":"2024-01-17T15:38:36","guid":{"rendered":"https:\/\/preview.efk.admin.ch\/prufung\/progression-des-effectifs-et-remunerations-unites-de-ladministration-federale-decentralisee\/"},"modified":"2024-03-07T09:23:14","modified_gmt":"2024-03-07T08:23:14","slug":"progression-des-effectifs-et-remunerations-unites-de-ladministration-federale-decentralisee","status":"publish","type":"audit","link":"https:\/\/www.efk.admin.ch\/fr\/audit\/progression-des-effectifs-et-remunerations-unites-de-ladministration-federale-decentralisee\/","title":{"rendered":"Progression des effectifs et r\u00e9mun\u00e9rations"},"content":{"rendered":"\n<p>Ces derni\u00e8res ann\u00e9es, de nombreuses t\u00e2ches de la Conf\u00e9d\u00e9ration ont \u00e9t\u00e9 transf\u00e9r\u00e9es de l\u2019administration centrale aux unit\u00e9s dites d\u00e9centralis\u00e9es. En 2009, le rapport du Conseil f\u00e9d\u00e9ral compl\u00e9tant le rapport sur le gouvernement d\u2019entreprise a d\u00e9fini pour la premi\u00e8re fois des principes directeurs relatifs \u00e0 la gestion du personnel des unit\u00e9s d\u00e9centralis\u00e9es. Le rapport sur le salaire des cadres et le rapport sur la gestion du personnel fournissent des informations sur l\u2019\u00e9volution de certaines unit\u00e9s d\u00e9centralis\u00e9es de la Conf\u00e9d\u00e9ration dans le domaine du personnel.<\/p>\n","protected":false},"featured_media":0,"menu_order":0,"template":"","audit_category":[31],"audit_type":[50],"class_list":["post-6433","audit","type-audit","status-publish","hentry","audit_category-administration-generale","audit_type-pruefung"],"acf":{"audit_lang":[{"lang":"d"}],"audit_numbers":[{"audit_number":"11305"}],"audit_office":[7938],"audit_office_text":"","audit_date":"20120429","bgo":false,"keywords":"Ces derni\u00e8res ann\u00e9es, de nombreuses t\u00e2ches de la Conf\u00e9d\u00e9ration ont \u00e9t\u00e9 transf\u00e9r\u00e9es de l\u2019administration centrale aux unit\u00e9s dites d\u00e9centralis\u00e9es. En 2009, le rapport du Conseil f\u00e9d\u00e9ral compl\u00e9tant le rapport sur le gouvernement d\u2019entreprise a d\u00e9fini pour la premi\u00e8re fois des principes directeurs relatifs \u00e0 la gestion du personnel des unit\u00e9s d\u00e9centralis\u00e9es. Le rapport sur le salaire des cadres et le rapport sur la gestion du personnel fournissent des informations sur l\u2019\u00e9volution de certaines unit\u00e9s d\u00e9centralis\u00e9es de la Conf\u00e9d\u00e9ration dans le domaine du personnel.","audit_office_local":""},"yoast_head":"<!-- This site is optimized with the Yoast SEO Premium plugin v27.4 (Yoast SEO v27.4) - https:\/\/yoast.com\/product\/yoast-seo-premium-wordpress\/ -->\n<title>Progression des effectifs et r\u00e9mun\u00e9rations - Contr\u00f4le f\u00e9d\u00e9ral des finances (CDF)<\/title>\n<meta name=\"description\" content=\"Progression des effectifs et r\u00e9mun\u00e9rations\" \/>\n<meta name=\"robots\" content=\"index, follow, max-snippet:-1, max-image-preview:large, max-video-preview:-1\" \/>\n<link rel=\"canonical\" href=\"https:\/\/www.efk.admin.ch\/fr\/audit\/progression-des-effectifs-et-remunerations-unites-de-ladministration-federale-decentralisee\/\" \/>\n<meta property=\"og:locale\" content=\"fr_FR\" \/>\n<meta property=\"og:type\" content=\"article\" \/>\n<meta property=\"og:title\" content=\"Progression des effectifs et r\u00e9mun\u00e9rations\" \/>\n<meta property=\"og:description\" content=\"Progression des effectifs et r\u00e9mun\u00e9rations\" \/>\n<meta property=\"og:url\" content=\"https:\/\/www.efk.admin.ch\/fr\/audit\/progression-des-effectifs-et-remunerations-unites-de-ladministration-federale-decentralisee\/\" \/>\n<meta property=\"og:site_name\" content=\"Contr\u00f4le f\u00e9d\u00e9ral des finances (CDF)\" \/>\n<meta property=\"article:modified_time\" content=\"2024-03-07T08:23:14+00:00\" \/>\n<meta property=\"og:image\" content=\"https:\/\/www.efk.admin.ch\/wp-content\/uploads\/test\/palais.jpg\" \/>\n\t<meta property=\"og:image:width\" content=\"750\" \/>\n\t<meta property=\"og:image:height\" content=\"500\" \/>\n\t<meta property=\"og:image:type\" content=\"image\/jpeg\" \/>\n<meta name=\"twitter:card\" content=\"summary_large_image\" \/>\n<meta name=\"twitter:label1\" content=\"Dur\u00e9e de lecture estim\u00e9e\" \/>\n\t<meta name=\"twitter:data1\" content=\"1 minute\" \/>\n<script type=\"application\/ld+json\" class=\"yoast-schema-graph\">{\"@context\":\"https:\\\/\\\/schema.org\",\"@graph\":[{\"@type\":\"WebPage\",\"@id\":\"https:\\\/\\\/www.efk.admin.ch\\\/fr\\\/audit\\\/progression-des-effectifs-et-remunerations-unites-de-ladministration-federale-decentralisee\\\/\",\"url\":\"https:\\\/\\\/www.efk.admin.ch\\\/fr\\\/audit\\\/progression-des-effectifs-et-remunerations-unites-de-ladministration-federale-decentralisee\\\/\",\"name\":\"Progression des effectifs et r\u00e9mun\u00e9rations - Contr\u00f4le f\u00e9d\u00e9ral des finances (CDF)\",\"isPartOf\":{\"@id\":\"https:\\\/\\\/www.efk.admin.ch\\\/fr\\\/#website\"},\"datePublished\":\"2024-01-17T15:38:36+00:00\",\"dateModified\":\"2024-03-07T08:23:14+00:00\",\"description\":\"Progression des effectifs et r\u00e9mun\u00e9rations\",\"breadcrumb\":{\"@id\":\"https:\\\/\\\/www.efk.admin.ch\\\/fr\\\/audit\\\/progression-des-effectifs-et-remunerations-unites-de-ladministration-federale-decentralisee\\\/#breadcrumb\"},\"inLanguage\":\"fr-FR\",\"potentialAction\":[{\"@type\":\"ReadAction\",\"target\":[\"https:\\\/\\\/www.efk.admin.ch\\\/fr\\\/audit\\\/progression-des-effectifs-et-remunerations-unites-de-ladministration-federale-decentralisee\\\/\"]}]},{\"@type\":\"BreadcrumbList\",\"@id\":\"https:\\\/\\\/www.efk.admin.ch\\\/fr\\\/audit\\\/progression-des-effectifs-et-remunerations-unites-de-ladministration-federale-decentralisee\\\/#breadcrumb\",\"itemListElement\":[{\"@type\":\"ListItem\",\"position\":1,\"name\":\"Home\",\"item\":\"https:\\\/\\\/www.efk.admin.ch\\\/fr\\\/\"},{\"@type\":\"ListItem\",\"position\":2,\"name\":\"Rapport\",\"item\":\"https:\\\/\\\/www.efk.admin.ch\\\/fr\\\/audit\\\/\"},{\"@type\":\"ListItem\",\"position\":3,\"name\":\"Progression des effectifs et r\u00e9mun\u00e9rations\"}]},{\"@type\":\"WebSite\",\"@id\":\"https:\\\/\\\/www.efk.admin.ch\\\/fr\\\/#website\",\"url\":\"https:\\\/\\\/www.efk.admin.ch\\\/fr\\\/\",\"name\":\"Informationen \u00fcber das oberste Finanzaufsichtsorgan der Schweiz\",\"description\":\"Le Contr\u00f4le f\u00e9d\u00e9ral des finances (CDF) est l'organe supr\u00eame de surveillance financi\u00e8re de la Conf\u00e9d\u00e9ration suisse.\",\"publisher\":{\"@id\":\"https:\\\/\\\/www.efk.admin.ch\\\/fr\\\/#organization\"},\"alternateName\":\"EFK\",\"potentialAction\":[{\"@type\":\"SearchAction\",\"target\":{\"@type\":\"EntryPoint\",\"urlTemplate\":\"https:\\\/\\\/www.efk.admin.ch\\\/fr\\\/?s={search_term_string}\"},\"query-input\":{\"@type\":\"PropertyValueSpecification\",\"valueRequired\":true,\"valueName\":\"search_term_string\"}}],\"inLanguage\":\"fr-FR\"},{\"@type\":\"Organization\",\"@id\":\"https:\\\/\\\/www.efk.admin.ch\\\/fr\\\/#organization\",\"name\":\"Contr\u00f4le f\u00e9d\u00e9ral des finances (CDF)\",\"alternateName\":\"EFK\",\"url\":\"https:\\\/\\\/www.efk.admin.ch\\\/fr\\\/\",\"logo\":{\"@type\":\"ImageObject\",\"inLanguage\":\"fr-FR\",\"@id\":\"https:\\\/\\\/www.efk.admin.ch\\\/fr\\\/#\\\/schema\\\/logo\\\/image\\\/\",\"url\":\"https:\\\/\\\/www.efk.admin.ch\\\/wp-content\\\/uploads\\\/efk_cdf_logo_ohne_claim.png\",\"contentUrl\":\"https:\\\/\\\/www.efk.admin.ch\\\/wp-content\\\/uploads\\\/efk_cdf_logo_ohne_claim.png\",\"width\":268,\"height\":258,\"caption\":\"Contr\u00f4le f\u00e9d\u00e9ral des finances (CDF)\"},\"image\":{\"@id\":\"https:\\\/\\\/www.efk.admin.ch\\\/fr\\\/#\\\/schema\\\/logo\\\/image\\\/\"},\"sameAs\":[\"https:\\\/\\\/www.instagram.com\\\/efk_cdf_sfao\\\/\",\"https:\\\/\\\/www.youtube.com\\\/channel\\\/UCm-bXj227VE5sJzhB-ihdvw\\\/featured\",\"https:\\\/\\\/www.linkedin.com\\\/company\\\/11081578\\\/\"]}]}<\/script>\n<!-- \/ Yoast SEO Premium plugin. -->","yoast_head_json":{"title":"Progression des effectifs et r\u00e9mun\u00e9rations - Contr\u00f4le f\u00e9d\u00e9ral des finances (CDF)","description":"Progression des effectifs et r\u00e9mun\u00e9rations","robots":{"index":"index","follow":"follow","max-snippet":"max-snippet:-1","max-image-preview":"max-image-preview:large","max-video-preview":"max-video-preview:-1"},"canonical":"https:\/\/www.efk.admin.ch\/fr\/audit\/progression-des-effectifs-et-remunerations-unites-de-ladministration-federale-decentralisee\/","og_locale":"fr_FR","og_type":"article","og_title":"Progression des effectifs et r\u00e9mun\u00e9rations","og_description":"Progression des effectifs et r\u00e9mun\u00e9rations","og_url":"https:\/\/www.efk.admin.ch\/fr\/audit\/progression-des-effectifs-et-remunerations-unites-de-ladministration-federale-decentralisee\/","og_site_name":"Contr\u00f4le f\u00e9d\u00e9ral des finances (CDF)","article_modified_time":"2024-03-07T08:23:14+00:00","og_image":[{"width":750,"height":500,"url":"https:\/\/www.efk.admin.ch\/wp-content\/uploads\/test\/palais.jpg","type":"image\/jpeg"}],"twitter_card":"summary_large_image","twitter_misc":{"Dur\u00e9e de lecture estim\u00e9e":"1 minute"},"schema":{"@context":"https:\/\/schema.org","@graph":[{"@type":"WebPage","@id":"https:\/\/www.efk.admin.ch\/fr\/audit\/progression-des-effectifs-et-remunerations-unites-de-ladministration-federale-decentralisee\/","url":"https:\/\/www.efk.admin.ch\/fr\/audit\/progression-des-effectifs-et-remunerations-unites-de-ladministration-federale-decentralisee\/","name":"Progression des effectifs et r\u00e9mun\u00e9rations - Contr\u00f4le f\u00e9d\u00e9ral des finances (CDF)","isPartOf":{"@id":"https:\/\/www.efk.admin.ch\/fr\/#website"},"datePublished":"2024-01-17T15:38:36+00:00","dateModified":"2024-03-07T08:23:14+00:00","description":"Progression des effectifs et r\u00e9mun\u00e9rations","breadcrumb":{"@id":"https:\/\/www.efk.admin.ch\/fr\/audit\/progression-des-effectifs-et-remunerations-unites-de-ladministration-federale-decentralisee\/#breadcrumb"},"inLanguage":"fr-FR","potentialAction":[{"@type":"ReadAction","target":["https:\/\/www.efk.admin.ch\/fr\/audit\/progression-des-effectifs-et-remunerations-unites-de-ladministration-federale-decentralisee\/"]}]},{"@type":"BreadcrumbList","@id":"https:\/\/www.efk.admin.ch\/fr\/audit\/progression-des-effectifs-et-remunerations-unites-de-ladministration-federale-decentralisee\/#breadcrumb","itemListElement":[{"@type":"ListItem","position":1,"name":"Home","item":"https:\/\/www.efk.admin.ch\/fr\/"},{"@type":"ListItem","position":2,"name":"Rapport","item":"https:\/\/www.efk.admin.ch\/fr\/audit\/"},{"@type":"ListItem","position":3,"name":"Progression des effectifs et r\u00e9mun\u00e9rations"}]},{"@type":"WebSite","@id":"https:\/\/www.efk.admin.ch\/fr\/#website","url":"https:\/\/www.efk.admin.ch\/fr\/","name":"Informationen \u00fcber das oberste Finanzaufsichtsorgan der Schweiz","description":"Le Contr\u00f4le f\u00e9d\u00e9ral des finances (CDF) est l'organe supr\u00eame de surveillance financi\u00e8re de la Conf\u00e9d\u00e9ration suisse.","publisher":{"@id":"https:\/\/www.efk.admin.ch\/fr\/#organization"},"alternateName":"EFK","potentialAction":[{"@type":"SearchAction","target":{"@type":"EntryPoint","urlTemplate":"https:\/\/www.efk.admin.ch\/fr\/?s={search_term_string}"},"query-input":{"@type":"PropertyValueSpecification","valueRequired":true,"valueName":"search_term_string"}}],"inLanguage":"fr-FR"},{"@type":"Organization","@id":"https:\/\/www.efk.admin.ch\/fr\/#organization","name":"Contr\u00f4le f\u00e9d\u00e9ral des finances (CDF)","alternateName":"EFK","url":"https:\/\/www.efk.admin.ch\/fr\/","logo":{"@type":"ImageObject","inLanguage":"fr-FR","@id":"https:\/\/www.efk.admin.ch\/fr\/#\/schema\/logo\/image\/","url":"https:\/\/www.efk.admin.ch\/wp-content\/uploads\/efk_cdf_logo_ohne_claim.png","contentUrl":"https:\/\/www.efk.admin.ch\/wp-content\/uploads\/efk_cdf_logo_ohne_claim.png","width":268,"height":258,"caption":"Contr\u00f4le f\u00e9d\u00e9ral des finances (CDF)"},"image":{"@id":"https:\/\/www.efk.admin.ch\/fr\/#\/schema\/logo\/image\/"},"sameAs":["https:\/\/www.instagram.com\/efk_cdf_sfao\/","https:\/\/www.youtube.com\/channel\/UCm-bXj227VE5sJzhB-ihdvw\/featured","https:\/\/www.linkedin.com\/company\/11081578\/"]}]}},"_links":{"self":[{"href":"https:\/\/www.efk.admin.ch\/fr\/wp-json\/wp\/v2\/audit\/6433","targetHints":{"allow":["GET"]}}],"collection":[{"href":"https:\/\/www.efk.admin.ch\/fr\/wp-json\/wp\/v2\/audit"}],"about":[{"href":"https:\/\/www.efk.admin.ch\/fr\/wp-json\/wp\/v2\/types\/audit"}],"acf:post":[{"embeddable":true,"href":"https:\/\/www.efk.admin.ch\/fr\/wp-json\/wp\/v2\/office\/7938"}],"wp:attachment":[{"href":"https:\/\/www.efk.admin.ch\/fr\/wp-json\/wp\/v2\/media?parent=6433"}],"wp:term":[{"taxonomy":"audit_category","embeddable":true,"href":"https:\/\/www.efk.admin.ch\/fr\/wp-json\/wp\/v2\/audit_category?post=6433"},{"taxonomy":"audit_type","embeddable":true,"href":"https:\/\/www.efk.admin.ch\/fr\/wp-json\/wp\/v2\/audit_type?post=6433"}],"curies":[{"name":"wp","href":"https:\/\/api.w.org\/{rel}","templated":true}]}}