{"id":6427,"date":"2024-01-17T16:38:36","date_gmt":"2024-01-17T15:38:36","guid":{"rendered":"https:\/\/preview.efk.admin.ch\/prufung\/acquisitions-de-biens-et-de-services-par-les-secretariats-generaux-audit-transversal-aupres-du-sg-dfjp-sg-dfae-sg-dff-sg-dfi-et-sg-detec\/"},"modified":"2025-01-15T18:37:20","modified_gmt":"2025-01-15T17:37:20","slug":"acquisitions-de-biens-et-de-services-par-les-secretariats-generaux","status":"publish","type":"audit","link":"https:\/\/www.efk.admin.ch\/fr\/audit\/acquisitions-de-biens-et-de-services-par-les-secretariats-generaux\/","title":{"rendered":"Acquisitions de biens et de services par les secr\u00e9tariats g\u00e9n\u00e9raux"},"content":{"rendered":"\n<p>Cette r\u00e9vision avait pour objectif de d\u00e9terminer si les acquisitions de biens et de services par les secr\u00e9tariats g\u00e9n\u00e9raux (SG) se d\u00e9roulent de mani\u00e8re \u00e9conomique et conforme au droit. Le Contr\u00f4le f\u00e9d\u00e9ral des finances (CDF) a constat\u00e9 que les SG ayant fait l&#8217;objet du contr\u00f4le ne respectent qu&#8217;en partie les dispositions relatives aux acquisitions figurant dans la loi f\u00e9d\u00e9rale sur les march\u00e9s publics (LMP) et dans l&#8217;ordonnance sur les march\u00e9s publics (OMP).<\/p>\n","protected":false},"featured_media":0,"menu_order":0,"template":"","audit_category":[27],"audit_type":[117],"class_list":["post-6427","audit","type-audit","status-publish","hentry","audit_category-achats-publics","audit_type-beschaffungspruefung"],"acf":{"audit_lang":[{"lang":"d"}],"audit_numbers":[{"audit_number":"10362"}],"audit_office":[7979,8041,7976,8040,7980],"audit_office_text":"","audit_date":"20100804","bgo":false,"keywords":"Cette r\u00e9vision avait pour objectif de d\u00e9terminer si les acquisitions de biens et de services par les secr\u00e9tariats g\u00e9n\u00e9raux (SG) se d\u00e9roulent de mani\u00e8re \u00e9conomique et conforme au droit. Le Contr\u00f4le f\u00e9d\u00e9ral des finances (CDF) a constat\u00e9 que les SG ayant fait l'objet du contr\u00f4le ne respectent qu'en partie les dispositions relatives aux acquisitions figurant dans la loi f\u00e9d\u00e9rale sur les march\u00e9s publics (LMP) et dans l'ordonnance sur les march\u00e9s publics (OMP).","audit_office_local":""},"yoast_head":"<!-- This site is optimized with the Yoast SEO Premium plugin v27.4 (Yoast SEO v27.4) - https:\/\/yoast.com\/product\/yoast-seo-premium-wordpress\/ -->\n<title>Acquisitions de biens et de services par les secr\u00e9tariats g\u00e9n\u00e9raux - Contr\u00f4le f\u00e9d\u00e9ral des finances (CDF)<\/title>\n<meta name=\"description\" content=\"Acquisitions de biens et de services par les secr\u00e9tariats g\u00e9n\u00e9raux\" \/>\n<meta name=\"robots\" content=\"index, follow, max-snippet:-1, max-image-preview:large, max-video-preview:-1\" \/>\n<link rel=\"canonical\" href=\"https:\/\/www.efk.admin.ch\/fr\/audit\/acquisitions-de-biens-et-de-services-par-les-secretariats-generaux\/\" \/>\n<meta property=\"og:locale\" content=\"fr_FR\" \/>\n<meta property=\"og:type\" content=\"article\" \/>\n<meta property=\"og:title\" content=\"Acquisitions de biens et de services par les secr\u00e9tariats g\u00e9n\u00e9raux\" \/>\n<meta property=\"og:description\" content=\"Acquisitions de biens et de services par les secr\u00e9tariats g\u00e9n\u00e9raux\" \/>\n<meta property=\"og:url\" content=\"https:\/\/www.efk.admin.ch\/fr\/audit\/acquisitions-de-biens-et-de-services-par-les-secretariats-generaux\/\" \/>\n<meta property=\"og:site_name\" content=\"Contr\u00f4le f\u00e9d\u00e9ral des finances (CDF)\" \/>\n<meta property=\"article:modified_time\" content=\"2025-01-15T17:37:20+00:00\" \/>\n<meta property=\"og:image\" content=\"https:\/\/www.efk.admin.ch\/wp-content\/uploads\/test\/palais.jpg\" \/>\n\t<meta property=\"og:image:width\" content=\"750\" \/>\n\t<meta property=\"og:image:height\" content=\"500\" \/>\n\t<meta property=\"og:image:type\" content=\"image\/jpeg\" \/>\n<meta name=\"twitter:card\" content=\"summary_large_image\" \/>\n<script type=\"application\/ld+json\" class=\"yoast-schema-graph\">{\"@context\":\"https:\\\/\\\/schema.org\",\"@graph\":[{\"@type\":\"WebPage\",\"@id\":\"https:\\\/\\\/www.efk.admin.ch\\\/fr\\\/audit\\\/acquisitions-de-biens-et-de-services-par-les-secretariats-generaux\\\/\",\"url\":\"https:\\\/\\\/www.efk.admin.ch\\\/fr\\\/audit\\\/acquisitions-de-biens-et-de-services-par-les-secretariats-generaux\\\/\",\"name\":\"Acquisitions de biens et de services par les secr\u00e9tariats g\u00e9n\u00e9raux - Contr\u00f4le f\u00e9d\u00e9ral des finances (CDF)\",\"isPartOf\":{\"@id\":\"https:\\\/\\\/www.efk.admin.ch\\\/fr\\\/#website\"},\"datePublished\":\"2024-01-17T15:38:36+00:00\",\"dateModified\":\"2025-01-15T17:37:20+00:00\",\"description\":\"Acquisitions de biens et de services par les secr\u00e9tariats g\u00e9n\u00e9raux\",\"breadcrumb\":{\"@id\":\"https:\\\/\\\/www.efk.admin.ch\\\/fr\\\/audit\\\/acquisitions-de-biens-et-de-services-par-les-secretariats-generaux\\\/#breadcrumb\"},\"inLanguage\":\"fr-FR\",\"potentialAction\":[{\"@type\":\"ReadAction\",\"target\":[\"https:\\\/\\\/www.efk.admin.ch\\\/fr\\\/audit\\\/acquisitions-de-biens-et-de-services-par-les-secretariats-generaux\\\/\"]}]},{\"@type\":\"BreadcrumbList\",\"@id\":\"https:\\\/\\\/www.efk.admin.ch\\\/fr\\\/audit\\\/acquisitions-de-biens-et-de-services-par-les-secretariats-generaux\\\/#breadcrumb\",\"itemListElement\":[{\"@type\":\"ListItem\",\"position\":1,\"name\":\"Home\",\"item\":\"https:\\\/\\\/www.efk.admin.ch\\\/fr\\\/\"},{\"@type\":\"ListItem\",\"position\":2,\"name\":\"Rapport\",\"item\":\"https:\\\/\\\/www.efk.admin.ch\\\/fr\\\/audit\\\/\"},{\"@type\":\"ListItem\",\"position\":3,\"name\":\"Acquisitions de biens et de services par les secr\u00e9tariats g\u00e9n\u00e9raux\"}]},{\"@type\":\"WebSite\",\"@id\":\"https:\\\/\\\/www.efk.admin.ch\\\/fr\\\/#website\",\"url\":\"https:\\\/\\\/www.efk.admin.ch\\\/fr\\\/\",\"name\":\"Informationen \u00fcber das oberste Finanzaufsichtsorgan der Schweiz\",\"description\":\"Le Contr\u00f4le f\u00e9d\u00e9ral des finances (CDF) est l'organe supr\u00eame de surveillance financi\u00e8re de la Conf\u00e9d\u00e9ration suisse.\",\"publisher\":{\"@id\":\"https:\\\/\\\/www.efk.admin.ch\\\/fr\\\/#organization\"},\"alternateName\":\"EFK\",\"potentialAction\":[{\"@type\":\"SearchAction\",\"target\":{\"@type\":\"EntryPoint\",\"urlTemplate\":\"https:\\\/\\\/www.efk.admin.ch\\\/fr\\\/?s={search_term_string}\"},\"query-input\":{\"@type\":\"PropertyValueSpecification\",\"valueRequired\":true,\"valueName\":\"search_term_string\"}}],\"inLanguage\":\"fr-FR\"},{\"@type\":\"Organization\",\"@id\":\"https:\\\/\\\/www.efk.admin.ch\\\/fr\\\/#organization\",\"name\":\"Contr\u00f4le f\u00e9d\u00e9ral des finances (CDF)\",\"alternateName\":\"EFK\",\"url\":\"https:\\\/\\\/www.efk.admin.ch\\\/fr\\\/\",\"logo\":{\"@type\":\"ImageObject\",\"inLanguage\":\"fr-FR\",\"@id\":\"https:\\\/\\\/www.efk.admin.ch\\\/fr\\\/#\\\/schema\\\/logo\\\/image\\\/\",\"url\":\"https:\\\/\\\/www.efk.admin.ch\\\/wp-content\\\/uploads\\\/efk_cdf_logo_ohne_claim.png\",\"contentUrl\":\"https:\\\/\\\/www.efk.admin.ch\\\/wp-content\\\/uploads\\\/efk_cdf_logo_ohne_claim.png\",\"width\":268,\"height\":258,\"caption\":\"Contr\u00f4le f\u00e9d\u00e9ral des finances (CDF)\"},\"image\":{\"@id\":\"https:\\\/\\\/www.efk.admin.ch\\\/fr\\\/#\\\/schema\\\/logo\\\/image\\\/\"},\"sameAs\":[\"https:\\\/\\\/www.instagram.com\\\/efk_cdf_sfao\\\/\",\"https:\\\/\\\/www.youtube.com\\\/channel\\\/UCm-bXj227VE5sJzhB-ihdvw\\\/featured\",\"https:\\\/\\\/www.linkedin.com\\\/company\\\/11081578\\\/\"]}]}<\/script>\n<!-- \/ Yoast SEO Premium plugin. -->","yoast_head_json":{"title":"Acquisitions de biens et de services par les secr\u00e9tariats g\u00e9n\u00e9raux - Contr\u00f4le f\u00e9d\u00e9ral des finances (CDF)","description":"Acquisitions de biens et de services par les secr\u00e9tariats g\u00e9n\u00e9raux","robots":{"index":"index","follow":"follow","max-snippet":"max-snippet:-1","max-image-preview":"max-image-preview:large","max-video-preview":"max-video-preview:-1"},"canonical":"https:\/\/www.efk.admin.ch\/fr\/audit\/acquisitions-de-biens-et-de-services-par-les-secretariats-generaux\/","og_locale":"fr_FR","og_type":"article","og_title":"Acquisitions de biens et de services par les secr\u00e9tariats g\u00e9n\u00e9raux","og_description":"Acquisitions de biens et de services par les secr\u00e9tariats g\u00e9n\u00e9raux","og_url":"https:\/\/www.efk.admin.ch\/fr\/audit\/acquisitions-de-biens-et-de-services-par-les-secretariats-generaux\/","og_site_name":"Contr\u00f4le f\u00e9d\u00e9ral des finances (CDF)","article_modified_time":"2025-01-15T17:37:20+00:00","og_image":[{"width":750,"height":500,"url":"https:\/\/www.efk.admin.ch\/wp-content\/uploads\/test\/palais.jpg","type":"image\/jpeg"}],"twitter_card":"summary_large_image","schema":{"@context":"https:\/\/schema.org","@graph":[{"@type":"WebPage","@id":"https:\/\/www.efk.admin.ch\/fr\/audit\/acquisitions-de-biens-et-de-services-par-les-secretariats-generaux\/","url":"https:\/\/www.efk.admin.ch\/fr\/audit\/acquisitions-de-biens-et-de-services-par-les-secretariats-generaux\/","name":"Acquisitions de biens et de services par les secr\u00e9tariats g\u00e9n\u00e9raux - Contr\u00f4le f\u00e9d\u00e9ral des finances (CDF)","isPartOf":{"@id":"https:\/\/www.efk.admin.ch\/fr\/#website"},"datePublished":"2024-01-17T15:38:36+00:00","dateModified":"2025-01-15T17:37:20+00:00","description":"Acquisitions de biens et de services par les secr\u00e9tariats g\u00e9n\u00e9raux","breadcrumb":{"@id":"https:\/\/www.efk.admin.ch\/fr\/audit\/acquisitions-de-biens-et-de-services-par-les-secretariats-generaux\/#breadcrumb"},"inLanguage":"fr-FR","potentialAction":[{"@type":"ReadAction","target":["https:\/\/www.efk.admin.ch\/fr\/audit\/acquisitions-de-biens-et-de-services-par-les-secretariats-generaux\/"]}]},{"@type":"BreadcrumbList","@id":"https:\/\/www.efk.admin.ch\/fr\/audit\/acquisitions-de-biens-et-de-services-par-les-secretariats-generaux\/#breadcrumb","itemListElement":[{"@type":"ListItem","position":1,"name":"Home","item":"https:\/\/www.efk.admin.ch\/fr\/"},{"@type":"ListItem","position":2,"name":"Rapport","item":"https:\/\/www.efk.admin.ch\/fr\/audit\/"},{"@type":"ListItem","position":3,"name":"Acquisitions de biens et de services par les secr\u00e9tariats g\u00e9n\u00e9raux"}]},{"@type":"WebSite","@id":"https:\/\/www.efk.admin.ch\/fr\/#website","url":"https:\/\/www.efk.admin.ch\/fr\/","name":"Informationen \u00fcber das oberste Finanzaufsichtsorgan der Schweiz","description":"Le Contr\u00f4le f\u00e9d\u00e9ral des finances (CDF) est l'organe supr\u00eame de surveillance financi\u00e8re de la Conf\u00e9d\u00e9ration suisse.","publisher":{"@id":"https:\/\/www.efk.admin.ch\/fr\/#organization"},"alternateName":"EFK","potentialAction":[{"@type":"SearchAction","target":{"@type":"EntryPoint","urlTemplate":"https:\/\/www.efk.admin.ch\/fr\/?s={search_term_string}"},"query-input":{"@type":"PropertyValueSpecification","valueRequired":true,"valueName":"search_term_string"}}],"inLanguage":"fr-FR"},{"@type":"Organization","@id":"https:\/\/www.efk.admin.ch\/fr\/#organization","name":"Contr\u00f4le f\u00e9d\u00e9ral des finances (CDF)","alternateName":"EFK","url":"https:\/\/www.efk.admin.ch\/fr\/","logo":{"@type":"ImageObject","inLanguage":"fr-FR","@id":"https:\/\/www.efk.admin.ch\/fr\/#\/schema\/logo\/image\/","url":"https:\/\/www.efk.admin.ch\/wp-content\/uploads\/efk_cdf_logo_ohne_claim.png","contentUrl":"https:\/\/www.efk.admin.ch\/wp-content\/uploads\/efk_cdf_logo_ohne_claim.png","width":268,"height":258,"caption":"Contr\u00f4le f\u00e9d\u00e9ral des finances (CDF)"},"image":{"@id":"https:\/\/www.efk.admin.ch\/fr\/#\/schema\/logo\/image\/"},"sameAs":["https:\/\/www.instagram.com\/efk_cdf_sfao\/","https:\/\/www.youtube.com\/channel\/UCm-bXj227VE5sJzhB-ihdvw\/featured","https:\/\/www.linkedin.com\/company\/11081578\/"]}]}},"_links":{"self":[{"href":"https:\/\/www.efk.admin.ch\/fr\/wp-json\/wp\/v2\/audit\/6427","targetHints":{"allow":["GET"]}}],"collection":[{"href":"https:\/\/www.efk.admin.ch\/fr\/wp-json\/wp\/v2\/audit"}],"about":[{"href":"https:\/\/www.efk.admin.ch\/fr\/wp-json\/wp\/v2\/types\/audit"}],"acf:post":[{"embeddable":true,"href":"https:\/\/www.efk.admin.ch\/fr\/wp-json\/wp\/v2\/office\/7980"},{"embeddable":true,"href":"https:\/\/www.efk.admin.ch\/fr\/wp-json\/wp\/v2\/office\/8040"},{"embeddable":true,"href":"https:\/\/www.efk.admin.ch\/fr\/wp-json\/wp\/v2\/office\/7976"},{"embeddable":true,"href":"https:\/\/www.efk.admin.ch\/fr\/wp-json\/wp\/v2\/office\/8041"},{"embeddable":true,"href":"https:\/\/www.efk.admin.ch\/fr\/wp-json\/wp\/v2\/office\/7979"}],"wp:attachment":[{"href":"https:\/\/www.efk.admin.ch\/fr\/wp-json\/wp\/v2\/media?parent=6427"}],"wp:term":[{"taxonomy":"audit_category","embeddable":true,"href":"https:\/\/www.efk.admin.ch\/fr\/wp-json\/wp\/v2\/audit_category?post=6427"},{"taxonomy":"audit_type","embeddable":true,"href":"https:\/\/www.efk.admin.ch\/fr\/wp-json\/wp\/v2\/audit_type?post=6427"}],"curies":[{"name":"wp","href":"https:\/\/api.w.org\/{rel}","templated":true}]}}