{"id":6406,"date":"2024-01-17T16:38:30","date_gmt":"2024-01-17T15:38:30","guid":{"rendered":"https:\/\/preview.efk.admin.ch\/prufung\/defauts-de-construction-du-troncon-rarogne-gampel-de-la9-office-federal-des-routes\/"},"modified":"2024-02-12T17:59:29","modified_gmt":"2024-02-12T16:59:29","slug":"defauts-de-construction-du-troncon-rarogne-gampel-de-la9-office-federal-des-routes","status":"publish","type":"audit","link":"https:\/\/www.efk.admin.ch\/fr\/audit\/defauts-de-construction-du-troncon-rarogne-gampel-de-la9-office-federal-des-routes\/","title":{"rendered":"D\u00e9fauts de construction du tron\u00e7on Rarogne-Gampel de l\u2019A9"},"content":{"rendered":"\n<p>Avec la mise en \u0153uvre de la r\u00e9forme de la p\u00e9r\u00e9quation financi\u00e8re et de la r\u00e9partition des t\u00e2ches entre la Conf\u00e9d\u00e9ration et les cantons (RPT) en 2008, la propri\u00e9t\u00e9 des routes nationales a \u00e9t\u00e9 transf\u00e9r\u00e9e des cantons \u00e0 la Conf\u00e9d\u00e9ration. En tant que ma\u00eetre d\u2019ouvrage, le canton du Valais r\u00e9alise les tron\u00e7ons manquants de l\u2019autoroute A9 et les remet \u00e0 l\u2019Office f\u00e9d\u00e9ral des routes (OFROU) une fois termin\u00e9s. La Conf\u00e9d\u00e9ration finance l\u2019ach\u00e8vement du r\u00e9seau \u00e0 hauteur de 96\u00a0%. La r\u00e9alisation pour le canton est assur\u00e9e par le Service de la construction des routes nationales (SCRN). Le co\u00fbt total pour l\u2019ach\u00e8vement de l\u2019A9 entre Sierre Est et Vi\u00e8ge Est estim\u00e9 \u00e0 environ 4,4\u00a0milliards de francs (situation 2019).<\/p>\n","protected":false},"featured_media":0,"menu_order":0,"template":"","audit_category":[47],"audit_type":[52],"class_list":["post-6406","audit","type-audit","status-publish","hentry","audit_category-transports-et-environnement","audit_type-audit-fr"],"acf":{"audit_lang":[{"lang":"d"},{"lang":"f"}],"audit_numbers":[{"audit_number":"22302"}],"audit_office":7959,"audit_office_text":"","audit_date":"20230222","bgo":false,"keywords":"de la r\u00e9forme de la p\u00e9r\u00e9quation financi\u00e8re ,la r\u00e9partition des t\u00e2ches entre la Conf\u00e9d\u00e9ration et les cantons (RPT),les tron\u00e7ons  de l\u2019autoroute , le Service de la construction des routes nationales (SCRN).","audit_office_local":""},"yoast_head":"<!-- This site is optimized with the Yoast SEO Premium plugin v27.4 (Yoast SEO v27.4) - https:\/\/yoast.com\/product\/yoast-seo-premium-wordpress\/ -->\n<title>D\u00e9fauts de construction du tron\u00e7on Rarogne-Gampel de l\u2019A9 - Contr\u00f4le f\u00e9d\u00e9ral des finances (CDF)<\/title>\n<meta name=\"description\" content=\"D\u00e9fauts de construction du tron\u00e7on Rarogne-Gampel de l\u2019A9\" \/>\n<meta name=\"robots\" content=\"index, follow, max-snippet:-1, max-image-preview:large, max-video-preview:-1\" \/>\n<link rel=\"canonical\" href=\"https:\/\/www.efk.admin.ch\/fr\/audit\/defauts-de-construction-du-troncon-rarogne-gampel-de-la9-office-federal-des-routes\/\" \/>\n<meta property=\"og:locale\" content=\"fr_FR\" \/>\n<meta property=\"og:type\" content=\"article\" \/>\n<meta property=\"og:title\" content=\"D\u00e9fauts de construction du tron\u00e7on Rarogne-Gampel de l\u2019A9\" \/>\n<meta property=\"og:description\" content=\"D\u00e9fauts de construction du tron\u00e7on Rarogne-Gampel de l\u2019A9\" \/>\n<meta property=\"og:url\" content=\"https:\/\/www.efk.admin.ch\/fr\/audit\/defauts-de-construction-du-troncon-rarogne-gampel-de-la9-office-federal-des-routes\/\" \/>\n<meta property=\"og:site_name\" content=\"Contr\u00f4le f\u00e9d\u00e9ral des finances (CDF)\" \/>\n<meta property=\"article:modified_time\" content=\"2024-02-12T16:59:29+00:00\" \/>\n<meta property=\"og:image\" content=\"https:\/\/www.efk.admin.ch\/wp-content\/uploads\/test\/palais.jpg\" \/>\n\t<meta property=\"og:image:width\" content=\"750\" \/>\n\t<meta property=\"og:image:height\" content=\"500\" \/>\n\t<meta property=\"og:image:type\" content=\"image\/jpeg\" \/>\n<meta name=\"twitter:card\" content=\"summary_large_image\" \/>\n<meta name=\"twitter:label1\" content=\"Dur\u00e9e de lecture estim\u00e9e\" \/>\n\t<meta name=\"twitter:data1\" content=\"1 minute\" \/>\n<script type=\"application\/ld+json\" class=\"yoast-schema-graph\">{\"@context\":\"https:\\\/\\\/schema.org\",\"@graph\":[{\"@type\":\"WebPage\",\"@id\":\"https:\\\/\\\/www.efk.admin.ch\\\/fr\\\/audit\\\/defauts-de-construction-du-troncon-rarogne-gampel-de-la9-office-federal-des-routes\\\/\",\"url\":\"https:\\\/\\\/www.efk.admin.ch\\\/fr\\\/audit\\\/defauts-de-construction-du-troncon-rarogne-gampel-de-la9-office-federal-des-routes\\\/\",\"name\":\"D\u00e9fauts de construction du tron\u00e7on Rarogne-Gampel de l\u2019A9 - Contr\u00f4le f\u00e9d\u00e9ral des finances (CDF)\",\"isPartOf\":{\"@id\":\"https:\\\/\\\/www.efk.admin.ch\\\/fr\\\/#website\"},\"datePublished\":\"2024-01-17T15:38:30+00:00\",\"dateModified\":\"2024-02-12T16:59:29+00:00\",\"description\":\"D\u00e9fauts de construction du tron\u00e7on Rarogne-Gampel de l\u2019A9\",\"breadcrumb\":{\"@id\":\"https:\\\/\\\/www.efk.admin.ch\\\/fr\\\/audit\\\/defauts-de-construction-du-troncon-rarogne-gampel-de-la9-office-federal-des-routes\\\/#breadcrumb\"},\"inLanguage\":\"fr-FR\",\"potentialAction\":[{\"@type\":\"ReadAction\",\"target\":[\"https:\\\/\\\/www.efk.admin.ch\\\/fr\\\/audit\\\/defauts-de-construction-du-troncon-rarogne-gampel-de-la9-office-federal-des-routes\\\/\"]}]},{\"@type\":\"BreadcrumbList\",\"@id\":\"https:\\\/\\\/www.efk.admin.ch\\\/fr\\\/audit\\\/defauts-de-construction-du-troncon-rarogne-gampel-de-la9-office-federal-des-routes\\\/#breadcrumb\",\"itemListElement\":[{\"@type\":\"ListItem\",\"position\":1,\"name\":\"Home\",\"item\":\"https:\\\/\\\/www.efk.admin.ch\\\/fr\\\/\"},{\"@type\":\"ListItem\",\"position\":2,\"name\":\"Rapport\",\"item\":\"https:\\\/\\\/www.efk.admin.ch\\\/fr\\\/audit\\\/\"},{\"@type\":\"ListItem\",\"position\":3,\"name\":\"D\u00e9fauts de construction du tron\u00e7on Rarogne-Gampel de l\u2019A9\"}]},{\"@type\":\"WebSite\",\"@id\":\"https:\\\/\\\/www.efk.admin.ch\\\/fr\\\/#website\",\"url\":\"https:\\\/\\\/www.efk.admin.ch\\\/fr\\\/\",\"name\":\"Informationen \u00fcber das oberste Finanzaufsichtsorgan der Schweiz\",\"description\":\"Le Contr\u00f4le f\u00e9d\u00e9ral des finances (CDF) est l'organe supr\u00eame de surveillance financi\u00e8re de la Conf\u00e9d\u00e9ration suisse.\",\"publisher\":{\"@id\":\"https:\\\/\\\/www.efk.admin.ch\\\/fr\\\/#organization\"},\"alternateName\":\"EFK\",\"potentialAction\":[{\"@type\":\"SearchAction\",\"target\":{\"@type\":\"EntryPoint\",\"urlTemplate\":\"https:\\\/\\\/www.efk.admin.ch\\\/fr\\\/?s={search_term_string}\"},\"query-input\":{\"@type\":\"PropertyValueSpecification\",\"valueRequired\":true,\"valueName\":\"search_term_string\"}}],\"inLanguage\":\"fr-FR\"},{\"@type\":\"Organization\",\"@id\":\"https:\\\/\\\/www.efk.admin.ch\\\/fr\\\/#organization\",\"name\":\"Contr\u00f4le f\u00e9d\u00e9ral des finances (CDF)\",\"alternateName\":\"EFK\",\"url\":\"https:\\\/\\\/www.efk.admin.ch\\\/fr\\\/\",\"logo\":{\"@type\":\"ImageObject\",\"inLanguage\":\"fr-FR\",\"@id\":\"https:\\\/\\\/www.efk.admin.ch\\\/fr\\\/#\\\/schema\\\/logo\\\/image\\\/\",\"url\":\"https:\\\/\\\/www.efk.admin.ch\\\/wp-content\\\/uploads\\\/efk_cdf_logo_ohne_claim.png\",\"contentUrl\":\"https:\\\/\\\/www.efk.admin.ch\\\/wp-content\\\/uploads\\\/efk_cdf_logo_ohne_claim.png\",\"width\":268,\"height\":258,\"caption\":\"Contr\u00f4le f\u00e9d\u00e9ral des finances (CDF)\"},\"image\":{\"@id\":\"https:\\\/\\\/www.efk.admin.ch\\\/fr\\\/#\\\/schema\\\/logo\\\/image\\\/\"},\"sameAs\":[\"https:\\\/\\\/www.instagram.com\\\/efk_cdf_sfao\\\/\",\"https:\\\/\\\/www.youtube.com\\\/channel\\\/UCm-bXj227VE5sJzhB-ihdvw\\\/featured\",\"https:\\\/\\\/www.linkedin.com\\\/company\\\/11081578\\\/\"]}]}<\/script>\n<!-- \/ Yoast SEO Premium plugin. -->","yoast_head_json":{"title":"D\u00e9fauts de construction du tron\u00e7on Rarogne-Gampel de l\u2019A9 - Contr\u00f4le f\u00e9d\u00e9ral des finances (CDF)","description":"D\u00e9fauts de construction du tron\u00e7on Rarogne-Gampel de l\u2019A9","robots":{"index":"index","follow":"follow","max-snippet":"max-snippet:-1","max-image-preview":"max-image-preview:large","max-video-preview":"max-video-preview:-1"},"canonical":"https:\/\/www.efk.admin.ch\/fr\/audit\/defauts-de-construction-du-troncon-rarogne-gampel-de-la9-office-federal-des-routes\/","og_locale":"fr_FR","og_type":"article","og_title":"D\u00e9fauts de construction du tron\u00e7on Rarogne-Gampel de l\u2019A9","og_description":"D\u00e9fauts de construction du tron\u00e7on Rarogne-Gampel de l\u2019A9","og_url":"https:\/\/www.efk.admin.ch\/fr\/audit\/defauts-de-construction-du-troncon-rarogne-gampel-de-la9-office-federal-des-routes\/","og_site_name":"Contr\u00f4le f\u00e9d\u00e9ral des finances (CDF)","article_modified_time":"2024-02-12T16:59:29+00:00","og_image":[{"width":750,"height":500,"url":"https:\/\/www.efk.admin.ch\/wp-content\/uploads\/test\/palais.jpg","type":"image\/jpeg"}],"twitter_card":"summary_large_image","twitter_misc":{"Dur\u00e9e de lecture estim\u00e9e":"1 minute"},"schema":{"@context":"https:\/\/schema.org","@graph":[{"@type":"WebPage","@id":"https:\/\/www.efk.admin.ch\/fr\/audit\/defauts-de-construction-du-troncon-rarogne-gampel-de-la9-office-federal-des-routes\/","url":"https:\/\/www.efk.admin.ch\/fr\/audit\/defauts-de-construction-du-troncon-rarogne-gampel-de-la9-office-federal-des-routes\/","name":"D\u00e9fauts de construction du tron\u00e7on Rarogne-Gampel de l\u2019A9 - Contr\u00f4le f\u00e9d\u00e9ral des finances (CDF)","isPartOf":{"@id":"https:\/\/www.efk.admin.ch\/fr\/#website"},"datePublished":"2024-01-17T15:38:30+00:00","dateModified":"2024-02-12T16:59:29+00:00","description":"D\u00e9fauts de construction du tron\u00e7on Rarogne-Gampel de l\u2019A9","breadcrumb":{"@id":"https:\/\/www.efk.admin.ch\/fr\/audit\/defauts-de-construction-du-troncon-rarogne-gampel-de-la9-office-federal-des-routes\/#breadcrumb"},"inLanguage":"fr-FR","potentialAction":[{"@type":"ReadAction","target":["https:\/\/www.efk.admin.ch\/fr\/audit\/defauts-de-construction-du-troncon-rarogne-gampel-de-la9-office-federal-des-routes\/"]}]},{"@type":"BreadcrumbList","@id":"https:\/\/www.efk.admin.ch\/fr\/audit\/defauts-de-construction-du-troncon-rarogne-gampel-de-la9-office-federal-des-routes\/#breadcrumb","itemListElement":[{"@type":"ListItem","position":1,"name":"Home","item":"https:\/\/www.efk.admin.ch\/fr\/"},{"@type":"ListItem","position":2,"name":"Rapport","item":"https:\/\/www.efk.admin.ch\/fr\/audit\/"},{"@type":"ListItem","position":3,"name":"D\u00e9fauts de construction du tron\u00e7on Rarogne-Gampel de l\u2019A9"}]},{"@type":"WebSite","@id":"https:\/\/www.efk.admin.ch\/fr\/#website","url":"https:\/\/www.efk.admin.ch\/fr\/","name":"Informationen \u00fcber das oberste Finanzaufsichtsorgan der Schweiz","description":"Le Contr\u00f4le f\u00e9d\u00e9ral des finances (CDF) est l'organe supr\u00eame de surveillance financi\u00e8re de la Conf\u00e9d\u00e9ration suisse.","publisher":{"@id":"https:\/\/www.efk.admin.ch\/fr\/#organization"},"alternateName":"EFK","potentialAction":[{"@type":"SearchAction","target":{"@type":"EntryPoint","urlTemplate":"https:\/\/www.efk.admin.ch\/fr\/?s={search_term_string}"},"query-input":{"@type":"PropertyValueSpecification","valueRequired":true,"valueName":"search_term_string"}}],"inLanguage":"fr-FR"},{"@type":"Organization","@id":"https:\/\/www.efk.admin.ch\/fr\/#organization","name":"Contr\u00f4le f\u00e9d\u00e9ral des finances (CDF)","alternateName":"EFK","url":"https:\/\/www.efk.admin.ch\/fr\/","logo":{"@type":"ImageObject","inLanguage":"fr-FR","@id":"https:\/\/www.efk.admin.ch\/fr\/#\/schema\/logo\/image\/","url":"https:\/\/www.efk.admin.ch\/wp-content\/uploads\/efk_cdf_logo_ohne_claim.png","contentUrl":"https:\/\/www.efk.admin.ch\/wp-content\/uploads\/efk_cdf_logo_ohne_claim.png","width":268,"height":258,"caption":"Contr\u00f4le f\u00e9d\u00e9ral des finances (CDF)"},"image":{"@id":"https:\/\/www.efk.admin.ch\/fr\/#\/schema\/logo\/image\/"},"sameAs":["https:\/\/www.instagram.com\/efk_cdf_sfao\/","https:\/\/www.youtube.com\/channel\/UCm-bXj227VE5sJzhB-ihdvw\/featured","https:\/\/www.linkedin.com\/company\/11081578\/"]}]}},"_links":{"self":[{"href":"https:\/\/www.efk.admin.ch\/fr\/wp-json\/wp\/v2\/audit\/6406","targetHints":{"allow":["GET"]}}],"collection":[{"href":"https:\/\/www.efk.admin.ch\/fr\/wp-json\/wp\/v2\/audit"}],"about":[{"href":"https:\/\/www.efk.admin.ch\/fr\/wp-json\/wp\/v2\/types\/audit"}],"acf:post":[{"embeddable":true,"href":"https:\/\/www.efk.admin.ch\/fr\/wp-json\/wp\/v2\/office\/7959"}],"wp:attachment":[{"href":"https:\/\/www.efk.admin.ch\/fr\/wp-json\/wp\/v2\/media?parent=6406"}],"wp:term":[{"taxonomy":"audit_category","embeddable":true,"href":"https:\/\/www.efk.admin.ch\/fr\/wp-json\/wp\/v2\/audit_category?post=6406"},{"taxonomy":"audit_type","embeddable":true,"href":"https:\/\/www.efk.admin.ch\/fr\/wp-json\/wp\/v2\/audit_type?post=6406"}],"curies":[{"name":"wp","href":"https:\/\/api.w.org\/{rel}","templated":true}]}}