{"id":6404,"date":"2024-01-17T16:38:30","date_gmt":"2024-01-17T15:38:30","guid":{"rendered":"https:\/\/preview.efk.admin.ch\/prufung\/audit-du-projet-cle-en-matiere-de-tic-fiscal-it-administration-federale-des-contributions-afc\/"},"modified":"2024-03-06T09:01:17","modified_gmt":"2024-03-06T08:01:17","slug":"audit-du-projet-cle-en-matiere-de-tic-fiscal-it-administration-federale-des-contributions-afc","status":"publish","type":"audit","link":"https:\/\/www.efk.admin.ch\/fr\/audit\/audit-du-projet-cle-en-matiere-de-tic-fiscal-it-administration-federale-des-contributions-afc\/","title":{"rendered":"Audit du projet cl\u00e9 en mati\u00e8re de TIC : FISCAL-IT"},"content":{"rendered":"\n<p>Conform\u00e9ment aux directives du Conseil f\u00e9d\u00e9ral applicables aux projets cl\u00e9s en mati\u00e8re de technologies de l&#8217;information et de la communication (TIC), le Contr\u00f4le f\u00e9d\u00e9ral des finances (CDF) effectue la proc\u00e9dure d\u2019audit des projets cl\u00e9s d\u00e9finis chaque ann\u00e9e par le Conseil f\u00e9d\u00e9ral. FISCAL-IT a \u00e9t\u00e9 d\u00e9sign\u00e9 comme projet cl\u00e9 en 2013. L\u2019audit du CDF concernant ce programme commun \u00e0 l&#8217;Administration f\u00e9d\u00e9rale des contributions (AFC) et \u00e0 l&#8217;Office f\u00e9d\u00e9ral de l&#8217;informatique et de la t\u00e9l\u00e9communication (OFIT) a eu lieu au cours des mois de novembre et d\u00e9cembre 2013.<\/p>\n","protected":false},"featured_media":0,"menu_order":0,"template":"","audit_category":[79],"audit_type":[52],"class_list":["post-6404","audit","type-audit","status-publish","hentry","audit_category-projets-informatiques","audit_type-audit-fr"],"acf":{"audit_lang":[{"lang":"d"}],"audit_numbers":[{"audit_number":"13506"}],"audit_office":7939,"audit_office_text":"","audit_date":"20140509","bgo":false,"keywords":"Conform\u00e9ment aux directives du Conseil f\u00e9d\u00e9ral applicables aux projets cl\u00e9s en mati\u00e8re de technologies de l'information et de la communication (TIC), le Contr\u00f4le f\u00e9d\u00e9ral des finances (CDF) effectue la proc\u00e9dure d\u2019audit des projets cl\u00e9s d\u00e9finis chaque ann\u00e9e par le Conseil f\u00e9d\u00e9ral. FISCAL-IT a \u00e9t\u00e9 d\u00e9sign\u00e9 comme projet cl\u00e9 en 2013. L\u2019audit du CDF concernant ce programme commun \u00e0 l'Administration f\u00e9d\u00e9rale des contributions (AFC) et \u00e0 l'Office f\u00e9d\u00e9ral de l'informatique et de la t\u00e9l\u00e9communication (OFIT) a eu lieu au cours des mois de novembre et d\u00e9cembre 2013.","audit_office_local":""},"yoast_head":"<!-- This site is optimized with the Yoast SEO Premium plugin v27.4 (Yoast SEO v27.4) - https:\/\/yoast.com\/product\/yoast-seo-premium-wordpress\/ -->\n<title>Audit du projet cl\u00e9 en mati\u00e8re de TIC : FISCAL-IT - Contr\u00f4le f\u00e9d\u00e9ral des finances (CDF)<\/title>\n<meta name=\"description\" content=\"Audit du projet cl\u00e9 en mati\u00e8re de TIC : FISCAL-IT\" \/>\n<meta name=\"robots\" content=\"index, follow, max-snippet:-1, max-image-preview:large, max-video-preview:-1\" \/>\n<link rel=\"canonical\" href=\"https:\/\/www.efk.admin.ch\/fr\/audit\/audit-du-projet-cle-en-matiere-de-tic-fiscal-it-administration-federale-des-contributions-afc\/\" \/>\n<meta property=\"og:locale\" content=\"fr_FR\" \/>\n<meta property=\"og:type\" content=\"article\" \/>\n<meta property=\"og:title\" content=\"Audit du projet cl\u00e9 en mati\u00e8re de TIC : FISCAL-IT\" \/>\n<meta property=\"og:description\" content=\"Audit du projet cl\u00e9 en mati\u00e8re de TIC : FISCAL-IT\" \/>\n<meta property=\"og:url\" content=\"https:\/\/www.efk.admin.ch\/fr\/audit\/audit-du-projet-cle-en-matiere-de-tic-fiscal-it-administration-federale-des-contributions-afc\/\" \/>\n<meta property=\"og:site_name\" content=\"Contr\u00f4le f\u00e9d\u00e9ral des finances (CDF)\" \/>\n<meta property=\"article:modified_time\" content=\"2024-03-06T08:01:17+00:00\" \/>\n<meta property=\"og:image\" content=\"https:\/\/www.efk.admin.ch\/wp-content\/uploads\/test\/palais.jpg\" \/>\n\t<meta property=\"og:image:width\" content=\"750\" \/>\n\t<meta property=\"og:image:height\" content=\"500\" \/>\n\t<meta property=\"og:image:type\" content=\"image\/jpeg\" \/>\n<meta name=\"twitter:card\" content=\"summary_large_image\" \/>\n<meta name=\"twitter:label1\" content=\"Dur\u00e9e de lecture estim\u00e9e\" \/>\n\t<meta name=\"twitter:data1\" content=\"1 minute\" \/>\n<script type=\"application\/ld+json\" class=\"yoast-schema-graph\">{\"@context\":\"https:\\\/\\\/schema.org\",\"@graph\":[{\"@type\":\"WebPage\",\"@id\":\"https:\\\/\\\/www.efk.admin.ch\\\/fr\\\/audit\\\/audit-du-projet-cle-en-matiere-de-tic-fiscal-it-administration-federale-des-contributions-afc\\\/\",\"url\":\"https:\\\/\\\/www.efk.admin.ch\\\/fr\\\/audit\\\/audit-du-projet-cle-en-matiere-de-tic-fiscal-it-administration-federale-des-contributions-afc\\\/\",\"name\":\"Audit du projet cl\u00e9 en mati\u00e8re de TIC : FISCAL-IT - Contr\u00f4le f\u00e9d\u00e9ral des finances (CDF)\",\"isPartOf\":{\"@id\":\"https:\\\/\\\/www.efk.admin.ch\\\/fr\\\/#website\"},\"datePublished\":\"2024-01-17T15:38:30+00:00\",\"dateModified\":\"2024-03-06T08:01:17+00:00\",\"description\":\"Audit du projet cl\u00e9 en mati\u00e8re de TIC : FISCAL-IT\",\"breadcrumb\":{\"@id\":\"https:\\\/\\\/www.efk.admin.ch\\\/fr\\\/audit\\\/audit-du-projet-cle-en-matiere-de-tic-fiscal-it-administration-federale-des-contributions-afc\\\/#breadcrumb\"},\"inLanguage\":\"fr-FR\",\"potentialAction\":[{\"@type\":\"ReadAction\",\"target\":[\"https:\\\/\\\/www.efk.admin.ch\\\/fr\\\/audit\\\/audit-du-projet-cle-en-matiere-de-tic-fiscal-it-administration-federale-des-contributions-afc\\\/\"]}]},{\"@type\":\"BreadcrumbList\",\"@id\":\"https:\\\/\\\/www.efk.admin.ch\\\/fr\\\/audit\\\/audit-du-projet-cle-en-matiere-de-tic-fiscal-it-administration-federale-des-contributions-afc\\\/#breadcrumb\",\"itemListElement\":[{\"@type\":\"ListItem\",\"position\":1,\"name\":\"Home\",\"item\":\"https:\\\/\\\/www.efk.admin.ch\\\/fr\\\/\"},{\"@type\":\"ListItem\",\"position\":2,\"name\":\"Rapport\",\"item\":\"https:\\\/\\\/www.efk.admin.ch\\\/fr\\\/audit\\\/\"},{\"@type\":\"ListItem\",\"position\":3,\"name\":\"Audit du projet cl\u00e9 en mati\u00e8re de TIC : FISCAL-IT\"}]},{\"@type\":\"WebSite\",\"@id\":\"https:\\\/\\\/www.efk.admin.ch\\\/fr\\\/#website\",\"url\":\"https:\\\/\\\/www.efk.admin.ch\\\/fr\\\/\",\"name\":\"Informationen \u00fcber das oberste Finanzaufsichtsorgan der Schweiz\",\"description\":\"Le Contr\u00f4le f\u00e9d\u00e9ral des finances (CDF) est l'organe supr\u00eame de surveillance financi\u00e8re de la Conf\u00e9d\u00e9ration suisse.\",\"publisher\":{\"@id\":\"https:\\\/\\\/www.efk.admin.ch\\\/fr\\\/#organization\"},\"alternateName\":\"EFK\",\"potentialAction\":[{\"@type\":\"SearchAction\",\"target\":{\"@type\":\"EntryPoint\",\"urlTemplate\":\"https:\\\/\\\/www.efk.admin.ch\\\/fr\\\/?s={search_term_string}\"},\"query-input\":{\"@type\":\"PropertyValueSpecification\",\"valueRequired\":true,\"valueName\":\"search_term_string\"}}],\"inLanguage\":\"fr-FR\"},{\"@type\":\"Organization\",\"@id\":\"https:\\\/\\\/www.efk.admin.ch\\\/fr\\\/#organization\",\"name\":\"Contr\u00f4le f\u00e9d\u00e9ral des finances (CDF)\",\"alternateName\":\"EFK\",\"url\":\"https:\\\/\\\/www.efk.admin.ch\\\/fr\\\/\",\"logo\":{\"@type\":\"ImageObject\",\"inLanguage\":\"fr-FR\",\"@id\":\"https:\\\/\\\/www.efk.admin.ch\\\/fr\\\/#\\\/schema\\\/logo\\\/image\\\/\",\"url\":\"https:\\\/\\\/www.efk.admin.ch\\\/wp-content\\\/uploads\\\/efk_cdf_logo_ohne_claim.png\",\"contentUrl\":\"https:\\\/\\\/www.efk.admin.ch\\\/wp-content\\\/uploads\\\/efk_cdf_logo_ohne_claim.png\",\"width\":268,\"height\":258,\"caption\":\"Contr\u00f4le f\u00e9d\u00e9ral des finances (CDF)\"},\"image\":{\"@id\":\"https:\\\/\\\/www.efk.admin.ch\\\/fr\\\/#\\\/schema\\\/logo\\\/image\\\/\"},\"sameAs\":[\"https:\\\/\\\/www.instagram.com\\\/efk_cdf_sfao\\\/\",\"https:\\\/\\\/www.youtube.com\\\/channel\\\/UCm-bXj227VE5sJzhB-ihdvw\\\/featured\",\"https:\\\/\\\/www.linkedin.com\\\/company\\\/11081578\\\/\"]}]}<\/script>\n<!-- \/ Yoast SEO Premium plugin. -->","yoast_head_json":{"title":"Audit du projet cl\u00e9 en mati\u00e8re de TIC : FISCAL-IT - Contr\u00f4le f\u00e9d\u00e9ral des finances (CDF)","description":"Audit du projet cl\u00e9 en mati\u00e8re de TIC : FISCAL-IT","robots":{"index":"index","follow":"follow","max-snippet":"max-snippet:-1","max-image-preview":"max-image-preview:large","max-video-preview":"max-video-preview:-1"},"canonical":"https:\/\/www.efk.admin.ch\/fr\/audit\/audit-du-projet-cle-en-matiere-de-tic-fiscal-it-administration-federale-des-contributions-afc\/","og_locale":"fr_FR","og_type":"article","og_title":"Audit du projet cl\u00e9 en mati\u00e8re de TIC : FISCAL-IT","og_description":"Audit du projet cl\u00e9 en mati\u00e8re de TIC : FISCAL-IT","og_url":"https:\/\/www.efk.admin.ch\/fr\/audit\/audit-du-projet-cle-en-matiere-de-tic-fiscal-it-administration-federale-des-contributions-afc\/","og_site_name":"Contr\u00f4le f\u00e9d\u00e9ral des finances (CDF)","article_modified_time":"2024-03-06T08:01:17+00:00","og_image":[{"width":750,"height":500,"url":"https:\/\/www.efk.admin.ch\/wp-content\/uploads\/test\/palais.jpg","type":"image\/jpeg"}],"twitter_card":"summary_large_image","twitter_misc":{"Dur\u00e9e de lecture estim\u00e9e":"1 minute"},"schema":{"@context":"https:\/\/schema.org","@graph":[{"@type":"WebPage","@id":"https:\/\/www.efk.admin.ch\/fr\/audit\/audit-du-projet-cle-en-matiere-de-tic-fiscal-it-administration-federale-des-contributions-afc\/","url":"https:\/\/www.efk.admin.ch\/fr\/audit\/audit-du-projet-cle-en-matiere-de-tic-fiscal-it-administration-federale-des-contributions-afc\/","name":"Audit du projet cl\u00e9 en mati\u00e8re de TIC : FISCAL-IT - Contr\u00f4le f\u00e9d\u00e9ral des finances (CDF)","isPartOf":{"@id":"https:\/\/www.efk.admin.ch\/fr\/#website"},"datePublished":"2024-01-17T15:38:30+00:00","dateModified":"2024-03-06T08:01:17+00:00","description":"Audit du projet cl\u00e9 en mati\u00e8re de TIC : FISCAL-IT","breadcrumb":{"@id":"https:\/\/www.efk.admin.ch\/fr\/audit\/audit-du-projet-cle-en-matiere-de-tic-fiscal-it-administration-federale-des-contributions-afc\/#breadcrumb"},"inLanguage":"fr-FR","potentialAction":[{"@type":"ReadAction","target":["https:\/\/www.efk.admin.ch\/fr\/audit\/audit-du-projet-cle-en-matiere-de-tic-fiscal-it-administration-federale-des-contributions-afc\/"]}]},{"@type":"BreadcrumbList","@id":"https:\/\/www.efk.admin.ch\/fr\/audit\/audit-du-projet-cle-en-matiere-de-tic-fiscal-it-administration-federale-des-contributions-afc\/#breadcrumb","itemListElement":[{"@type":"ListItem","position":1,"name":"Home","item":"https:\/\/www.efk.admin.ch\/fr\/"},{"@type":"ListItem","position":2,"name":"Rapport","item":"https:\/\/www.efk.admin.ch\/fr\/audit\/"},{"@type":"ListItem","position":3,"name":"Audit du projet cl\u00e9 en mati\u00e8re de TIC : FISCAL-IT"}]},{"@type":"WebSite","@id":"https:\/\/www.efk.admin.ch\/fr\/#website","url":"https:\/\/www.efk.admin.ch\/fr\/","name":"Informationen \u00fcber das oberste Finanzaufsichtsorgan der Schweiz","description":"Le Contr\u00f4le f\u00e9d\u00e9ral des finances (CDF) est l'organe supr\u00eame de surveillance financi\u00e8re de la Conf\u00e9d\u00e9ration suisse.","publisher":{"@id":"https:\/\/www.efk.admin.ch\/fr\/#organization"},"alternateName":"EFK","potentialAction":[{"@type":"SearchAction","target":{"@type":"EntryPoint","urlTemplate":"https:\/\/www.efk.admin.ch\/fr\/?s={search_term_string}"},"query-input":{"@type":"PropertyValueSpecification","valueRequired":true,"valueName":"search_term_string"}}],"inLanguage":"fr-FR"},{"@type":"Organization","@id":"https:\/\/www.efk.admin.ch\/fr\/#organization","name":"Contr\u00f4le f\u00e9d\u00e9ral des finances (CDF)","alternateName":"EFK","url":"https:\/\/www.efk.admin.ch\/fr\/","logo":{"@type":"ImageObject","inLanguage":"fr-FR","@id":"https:\/\/www.efk.admin.ch\/fr\/#\/schema\/logo\/image\/","url":"https:\/\/www.efk.admin.ch\/wp-content\/uploads\/efk_cdf_logo_ohne_claim.png","contentUrl":"https:\/\/www.efk.admin.ch\/wp-content\/uploads\/efk_cdf_logo_ohne_claim.png","width":268,"height":258,"caption":"Contr\u00f4le f\u00e9d\u00e9ral des finances (CDF)"},"image":{"@id":"https:\/\/www.efk.admin.ch\/fr\/#\/schema\/logo\/image\/"},"sameAs":["https:\/\/www.instagram.com\/efk_cdf_sfao\/","https:\/\/www.youtube.com\/channel\/UCm-bXj227VE5sJzhB-ihdvw\/featured","https:\/\/www.linkedin.com\/company\/11081578\/"]}]}},"_links":{"self":[{"href":"https:\/\/www.efk.admin.ch\/fr\/wp-json\/wp\/v2\/audit\/6404","targetHints":{"allow":["GET"]}}],"collection":[{"href":"https:\/\/www.efk.admin.ch\/fr\/wp-json\/wp\/v2\/audit"}],"about":[{"href":"https:\/\/www.efk.admin.ch\/fr\/wp-json\/wp\/v2\/types\/audit"}],"acf:post":[{"embeddable":true,"href":"https:\/\/www.efk.admin.ch\/fr\/wp-json\/wp\/v2\/office\/7939"}],"wp:attachment":[{"href":"https:\/\/www.efk.admin.ch\/fr\/wp-json\/wp\/v2\/media?parent=6404"}],"wp:term":[{"taxonomy":"audit_category","embeddable":true,"href":"https:\/\/www.efk.admin.ch\/fr\/wp-json\/wp\/v2\/audit_category?post=6404"},{"taxonomy":"audit_type","embeddable":true,"href":"https:\/\/www.efk.admin.ch\/fr\/wp-json\/wp\/v2\/audit_type?post=6404"}],"curies":[{"name":"wp","href":"https:\/\/api.w.org\/{rel}","templated":true}]}}