{"id":6392,"date":"2024-01-17T16:38:24","date_gmt":"2024-01-17T15:38:24","guid":{"rendered":"https:\/\/preview.efk.admin.ch\/prufung\/compte-detat-de-la-confederation-suisse-pour-lannee-2006\/"},"modified":"2024-03-08T16:10:37","modified_gmt":"2024-03-08T15:10:37","slug":"compte-detat-de-la-confederation-suisse-pour-lannee-2006","status":"publish","type":"audit","link":"https:\/\/www.efk.admin.ch\/fr\/audit\/compte-detat-de-la-confederation-suisse-pour-lannee-2006\/","title":{"rendered":"Compte d&#8217;Etat de la Conf\u00e9d\u00e9ration suisse pour l&#8217;ann\u00e9e 2006"},"content":{"rendered":"\n<p>En application de l&#8217;atricle 6 de la loi f\u00e9d\u00e9rale sur le Contr&#8217;ole f\u00e9d\u00e9ral et conform\u00e9ment aux prescriptions l\u00e9gales, nous avons v\u00e9rifi\u00e9 le compte d&#8217;Etat de la Conf\u00e9d\u00e9ration comprenant le conte financier, le compte de r\u00e9sultats, le bilan et des comptes sp\u00e9ciaux, pr\u00e9sent\u00e9 par le Conseil f\u00e9d\u00e9ral dans son message du 28 mars 2007 pour l&#8217;exercice arr\u00eat\u00e9 au 31 d\u00e9cembre 2006.<\/p>\n","protected":false},"featured_media":0,"menu_order":0,"template":"","audit_category":[43],"audit_type":[221],"class_list":["post-6392","audit","type-audit","status-publish","hentry","audit_category-finances-publiques-et-impots","audit_type-bundesrechnung"],"acf":{"audit_lang":[{"lang":"d"}],"audit_numbers":[{"audit_number":"7030"}],"audit_office":[7937],"audit_office_text":"","audit_date":"20070509","bgo":false,"keywords":"En application de l'atricle 6 de la loi f\u00e9d\u00e9rale sur le Contr'ole f\u00e9d\u00e9ral et conform\u00e9ment aux prescriptions l\u00e9gales, nous avons v\u00e9rifi\u00e9 le compte d'Etat de la Conf\u00e9d\u00e9ration comprenant le conte financier, le compte de r\u00e9sultats, le bilan et des comptes sp\u00e9ciaux, pr\u00e9sent\u00e9 par le Conseil f\u00e9d\u00e9ral dans son message du 28 mars 2007 pour l'exercice arr\u00eat\u00e9 au 31 d\u00e9cembre 2006.","audit_office_local":""},"yoast_head":"<!-- This site is optimized with the Yoast SEO Premium plugin v27.4 (Yoast SEO v27.4) - https:\/\/yoast.com\/product\/yoast-seo-premium-wordpress\/ -->\n<title>Compte d&#039;Etat de la Conf\u00e9d\u00e9ration suisse pour l&#039;ann\u00e9e 2006 - Contr\u00f4le f\u00e9d\u00e9ral des finances (CDF)<\/title>\n<meta name=\"description\" content=\"Compte d&#039;Etat de la Conf\u00e9d\u00e9ration suisse pour l&#039;ann\u00e9e 2006\" \/>\n<meta name=\"robots\" content=\"index, follow, max-snippet:-1, max-image-preview:large, max-video-preview:-1\" \/>\n<link rel=\"canonical\" href=\"https:\/\/www.efk.admin.ch\/fr\/audit\/compte-detat-de-la-confederation-suisse-pour-lannee-2006\/\" \/>\n<meta property=\"og:locale\" content=\"fr_FR\" \/>\n<meta property=\"og:type\" content=\"article\" \/>\n<meta property=\"og:title\" content=\"Compte d&#039;Etat de la Conf\u00e9d\u00e9ration suisse pour l&#039;ann\u00e9e 2006\" \/>\n<meta property=\"og:description\" content=\"Compte d&#039;Etat de la Conf\u00e9d\u00e9ration suisse pour l&#039;ann\u00e9e 2006\" \/>\n<meta property=\"og:url\" content=\"https:\/\/www.efk.admin.ch\/fr\/audit\/compte-detat-de-la-confederation-suisse-pour-lannee-2006\/\" \/>\n<meta property=\"og:site_name\" content=\"Contr\u00f4le f\u00e9d\u00e9ral des finances (CDF)\" \/>\n<meta property=\"article:modified_time\" content=\"2024-03-08T15:10:37+00:00\" \/>\n<meta property=\"og:image\" content=\"https:\/\/www.efk.admin.ch\/wp-content\/uploads\/test\/palais.jpg\" \/>\n\t<meta property=\"og:image:width\" content=\"750\" \/>\n\t<meta property=\"og:image:height\" content=\"500\" \/>\n\t<meta property=\"og:image:type\" content=\"image\/jpeg\" \/>\n<meta name=\"twitter:card\" content=\"summary_large_image\" \/>\n<script type=\"application\/ld+json\" class=\"yoast-schema-graph\">{\"@context\":\"https:\\\/\\\/schema.org\",\"@graph\":[{\"@type\":\"WebPage\",\"@id\":\"https:\\\/\\\/www.efk.admin.ch\\\/fr\\\/audit\\\/compte-detat-de-la-confederation-suisse-pour-lannee-2006\\\/\",\"url\":\"https:\\\/\\\/www.efk.admin.ch\\\/fr\\\/audit\\\/compte-detat-de-la-confederation-suisse-pour-lannee-2006\\\/\",\"name\":\"Compte d'Etat de la Conf\u00e9d\u00e9ration suisse pour l'ann\u00e9e 2006 - Contr\u00f4le f\u00e9d\u00e9ral des finances (CDF)\",\"isPartOf\":{\"@id\":\"https:\\\/\\\/www.efk.admin.ch\\\/fr\\\/#website\"},\"datePublished\":\"2024-01-17T15:38:24+00:00\",\"dateModified\":\"2024-03-08T15:10:37+00:00\",\"description\":\"Compte d'Etat de la Conf\u00e9d\u00e9ration suisse pour l'ann\u00e9e 2006\",\"breadcrumb\":{\"@id\":\"https:\\\/\\\/www.efk.admin.ch\\\/fr\\\/audit\\\/compte-detat-de-la-confederation-suisse-pour-lannee-2006\\\/#breadcrumb\"},\"inLanguage\":\"fr-FR\",\"potentialAction\":[{\"@type\":\"ReadAction\",\"target\":[\"https:\\\/\\\/www.efk.admin.ch\\\/fr\\\/audit\\\/compte-detat-de-la-confederation-suisse-pour-lannee-2006\\\/\"]}]},{\"@type\":\"BreadcrumbList\",\"@id\":\"https:\\\/\\\/www.efk.admin.ch\\\/fr\\\/audit\\\/compte-detat-de-la-confederation-suisse-pour-lannee-2006\\\/#breadcrumb\",\"itemListElement\":[{\"@type\":\"ListItem\",\"position\":1,\"name\":\"Home\",\"item\":\"https:\\\/\\\/www.efk.admin.ch\\\/fr\\\/\"},{\"@type\":\"ListItem\",\"position\":2,\"name\":\"Rapport\",\"item\":\"https:\\\/\\\/www.efk.admin.ch\\\/fr\\\/audit\\\/\"},{\"@type\":\"ListItem\",\"position\":3,\"name\":\"Compte d&#8217;Etat de la Conf\u00e9d\u00e9ration suisse pour l&#8217;ann\u00e9e 2006\"}]},{\"@type\":\"WebSite\",\"@id\":\"https:\\\/\\\/www.efk.admin.ch\\\/fr\\\/#website\",\"url\":\"https:\\\/\\\/www.efk.admin.ch\\\/fr\\\/\",\"name\":\"Informationen \u00fcber das oberste Finanzaufsichtsorgan der Schweiz\",\"description\":\"Le Contr\u00f4le f\u00e9d\u00e9ral des finances (CDF) est l'organe supr\u00eame de surveillance financi\u00e8re de la Conf\u00e9d\u00e9ration suisse.\",\"publisher\":{\"@id\":\"https:\\\/\\\/www.efk.admin.ch\\\/fr\\\/#organization\"},\"alternateName\":\"EFK\",\"potentialAction\":[{\"@type\":\"SearchAction\",\"target\":{\"@type\":\"EntryPoint\",\"urlTemplate\":\"https:\\\/\\\/www.efk.admin.ch\\\/fr\\\/?s={search_term_string}\"},\"query-input\":{\"@type\":\"PropertyValueSpecification\",\"valueRequired\":true,\"valueName\":\"search_term_string\"}}],\"inLanguage\":\"fr-FR\"},{\"@type\":\"Organization\",\"@id\":\"https:\\\/\\\/www.efk.admin.ch\\\/fr\\\/#organization\",\"name\":\"Contr\u00f4le f\u00e9d\u00e9ral des finances (CDF)\",\"alternateName\":\"EFK\",\"url\":\"https:\\\/\\\/www.efk.admin.ch\\\/fr\\\/\",\"logo\":{\"@type\":\"ImageObject\",\"inLanguage\":\"fr-FR\",\"@id\":\"https:\\\/\\\/www.efk.admin.ch\\\/fr\\\/#\\\/schema\\\/logo\\\/image\\\/\",\"url\":\"https:\\\/\\\/www.efk.admin.ch\\\/wp-content\\\/uploads\\\/efk_cdf_logo_ohne_claim.png\",\"contentUrl\":\"https:\\\/\\\/www.efk.admin.ch\\\/wp-content\\\/uploads\\\/efk_cdf_logo_ohne_claim.png\",\"width\":268,\"height\":258,\"caption\":\"Contr\u00f4le f\u00e9d\u00e9ral des finances (CDF)\"},\"image\":{\"@id\":\"https:\\\/\\\/www.efk.admin.ch\\\/fr\\\/#\\\/schema\\\/logo\\\/image\\\/\"},\"sameAs\":[\"https:\\\/\\\/www.instagram.com\\\/efk_cdf_sfao\\\/\",\"https:\\\/\\\/www.youtube.com\\\/channel\\\/UCm-bXj227VE5sJzhB-ihdvw\\\/featured\",\"https:\\\/\\\/www.linkedin.com\\\/company\\\/11081578\\\/\"]}]}<\/script>\n<!-- \/ Yoast SEO Premium plugin. -->","yoast_head_json":{"title":"Compte d'Etat de la Conf\u00e9d\u00e9ration suisse pour l'ann\u00e9e 2006 - Contr\u00f4le f\u00e9d\u00e9ral des finances (CDF)","description":"Compte d'Etat de la Conf\u00e9d\u00e9ration suisse pour l'ann\u00e9e 2006","robots":{"index":"index","follow":"follow","max-snippet":"max-snippet:-1","max-image-preview":"max-image-preview:large","max-video-preview":"max-video-preview:-1"},"canonical":"https:\/\/www.efk.admin.ch\/fr\/audit\/compte-detat-de-la-confederation-suisse-pour-lannee-2006\/","og_locale":"fr_FR","og_type":"article","og_title":"Compte d'Etat de la Conf\u00e9d\u00e9ration suisse pour l'ann\u00e9e 2006","og_description":"Compte d'Etat de la Conf\u00e9d\u00e9ration suisse pour l'ann\u00e9e 2006","og_url":"https:\/\/www.efk.admin.ch\/fr\/audit\/compte-detat-de-la-confederation-suisse-pour-lannee-2006\/","og_site_name":"Contr\u00f4le f\u00e9d\u00e9ral des finances (CDF)","article_modified_time":"2024-03-08T15:10:37+00:00","og_image":[{"width":750,"height":500,"url":"https:\/\/www.efk.admin.ch\/wp-content\/uploads\/test\/palais.jpg","type":"image\/jpeg"}],"twitter_card":"summary_large_image","schema":{"@context":"https:\/\/schema.org","@graph":[{"@type":"WebPage","@id":"https:\/\/www.efk.admin.ch\/fr\/audit\/compte-detat-de-la-confederation-suisse-pour-lannee-2006\/","url":"https:\/\/www.efk.admin.ch\/fr\/audit\/compte-detat-de-la-confederation-suisse-pour-lannee-2006\/","name":"Compte d'Etat de la Conf\u00e9d\u00e9ration suisse pour l'ann\u00e9e 2006 - Contr\u00f4le f\u00e9d\u00e9ral des finances (CDF)","isPartOf":{"@id":"https:\/\/www.efk.admin.ch\/fr\/#website"},"datePublished":"2024-01-17T15:38:24+00:00","dateModified":"2024-03-08T15:10:37+00:00","description":"Compte d'Etat de la Conf\u00e9d\u00e9ration suisse pour l'ann\u00e9e 2006","breadcrumb":{"@id":"https:\/\/www.efk.admin.ch\/fr\/audit\/compte-detat-de-la-confederation-suisse-pour-lannee-2006\/#breadcrumb"},"inLanguage":"fr-FR","potentialAction":[{"@type":"ReadAction","target":["https:\/\/www.efk.admin.ch\/fr\/audit\/compte-detat-de-la-confederation-suisse-pour-lannee-2006\/"]}]},{"@type":"BreadcrumbList","@id":"https:\/\/www.efk.admin.ch\/fr\/audit\/compte-detat-de-la-confederation-suisse-pour-lannee-2006\/#breadcrumb","itemListElement":[{"@type":"ListItem","position":1,"name":"Home","item":"https:\/\/www.efk.admin.ch\/fr\/"},{"@type":"ListItem","position":2,"name":"Rapport","item":"https:\/\/www.efk.admin.ch\/fr\/audit\/"},{"@type":"ListItem","position":3,"name":"Compte d&#8217;Etat de la Conf\u00e9d\u00e9ration suisse pour l&#8217;ann\u00e9e 2006"}]},{"@type":"WebSite","@id":"https:\/\/www.efk.admin.ch\/fr\/#website","url":"https:\/\/www.efk.admin.ch\/fr\/","name":"Informationen \u00fcber das oberste Finanzaufsichtsorgan der Schweiz","description":"Le Contr\u00f4le f\u00e9d\u00e9ral des finances (CDF) est l'organe supr\u00eame de surveillance financi\u00e8re de la Conf\u00e9d\u00e9ration suisse.","publisher":{"@id":"https:\/\/www.efk.admin.ch\/fr\/#organization"},"alternateName":"EFK","potentialAction":[{"@type":"SearchAction","target":{"@type":"EntryPoint","urlTemplate":"https:\/\/www.efk.admin.ch\/fr\/?s={search_term_string}"},"query-input":{"@type":"PropertyValueSpecification","valueRequired":true,"valueName":"search_term_string"}}],"inLanguage":"fr-FR"},{"@type":"Organization","@id":"https:\/\/www.efk.admin.ch\/fr\/#organization","name":"Contr\u00f4le f\u00e9d\u00e9ral des finances (CDF)","alternateName":"EFK","url":"https:\/\/www.efk.admin.ch\/fr\/","logo":{"@type":"ImageObject","inLanguage":"fr-FR","@id":"https:\/\/www.efk.admin.ch\/fr\/#\/schema\/logo\/image\/","url":"https:\/\/www.efk.admin.ch\/wp-content\/uploads\/efk_cdf_logo_ohne_claim.png","contentUrl":"https:\/\/www.efk.admin.ch\/wp-content\/uploads\/efk_cdf_logo_ohne_claim.png","width":268,"height":258,"caption":"Contr\u00f4le f\u00e9d\u00e9ral des finances (CDF)"},"image":{"@id":"https:\/\/www.efk.admin.ch\/fr\/#\/schema\/logo\/image\/"},"sameAs":["https:\/\/www.instagram.com\/efk_cdf_sfao\/","https:\/\/www.youtube.com\/channel\/UCm-bXj227VE5sJzhB-ihdvw\/featured","https:\/\/www.linkedin.com\/company\/11081578\/"]}]}},"_links":{"self":[{"href":"https:\/\/www.efk.admin.ch\/fr\/wp-json\/wp\/v2\/audit\/6392","targetHints":{"allow":["GET"]}}],"collection":[{"href":"https:\/\/www.efk.admin.ch\/fr\/wp-json\/wp\/v2\/audit"}],"about":[{"href":"https:\/\/www.efk.admin.ch\/fr\/wp-json\/wp\/v2\/types\/audit"}],"acf:post":[{"embeddable":true,"href":"https:\/\/www.efk.admin.ch\/fr\/wp-json\/wp\/v2\/office\/7937"}],"wp:attachment":[{"href":"https:\/\/www.efk.admin.ch\/fr\/wp-json\/wp\/v2\/media?parent=6392"}],"wp:term":[{"taxonomy":"audit_category","embeddable":true,"href":"https:\/\/www.efk.admin.ch\/fr\/wp-json\/wp\/v2\/audit_category?post=6392"},{"taxonomy":"audit_type","embeddable":true,"href":"https:\/\/www.efk.admin.ch\/fr\/wp-json\/wp\/v2\/audit_type?post=6392"}],"curies":[{"name":"wp","href":"https:\/\/api.w.org\/{rel}","templated":true}]}}