{"id":6382,"date":"2024-01-17T16:38:24","date_gmt":"2024-01-17T15:38:24","guid":{"rendered":"https:\/\/preview.efk.admin.ch\/prufung\/taxation-et-perception-de-limpot-federal-direct-examen-de-la-surveillance-effectuee-par-ladministration-federale-des-contributions\/"},"modified":"2024-03-07T17:01:32","modified_gmt":"2024-03-07T16:01:32","slug":"taxation-et-perception-de-limpot-federal-direct-examen-de-la-surveillance-effectuee-par-ladministration-federale-des-contributions","status":"publish","type":"audit","link":"https:\/\/www.efk.admin.ch\/fr\/audit\/taxation-et-perception-de-limpot-federal-direct-examen-de-la-surveillance-effectuee-par-ladministration-federale-des-contributions\/","title":{"rendered":"Taxation et perception de l&#8217;imp\u00f4t f\u00e9d\u00e9ral direct &#8211; Examen de la surveillance"},"content":{"rendered":"\n<p>La Division Surveillance cantons est, au sein de l\u2019Administration f\u00e9d\u00e9rale des contributions, l\u2019entit\u00e9 qui veille \u00e0 l\u2019application uniforme et correcte des t\u00e2ches de taxation et de perception qui sont d\u00e9l\u00e9gu\u00e9es aux cantons selon la Loi sur l\u2019imp\u00f4t f\u00e9d\u00e9ral direct (LIFD). Cette t\u00e2che de surveillance s\u2019exerce dans le domaine particuli\u00e8rement complexe de l\u2019imp\u00f4t direct et dans un environnement tr\u00e8s vari\u00e9, \u00e9tant donn\u00e9 que les cantons mettent en place leur propre organisation, ressources et moyens pour effectuer les t\u00e2ches d\u00e9l\u00e9gu\u00e9es par la LIFD.<\/p>\n","protected":false},"featured_media":0,"menu_order":0,"template":"","audit_category":[43],"audit_type":[52],"class_list":["post-6382","audit","type-audit","status-publish","hentry","audit_category-finances-publiques-et-impots","audit_type-audit-fr"],"acf":{"audit_lang":[{"lang":"f"}],"audit_numbers":[{"audit_number":"9284"}],"audit_office":7939,"audit_office_text":"","audit_date":"20100109","bgo":false,"keywords":"La Division Surveillance cantons est, au sein de l\u2019Administration f\u00e9d\u00e9rale des contributions, l\u2019entit\u00e9 qui veille \u00e0 l\u2019application uniforme et correcte des t\u00e2ches de taxation et de perception qui sont d\u00e9l\u00e9gu\u00e9es aux cantons selon la Loi sur l\u2019imp\u00f4t f\u00e9d\u00e9ral direct (LIFD). Cette t\u00e2che de surveillance s\u2019exerce dans le domaine particuli\u00e8rement complexe de l\u2019imp\u00f4t direct et dans un environnement tr\u00e8s vari\u00e9, \u00e9tant donn\u00e9 que les cantons mettent en place leur propre organisation, ressources et moyens pour effectuer les t\u00e2ches d\u00e9l\u00e9gu\u00e9es par la LIFD.","audit_office_local":""},"yoast_head":"<!-- This site is optimized with the Yoast SEO Premium plugin v27.4 (Yoast SEO v27.4) - https:\/\/yoast.com\/product\/yoast-seo-premium-wordpress\/ -->\n<title>Taxation et perception de l&#039;imp\u00f4t f\u00e9d\u00e9ral direct - Examen de la surveillance - Contr\u00f4le f\u00e9d\u00e9ral des finances (CDF)<\/title>\n<meta name=\"description\" content=\"Taxation et perception de l&#039;imp\u00f4t f\u00e9d\u00e9ral direct - Examen de la surveillance\" \/>\n<meta name=\"robots\" content=\"index, follow, max-snippet:-1, max-image-preview:large, max-video-preview:-1\" \/>\n<link rel=\"canonical\" href=\"https:\/\/www.efk.admin.ch\/fr\/audit\/taxation-et-perception-de-limpot-federal-direct-examen-de-la-surveillance-effectuee-par-ladministration-federale-des-contributions\/\" \/>\n<meta property=\"og:locale\" content=\"fr_FR\" \/>\n<meta property=\"og:type\" content=\"article\" \/>\n<meta property=\"og:title\" content=\"Taxation et perception de l&#039;imp\u00f4t f\u00e9d\u00e9ral direct - Examen de la surveillance\" \/>\n<meta property=\"og:description\" content=\"Taxation et perception de l&#039;imp\u00f4t f\u00e9d\u00e9ral direct - Examen de la surveillance\" \/>\n<meta property=\"og:url\" content=\"https:\/\/www.efk.admin.ch\/fr\/audit\/taxation-et-perception-de-limpot-federal-direct-examen-de-la-surveillance-effectuee-par-ladministration-federale-des-contributions\/\" \/>\n<meta property=\"og:site_name\" content=\"Contr\u00f4le f\u00e9d\u00e9ral des finances (CDF)\" \/>\n<meta property=\"article:modified_time\" content=\"2024-03-07T16:01:32+00:00\" \/>\n<meta property=\"og:image\" content=\"https:\/\/www.efk.admin.ch\/wp-content\/uploads\/test\/palais.jpg\" \/>\n\t<meta property=\"og:image:width\" content=\"750\" \/>\n\t<meta property=\"og:image:height\" content=\"500\" \/>\n\t<meta property=\"og:image:type\" content=\"image\/jpeg\" \/>\n<meta name=\"twitter:card\" content=\"summary_large_image\" \/>\n<meta name=\"twitter:label1\" content=\"Dur\u00e9e de lecture estim\u00e9e\" \/>\n\t<meta name=\"twitter:data1\" content=\"1 minute\" \/>\n<script type=\"application\/ld+json\" class=\"yoast-schema-graph\">{\"@context\":\"https:\\\/\\\/schema.org\",\"@graph\":[{\"@type\":\"WebPage\",\"@id\":\"https:\\\/\\\/www.efk.admin.ch\\\/fr\\\/audit\\\/taxation-et-perception-de-limpot-federal-direct-examen-de-la-surveillance-effectuee-par-ladministration-federale-des-contributions\\\/\",\"url\":\"https:\\\/\\\/www.efk.admin.ch\\\/fr\\\/audit\\\/taxation-et-perception-de-limpot-federal-direct-examen-de-la-surveillance-effectuee-par-ladministration-federale-des-contributions\\\/\",\"name\":\"Taxation et perception de l'imp\u00f4t f\u00e9d\u00e9ral direct - Examen de la surveillance - Contr\u00f4le f\u00e9d\u00e9ral des finances (CDF)\",\"isPartOf\":{\"@id\":\"https:\\\/\\\/www.efk.admin.ch\\\/fr\\\/#website\"},\"datePublished\":\"2024-01-17T15:38:24+00:00\",\"dateModified\":\"2024-03-07T16:01:32+00:00\",\"description\":\"Taxation et perception de l'imp\u00f4t f\u00e9d\u00e9ral direct - Examen de la surveillance\",\"breadcrumb\":{\"@id\":\"https:\\\/\\\/www.efk.admin.ch\\\/fr\\\/audit\\\/taxation-et-perception-de-limpot-federal-direct-examen-de-la-surveillance-effectuee-par-ladministration-federale-des-contributions\\\/#breadcrumb\"},\"inLanguage\":\"fr-FR\",\"potentialAction\":[{\"@type\":\"ReadAction\",\"target\":[\"https:\\\/\\\/www.efk.admin.ch\\\/fr\\\/audit\\\/taxation-et-perception-de-limpot-federal-direct-examen-de-la-surveillance-effectuee-par-ladministration-federale-des-contributions\\\/\"]}]},{\"@type\":\"BreadcrumbList\",\"@id\":\"https:\\\/\\\/www.efk.admin.ch\\\/fr\\\/audit\\\/taxation-et-perception-de-limpot-federal-direct-examen-de-la-surveillance-effectuee-par-ladministration-federale-des-contributions\\\/#breadcrumb\",\"itemListElement\":[{\"@type\":\"ListItem\",\"position\":1,\"name\":\"Home\",\"item\":\"https:\\\/\\\/www.efk.admin.ch\\\/fr\\\/\"},{\"@type\":\"ListItem\",\"position\":2,\"name\":\"Rapport\",\"item\":\"https:\\\/\\\/www.efk.admin.ch\\\/fr\\\/audit\\\/\"},{\"@type\":\"ListItem\",\"position\":3,\"name\":\"Taxation et perception de l&#8217;imp\u00f4t f\u00e9d\u00e9ral direct &#8211; Examen de la surveillance\"}]},{\"@type\":\"WebSite\",\"@id\":\"https:\\\/\\\/www.efk.admin.ch\\\/fr\\\/#website\",\"url\":\"https:\\\/\\\/www.efk.admin.ch\\\/fr\\\/\",\"name\":\"Informationen \u00fcber das oberste Finanzaufsichtsorgan der Schweiz\",\"description\":\"Le Contr\u00f4le f\u00e9d\u00e9ral des finances (CDF) est l'organe supr\u00eame de surveillance financi\u00e8re de la Conf\u00e9d\u00e9ration suisse.\",\"publisher\":{\"@id\":\"https:\\\/\\\/www.efk.admin.ch\\\/fr\\\/#organization\"},\"alternateName\":\"EFK\",\"potentialAction\":[{\"@type\":\"SearchAction\",\"target\":{\"@type\":\"EntryPoint\",\"urlTemplate\":\"https:\\\/\\\/www.efk.admin.ch\\\/fr\\\/?s={search_term_string}\"},\"query-input\":{\"@type\":\"PropertyValueSpecification\",\"valueRequired\":true,\"valueName\":\"search_term_string\"}}],\"inLanguage\":\"fr-FR\"},{\"@type\":\"Organization\",\"@id\":\"https:\\\/\\\/www.efk.admin.ch\\\/fr\\\/#organization\",\"name\":\"Contr\u00f4le f\u00e9d\u00e9ral des finances (CDF)\",\"alternateName\":\"EFK\",\"url\":\"https:\\\/\\\/www.efk.admin.ch\\\/fr\\\/\",\"logo\":{\"@type\":\"ImageObject\",\"inLanguage\":\"fr-FR\",\"@id\":\"https:\\\/\\\/www.efk.admin.ch\\\/fr\\\/#\\\/schema\\\/logo\\\/image\\\/\",\"url\":\"https:\\\/\\\/www.efk.admin.ch\\\/wp-content\\\/uploads\\\/efk_cdf_logo_ohne_claim.png\",\"contentUrl\":\"https:\\\/\\\/www.efk.admin.ch\\\/wp-content\\\/uploads\\\/efk_cdf_logo_ohne_claim.png\",\"width\":268,\"height\":258,\"caption\":\"Contr\u00f4le f\u00e9d\u00e9ral des finances (CDF)\"},\"image\":{\"@id\":\"https:\\\/\\\/www.efk.admin.ch\\\/fr\\\/#\\\/schema\\\/logo\\\/image\\\/\"},\"sameAs\":[\"https:\\\/\\\/www.instagram.com\\\/efk_cdf_sfao\\\/\",\"https:\\\/\\\/www.youtube.com\\\/channel\\\/UCm-bXj227VE5sJzhB-ihdvw\\\/featured\",\"https:\\\/\\\/www.linkedin.com\\\/company\\\/11081578\\\/\"]}]}<\/script>\n<!-- \/ Yoast SEO Premium plugin. -->","yoast_head_json":{"title":"Taxation et perception de l'imp\u00f4t f\u00e9d\u00e9ral direct - Examen de la surveillance - Contr\u00f4le f\u00e9d\u00e9ral des finances (CDF)","description":"Taxation et perception de l'imp\u00f4t f\u00e9d\u00e9ral direct - Examen de la surveillance","robots":{"index":"index","follow":"follow","max-snippet":"max-snippet:-1","max-image-preview":"max-image-preview:large","max-video-preview":"max-video-preview:-1"},"canonical":"https:\/\/www.efk.admin.ch\/fr\/audit\/taxation-et-perception-de-limpot-federal-direct-examen-de-la-surveillance-effectuee-par-ladministration-federale-des-contributions\/","og_locale":"fr_FR","og_type":"article","og_title":"Taxation et perception de l'imp\u00f4t f\u00e9d\u00e9ral direct - Examen de la surveillance","og_description":"Taxation et perception de l'imp\u00f4t f\u00e9d\u00e9ral direct - Examen de la surveillance","og_url":"https:\/\/www.efk.admin.ch\/fr\/audit\/taxation-et-perception-de-limpot-federal-direct-examen-de-la-surveillance-effectuee-par-ladministration-federale-des-contributions\/","og_site_name":"Contr\u00f4le f\u00e9d\u00e9ral des finances (CDF)","article_modified_time":"2024-03-07T16:01:32+00:00","og_image":[{"width":750,"height":500,"url":"https:\/\/www.efk.admin.ch\/wp-content\/uploads\/test\/palais.jpg","type":"image\/jpeg"}],"twitter_card":"summary_large_image","twitter_misc":{"Dur\u00e9e de lecture estim\u00e9e":"1 minute"},"schema":{"@context":"https:\/\/schema.org","@graph":[{"@type":"WebPage","@id":"https:\/\/www.efk.admin.ch\/fr\/audit\/taxation-et-perception-de-limpot-federal-direct-examen-de-la-surveillance-effectuee-par-ladministration-federale-des-contributions\/","url":"https:\/\/www.efk.admin.ch\/fr\/audit\/taxation-et-perception-de-limpot-federal-direct-examen-de-la-surveillance-effectuee-par-ladministration-federale-des-contributions\/","name":"Taxation et perception de l'imp\u00f4t f\u00e9d\u00e9ral direct - Examen de la surveillance - Contr\u00f4le f\u00e9d\u00e9ral des finances (CDF)","isPartOf":{"@id":"https:\/\/www.efk.admin.ch\/fr\/#website"},"datePublished":"2024-01-17T15:38:24+00:00","dateModified":"2024-03-07T16:01:32+00:00","description":"Taxation et perception de l'imp\u00f4t f\u00e9d\u00e9ral direct - Examen de la surveillance","breadcrumb":{"@id":"https:\/\/www.efk.admin.ch\/fr\/audit\/taxation-et-perception-de-limpot-federal-direct-examen-de-la-surveillance-effectuee-par-ladministration-federale-des-contributions\/#breadcrumb"},"inLanguage":"fr-FR","potentialAction":[{"@type":"ReadAction","target":["https:\/\/www.efk.admin.ch\/fr\/audit\/taxation-et-perception-de-limpot-federal-direct-examen-de-la-surveillance-effectuee-par-ladministration-federale-des-contributions\/"]}]},{"@type":"BreadcrumbList","@id":"https:\/\/www.efk.admin.ch\/fr\/audit\/taxation-et-perception-de-limpot-federal-direct-examen-de-la-surveillance-effectuee-par-ladministration-federale-des-contributions\/#breadcrumb","itemListElement":[{"@type":"ListItem","position":1,"name":"Home","item":"https:\/\/www.efk.admin.ch\/fr\/"},{"@type":"ListItem","position":2,"name":"Rapport","item":"https:\/\/www.efk.admin.ch\/fr\/audit\/"},{"@type":"ListItem","position":3,"name":"Taxation et perception de l&#8217;imp\u00f4t f\u00e9d\u00e9ral direct &#8211; Examen de la surveillance"}]},{"@type":"WebSite","@id":"https:\/\/www.efk.admin.ch\/fr\/#website","url":"https:\/\/www.efk.admin.ch\/fr\/","name":"Informationen \u00fcber das oberste Finanzaufsichtsorgan der Schweiz","description":"Le Contr\u00f4le f\u00e9d\u00e9ral des finances (CDF) est l'organe supr\u00eame de surveillance financi\u00e8re de la Conf\u00e9d\u00e9ration suisse.","publisher":{"@id":"https:\/\/www.efk.admin.ch\/fr\/#organization"},"alternateName":"EFK","potentialAction":[{"@type":"SearchAction","target":{"@type":"EntryPoint","urlTemplate":"https:\/\/www.efk.admin.ch\/fr\/?s={search_term_string}"},"query-input":{"@type":"PropertyValueSpecification","valueRequired":true,"valueName":"search_term_string"}}],"inLanguage":"fr-FR"},{"@type":"Organization","@id":"https:\/\/www.efk.admin.ch\/fr\/#organization","name":"Contr\u00f4le f\u00e9d\u00e9ral des finances (CDF)","alternateName":"EFK","url":"https:\/\/www.efk.admin.ch\/fr\/","logo":{"@type":"ImageObject","inLanguage":"fr-FR","@id":"https:\/\/www.efk.admin.ch\/fr\/#\/schema\/logo\/image\/","url":"https:\/\/www.efk.admin.ch\/wp-content\/uploads\/efk_cdf_logo_ohne_claim.png","contentUrl":"https:\/\/www.efk.admin.ch\/wp-content\/uploads\/efk_cdf_logo_ohne_claim.png","width":268,"height":258,"caption":"Contr\u00f4le f\u00e9d\u00e9ral des finances (CDF)"},"image":{"@id":"https:\/\/www.efk.admin.ch\/fr\/#\/schema\/logo\/image\/"},"sameAs":["https:\/\/www.instagram.com\/efk_cdf_sfao\/","https:\/\/www.youtube.com\/channel\/UCm-bXj227VE5sJzhB-ihdvw\/featured","https:\/\/www.linkedin.com\/company\/11081578\/"]}]}},"_links":{"self":[{"href":"https:\/\/www.efk.admin.ch\/fr\/wp-json\/wp\/v2\/audit\/6382","targetHints":{"allow":["GET"]}}],"collection":[{"href":"https:\/\/www.efk.admin.ch\/fr\/wp-json\/wp\/v2\/audit"}],"about":[{"href":"https:\/\/www.efk.admin.ch\/fr\/wp-json\/wp\/v2\/types\/audit"}],"acf:post":[{"embeddable":true,"href":"https:\/\/www.efk.admin.ch\/fr\/wp-json\/wp\/v2\/office\/7939"}],"wp:attachment":[{"href":"https:\/\/www.efk.admin.ch\/fr\/wp-json\/wp\/v2\/media?parent=6382"}],"wp:term":[{"taxonomy":"audit_category","embeddable":true,"href":"https:\/\/www.efk.admin.ch\/fr\/wp-json\/wp\/v2\/audit_category?post=6382"},{"taxonomy":"audit_type","embeddable":true,"href":"https:\/\/www.efk.admin.ch\/fr\/wp-json\/wp\/v2\/audit_type?post=6382"}],"curies":[{"name":"wp","href":"https:\/\/api.w.org\/{rel}","templated":true}]}}