{"id":6380,"date":"2024-01-17T16:38:24","date_gmt":"2024-01-17T15:38:24","guid":{"rendered":"https:\/\/preview.efk.admin.ch\/prufung\/perequation-des-ressources-et-compensation-des-charges-audit-2010-aupres-des-cantons-et-des-offices-federaux\/"},"modified":"2024-03-07T15:02:32","modified_gmt":"2024-03-07T14:02:32","slug":"perequation-des-ressources-et-compensation-des-charges-audit-2010-aupres-des-cantons-et-des-offices-federaux","status":"publish","type":"audit","link":"https:\/\/www.efk.admin.ch\/fr\/audit\/perequation-des-ressources-et-compensation-des-charges-audit-2010-aupres-des-cantons-et-des-offices-federaux\/","title":{"rendered":"P\u00e9r\u00e9quation des ressources et compensation des charges &#8211; Audit 2010 aupr\u00e8s des cantons et des offices f\u00e9d\u00e9raux"},"content":{"rendered":"\n<p>A l\u2019exception des donn\u00e9es relatives aux soci\u00e9t\u00e9s au b\u00e9n\u00e9fice d\u2019un all\u00e8gement de l\u2019imp\u00f4t f\u00e9d\u00e9ral direct, les travaux d\u2019audit n\u2019ont r\u00e9v\u00e9l\u00e9 aucune erreur ou faiblesse importante dans la r\u00e9colte et le traitement des donn\u00e9es utilis\u00e9es pour le calcul de la p\u00e9r\u00e9quation financi\u00e8re de l\u2019ann\u00e9e 2011.<\/p>\n","protected":false},"featured_media":0,"menu_order":0,"template":"","audit_category":[43],"audit_type":[52],"class_list":["post-6380","audit","type-audit","status-publish","hentry","audit_category-finances-publiques-et-impots","audit_type-audit-fr"],"acf":{"audit_lang":[{"lang":"d"}],"audit_numbers":[{"audit_number":"10205"}],"audit_office":null,"audit_office_text":"","audit_date":"20101109","bgo":false,"keywords":"A l\u2019exception des donn\u00e9es relatives aux soci\u00e9t\u00e9s au b\u00e9n\u00e9fice d\u2019un all\u00e8gement de l\u2019imp\u00f4t f\u00e9d\u00e9ral direct, les travaux d\u2019audit n\u2019ont r\u00e9v\u00e9l\u00e9 aucune erreur ou faiblesse importante dans la r\u00e9colte et le traitement des donn\u00e9es utilis\u00e9es pour le calcul de la p\u00e9r\u00e9quation financi\u00e8re de l\u2019ann\u00e9e 2011.","audit_office_local":""},"yoast_head":"<!-- This site is optimized with the Yoast SEO Premium plugin v27.4 (Yoast SEO v27.4) - https:\/\/yoast.com\/product\/yoast-seo-premium-wordpress\/ -->\n<title>P\u00e9r\u00e9quation des ressources et compensation des charges - Audit 2010 aupr\u00e8s des cantons et des offices f\u00e9d\u00e9raux - Contr\u00f4le f\u00e9d\u00e9ral des finances (CDF)<\/title>\n<meta name=\"description\" content=\"P\u00e9r\u00e9quation des ressources et compensation des charges - Audit 2010 aupr\u00e8s des cantons et des offices f\u00e9d\u00e9raux\" \/>\n<meta name=\"robots\" content=\"index, follow, max-snippet:-1, max-image-preview:large, max-video-preview:-1\" \/>\n<link rel=\"canonical\" href=\"https:\/\/www.efk.admin.ch\/fr\/audit\/perequation-des-ressources-et-compensation-des-charges-audit-2010-aupres-des-cantons-et-des-offices-federaux\/\" \/>\n<meta property=\"og:locale\" content=\"fr_FR\" \/>\n<meta property=\"og:type\" content=\"article\" \/>\n<meta property=\"og:title\" content=\"P\u00e9r\u00e9quation des ressources et compensation des charges - Audit 2010 aupr\u00e8s des cantons et des offices f\u00e9d\u00e9raux\" \/>\n<meta property=\"og:description\" content=\"P\u00e9r\u00e9quation des ressources et compensation des charges - Audit 2010 aupr\u00e8s des cantons et des offices f\u00e9d\u00e9raux\" \/>\n<meta property=\"og:url\" content=\"https:\/\/www.efk.admin.ch\/fr\/audit\/perequation-des-ressources-et-compensation-des-charges-audit-2010-aupres-des-cantons-et-des-offices-federaux\/\" \/>\n<meta property=\"og:site_name\" content=\"Contr\u00f4le f\u00e9d\u00e9ral des finances (CDF)\" \/>\n<meta property=\"article:modified_time\" content=\"2024-03-07T14:02:32+00:00\" \/>\n<meta property=\"og:image\" content=\"https:\/\/www.efk.admin.ch\/wp-content\/uploads\/test\/palais.jpg\" \/>\n\t<meta property=\"og:image:width\" content=\"750\" \/>\n\t<meta property=\"og:image:height\" content=\"500\" \/>\n\t<meta property=\"og:image:type\" content=\"image\/jpeg\" \/>\n<meta name=\"twitter:card\" content=\"summary_large_image\" \/>\n<script type=\"application\/ld+json\" class=\"yoast-schema-graph\">{\"@context\":\"https:\\\/\\\/schema.org\",\"@graph\":[{\"@type\":\"WebPage\",\"@id\":\"https:\\\/\\\/www.efk.admin.ch\\\/fr\\\/audit\\\/perequation-des-ressources-et-compensation-des-charges-audit-2010-aupres-des-cantons-et-des-offices-federaux\\\/\",\"url\":\"https:\\\/\\\/www.efk.admin.ch\\\/fr\\\/audit\\\/perequation-des-ressources-et-compensation-des-charges-audit-2010-aupres-des-cantons-et-des-offices-federaux\\\/\",\"name\":\"P\u00e9r\u00e9quation des ressources et compensation des charges - Audit 2010 aupr\u00e8s des cantons et des offices f\u00e9d\u00e9raux - Contr\u00f4le f\u00e9d\u00e9ral des finances (CDF)\",\"isPartOf\":{\"@id\":\"https:\\\/\\\/www.efk.admin.ch\\\/fr\\\/#website\"},\"datePublished\":\"2024-01-17T15:38:24+00:00\",\"dateModified\":\"2024-03-07T14:02:32+00:00\",\"description\":\"P\u00e9r\u00e9quation des ressources et compensation des charges - Audit 2010 aupr\u00e8s des cantons et des offices f\u00e9d\u00e9raux\",\"breadcrumb\":{\"@id\":\"https:\\\/\\\/www.efk.admin.ch\\\/fr\\\/audit\\\/perequation-des-ressources-et-compensation-des-charges-audit-2010-aupres-des-cantons-et-des-offices-federaux\\\/#breadcrumb\"},\"inLanguage\":\"fr-FR\",\"potentialAction\":[{\"@type\":\"ReadAction\",\"target\":[\"https:\\\/\\\/www.efk.admin.ch\\\/fr\\\/audit\\\/perequation-des-ressources-et-compensation-des-charges-audit-2010-aupres-des-cantons-et-des-offices-federaux\\\/\"]}]},{\"@type\":\"BreadcrumbList\",\"@id\":\"https:\\\/\\\/www.efk.admin.ch\\\/fr\\\/audit\\\/perequation-des-ressources-et-compensation-des-charges-audit-2010-aupres-des-cantons-et-des-offices-federaux\\\/#breadcrumb\",\"itemListElement\":[{\"@type\":\"ListItem\",\"position\":1,\"name\":\"Home\",\"item\":\"https:\\\/\\\/www.efk.admin.ch\\\/fr\\\/\"},{\"@type\":\"ListItem\",\"position\":2,\"name\":\"Rapport\",\"item\":\"https:\\\/\\\/www.efk.admin.ch\\\/fr\\\/audit\\\/\"},{\"@type\":\"ListItem\",\"position\":3,\"name\":\"P\u00e9r\u00e9quation des ressources et compensation des charges &#8211; Audit 2010 aupr\u00e8s des cantons et des offices f\u00e9d\u00e9raux\"}]},{\"@type\":\"WebSite\",\"@id\":\"https:\\\/\\\/www.efk.admin.ch\\\/fr\\\/#website\",\"url\":\"https:\\\/\\\/www.efk.admin.ch\\\/fr\\\/\",\"name\":\"Informationen \u00fcber das oberste Finanzaufsichtsorgan der Schweiz\",\"description\":\"Le Contr\u00f4le f\u00e9d\u00e9ral des finances (CDF) est l'organe supr\u00eame de surveillance financi\u00e8re de la Conf\u00e9d\u00e9ration suisse.\",\"publisher\":{\"@id\":\"https:\\\/\\\/www.efk.admin.ch\\\/fr\\\/#organization\"},\"alternateName\":\"EFK\",\"potentialAction\":[{\"@type\":\"SearchAction\",\"target\":{\"@type\":\"EntryPoint\",\"urlTemplate\":\"https:\\\/\\\/www.efk.admin.ch\\\/fr\\\/?s={search_term_string}\"},\"query-input\":{\"@type\":\"PropertyValueSpecification\",\"valueRequired\":true,\"valueName\":\"search_term_string\"}}],\"inLanguage\":\"fr-FR\"},{\"@type\":\"Organization\",\"@id\":\"https:\\\/\\\/www.efk.admin.ch\\\/fr\\\/#organization\",\"name\":\"Contr\u00f4le f\u00e9d\u00e9ral des finances (CDF)\",\"alternateName\":\"EFK\",\"url\":\"https:\\\/\\\/www.efk.admin.ch\\\/fr\\\/\",\"logo\":{\"@type\":\"ImageObject\",\"inLanguage\":\"fr-FR\",\"@id\":\"https:\\\/\\\/www.efk.admin.ch\\\/fr\\\/#\\\/schema\\\/logo\\\/image\\\/\",\"url\":\"https:\\\/\\\/www.efk.admin.ch\\\/wp-content\\\/uploads\\\/efk_cdf_logo_ohne_claim.png\",\"contentUrl\":\"https:\\\/\\\/www.efk.admin.ch\\\/wp-content\\\/uploads\\\/efk_cdf_logo_ohne_claim.png\",\"width\":268,\"height\":258,\"caption\":\"Contr\u00f4le f\u00e9d\u00e9ral des finances (CDF)\"},\"image\":{\"@id\":\"https:\\\/\\\/www.efk.admin.ch\\\/fr\\\/#\\\/schema\\\/logo\\\/image\\\/\"},\"sameAs\":[\"https:\\\/\\\/www.instagram.com\\\/efk_cdf_sfao\\\/\",\"https:\\\/\\\/www.youtube.com\\\/channel\\\/UCm-bXj227VE5sJzhB-ihdvw\\\/featured\",\"https:\\\/\\\/www.linkedin.com\\\/company\\\/11081578\\\/\"]}]}<\/script>\n<!-- \/ Yoast SEO Premium plugin. -->","yoast_head_json":{"title":"P\u00e9r\u00e9quation des ressources et compensation des charges - Audit 2010 aupr\u00e8s des cantons et des offices f\u00e9d\u00e9raux - Contr\u00f4le f\u00e9d\u00e9ral des finances (CDF)","description":"P\u00e9r\u00e9quation des ressources et compensation des charges - Audit 2010 aupr\u00e8s des cantons et des offices f\u00e9d\u00e9raux","robots":{"index":"index","follow":"follow","max-snippet":"max-snippet:-1","max-image-preview":"max-image-preview:large","max-video-preview":"max-video-preview:-1"},"canonical":"https:\/\/www.efk.admin.ch\/fr\/audit\/perequation-des-ressources-et-compensation-des-charges-audit-2010-aupres-des-cantons-et-des-offices-federaux\/","og_locale":"fr_FR","og_type":"article","og_title":"P\u00e9r\u00e9quation des ressources et compensation des charges - Audit 2010 aupr\u00e8s des cantons et des offices f\u00e9d\u00e9raux","og_description":"P\u00e9r\u00e9quation des ressources et compensation des charges - Audit 2010 aupr\u00e8s des cantons et des offices f\u00e9d\u00e9raux","og_url":"https:\/\/www.efk.admin.ch\/fr\/audit\/perequation-des-ressources-et-compensation-des-charges-audit-2010-aupres-des-cantons-et-des-offices-federaux\/","og_site_name":"Contr\u00f4le f\u00e9d\u00e9ral des finances (CDF)","article_modified_time":"2024-03-07T14:02:32+00:00","og_image":[{"width":750,"height":500,"url":"https:\/\/www.efk.admin.ch\/wp-content\/uploads\/test\/palais.jpg","type":"image\/jpeg"}],"twitter_card":"summary_large_image","schema":{"@context":"https:\/\/schema.org","@graph":[{"@type":"WebPage","@id":"https:\/\/www.efk.admin.ch\/fr\/audit\/perequation-des-ressources-et-compensation-des-charges-audit-2010-aupres-des-cantons-et-des-offices-federaux\/","url":"https:\/\/www.efk.admin.ch\/fr\/audit\/perequation-des-ressources-et-compensation-des-charges-audit-2010-aupres-des-cantons-et-des-offices-federaux\/","name":"P\u00e9r\u00e9quation des ressources et compensation des charges - Audit 2010 aupr\u00e8s des cantons et des offices f\u00e9d\u00e9raux - Contr\u00f4le f\u00e9d\u00e9ral des finances (CDF)","isPartOf":{"@id":"https:\/\/www.efk.admin.ch\/fr\/#website"},"datePublished":"2024-01-17T15:38:24+00:00","dateModified":"2024-03-07T14:02:32+00:00","description":"P\u00e9r\u00e9quation des ressources et compensation des charges - Audit 2010 aupr\u00e8s des cantons et des offices f\u00e9d\u00e9raux","breadcrumb":{"@id":"https:\/\/www.efk.admin.ch\/fr\/audit\/perequation-des-ressources-et-compensation-des-charges-audit-2010-aupres-des-cantons-et-des-offices-federaux\/#breadcrumb"},"inLanguage":"fr-FR","potentialAction":[{"@type":"ReadAction","target":["https:\/\/www.efk.admin.ch\/fr\/audit\/perequation-des-ressources-et-compensation-des-charges-audit-2010-aupres-des-cantons-et-des-offices-federaux\/"]}]},{"@type":"BreadcrumbList","@id":"https:\/\/www.efk.admin.ch\/fr\/audit\/perequation-des-ressources-et-compensation-des-charges-audit-2010-aupres-des-cantons-et-des-offices-federaux\/#breadcrumb","itemListElement":[{"@type":"ListItem","position":1,"name":"Home","item":"https:\/\/www.efk.admin.ch\/fr\/"},{"@type":"ListItem","position":2,"name":"Rapport","item":"https:\/\/www.efk.admin.ch\/fr\/audit\/"},{"@type":"ListItem","position":3,"name":"P\u00e9r\u00e9quation des ressources et compensation des charges &#8211; Audit 2010 aupr\u00e8s des cantons et des offices f\u00e9d\u00e9raux"}]},{"@type":"WebSite","@id":"https:\/\/www.efk.admin.ch\/fr\/#website","url":"https:\/\/www.efk.admin.ch\/fr\/","name":"Informationen \u00fcber das oberste Finanzaufsichtsorgan der Schweiz","description":"Le Contr\u00f4le f\u00e9d\u00e9ral des finances (CDF) est l'organe supr\u00eame de surveillance financi\u00e8re de la Conf\u00e9d\u00e9ration suisse.","publisher":{"@id":"https:\/\/www.efk.admin.ch\/fr\/#organization"},"alternateName":"EFK","potentialAction":[{"@type":"SearchAction","target":{"@type":"EntryPoint","urlTemplate":"https:\/\/www.efk.admin.ch\/fr\/?s={search_term_string}"},"query-input":{"@type":"PropertyValueSpecification","valueRequired":true,"valueName":"search_term_string"}}],"inLanguage":"fr-FR"},{"@type":"Organization","@id":"https:\/\/www.efk.admin.ch\/fr\/#organization","name":"Contr\u00f4le f\u00e9d\u00e9ral des finances (CDF)","alternateName":"EFK","url":"https:\/\/www.efk.admin.ch\/fr\/","logo":{"@type":"ImageObject","inLanguage":"fr-FR","@id":"https:\/\/www.efk.admin.ch\/fr\/#\/schema\/logo\/image\/","url":"https:\/\/www.efk.admin.ch\/wp-content\/uploads\/efk_cdf_logo_ohne_claim.png","contentUrl":"https:\/\/www.efk.admin.ch\/wp-content\/uploads\/efk_cdf_logo_ohne_claim.png","width":268,"height":258,"caption":"Contr\u00f4le f\u00e9d\u00e9ral des finances (CDF)"},"image":{"@id":"https:\/\/www.efk.admin.ch\/fr\/#\/schema\/logo\/image\/"},"sameAs":["https:\/\/www.instagram.com\/efk_cdf_sfao\/","https:\/\/www.youtube.com\/channel\/UCm-bXj227VE5sJzhB-ihdvw\/featured","https:\/\/www.linkedin.com\/company\/11081578\/"]}]}},"_links":{"self":[{"href":"https:\/\/www.efk.admin.ch\/fr\/wp-json\/wp\/v2\/audit\/6380","targetHints":{"allow":["GET"]}}],"collection":[{"href":"https:\/\/www.efk.admin.ch\/fr\/wp-json\/wp\/v2\/audit"}],"about":[{"href":"https:\/\/www.efk.admin.ch\/fr\/wp-json\/wp\/v2\/types\/audit"}],"wp:attachment":[{"href":"https:\/\/www.efk.admin.ch\/fr\/wp-json\/wp\/v2\/media?parent=6380"}],"wp:term":[{"taxonomy":"audit_category","embeddable":true,"href":"https:\/\/www.efk.admin.ch\/fr\/wp-json\/wp\/v2\/audit_category?post=6380"},{"taxonomy":"audit_type","embeddable":true,"href":"https:\/\/www.efk.admin.ch\/fr\/wp-json\/wp\/v2\/audit_type?post=6380"}],"curies":[{"name":"wp","href":"https:\/\/api.w.org\/{rel}","templated":true}]}}