{"id":6366,"date":"2024-01-17T16:38:19","date_gmt":"2024-01-17T15:38:19","guid":{"rendered":"https:\/\/preview.efk.admin.ch\/prufung\/systeme-de-controle-interne-dans-le-processus-de-perception-de-la-taxe-sur-la-valeur-ajoutee\/"},"modified":"2024-03-05T16:28:28","modified_gmt":"2024-03-05T15:28:28","slug":"systeme-de-controle-interne-dans-le-processus-de-perception-de-la-taxe-sur-la-valeur-ajoutee","status":"publish","type":"audit","link":"https:\/\/www.efk.admin.ch\/fr\/audit\/systeme-de-controle-interne-dans-le-processus-de-perception-de-la-taxe-sur-la-valeur-ajoutee\/","title":{"rendered":"Syst\u00e8me de contr\u00f4le interne dans le processus de perception de la taxe sur la valeur ajout\u00e9e"},"content":{"rendered":"\n<p>Le Contr\u00f4le f\u00e9d\u00e9ral des finances (CDF) a proc\u00e9d\u00e9, au sein de la Division principale de la taxe sur la valeur ajout\u00e9e (DP TVA) de l\u2019Administration f\u00e9d\u00e9rale des contributions (AFC), \u00e0 un audit du syst\u00e8me de contr\u00f4le interne (SCI) dans le processus de perception de la taxe sur la valeur ajout\u00e9e (TVA), portant sur un montant de 22,6 milliards de francs en 2013.<\/p>\n","protected":false},"featured_media":0,"menu_order":0,"template":"","audit_category":[43],"audit_type":[52],"class_list":["post-6366","audit","type-audit","status-publish","hentry","audit_category-finances-publiques-et-impots","audit_type-audit-fr"],"acf":{"audit_lang":[{"lang":"d"}],"audit_numbers":[{"audit_number":"14297"}],"audit_office":7939,"audit_office_text":"","audit_date":"20141210","bgo":false,"keywords":"Le Contr\u00f4le f\u00e9d\u00e9ral des finances (CDF) a proc\u00e9d\u00e9, au sein de la Division principale de la taxe sur la valeur ajout\u00e9e (DP TVA) de l\u2019Administration f\u00e9d\u00e9rale des contributions (AFC), \u00e0 un audit du syst\u00e8me de contr\u00f4le interne (SCI) dans le processus de perception de la taxe sur la valeur ajout\u00e9e (TVA), portant sur un montant de 22,6 milliards de francs en 2013.","audit_office_local":""},"yoast_head":"<!-- This site is optimized with the Yoast SEO Premium plugin v27.4 (Yoast SEO v27.4) - https:\/\/yoast.com\/product\/yoast-seo-premium-wordpress\/ -->\n<title>Syst\u00e8me de contr\u00f4le interne dans le processus de perception de la taxe sur la valeur ajout\u00e9e - Contr\u00f4le f\u00e9d\u00e9ral des finances (CDF)<\/title>\n<meta name=\"description\" content=\"Syst\u00e8me de contr\u00f4le interne dans le processus de perception de la taxe sur la valeur ajout\u00e9e\" \/>\n<meta name=\"robots\" content=\"index, follow, max-snippet:-1, max-image-preview:large, max-video-preview:-1\" \/>\n<link rel=\"canonical\" href=\"https:\/\/www.efk.admin.ch\/fr\/audit\/systeme-de-controle-interne-dans-le-processus-de-perception-de-la-taxe-sur-la-valeur-ajoutee\/\" \/>\n<meta property=\"og:locale\" content=\"fr_FR\" \/>\n<meta property=\"og:type\" content=\"article\" \/>\n<meta property=\"og:title\" content=\"Syst\u00e8me de contr\u00f4le interne dans le processus de perception de la taxe sur la valeur ajout\u00e9e\" \/>\n<meta property=\"og:description\" content=\"Syst\u00e8me de contr\u00f4le interne dans le processus de perception de la taxe sur la valeur ajout\u00e9e\" \/>\n<meta property=\"og:url\" content=\"https:\/\/www.efk.admin.ch\/fr\/audit\/systeme-de-controle-interne-dans-le-processus-de-perception-de-la-taxe-sur-la-valeur-ajoutee\/\" \/>\n<meta property=\"og:site_name\" content=\"Contr\u00f4le f\u00e9d\u00e9ral des finances (CDF)\" \/>\n<meta property=\"article:modified_time\" content=\"2024-03-05T15:28:28+00:00\" \/>\n<meta property=\"og:image\" content=\"https:\/\/www.efk.admin.ch\/wp-content\/uploads\/test\/palais.jpg\" \/>\n\t<meta property=\"og:image:width\" content=\"750\" \/>\n\t<meta property=\"og:image:height\" content=\"500\" \/>\n\t<meta property=\"og:image:type\" content=\"image\/jpeg\" \/>\n<meta name=\"twitter:card\" content=\"summary_large_image\" \/>\n<script type=\"application\/ld+json\" class=\"yoast-schema-graph\">{\"@context\":\"https:\\\/\\\/schema.org\",\"@graph\":[{\"@type\":\"WebPage\",\"@id\":\"https:\\\/\\\/www.efk.admin.ch\\\/fr\\\/audit\\\/systeme-de-controle-interne-dans-le-processus-de-perception-de-la-taxe-sur-la-valeur-ajoutee\\\/\",\"url\":\"https:\\\/\\\/www.efk.admin.ch\\\/fr\\\/audit\\\/systeme-de-controle-interne-dans-le-processus-de-perception-de-la-taxe-sur-la-valeur-ajoutee\\\/\",\"name\":\"Syst\u00e8me de contr\u00f4le interne dans le processus de perception de la taxe sur la valeur ajout\u00e9e - Contr\u00f4le f\u00e9d\u00e9ral des finances (CDF)\",\"isPartOf\":{\"@id\":\"https:\\\/\\\/www.efk.admin.ch\\\/fr\\\/#website\"},\"datePublished\":\"2024-01-17T15:38:19+00:00\",\"dateModified\":\"2024-03-05T15:28:28+00:00\",\"description\":\"Syst\u00e8me de contr\u00f4le interne dans le processus de perception de la taxe sur la valeur ajout\u00e9e\",\"breadcrumb\":{\"@id\":\"https:\\\/\\\/www.efk.admin.ch\\\/fr\\\/audit\\\/systeme-de-controle-interne-dans-le-processus-de-perception-de-la-taxe-sur-la-valeur-ajoutee\\\/#breadcrumb\"},\"inLanguage\":\"fr-FR\",\"potentialAction\":[{\"@type\":\"ReadAction\",\"target\":[\"https:\\\/\\\/www.efk.admin.ch\\\/fr\\\/audit\\\/systeme-de-controle-interne-dans-le-processus-de-perception-de-la-taxe-sur-la-valeur-ajoutee\\\/\"]}]},{\"@type\":\"BreadcrumbList\",\"@id\":\"https:\\\/\\\/www.efk.admin.ch\\\/fr\\\/audit\\\/systeme-de-controle-interne-dans-le-processus-de-perception-de-la-taxe-sur-la-valeur-ajoutee\\\/#breadcrumb\",\"itemListElement\":[{\"@type\":\"ListItem\",\"position\":1,\"name\":\"Home\",\"item\":\"https:\\\/\\\/www.efk.admin.ch\\\/fr\\\/\"},{\"@type\":\"ListItem\",\"position\":2,\"name\":\"Rapport\",\"item\":\"https:\\\/\\\/www.efk.admin.ch\\\/fr\\\/audit\\\/\"},{\"@type\":\"ListItem\",\"position\":3,\"name\":\"Syst\u00e8me de contr\u00f4le interne dans le processus de perception de la taxe sur la valeur ajout\u00e9e\"}]},{\"@type\":\"WebSite\",\"@id\":\"https:\\\/\\\/www.efk.admin.ch\\\/fr\\\/#website\",\"url\":\"https:\\\/\\\/www.efk.admin.ch\\\/fr\\\/\",\"name\":\"Informationen \u00fcber das oberste Finanzaufsichtsorgan der Schweiz\",\"description\":\"Le Contr\u00f4le f\u00e9d\u00e9ral des finances (CDF) est l'organe supr\u00eame de surveillance financi\u00e8re de la Conf\u00e9d\u00e9ration suisse.\",\"publisher\":{\"@id\":\"https:\\\/\\\/www.efk.admin.ch\\\/fr\\\/#organization\"},\"alternateName\":\"EFK\",\"potentialAction\":[{\"@type\":\"SearchAction\",\"target\":{\"@type\":\"EntryPoint\",\"urlTemplate\":\"https:\\\/\\\/www.efk.admin.ch\\\/fr\\\/?s={search_term_string}\"},\"query-input\":{\"@type\":\"PropertyValueSpecification\",\"valueRequired\":true,\"valueName\":\"search_term_string\"}}],\"inLanguage\":\"fr-FR\"},{\"@type\":\"Organization\",\"@id\":\"https:\\\/\\\/www.efk.admin.ch\\\/fr\\\/#organization\",\"name\":\"Contr\u00f4le f\u00e9d\u00e9ral des finances (CDF)\",\"alternateName\":\"EFK\",\"url\":\"https:\\\/\\\/www.efk.admin.ch\\\/fr\\\/\",\"logo\":{\"@type\":\"ImageObject\",\"inLanguage\":\"fr-FR\",\"@id\":\"https:\\\/\\\/www.efk.admin.ch\\\/fr\\\/#\\\/schema\\\/logo\\\/image\\\/\",\"url\":\"https:\\\/\\\/www.efk.admin.ch\\\/wp-content\\\/uploads\\\/efk_cdf_logo_ohne_claim.png\",\"contentUrl\":\"https:\\\/\\\/www.efk.admin.ch\\\/wp-content\\\/uploads\\\/efk_cdf_logo_ohne_claim.png\",\"width\":268,\"height\":258,\"caption\":\"Contr\u00f4le f\u00e9d\u00e9ral des finances (CDF)\"},\"image\":{\"@id\":\"https:\\\/\\\/www.efk.admin.ch\\\/fr\\\/#\\\/schema\\\/logo\\\/image\\\/\"},\"sameAs\":[\"https:\\\/\\\/www.instagram.com\\\/efk_cdf_sfao\\\/\",\"https:\\\/\\\/www.youtube.com\\\/channel\\\/UCm-bXj227VE5sJzhB-ihdvw\\\/featured\",\"https:\\\/\\\/www.linkedin.com\\\/company\\\/11081578\\\/\"]}]}<\/script>\n<!-- \/ Yoast SEO Premium plugin. -->","yoast_head_json":{"title":"Syst\u00e8me de contr\u00f4le interne dans le processus de perception de la taxe sur la valeur ajout\u00e9e - Contr\u00f4le f\u00e9d\u00e9ral des finances (CDF)","description":"Syst\u00e8me de contr\u00f4le interne dans le processus de perception de la taxe sur la valeur ajout\u00e9e","robots":{"index":"index","follow":"follow","max-snippet":"max-snippet:-1","max-image-preview":"max-image-preview:large","max-video-preview":"max-video-preview:-1"},"canonical":"https:\/\/www.efk.admin.ch\/fr\/audit\/systeme-de-controle-interne-dans-le-processus-de-perception-de-la-taxe-sur-la-valeur-ajoutee\/","og_locale":"fr_FR","og_type":"article","og_title":"Syst\u00e8me de contr\u00f4le interne dans le processus de perception de la taxe sur la valeur ajout\u00e9e","og_description":"Syst\u00e8me de contr\u00f4le interne dans le processus de perception de la taxe sur la valeur ajout\u00e9e","og_url":"https:\/\/www.efk.admin.ch\/fr\/audit\/systeme-de-controle-interne-dans-le-processus-de-perception-de-la-taxe-sur-la-valeur-ajoutee\/","og_site_name":"Contr\u00f4le f\u00e9d\u00e9ral des finances (CDF)","article_modified_time":"2024-03-05T15:28:28+00:00","og_image":[{"width":750,"height":500,"url":"https:\/\/www.efk.admin.ch\/wp-content\/uploads\/test\/palais.jpg","type":"image\/jpeg"}],"twitter_card":"summary_large_image","schema":{"@context":"https:\/\/schema.org","@graph":[{"@type":"WebPage","@id":"https:\/\/www.efk.admin.ch\/fr\/audit\/systeme-de-controle-interne-dans-le-processus-de-perception-de-la-taxe-sur-la-valeur-ajoutee\/","url":"https:\/\/www.efk.admin.ch\/fr\/audit\/systeme-de-controle-interne-dans-le-processus-de-perception-de-la-taxe-sur-la-valeur-ajoutee\/","name":"Syst\u00e8me de contr\u00f4le interne dans le processus de perception de la taxe sur la valeur ajout\u00e9e - Contr\u00f4le f\u00e9d\u00e9ral des finances (CDF)","isPartOf":{"@id":"https:\/\/www.efk.admin.ch\/fr\/#website"},"datePublished":"2024-01-17T15:38:19+00:00","dateModified":"2024-03-05T15:28:28+00:00","description":"Syst\u00e8me de contr\u00f4le interne dans le processus de perception de la taxe sur la valeur ajout\u00e9e","breadcrumb":{"@id":"https:\/\/www.efk.admin.ch\/fr\/audit\/systeme-de-controle-interne-dans-le-processus-de-perception-de-la-taxe-sur-la-valeur-ajoutee\/#breadcrumb"},"inLanguage":"fr-FR","potentialAction":[{"@type":"ReadAction","target":["https:\/\/www.efk.admin.ch\/fr\/audit\/systeme-de-controle-interne-dans-le-processus-de-perception-de-la-taxe-sur-la-valeur-ajoutee\/"]}]},{"@type":"BreadcrumbList","@id":"https:\/\/www.efk.admin.ch\/fr\/audit\/systeme-de-controle-interne-dans-le-processus-de-perception-de-la-taxe-sur-la-valeur-ajoutee\/#breadcrumb","itemListElement":[{"@type":"ListItem","position":1,"name":"Home","item":"https:\/\/www.efk.admin.ch\/fr\/"},{"@type":"ListItem","position":2,"name":"Rapport","item":"https:\/\/www.efk.admin.ch\/fr\/audit\/"},{"@type":"ListItem","position":3,"name":"Syst\u00e8me de contr\u00f4le interne dans le processus de perception de la taxe sur la valeur ajout\u00e9e"}]},{"@type":"WebSite","@id":"https:\/\/www.efk.admin.ch\/fr\/#website","url":"https:\/\/www.efk.admin.ch\/fr\/","name":"Informationen \u00fcber das oberste Finanzaufsichtsorgan der Schweiz","description":"Le Contr\u00f4le f\u00e9d\u00e9ral des finances (CDF) est l'organe supr\u00eame de surveillance financi\u00e8re de la Conf\u00e9d\u00e9ration suisse.","publisher":{"@id":"https:\/\/www.efk.admin.ch\/fr\/#organization"},"alternateName":"EFK","potentialAction":[{"@type":"SearchAction","target":{"@type":"EntryPoint","urlTemplate":"https:\/\/www.efk.admin.ch\/fr\/?s={search_term_string}"},"query-input":{"@type":"PropertyValueSpecification","valueRequired":true,"valueName":"search_term_string"}}],"inLanguage":"fr-FR"},{"@type":"Organization","@id":"https:\/\/www.efk.admin.ch\/fr\/#organization","name":"Contr\u00f4le f\u00e9d\u00e9ral des finances (CDF)","alternateName":"EFK","url":"https:\/\/www.efk.admin.ch\/fr\/","logo":{"@type":"ImageObject","inLanguage":"fr-FR","@id":"https:\/\/www.efk.admin.ch\/fr\/#\/schema\/logo\/image\/","url":"https:\/\/www.efk.admin.ch\/wp-content\/uploads\/efk_cdf_logo_ohne_claim.png","contentUrl":"https:\/\/www.efk.admin.ch\/wp-content\/uploads\/efk_cdf_logo_ohne_claim.png","width":268,"height":258,"caption":"Contr\u00f4le f\u00e9d\u00e9ral des finances (CDF)"},"image":{"@id":"https:\/\/www.efk.admin.ch\/fr\/#\/schema\/logo\/image\/"},"sameAs":["https:\/\/www.instagram.com\/efk_cdf_sfao\/","https:\/\/www.youtube.com\/channel\/UCm-bXj227VE5sJzhB-ihdvw\/featured","https:\/\/www.linkedin.com\/company\/11081578\/"]}]}},"_links":{"self":[{"href":"https:\/\/www.efk.admin.ch\/fr\/wp-json\/wp\/v2\/audit\/6366","targetHints":{"allow":["GET"]}}],"collection":[{"href":"https:\/\/www.efk.admin.ch\/fr\/wp-json\/wp\/v2\/audit"}],"about":[{"href":"https:\/\/www.efk.admin.ch\/fr\/wp-json\/wp\/v2\/types\/audit"}],"acf:post":[{"embeddable":true,"href":"https:\/\/www.efk.admin.ch\/fr\/wp-json\/wp\/v2\/office\/7939"}],"wp:attachment":[{"href":"https:\/\/www.efk.admin.ch\/fr\/wp-json\/wp\/v2\/media?parent=6366"}],"wp:term":[{"taxonomy":"audit_category","embeddable":true,"href":"https:\/\/www.efk.admin.ch\/fr\/wp-json\/wp\/v2\/audit_category?post=6366"},{"taxonomy":"audit_type","embeddable":true,"href":"https:\/\/www.efk.admin.ch\/fr\/wp-json\/wp\/v2\/audit_type?post=6366"}],"curies":[{"name":"wp","href":"https:\/\/api.w.org\/{rel}","templated":true}]}}