{"id":6344,"date":"2024-01-17T16:38:13","date_gmt":"2024-01-17T15:38:13","guid":{"rendered":"https:\/\/preview.efk.admin.ch\/prufung\/cooperation-au-developpement-examen-de-la-cooperation-au-perou-et-en-equateur\/"},"modified":"2024-03-21T18:34:33","modified_gmt":"2024-03-21T17:34:33","slug":"cooperation-au-developpement-examen-de-la-cooperation-au-perou-et-en-equateur","status":"publish","type":"audit","link":"https:\/\/www.efk.admin.ch\/fr\/audit\/cooperation-au-developpement-examen-de-la-cooperation-au-perou-et-en-equateur\/","title":{"rendered":"Coop\u00e9ration au d\u00e9veloppement: Examen de la coop\u00e9ration au P\u00e9rou et en Equateur"},"content":{"rendered":"\n<p>Gest\u00fctzt auf die Artikel 5, 6 und 8 des Bundesgesetzes \u00fcber die Eidg. Finanzkontrolle vom 28. Juni 1967 hat die EFK vom 8. M\u00e4rz bis 7. April 2000 die L\u00e4nderprogramme der Direktion f\u00fcr Entwicklung und Zusammenarbeit (DEZA) in Ecuador und Peru \u00fcberpr\u00fcft. Diese L\u00e4nder wurden aufgrund der Mehrjahresplanung zusammen mit dem Inspektorat der DEZA ausgew\u00e4hlt. Die Pr\u00fcfung wurde von zwei Mitarbeitern der EFK durchgef\u00fchrt.<\/p>\n","protected":false},"featured_media":0,"menu_order":0,"template":"","audit_category":[64],"audit_type":[100],"class_list":["post-6344","audit","type-audit","status-publish","hentry","audit_category-relations-avec-l-etranger","audit_type-evaluation"],"acf":{"audit_lang":[{"lang":"d"}],"audit_numbers":[{"audit_number":"0010"}],"audit_office":[7914],"audit_office_text":"","audit_date":"20010129","bgo":false,"keywords":"","audit_office_local":""},"yoast_head":"<!-- This site is optimized with the Yoast SEO Premium plugin v27.4 (Yoast SEO v27.4) - https:\/\/yoast.com\/product\/yoast-seo-premium-wordpress\/ -->\n<title>Coop\u00e9ration au d\u00e9veloppement: Examen de la coop\u00e9ration au P\u00e9rou et en Equateur - Contr\u00f4le f\u00e9d\u00e9ral des finances (CDF)<\/title>\n<meta name=\"description\" content=\"Coop\u00e9ration au d\u00e9veloppement: Examen de la coop\u00e9ration au P\u00e9rou et en Equateur\" \/>\n<meta name=\"robots\" content=\"index, follow, max-snippet:-1, max-image-preview:large, max-video-preview:-1\" \/>\n<link rel=\"canonical\" href=\"https:\/\/www.efk.admin.ch\/fr\/audit\/cooperation-au-developpement-examen-de-la-cooperation-au-perou-et-en-equateur\/\" \/>\n<meta property=\"og:locale\" content=\"fr_FR\" \/>\n<meta property=\"og:type\" content=\"article\" \/>\n<meta property=\"og:title\" content=\"Coop\u00e9ration au d\u00e9veloppement: Examen de la coop\u00e9ration au P\u00e9rou et en Equateur\" \/>\n<meta property=\"og:description\" content=\"Coop\u00e9ration au d\u00e9veloppement: Examen de la coop\u00e9ration au P\u00e9rou et en Equateur\" \/>\n<meta property=\"og:url\" content=\"https:\/\/www.efk.admin.ch\/fr\/audit\/cooperation-au-developpement-examen-de-la-cooperation-au-perou-et-en-equateur\/\" \/>\n<meta property=\"og:site_name\" content=\"Contr\u00f4le f\u00e9d\u00e9ral des finances (CDF)\" \/>\n<meta property=\"article:modified_time\" content=\"2024-03-21T17:34:33+00:00\" \/>\n<meta property=\"og:image\" content=\"https:\/\/www.efk.admin.ch\/wp-content\/uploads\/test\/palais.jpg\" \/>\n\t<meta property=\"og:image:width\" content=\"750\" \/>\n\t<meta property=\"og:image:height\" content=\"500\" \/>\n\t<meta property=\"og:image:type\" content=\"image\/jpeg\" \/>\n<meta name=\"twitter:card\" content=\"summary_large_image\" \/>\n<script type=\"application\/ld+json\" class=\"yoast-schema-graph\">{\"@context\":\"https:\\\/\\\/schema.org\",\"@graph\":[{\"@type\":\"WebPage\",\"@id\":\"https:\\\/\\\/www.efk.admin.ch\\\/fr\\\/audit\\\/cooperation-au-developpement-examen-de-la-cooperation-au-perou-et-en-equateur\\\/\",\"url\":\"https:\\\/\\\/www.efk.admin.ch\\\/fr\\\/audit\\\/cooperation-au-developpement-examen-de-la-cooperation-au-perou-et-en-equateur\\\/\",\"name\":\"Coop\u00e9ration au d\u00e9veloppement: Examen de la coop\u00e9ration au P\u00e9rou et en Equateur - Contr\u00f4le f\u00e9d\u00e9ral des finances (CDF)\",\"isPartOf\":{\"@id\":\"https:\\\/\\\/www.efk.admin.ch\\\/fr\\\/#website\"},\"datePublished\":\"2024-01-17T15:38:13+00:00\",\"dateModified\":\"2024-03-21T17:34:33+00:00\",\"description\":\"Coop\u00e9ration au d\u00e9veloppement: Examen de la coop\u00e9ration au P\u00e9rou et en Equateur\",\"breadcrumb\":{\"@id\":\"https:\\\/\\\/www.efk.admin.ch\\\/fr\\\/audit\\\/cooperation-au-developpement-examen-de-la-cooperation-au-perou-et-en-equateur\\\/#breadcrumb\"},\"inLanguage\":\"fr-FR\",\"potentialAction\":[{\"@type\":\"ReadAction\",\"target\":[\"https:\\\/\\\/www.efk.admin.ch\\\/fr\\\/audit\\\/cooperation-au-developpement-examen-de-la-cooperation-au-perou-et-en-equateur\\\/\"]}]},{\"@type\":\"BreadcrumbList\",\"@id\":\"https:\\\/\\\/www.efk.admin.ch\\\/fr\\\/audit\\\/cooperation-au-developpement-examen-de-la-cooperation-au-perou-et-en-equateur\\\/#breadcrumb\",\"itemListElement\":[{\"@type\":\"ListItem\",\"position\":1,\"name\":\"Home\",\"item\":\"https:\\\/\\\/www.efk.admin.ch\\\/fr\\\/\"},{\"@type\":\"ListItem\",\"position\":2,\"name\":\"Rapport\",\"item\":\"https:\\\/\\\/www.efk.admin.ch\\\/fr\\\/audit\\\/\"},{\"@type\":\"ListItem\",\"position\":3,\"name\":\"Coop\u00e9ration au d\u00e9veloppement: Examen de la coop\u00e9ration au P\u00e9rou et en Equateur\"}]},{\"@type\":\"WebSite\",\"@id\":\"https:\\\/\\\/www.efk.admin.ch\\\/fr\\\/#website\",\"url\":\"https:\\\/\\\/www.efk.admin.ch\\\/fr\\\/\",\"name\":\"Informationen \u00fcber das oberste Finanzaufsichtsorgan der Schweiz\",\"description\":\"Le Contr\u00f4le f\u00e9d\u00e9ral des finances (CDF) est l'organe supr\u00eame de surveillance financi\u00e8re de la Conf\u00e9d\u00e9ration suisse.\",\"publisher\":{\"@id\":\"https:\\\/\\\/www.efk.admin.ch\\\/fr\\\/#organization\"},\"alternateName\":\"EFK\",\"potentialAction\":[{\"@type\":\"SearchAction\",\"target\":{\"@type\":\"EntryPoint\",\"urlTemplate\":\"https:\\\/\\\/www.efk.admin.ch\\\/fr\\\/?s={search_term_string}\"},\"query-input\":{\"@type\":\"PropertyValueSpecification\",\"valueRequired\":true,\"valueName\":\"search_term_string\"}}],\"inLanguage\":\"fr-FR\"},{\"@type\":\"Organization\",\"@id\":\"https:\\\/\\\/www.efk.admin.ch\\\/fr\\\/#organization\",\"name\":\"Contr\u00f4le f\u00e9d\u00e9ral des finances (CDF)\",\"alternateName\":\"EFK\",\"url\":\"https:\\\/\\\/www.efk.admin.ch\\\/fr\\\/\",\"logo\":{\"@type\":\"ImageObject\",\"inLanguage\":\"fr-FR\",\"@id\":\"https:\\\/\\\/www.efk.admin.ch\\\/fr\\\/#\\\/schema\\\/logo\\\/image\\\/\",\"url\":\"https:\\\/\\\/www.efk.admin.ch\\\/wp-content\\\/uploads\\\/efk_cdf_logo_ohne_claim.png\",\"contentUrl\":\"https:\\\/\\\/www.efk.admin.ch\\\/wp-content\\\/uploads\\\/efk_cdf_logo_ohne_claim.png\",\"width\":268,\"height\":258,\"caption\":\"Contr\u00f4le f\u00e9d\u00e9ral des finances (CDF)\"},\"image\":{\"@id\":\"https:\\\/\\\/www.efk.admin.ch\\\/fr\\\/#\\\/schema\\\/logo\\\/image\\\/\"},\"sameAs\":[\"https:\\\/\\\/www.instagram.com\\\/efk_cdf_sfao\\\/\",\"https:\\\/\\\/www.youtube.com\\\/channel\\\/UCm-bXj227VE5sJzhB-ihdvw\\\/featured\",\"https:\\\/\\\/www.linkedin.com\\\/company\\\/11081578\\\/\"]}]}<\/script>\n<!-- \/ Yoast SEO Premium plugin. -->","yoast_head_json":{"title":"Coop\u00e9ration au d\u00e9veloppement: Examen de la coop\u00e9ration au P\u00e9rou et en Equateur - Contr\u00f4le f\u00e9d\u00e9ral des finances (CDF)","description":"Coop\u00e9ration au d\u00e9veloppement: Examen de la coop\u00e9ration au P\u00e9rou et en Equateur","robots":{"index":"index","follow":"follow","max-snippet":"max-snippet:-1","max-image-preview":"max-image-preview:large","max-video-preview":"max-video-preview:-1"},"canonical":"https:\/\/www.efk.admin.ch\/fr\/audit\/cooperation-au-developpement-examen-de-la-cooperation-au-perou-et-en-equateur\/","og_locale":"fr_FR","og_type":"article","og_title":"Coop\u00e9ration au d\u00e9veloppement: Examen de la coop\u00e9ration au P\u00e9rou et en Equateur","og_description":"Coop\u00e9ration au d\u00e9veloppement: Examen de la coop\u00e9ration au P\u00e9rou et en Equateur","og_url":"https:\/\/www.efk.admin.ch\/fr\/audit\/cooperation-au-developpement-examen-de-la-cooperation-au-perou-et-en-equateur\/","og_site_name":"Contr\u00f4le f\u00e9d\u00e9ral des finances (CDF)","article_modified_time":"2024-03-21T17:34:33+00:00","og_image":[{"width":750,"height":500,"url":"https:\/\/www.efk.admin.ch\/wp-content\/uploads\/test\/palais.jpg","type":"image\/jpeg"}],"twitter_card":"summary_large_image","schema":{"@context":"https:\/\/schema.org","@graph":[{"@type":"WebPage","@id":"https:\/\/www.efk.admin.ch\/fr\/audit\/cooperation-au-developpement-examen-de-la-cooperation-au-perou-et-en-equateur\/","url":"https:\/\/www.efk.admin.ch\/fr\/audit\/cooperation-au-developpement-examen-de-la-cooperation-au-perou-et-en-equateur\/","name":"Coop\u00e9ration au d\u00e9veloppement: Examen de la coop\u00e9ration au P\u00e9rou et en Equateur - Contr\u00f4le f\u00e9d\u00e9ral des finances (CDF)","isPartOf":{"@id":"https:\/\/www.efk.admin.ch\/fr\/#website"},"datePublished":"2024-01-17T15:38:13+00:00","dateModified":"2024-03-21T17:34:33+00:00","description":"Coop\u00e9ration au d\u00e9veloppement: Examen de la coop\u00e9ration au P\u00e9rou et en Equateur","breadcrumb":{"@id":"https:\/\/www.efk.admin.ch\/fr\/audit\/cooperation-au-developpement-examen-de-la-cooperation-au-perou-et-en-equateur\/#breadcrumb"},"inLanguage":"fr-FR","potentialAction":[{"@type":"ReadAction","target":["https:\/\/www.efk.admin.ch\/fr\/audit\/cooperation-au-developpement-examen-de-la-cooperation-au-perou-et-en-equateur\/"]}]},{"@type":"BreadcrumbList","@id":"https:\/\/www.efk.admin.ch\/fr\/audit\/cooperation-au-developpement-examen-de-la-cooperation-au-perou-et-en-equateur\/#breadcrumb","itemListElement":[{"@type":"ListItem","position":1,"name":"Home","item":"https:\/\/www.efk.admin.ch\/fr\/"},{"@type":"ListItem","position":2,"name":"Rapport","item":"https:\/\/www.efk.admin.ch\/fr\/audit\/"},{"@type":"ListItem","position":3,"name":"Coop\u00e9ration au d\u00e9veloppement: Examen de la coop\u00e9ration au P\u00e9rou et en Equateur"}]},{"@type":"WebSite","@id":"https:\/\/www.efk.admin.ch\/fr\/#website","url":"https:\/\/www.efk.admin.ch\/fr\/","name":"Informationen \u00fcber das oberste Finanzaufsichtsorgan der Schweiz","description":"Le Contr\u00f4le f\u00e9d\u00e9ral des finances (CDF) est l'organe supr\u00eame de surveillance financi\u00e8re de la Conf\u00e9d\u00e9ration suisse.","publisher":{"@id":"https:\/\/www.efk.admin.ch\/fr\/#organization"},"alternateName":"EFK","potentialAction":[{"@type":"SearchAction","target":{"@type":"EntryPoint","urlTemplate":"https:\/\/www.efk.admin.ch\/fr\/?s={search_term_string}"},"query-input":{"@type":"PropertyValueSpecification","valueRequired":true,"valueName":"search_term_string"}}],"inLanguage":"fr-FR"},{"@type":"Organization","@id":"https:\/\/www.efk.admin.ch\/fr\/#organization","name":"Contr\u00f4le f\u00e9d\u00e9ral des finances (CDF)","alternateName":"EFK","url":"https:\/\/www.efk.admin.ch\/fr\/","logo":{"@type":"ImageObject","inLanguage":"fr-FR","@id":"https:\/\/www.efk.admin.ch\/fr\/#\/schema\/logo\/image\/","url":"https:\/\/www.efk.admin.ch\/wp-content\/uploads\/efk_cdf_logo_ohne_claim.png","contentUrl":"https:\/\/www.efk.admin.ch\/wp-content\/uploads\/efk_cdf_logo_ohne_claim.png","width":268,"height":258,"caption":"Contr\u00f4le f\u00e9d\u00e9ral des finances (CDF)"},"image":{"@id":"https:\/\/www.efk.admin.ch\/fr\/#\/schema\/logo\/image\/"},"sameAs":["https:\/\/www.instagram.com\/efk_cdf_sfao\/","https:\/\/www.youtube.com\/channel\/UCm-bXj227VE5sJzhB-ihdvw\/featured","https:\/\/www.linkedin.com\/company\/11081578\/"]}]}},"_links":{"self":[{"href":"https:\/\/www.efk.admin.ch\/fr\/wp-json\/wp\/v2\/audit\/6344","targetHints":{"allow":["GET"]}}],"collection":[{"href":"https:\/\/www.efk.admin.ch\/fr\/wp-json\/wp\/v2\/audit"}],"about":[{"href":"https:\/\/www.efk.admin.ch\/fr\/wp-json\/wp\/v2\/types\/audit"}],"acf:post":[{"embeddable":true,"href":"https:\/\/www.efk.admin.ch\/fr\/wp-json\/wp\/v2\/office\/7914"}],"wp:attachment":[{"href":"https:\/\/www.efk.admin.ch\/fr\/wp-json\/wp\/v2\/media?parent=6344"}],"wp:term":[{"taxonomy":"audit_category","embeddable":true,"href":"https:\/\/www.efk.admin.ch\/fr\/wp-json\/wp\/v2\/audit_category?post=6344"},{"taxonomy":"audit_type","embeddable":true,"href":"https:\/\/www.efk.admin.ch\/fr\/wp-json\/wp\/v2\/audit_type?post=6344"}],"curies":[{"name":"wp","href":"https:\/\/api.w.org\/{rel}","templated":true}]}}