{"id":6308,"date":"2024-01-17T16:38:02","date_gmt":"2024-01-17T15:38:02","guid":{"rendered":"https:\/\/preview.efk.admin.ch\/prufung\/covid-19-conception-et-effets-des-mesures-pour-les-cas-de-rigueur-secretariat-detat-a-leconomie\/"},"modified":"2025-01-17T15:56:45","modified_gmt":"2025-01-17T14:56:45","slug":"covid-19-conception-et-effets-des-mesures-pour-les-cas-de-rigueur","status":"publish","type":"audit","link":"https:\/\/www.efk.admin.ch\/fr\/audit\/covid-19-conception-et-effets-des-mesures-pour-les-cas-de-rigueur\/","title":{"rendered":"COVID-19 : conception et effets des mesures pour les cas de rigueur"},"content":{"rendered":"\n<p>En r\u00e9ponse aux cons\u00e9quences \u00e9conomiques de la pand\u00e9mie de COVID-19, la Conf\u00e9d\u00e9ration et les cantons ont pris diff\u00e9rentes mesures. Celles-ci comprenaient les mesures pour les cas de rigueur. L\u2019objectif \u00e9tait d\u2019\u00e9viter des faillites et des suppressions d\u2019emploi d\u2019entreprises qui pr\u00e9sentaient d\u2019importants co\u00fbts fixes non couverts en raison des mesures prises par les autorit\u00e9s pour lutter contre la pand\u00e9mie. Entr\u00e9es en vigueur en d\u00e9cembre 2020, les mesures pour les cas de rigueur venaient compl\u00e9ter le dispositif d\u2019aide, qui comprenait par exemple l\u2019indemnit\u00e9 en cas de r\u00e9duction de l\u2019horaire de travail et l\u2019allocation pour perte de gain COVID-19. Les cantons \u00e9taient responsables de l\u2019ex\u00e9cution. Il leur incombait de d\u00e9cider s\u2019ils allaient prendre des mesures sur leur territoire et d\u2019en d\u00e9terminer la forme concr\u00e8te. Au total, quelque 35\u00a0000\u00a0entreprises ont b\u00e9n\u00e9fici\u00e9 des mesures pour les cas de rigueur, principalement sous la forme de contributions \u00e0 fonds perdu, pour un montant d\u2019environ 5,3\u00a0milliards de francs.<\/p>\n","protected":false},"featured_media":0,"menu_order":0,"template":"","audit_category":[43],"audit_type":[205],"class_list":["post-6308","audit","type-audit","status-publish","hentry","audit_category-finances-publiques-et-impots","audit_type-evaluation-fr"],"acf":{"audit_lang":[{"lang":"d"}],"audit_numbers":[{"audit_number":"23400"}],"audit_office":[7945],"audit_office_text":"","audit_date":"20231222","bgo":false,"keywords":"r\u00e9ponse, ons\u00e9quences \u00e9conomiques, la pand\u00e9mie de COVID-19, les mesures pour les cas de rigueur, faillites, des suppressions d\u2019emploi,  l\u2019indemnit\u00e9 en cas de r\u00e9duction de l\u2019horaire de travail et l\u2019allocation pour perte de gain COVID-19, cantons, mesures","audit_office_local":""},"yoast_head":"<!-- This site is optimized with the Yoast SEO Premium plugin v27.4 (Yoast SEO v27.4) - https:\/\/yoast.com\/product\/yoast-seo-premium-wordpress\/ -->\n<title>COVID-19 : conception et effets des mesures pour les cas de rigueur - Contr\u00f4le f\u00e9d\u00e9ral des finances (CDF)<\/title>\n<meta name=\"description\" content=\"COVID-19 : conception et effets des mesures pour les cas de rigueur\" \/>\n<meta name=\"robots\" content=\"index, follow, max-snippet:-1, max-image-preview:large, max-video-preview:-1\" \/>\n<link rel=\"canonical\" href=\"https:\/\/www.efk.admin.ch\/fr\/audit\/covid-19-conception-et-effets-des-mesures-pour-les-cas-de-rigueur\/\" \/>\n<meta property=\"og:locale\" content=\"fr_FR\" \/>\n<meta property=\"og:type\" content=\"article\" \/>\n<meta property=\"og:title\" content=\"COVID-19 : conception et effets des mesures pour les cas de rigueur\" \/>\n<meta property=\"og:description\" content=\"COVID-19 : conception et effets des mesures pour les cas de rigueur\" \/>\n<meta property=\"og:url\" content=\"https:\/\/www.efk.admin.ch\/fr\/audit\/covid-19-conception-et-effets-des-mesures-pour-les-cas-de-rigueur\/\" \/>\n<meta property=\"og:site_name\" content=\"Contr\u00f4le f\u00e9d\u00e9ral des finances (CDF)\" \/>\n<meta property=\"article:modified_time\" content=\"2025-01-17T14:56:45+00:00\" \/>\n<meta property=\"og:image\" content=\"https:\/\/www.efk.admin.ch\/wp-content\/uploads\/test\/palais.jpg\" \/>\n\t<meta property=\"og:image:width\" content=\"750\" \/>\n\t<meta property=\"og:image:height\" content=\"500\" \/>\n\t<meta property=\"og:image:type\" content=\"image\/jpeg\" \/>\n<meta name=\"twitter:card\" content=\"summary_large_image\" \/>\n<meta name=\"twitter:label1\" content=\"Dur\u00e9e de lecture estim\u00e9e\" \/>\n\t<meta name=\"twitter:data1\" content=\"1 minute\" \/>\n<script type=\"application\/ld+json\" class=\"yoast-schema-graph\">{\"@context\":\"https:\\\/\\\/schema.org\",\"@graph\":[{\"@type\":\"WebPage\",\"@id\":\"https:\\\/\\\/www.efk.admin.ch\\\/fr\\\/audit\\\/covid-19-conception-et-effets-des-mesures-pour-les-cas-de-rigueur\\\/\",\"url\":\"https:\\\/\\\/www.efk.admin.ch\\\/fr\\\/audit\\\/covid-19-conception-et-effets-des-mesures-pour-les-cas-de-rigueur\\\/\",\"name\":\"COVID-19 : conception et effets des mesures pour les cas de rigueur - Contr\u00f4le f\u00e9d\u00e9ral des finances (CDF)\",\"isPartOf\":{\"@id\":\"https:\\\/\\\/www.efk.admin.ch\\\/fr\\\/#website\"},\"datePublished\":\"2024-01-17T15:38:02+00:00\",\"dateModified\":\"2025-01-17T14:56:45+00:00\",\"description\":\"COVID-19 : conception et effets des mesures pour les cas de rigueur\",\"breadcrumb\":{\"@id\":\"https:\\\/\\\/www.efk.admin.ch\\\/fr\\\/audit\\\/covid-19-conception-et-effets-des-mesures-pour-les-cas-de-rigueur\\\/#breadcrumb\"},\"inLanguage\":\"fr-FR\",\"potentialAction\":[{\"@type\":\"ReadAction\",\"target\":[\"https:\\\/\\\/www.efk.admin.ch\\\/fr\\\/audit\\\/covid-19-conception-et-effets-des-mesures-pour-les-cas-de-rigueur\\\/\"]}]},{\"@type\":\"BreadcrumbList\",\"@id\":\"https:\\\/\\\/www.efk.admin.ch\\\/fr\\\/audit\\\/covid-19-conception-et-effets-des-mesures-pour-les-cas-de-rigueur\\\/#breadcrumb\",\"itemListElement\":[{\"@type\":\"ListItem\",\"position\":1,\"name\":\"Home\",\"item\":\"https:\\\/\\\/www.efk.admin.ch\\\/fr\\\/\"},{\"@type\":\"ListItem\",\"position\":2,\"name\":\"Rapport\",\"item\":\"https:\\\/\\\/www.efk.admin.ch\\\/fr\\\/audit\\\/\"},{\"@type\":\"ListItem\",\"position\":3,\"name\":\"COVID-19 : conception et effets des mesures pour les cas de rigueur\"}]},{\"@type\":\"WebSite\",\"@id\":\"https:\\\/\\\/www.efk.admin.ch\\\/fr\\\/#website\",\"url\":\"https:\\\/\\\/www.efk.admin.ch\\\/fr\\\/\",\"name\":\"Informationen \u00fcber das oberste Finanzaufsichtsorgan der Schweiz\",\"description\":\"Le Contr\u00f4le f\u00e9d\u00e9ral des finances (CDF) est l'organe supr\u00eame de surveillance financi\u00e8re de la Conf\u00e9d\u00e9ration suisse.\",\"publisher\":{\"@id\":\"https:\\\/\\\/www.efk.admin.ch\\\/fr\\\/#organization\"},\"alternateName\":\"EFK\",\"potentialAction\":[{\"@type\":\"SearchAction\",\"target\":{\"@type\":\"EntryPoint\",\"urlTemplate\":\"https:\\\/\\\/www.efk.admin.ch\\\/fr\\\/?s={search_term_string}\"},\"query-input\":{\"@type\":\"PropertyValueSpecification\",\"valueRequired\":true,\"valueName\":\"search_term_string\"}}],\"inLanguage\":\"fr-FR\"},{\"@type\":\"Organization\",\"@id\":\"https:\\\/\\\/www.efk.admin.ch\\\/fr\\\/#organization\",\"name\":\"Contr\u00f4le f\u00e9d\u00e9ral des finances (CDF)\",\"alternateName\":\"EFK\",\"url\":\"https:\\\/\\\/www.efk.admin.ch\\\/fr\\\/\",\"logo\":{\"@type\":\"ImageObject\",\"inLanguage\":\"fr-FR\",\"@id\":\"https:\\\/\\\/www.efk.admin.ch\\\/fr\\\/#\\\/schema\\\/logo\\\/image\\\/\",\"url\":\"https:\\\/\\\/www.efk.admin.ch\\\/wp-content\\\/uploads\\\/efk_cdf_logo_ohne_claim.png\",\"contentUrl\":\"https:\\\/\\\/www.efk.admin.ch\\\/wp-content\\\/uploads\\\/efk_cdf_logo_ohne_claim.png\",\"width\":268,\"height\":258,\"caption\":\"Contr\u00f4le f\u00e9d\u00e9ral des finances (CDF)\"},\"image\":{\"@id\":\"https:\\\/\\\/www.efk.admin.ch\\\/fr\\\/#\\\/schema\\\/logo\\\/image\\\/\"},\"sameAs\":[\"https:\\\/\\\/www.instagram.com\\\/efk_cdf_sfao\\\/\",\"https:\\\/\\\/www.youtube.com\\\/channel\\\/UCm-bXj227VE5sJzhB-ihdvw\\\/featured\",\"https:\\\/\\\/www.linkedin.com\\\/company\\\/11081578\\\/\"]}]}<\/script>\n<!-- \/ Yoast SEO Premium plugin. -->","yoast_head_json":{"title":"COVID-19 : conception et effets des mesures pour les cas de rigueur - Contr\u00f4le f\u00e9d\u00e9ral des finances (CDF)","description":"COVID-19 : conception et effets des mesures pour les cas de rigueur","robots":{"index":"index","follow":"follow","max-snippet":"max-snippet:-1","max-image-preview":"max-image-preview:large","max-video-preview":"max-video-preview:-1"},"canonical":"https:\/\/www.efk.admin.ch\/fr\/audit\/covid-19-conception-et-effets-des-mesures-pour-les-cas-de-rigueur\/","og_locale":"fr_FR","og_type":"article","og_title":"COVID-19 : conception et effets des mesures pour les cas de rigueur","og_description":"COVID-19 : conception et effets des mesures pour les cas de rigueur","og_url":"https:\/\/www.efk.admin.ch\/fr\/audit\/covid-19-conception-et-effets-des-mesures-pour-les-cas-de-rigueur\/","og_site_name":"Contr\u00f4le f\u00e9d\u00e9ral des finances (CDF)","article_modified_time":"2025-01-17T14:56:45+00:00","og_image":[{"width":750,"height":500,"url":"https:\/\/www.efk.admin.ch\/wp-content\/uploads\/test\/palais.jpg","type":"image\/jpeg"}],"twitter_card":"summary_large_image","twitter_misc":{"Dur\u00e9e de lecture estim\u00e9e":"1 minute"},"schema":{"@context":"https:\/\/schema.org","@graph":[{"@type":"WebPage","@id":"https:\/\/www.efk.admin.ch\/fr\/audit\/covid-19-conception-et-effets-des-mesures-pour-les-cas-de-rigueur\/","url":"https:\/\/www.efk.admin.ch\/fr\/audit\/covid-19-conception-et-effets-des-mesures-pour-les-cas-de-rigueur\/","name":"COVID-19 : conception et effets des mesures pour les cas de rigueur - Contr\u00f4le f\u00e9d\u00e9ral des finances (CDF)","isPartOf":{"@id":"https:\/\/www.efk.admin.ch\/fr\/#website"},"datePublished":"2024-01-17T15:38:02+00:00","dateModified":"2025-01-17T14:56:45+00:00","description":"COVID-19 : conception et effets des mesures pour les cas de rigueur","breadcrumb":{"@id":"https:\/\/www.efk.admin.ch\/fr\/audit\/covid-19-conception-et-effets-des-mesures-pour-les-cas-de-rigueur\/#breadcrumb"},"inLanguage":"fr-FR","potentialAction":[{"@type":"ReadAction","target":["https:\/\/www.efk.admin.ch\/fr\/audit\/covid-19-conception-et-effets-des-mesures-pour-les-cas-de-rigueur\/"]}]},{"@type":"BreadcrumbList","@id":"https:\/\/www.efk.admin.ch\/fr\/audit\/covid-19-conception-et-effets-des-mesures-pour-les-cas-de-rigueur\/#breadcrumb","itemListElement":[{"@type":"ListItem","position":1,"name":"Home","item":"https:\/\/www.efk.admin.ch\/fr\/"},{"@type":"ListItem","position":2,"name":"Rapport","item":"https:\/\/www.efk.admin.ch\/fr\/audit\/"},{"@type":"ListItem","position":3,"name":"COVID-19 : conception et effets des mesures pour les cas de rigueur"}]},{"@type":"WebSite","@id":"https:\/\/www.efk.admin.ch\/fr\/#website","url":"https:\/\/www.efk.admin.ch\/fr\/","name":"Informationen \u00fcber das oberste Finanzaufsichtsorgan der Schweiz","description":"Le Contr\u00f4le f\u00e9d\u00e9ral des finances (CDF) est l'organe supr\u00eame de surveillance financi\u00e8re de la Conf\u00e9d\u00e9ration suisse.","publisher":{"@id":"https:\/\/www.efk.admin.ch\/fr\/#organization"},"alternateName":"EFK","potentialAction":[{"@type":"SearchAction","target":{"@type":"EntryPoint","urlTemplate":"https:\/\/www.efk.admin.ch\/fr\/?s={search_term_string}"},"query-input":{"@type":"PropertyValueSpecification","valueRequired":true,"valueName":"search_term_string"}}],"inLanguage":"fr-FR"},{"@type":"Organization","@id":"https:\/\/www.efk.admin.ch\/fr\/#organization","name":"Contr\u00f4le f\u00e9d\u00e9ral des finances (CDF)","alternateName":"EFK","url":"https:\/\/www.efk.admin.ch\/fr\/","logo":{"@type":"ImageObject","inLanguage":"fr-FR","@id":"https:\/\/www.efk.admin.ch\/fr\/#\/schema\/logo\/image\/","url":"https:\/\/www.efk.admin.ch\/wp-content\/uploads\/efk_cdf_logo_ohne_claim.png","contentUrl":"https:\/\/www.efk.admin.ch\/wp-content\/uploads\/efk_cdf_logo_ohne_claim.png","width":268,"height":258,"caption":"Contr\u00f4le f\u00e9d\u00e9ral des finances (CDF)"},"image":{"@id":"https:\/\/www.efk.admin.ch\/fr\/#\/schema\/logo\/image\/"},"sameAs":["https:\/\/www.instagram.com\/efk_cdf_sfao\/","https:\/\/www.youtube.com\/channel\/UCm-bXj227VE5sJzhB-ihdvw\/featured","https:\/\/www.linkedin.com\/company\/11081578\/"]}]}},"_links":{"self":[{"href":"https:\/\/www.efk.admin.ch\/fr\/wp-json\/wp\/v2\/audit\/6308","targetHints":{"allow":["GET"]}}],"collection":[{"href":"https:\/\/www.efk.admin.ch\/fr\/wp-json\/wp\/v2\/audit"}],"about":[{"href":"https:\/\/www.efk.admin.ch\/fr\/wp-json\/wp\/v2\/types\/audit"}],"acf:post":[{"embeddable":true,"href":"https:\/\/www.efk.admin.ch\/fr\/wp-json\/wp\/v2\/office\/7945"}],"wp:attachment":[{"href":"https:\/\/www.efk.admin.ch\/fr\/wp-json\/wp\/v2\/media?parent=6308"}],"wp:term":[{"taxonomy":"audit_category","embeddable":true,"href":"https:\/\/www.efk.admin.ch\/fr\/wp-json\/wp\/v2\/audit_category?post=6308"},{"taxonomy":"audit_type","embeddable":true,"href":"https:\/\/www.efk.admin.ch\/fr\/wp-json\/wp\/v2\/audit_type?post=6308"}],"curies":[{"name":"wp","href":"https:\/\/api.w.org\/{rel}","templated":true}]}}