{"id":6307,"date":"2024-01-17T16:38:02","date_gmt":"2024-01-17T15:38:02","guid":{"rendered":"https:\/\/preview.efk.admin.ch\/prufung\/accords-avec-les-cantons-pour-le-service-public-de-lemploi-secretariat-detat-a-leconomie\/"},"modified":"2024-02-09T16:17:49","modified_gmt":"2024-02-09T15:17:49","slug":"accords-avec-les-cantons-pour-le-service-public-de-lemploi-secretariat-detat-a-leconomie","status":"publish","type":"audit","link":"https:\/\/www.efk.admin.ch\/fr\/audit\/accords-avec-les-cantons-pour-le-service-public-de-lemploi-secretariat-detat-a-leconomie\/","title":{"rendered":"Accords avec les cantons pour le service public de l\u2019emploi"},"content":{"rendered":"\n<p>Depuis plus de 20\u00a0ans, la Conf\u00e9d\u00e9ration conclut avec les cantons des accords dans le domaine du service public de l\u2019emploi. Les organes d\u2019ex\u00e9cution cantonaux, en particulier les offices r\u00e9gionaux de placement (ORP), doivent int\u00e9grer rapidement et durablement les demandeurs d\u2019emploi dans le march\u00e9 du travail. Le fonds de compensation de l\u2019assurance-ch\u00f4mage indemnise les frais d\u2019administration occasionn\u00e9s aux cantons, qui avoisinaient 539\u00a0millions de francs en 2021. En tant qu\u2019autorit\u00e9 de surveillance, le Secr\u00e9tariat d\u2019\u00c9tat \u00e0 l\u2019\u00e9conomie (SECO) mesure l\u2019efficacit\u00e9 de l\u2019int\u00e9gration des ORP \u00e0 l\u2019aide d\u2019un indice d\u2019impact compos\u00e9 de quatre indicateurs. Il est ainsi possible de comparer les r\u00e9sultats des cantons et des ORP. Cette \u00e9tude comparative\u00a0<em>(benchmarking)<\/em>\u00a0incite les cantons \u00e0 s\u2019am\u00e9liorer en permanence. Ceux-ci sont libres de choisir les strat\u00e9gies avec lesquelles ils visent une r\u00e9insertion r\u00e9ussie.<\/p>\n","protected":false},"featured_media":0,"menu_order":0,"template":"","audit_category":[88],"audit_type":[52],"class_list":["post-6307","audit","type-audit","status-publish","hentry","audit_category-economie-et-agriculture","audit_type-audit-fr"],"acf":{"audit_lang":[{"lang":"d"},{"lang":"f"}],"audit_numbers":[{"audit_number":"22607"}],"audit_office":7945,"audit_office_text":"","audit_date":"20231106","bgo":false,"keywords":"Les organes d\u2019ex\u00e9cution cantonaux, les offices r\u00e9gionaux de placement (ORP), int\u00e9grer rapidement et durablement les demandeurs d\u2019emploi dans le march\u00e9 du travail, e fonds de compensation de l\u2019assurance-ch\u00f4mage, les frais d\u2019administration, indice d\u2019impact compos\u00e9, benchmarking, permanence, r\u00e9insertion r\u00e9ussie","audit_office_local":""},"yoast_head":"<!-- This site is optimized with the Yoast SEO Premium plugin v27.4 (Yoast SEO v27.4) - https:\/\/yoast.com\/product\/yoast-seo-premium-wordpress\/ -->\n<title>Accords avec les cantons pour le service public de l\u2019emploi - Contr\u00f4le f\u00e9d\u00e9ral des finances (CDF)<\/title>\n<meta name=\"description\" content=\"Accords avec les cantons pour le service public de l\u2019emploi\" \/>\n<meta name=\"robots\" content=\"index, follow, max-snippet:-1, max-image-preview:large, max-video-preview:-1\" \/>\n<link rel=\"canonical\" href=\"https:\/\/www.efk.admin.ch\/fr\/audit\/accords-avec-les-cantons-pour-le-service-public-de-lemploi-secretariat-detat-a-leconomie\/\" \/>\n<meta property=\"og:locale\" content=\"fr_FR\" \/>\n<meta property=\"og:type\" content=\"article\" \/>\n<meta property=\"og:title\" content=\"Accords avec les cantons pour le service public de l\u2019emploi\" \/>\n<meta property=\"og:description\" content=\"Accords avec les cantons pour le service public de l\u2019emploi\" \/>\n<meta property=\"og:url\" content=\"https:\/\/www.efk.admin.ch\/fr\/audit\/accords-avec-les-cantons-pour-le-service-public-de-lemploi-secretariat-detat-a-leconomie\/\" \/>\n<meta property=\"og:site_name\" content=\"Contr\u00f4le f\u00e9d\u00e9ral des finances (CDF)\" \/>\n<meta property=\"article:modified_time\" content=\"2024-02-09T15:17:49+00:00\" \/>\n<meta property=\"og:image\" content=\"https:\/\/www.efk.admin.ch\/wp-content\/uploads\/test\/palais.jpg\" \/>\n\t<meta property=\"og:image:width\" content=\"750\" \/>\n\t<meta property=\"og:image:height\" content=\"500\" \/>\n\t<meta property=\"og:image:type\" content=\"image\/jpeg\" \/>\n<meta name=\"twitter:card\" content=\"summary_large_image\" \/>\n<meta name=\"twitter:label1\" content=\"Dur\u00e9e de lecture estim\u00e9e\" \/>\n\t<meta name=\"twitter:data1\" content=\"1 minute\" \/>\n<script type=\"application\/ld+json\" class=\"yoast-schema-graph\">{\"@context\":\"https:\\\/\\\/schema.org\",\"@graph\":[{\"@type\":\"WebPage\",\"@id\":\"https:\\\/\\\/www.efk.admin.ch\\\/fr\\\/audit\\\/accords-avec-les-cantons-pour-le-service-public-de-lemploi-secretariat-detat-a-leconomie\\\/\",\"url\":\"https:\\\/\\\/www.efk.admin.ch\\\/fr\\\/audit\\\/accords-avec-les-cantons-pour-le-service-public-de-lemploi-secretariat-detat-a-leconomie\\\/\",\"name\":\"Accords avec les cantons pour le service public de l\u2019emploi - Contr\u00f4le f\u00e9d\u00e9ral des finances (CDF)\",\"isPartOf\":{\"@id\":\"https:\\\/\\\/www.efk.admin.ch\\\/fr\\\/#website\"},\"datePublished\":\"2024-01-17T15:38:02+00:00\",\"dateModified\":\"2024-02-09T15:17:49+00:00\",\"description\":\"Accords avec les cantons pour le service public de l\u2019emploi\",\"breadcrumb\":{\"@id\":\"https:\\\/\\\/www.efk.admin.ch\\\/fr\\\/audit\\\/accords-avec-les-cantons-pour-le-service-public-de-lemploi-secretariat-detat-a-leconomie\\\/#breadcrumb\"},\"inLanguage\":\"fr-FR\",\"potentialAction\":[{\"@type\":\"ReadAction\",\"target\":[\"https:\\\/\\\/www.efk.admin.ch\\\/fr\\\/audit\\\/accords-avec-les-cantons-pour-le-service-public-de-lemploi-secretariat-detat-a-leconomie\\\/\"]}]},{\"@type\":\"BreadcrumbList\",\"@id\":\"https:\\\/\\\/www.efk.admin.ch\\\/fr\\\/audit\\\/accords-avec-les-cantons-pour-le-service-public-de-lemploi-secretariat-detat-a-leconomie\\\/#breadcrumb\",\"itemListElement\":[{\"@type\":\"ListItem\",\"position\":1,\"name\":\"Home\",\"item\":\"https:\\\/\\\/www.efk.admin.ch\\\/fr\\\/\"},{\"@type\":\"ListItem\",\"position\":2,\"name\":\"Rapport\",\"item\":\"https:\\\/\\\/www.efk.admin.ch\\\/fr\\\/audit\\\/\"},{\"@type\":\"ListItem\",\"position\":3,\"name\":\"Accords avec les cantons pour le service public de l\u2019emploi\"}]},{\"@type\":\"WebSite\",\"@id\":\"https:\\\/\\\/www.efk.admin.ch\\\/fr\\\/#website\",\"url\":\"https:\\\/\\\/www.efk.admin.ch\\\/fr\\\/\",\"name\":\"Informationen \u00fcber das oberste Finanzaufsichtsorgan der Schweiz\",\"description\":\"Le Contr\u00f4le f\u00e9d\u00e9ral des finances (CDF) est l'organe supr\u00eame de surveillance financi\u00e8re de la Conf\u00e9d\u00e9ration suisse.\",\"publisher\":{\"@id\":\"https:\\\/\\\/www.efk.admin.ch\\\/fr\\\/#organization\"},\"alternateName\":\"EFK\",\"potentialAction\":[{\"@type\":\"SearchAction\",\"target\":{\"@type\":\"EntryPoint\",\"urlTemplate\":\"https:\\\/\\\/www.efk.admin.ch\\\/fr\\\/?s={search_term_string}\"},\"query-input\":{\"@type\":\"PropertyValueSpecification\",\"valueRequired\":true,\"valueName\":\"search_term_string\"}}],\"inLanguage\":\"fr-FR\"},{\"@type\":\"Organization\",\"@id\":\"https:\\\/\\\/www.efk.admin.ch\\\/fr\\\/#organization\",\"name\":\"Contr\u00f4le f\u00e9d\u00e9ral des finances (CDF)\",\"alternateName\":\"EFK\",\"url\":\"https:\\\/\\\/www.efk.admin.ch\\\/fr\\\/\",\"logo\":{\"@type\":\"ImageObject\",\"inLanguage\":\"fr-FR\",\"@id\":\"https:\\\/\\\/www.efk.admin.ch\\\/fr\\\/#\\\/schema\\\/logo\\\/image\\\/\",\"url\":\"https:\\\/\\\/www.efk.admin.ch\\\/wp-content\\\/uploads\\\/efk_cdf_logo_ohne_claim.png\",\"contentUrl\":\"https:\\\/\\\/www.efk.admin.ch\\\/wp-content\\\/uploads\\\/efk_cdf_logo_ohne_claim.png\",\"width\":268,\"height\":258,\"caption\":\"Contr\u00f4le f\u00e9d\u00e9ral des finances (CDF)\"},\"image\":{\"@id\":\"https:\\\/\\\/www.efk.admin.ch\\\/fr\\\/#\\\/schema\\\/logo\\\/image\\\/\"},\"sameAs\":[\"https:\\\/\\\/www.instagram.com\\\/efk_cdf_sfao\\\/\",\"https:\\\/\\\/www.youtube.com\\\/channel\\\/UCm-bXj227VE5sJzhB-ihdvw\\\/featured\",\"https:\\\/\\\/www.linkedin.com\\\/company\\\/11081578\\\/\"]}]}<\/script>\n<!-- \/ Yoast SEO Premium plugin. -->","yoast_head_json":{"title":"Accords avec les cantons pour le service public de l\u2019emploi - Contr\u00f4le f\u00e9d\u00e9ral des finances (CDF)","description":"Accords avec les cantons pour le service public de l\u2019emploi","robots":{"index":"index","follow":"follow","max-snippet":"max-snippet:-1","max-image-preview":"max-image-preview:large","max-video-preview":"max-video-preview:-1"},"canonical":"https:\/\/www.efk.admin.ch\/fr\/audit\/accords-avec-les-cantons-pour-le-service-public-de-lemploi-secretariat-detat-a-leconomie\/","og_locale":"fr_FR","og_type":"article","og_title":"Accords avec les cantons pour le service public de l\u2019emploi","og_description":"Accords avec les cantons pour le service public de l\u2019emploi","og_url":"https:\/\/www.efk.admin.ch\/fr\/audit\/accords-avec-les-cantons-pour-le-service-public-de-lemploi-secretariat-detat-a-leconomie\/","og_site_name":"Contr\u00f4le f\u00e9d\u00e9ral des finances (CDF)","article_modified_time":"2024-02-09T15:17:49+00:00","og_image":[{"width":750,"height":500,"url":"https:\/\/www.efk.admin.ch\/wp-content\/uploads\/test\/palais.jpg","type":"image\/jpeg"}],"twitter_card":"summary_large_image","twitter_misc":{"Dur\u00e9e de lecture estim\u00e9e":"1 minute"},"schema":{"@context":"https:\/\/schema.org","@graph":[{"@type":"WebPage","@id":"https:\/\/www.efk.admin.ch\/fr\/audit\/accords-avec-les-cantons-pour-le-service-public-de-lemploi-secretariat-detat-a-leconomie\/","url":"https:\/\/www.efk.admin.ch\/fr\/audit\/accords-avec-les-cantons-pour-le-service-public-de-lemploi-secretariat-detat-a-leconomie\/","name":"Accords avec les cantons pour le service public de l\u2019emploi - Contr\u00f4le f\u00e9d\u00e9ral des finances (CDF)","isPartOf":{"@id":"https:\/\/www.efk.admin.ch\/fr\/#website"},"datePublished":"2024-01-17T15:38:02+00:00","dateModified":"2024-02-09T15:17:49+00:00","description":"Accords avec les cantons pour le service public de l\u2019emploi","breadcrumb":{"@id":"https:\/\/www.efk.admin.ch\/fr\/audit\/accords-avec-les-cantons-pour-le-service-public-de-lemploi-secretariat-detat-a-leconomie\/#breadcrumb"},"inLanguage":"fr-FR","potentialAction":[{"@type":"ReadAction","target":["https:\/\/www.efk.admin.ch\/fr\/audit\/accords-avec-les-cantons-pour-le-service-public-de-lemploi-secretariat-detat-a-leconomie\/"]}]},{"@type":"BreadcrumbList","@id":"https:\/\/www.efk.admin.ch\/fr\/audit\/accords-avec-les-cantons-pour-le-service-public-de-lemploi-secretariat-detat-a-leconomie\/#breadcrumb","itemListElement":[{"@type":"ListItem","position":1,"name":"Home","item":"https:\/\/www.efk.admin.ch\/fr\/"},{"@type":"ListItem","position":2,"name":"Rapport","item":"https:\/\/www.efk.admin.ch\/fr\/audit\/"},{"@type":"ListItem","position":3,"name":"Accords avec les cantons pour le service public de l\u2019emploi"}]},{"@type":"WebSite","@id":"https:\/\/www.efk.admin.ch\/fr\/#website","url":"https:\/\/www.efk.admin.ch\/fr\/","name":"Informationen \u00fcber das oberste Finanzaufsichtsorgan der Schweiz","description":"Le Contr\u00f4le f\u00e9d\u00e9ral des finances (CDF) est l'organe supr\u00eame de surveillance financi\u00e8re de la Conf\u00e9d\u00e9ration suisse.","publisher":{"@id":"https:\/\/www.efk.admin.ch\/fr\/#organization"},"alternateName":"EFK","potentialAction":[{"@type":"SearchAction","target":{"@type":"EntryPoint","urlTemplate":"https:\/\/www.efk.admin.ch\/fr\/?s={search_term_string}"},"query-input":{"@type":"PropertyValueSpecification","valueRequired":true,"valueName":"search_term_string"}}],"inLanguage":"fr-FR"},{"@type":"Organization","@id":"https:\/\/www.efk.admin.ch\/fr\/#organization","name":"Contr\u00f4le f\u00e9d\u00e9ral des finances (CDF)","alternateName":"EFK","url":"https:\/\/www.efk.admin.ch\/fr\/","logo":{"@type":"ImageObject","inLanguage":"fr-FR","@id":"https:\/\/www.efk.admin.ch\/fr\/#\/schema\/logo\/image\/","url":"https:\/\/www.efk.admin.ch\/wp-content\/uploads\/efk_cdf_logo_ohne_claim.png","contentUrl":"https:\/\/www.efk.admin.ch\/wp-content\/uploads\/efk_cdf_logo_ohne_claim.png","width":268,"height":258,"caption":"Contr\u00f4le f\u00e9d\u00e9ral des finances (CDF)"},"image":{"@id":"https:\/\/www.efk.admin.ch\/fr\/#\/schema\/logo\/image\/"},"sameAs":["https:\/\/www.instagram.com\/efk_cdf_sfao\/","https:\/\/www.youtube.com\/channel\/UCm-bXj227VE5sJzhB-ihdvw\/featured","https:\/\/www.linkedin.com\/company\/11081578\/"]}]}},"_links":{"self":[{"href":"https:\/\/www.efk.admin.ch\/fr\/wp-json\/wp\/v2\/audit\/6307","targetHints":{"allow":["GET"]}}],"collection":[{"href":"https:\/\/www.efk.admin.ch\/fr\/wp-json\/wp\/v2\/audit"}],"about":[{"href":"https:\/\/www.efk.admin.ch\/fr\/wp-json\/wp\/v2\/types\/audit"}],"acf:post":[{"embeddable":true,"href":"https:\/\/www.efk.admin.ch\/fr\/wp-json\/wp\/v2\/office\/7945"}],"wp:attachment":[{"href":"https:\/\/www.efk.admin.ch\/fr\/wp-json\/wp\/v2\/media?parent=6307"}],"wp:term":[{"taxonomy":"audit_category","embeddable":true,"href":"https:\/\/www.efk.admin.ch\/fr\/wp-json\/wp\/v2\/audit_category?post=6307"},{"taxonomy":"audit_type","embeddable":true,"href":"https:\/\/www.efk.admin.ch\/fr\/wp-json\/wp\/v2\/audit_type?post=6307"}],"curies":[{"name":"wp","href":"https:\/\/api.w.org\/{rel}","templated":true}]}}