{"id":6304,"date":"2024-01-17T16:38:02","date_gmt":"2024-01-17T15:38:02","guid":{"rendered":"https:\/\/preview.efk.admin.ch\/prufung\/projet-de-nouvelle-construction-de-lambassade-de-pekin-departement-federal-des-affaires-etrangeres-office-federal-des-constructions-et-de-la-logistique\/"},"modified":"2024-02-13T10:47:55","modified_gmt":"2024-02-13T09:47:55","slug":"projet-de-nouvelle-construction-de-lambassade-de-pekin-departement-federal-des-affaires-etrangeres-office-federal-des-constructions-et-de-la-logistique","status":"publish","type":"audit","link":"https:\/\/www.efk.admin.ch\/fr\/audit\/projet-de-nouvelle-construction-de-lambassade-de-pekin-departement-federal-des-affaires-etrangeres-office-federal-des-constructions-et-de-la-logistique\/","title":{"rendered":"Projet de nouvelle construction de l\u2019ambassade de P\u00e9kin"},"content":{"rendered":"\n<p>Le projet de nouvelle construction de l\u2019ambassade de P\u00e9kin vise \u00e0 remplacer les b\u00e2timents existants datant des ann\u00e9es 1970, en raison de la v\u00e9tust\u00e9 des installations techniques, du besoin de places de travail, ainsi que de la n\u00e9cessit\u00e9 d\u2019une mise aux normes sismiques. En 2016, le D\u00e9partement f\u00e9d\u00e9ral des affaires \u00e9trang\u00e8res (DFAE) a mandat\u00e9 l\u2019Office f\u00e9d\u00e9ral des constructions et de la logistique (OFCL) pour r\u00e9aliser ce projet. Ce dernier attend actuellement des autorisations de la part des autorit\u00e9s chinoises. En attendant leur r\u00e9ponse, le DFAE et l\u2019OFCL ont d\u00e9cid\u00e9 de suspendre la planification du projet et d\u2019attendre avant de pr\u00e9senter le projet et la demande de cr\u00e9dit au Parlement. La derni\u00e8re estimation des co\u00fbts se monte \u00e0 environ 48 millions de francs.<\/p>\n","protected":false},"featured_media":0,"menu_order":0,"template":"","audit_category":[64],"audit_type":[52],"class_list":["post-6304","audit","type-audit","status-publish","hentry","audit_category-relations-avec-l-etranger","audit_type-audit-fr"],"acf":{"audit_lang":[{"lang":"f"}],"audit_numbers":[{"audit_number":"22223"}],"audit_office":[22707,22350],"audit_office_text":"","audit_date":"20230823","bgo":false,"keywords":"Le projet de nouvelle construction, l\u2019ambassade, P\u00e9kin, la n\u00e9cessit\u00e9 d\u2019une mise aux normes sismiques, r\u00e9aliser,  autorisations de la part des autorit\u00e9s chinoises, estimation des co\u00fbts","audit_office_local":""},"yoast_head":"<!-- This site is optimized with the Yoast SEO Premium plugin v27.4 (Yoast SEO v27.4) - https:\/\/yoast.com\/product\/yoast-seo-premium-wordpress\/ -->\n<title>Projet de nouvelle construction de l\u2019ambassade de P\u00e9kin - Contr\u00f4le f\u00e9d\u00e9ral des finances (CDF)<\/title>\n<meta name=\"description\" content=\"Projet de nouvelle construction de l\u2019ambassade de P\u00e9kin\" \/>\n<meta name=\"robots\" content=\"index, follow, max-snippet:-1, max-image-preview:large, max-video-preview:-1\" \/>\n<link rel=\"canonical\" href=\"https:\/\/www.efk.admin.ch\/fr\/audit\/projet-de-nouvelle-construction-de-lambassade-de-pekin-departement-federal-des-affaires-etrangeres-office-federal-des-constructions-et-de-la-logistique\/\" \/>\n<meta property=\"og:locale\" content=\"fr_FR\" \/>\n<meta property=\"og:type\" content=\"article\" \/>\n<meta property=\"og:title\" content=\"Projet de nouvelle construction de l\u2019ambassade de P\u00e9kin\" \/>\n<meta property=\"og:description\" content=\"Projet de nouvelle construction de l\u2019ambassade de P\u00e9kin\" \/>\n<meta property=\"og:url\" content=\"https:\/\/www.efk.admin.ch\/fr\/audit\/projet-de-nouvelle-construction-de-lambassade-de-pekin-departement-federal-des-affaires-etrangeres-office-federal-des-constructions-et-de-la-logistique\/\" \/>\n<meta property=\"og:site_name\" content=\"Contr\u00f4le f\u00e9d\u00e9ral des finances (CDF)\" \/>\n<meta property=\"article:modified_time\" content=\"2024-02-13T09:47:55+00:00\" \/>\n<meta property=\"og:image\" content=\"https:\/\/www.efk.admin.ch\/wp-content\/uploads\/test\/palais.jpg\" \/>\n\t<meta property=\"og:image:width\" content=\"750\" \/>\n\t<meta property=\"og:image:height\" content=\"500\" \/>\n\t<meta property=\"og:image:type\" content=\"image\/jpeg\" \/>\n<meta name=\"twitter:card\" content=\"summary_large_image\" \/>\n<meta name=\"twitter:label1\" content=\"Dur\u00e9e de lecture estim\u00e9e\" \/>\n\t<meta name=\"twitter:data1\" content=\"1 minute\" \/>\n<script type=\"application\/ld+json\" class=\"yoast-schema-graph\">{\"@context\":\"https:\\\/\\\/schema.org\",\"@graph\":[{\"@type\":\"WebPage\",\"@id\":\"https:\\\/\\\/www.efk.admin.ch\\\/fr\\\/audit\\\/projet-de-nouvelle-construction-de-lambassade-de-pekin-departement-federal-des-affaires-etrangeres-office-federal-des-constructions-et-de-la-logistique\\\/\",\"url\":\"https:\\\/\\\/www.efk.admin.ch\\\/fr\\\/audit\\\/projet-de-nouvelle-construction-de-lambassade-de-pekin-departement-federal-des-affaires-etrangeres-office-federal-des-constructions-et-de-la-logistique\\\/\",\"name\":\"Projet de nouvelle construction de l\u2019ambassade de P\u00e9kin - Contr\u00f4le f\u00e9d\u00e9ral des finances (CDF)\",\"isPartOf\":{\"@id\":\"https:\\\/\\\/www.efk.admin.ch\\\/fr\\\/#website\"},\"datePublished\":\"2024-01-17T15:38:02+00:00\",\"dateModified\":\"2024-02-13T09:47:55+00:00\",\"description\":\"Projet de nouvelle construction de l\u2019ambassade de P\u00e9kin\",\"breadcrumb\":{\"@id\":\"https:\\\/\\\/www.efk.admin.ch\\\/fr\\\/audit\\\/projet-de-nouvelle-construction-de-lambassade-de-pekin-departement-federal-des-affaires-etrangeres-office-federal-des-constructions-et-de-la-logistique\\\/#breadcrumb\"},\"inLanguage\":\"fr-FR\",\"potentialAction\":[{\"@type\":\"ReadAction\",\"target\":[\"https:\\\/\\\/www.efk.admin.ch\\\/fr\\\/audit\\\/projet-de-nouvelle-construction-de-lambassade-de-pekin-departement-federal-des-affaires-etrangeres-office-federal-des-constructions-et-de-la-logistique\\\/\"]}]},{\"@type\":\"BreadcrumbList\",\"@id\":\"https:\\\/\\\/www.efk.admin.ch\\\/fr\\\/audit\\\/projet-de-nouvelle-construction-de-lambassade-de-pekin-departement-federal-des-affaires-etrangeres-office-federal-des-constructions-et-de-la-logistique\\\/#breadcrumb\",\"itemListElement\":[{\"@type\":\"ListItem\",\"position\":1,\"name\":\"Home\",\"item\":\"https:\\\/\\\/www.efk.admin.ch\\\/fr\\\/\"},{\"@type\":\"ListItem\",\"position\":2,\"name\":\"Rapport\",\"item\":\"https:\\\/\\\/www.efk.admin.ch\\\/fr\\\/audit\\\/\"},{\"@type\":\"ListItem\",\"position\":3,\"name\":\"Projet de nouvelle construction de l\u2019ambassade de P\u00e9kin\"}]},{\"@type\":\"WebSite\",\"@id\":\"https:\\\/\\\/www.efk.admin.ch\\\/fr\\\/#website\",\"url\":\"https:\\\/\\\/www.efk.admin.ch\\\/fr\\\/\",\"name\":\"Informationen \u00fcber das oberste Finanzaufsichtsorgan der Schweiz\",\"description\":\"Le Contr\u00f4le f\u00e9d\u00e9ral des finances (CDF) est l'organe supr\u00eame de surveillance financi\u00e8re de la Conf\u00e9d\u00e9ration suisse.\",\"publisher\":{\"@id\":\"https:\\\/\\\/www.efk.admin.ch\\\/fr\\\/#organization\"},\"alternateName\":\"EFK\",\"potentialAction\":[{\"@type\":\"SearchAction\",\"target\":{\"@type\":\"EntryPoint\",\"urlTemplate\":\"https:\\\/\\\/www.efk.admin.ch\\\/fr\\\/?s={search_term_string}\"},\"query-input\":{\"@type\":\"PropertyValueSpecification\",\"valueRequired\":true,\"valueName\":\"search_term_string\"}}],\"inLanguage\":\"fr-FR\"},{\"@type\":\"Organization\",\"@id\":\"https:\\\/\\\/www.efk.admin.ch\\\/fr\\\/#organization\",\"name\":\"Contr\u00f4le f\u00e9d\u00e9ral des finances (CDF)\",\"alternateName\":\"EFK\",\"url\":\"https:\\\/\\\/www.efk.admin.ch\\\/fr\\\/\",\"logo\":{\"@type\":\"ImageObject\",\"inLanguage\":\"fr-FR\",\"@id\":\"https:\\\/\\\/www.efk.admin.ch\\\/fr\\\/#\\\/schema\\\/logo\\\/image\\\/\",\"url\":\"https:\\\/\\\/www.efk.admin.ch\\\/wp-content\\\/uploads\\\/efk_cdf_logo_ohne_claim.png\",\"contentUrl\":\"https:\\\/\\\/www.efk.admin.ch\\\/wp-content\\\/uploads\\\/efk_cdf_logo_ohne_claim.png\",\"width\":268,\"height\":258,\"caption\":\"Contr\u00f4le f\u00e9d\u00e9ral des finances (CDF)\"},\"image\":{\"@id\":\"https:\\\/\\\/www.efk.admin.ch\\\/fr\\\/#\\\/schema\\\/logo\\\/image\\\/\"},\"sameAs\":[\"https:\\\/\\\/www.instagram.com\\\/efk_cdf_sfao\\\/\",\"https:\\\/\\\/www.youtube.com\\\/channel\\\/UCm-bXj227VE5sJzhB-ihdvw\\\/featured\",\"https:\\\/\\\/www.linkedin.com\\\/company\\\/11081578\\\/\"]}]}<\/script>\n<!-- \/ Yoast SEO Premium plugin. -->","yoast_head_json":{"title":"Projet de nouvelle construction de l\u2019ambassade de P\u00e9kin - Contr\u00f4le f\u00e9d\u00e9ral des finances (CDF)","description":"Projet de nouvelle construction de l\u2019ambassade de P\u00e9kin","robots":{"index":"index","follow":"follow","max-snippet":"max-snippet:-1","max-image-preview":"max-image-preview:large","max-video-preview":"max-video-preview:-1"},"canonical":"https:\/\/www.efk.admin.ch\/fr\/audit\/projet-de-nouvelle-construction-de-lambassade-de-pekin-departement-federal-des-affaires-etrangeres-office-federal-des-constructions-et-de-la-logistique\/","og_locale":"fr_FR","og_type":"article","og_title":"Projet de nouvelle construction de l\u2019ambassade de P\u00e9kin","og_description":"Projet de nouvelle construction de l\u2019ambassade de P\u00e9kin","og_url":"https:\/\/www.efk.admin.ch\/fr\/audit\/projet-de-nouvelle-construction-de-lambassade-de-pekin-departement-federal-des-affaires-etrangeres-office-federal-des-constructions-et-de-la-logistique\/","og_site_name":"Contr\u00f4le f\u00e9d\u00e9ral des finances (CDF)","article_modified_time":"2024-02-13T09:47:55+00:00","og_image":[{"width":750,"height":500,"url":"https:\/\/www.efk.admin.ch\/wp-content\/uploads\/test\/palais.jpg","type":"image\/jpeg"}],"twitter_card":"summary_large_image","twitter_misc":{"Dur\u00e9e de lecture estim\u00e9e":"1 minute"},"schema":{"@context":"https:\/\/schema.org","@graph":[{"@type":"WebPage","@id":"https:\/\/www.efk.admin.ch\/fr\/audit\/projet-de-nouvelle-construction-de-lambassade-de-pekin-departement-federal-des-affaires-etrangeres-office-federal-des-constructions-et-de-la-logistique\/","url":"https:\/\/www.efk.admin.ch\/fr\/audit\/projet-de-nouvelle-construction-de-lambassade-de-pekin-departement-federal-des-affaires-etrangeres-office-federal-des-constructions-et-de-la-logistique\/","name":"Projet de nouvelle construction de l\u2019ambassade de P\u00e9kin - Contr\u00f4le f\u00e9d\u00e9ral des finances (CDF)","isPartOf":{"@id":"https:\/\/www.efk.admin.ch\/fr\/#website"},"datePublished":"2024-01-17T15:38:02+00:00","dateModified":"2024-02-13T09:47:55+00:00","description":"Projet de nouvelle construction de l\u2019ambassade de P\u00e9kin","breadcrumb":{"@id":"https:\/\/www.efk.admin.ch\/fr\/audit\/projet-de-nouvelle-construction-de-lambassade-de-pekin-departement-federal-des-affaires-etrangeres-office-federal-des-constructions-et-de-la-logistique\/#breadcrumb"},"inLanguage":"fr-FR","potentialAction":[{"@type":"ReadAction","target":["https:\/\/www.efk.admin.ch\/fr\/audit\/projet-de-nouvelle-construction-de-lambassade-de-pekin-departement-federal-des-affaires-etrangeres-office-federal-des-constructions-et-de-la-logistique\/"]}]},{"@type":"BreadcrumbList","@id":"https:\/\/www.efk.admin.ch\/fr\/audit\/projet-de-nouvelle-construction-de-lambassade-de-pekin-departement-federal-des-affaires-etrangeres-office-federal-des-constructions-et-de-la-logistique\/#breadcrumb","itemListElement":[{"@type":"ListItem","position":1,"name":"Home","item":"https:\/\/www.efk.admin.ch\/fr\/"},{"@type":"ListItem","position":2,"name":"Rapport","item":"https:\/\/www.efk.admin.ch\/fr\/audit\/"},{"@type":"ListItem","position":3,"name":"Projet de nouvelle construction de l\u2019ambassade de P\u00e9kin"}]},{"@type":"WebSite","@id":"https:\/\/www.efk.admin.ch\/fr\/#website","url":"https:\/\/www.efk.admin.ch\/fr\/","name":"Informationen \u00fcber das oberste Finanzaufsichtsorgan der Schweiz","description":"Le Contr\u00f4le f\u00e9d\u00e9ral des finances (CDF) est l'organe supr\u00eame de surveillance financi\u00e8re de la Conf\u00e9d\u00e9ration suisse.","publisher":{"@id":"https:\/\/www.efk.admin.ch\/fr\/#organization"},"alternateName":"EFK","potentialAction":[{"@type":"SearchAction","target":{"@type":"EntryPoint","urlTemplate":"https:\/\/www.efk.admin.ch\/fr\/?s={search_term_string}"},"query-input":{"@type":"PropertyValueSpecification","valueRequired":true,"valueName":"search_term_string"}}],"inLanguage":"fr-FR"},{"@type":"Organization","@id":"https:\/\/www.efk.admin.ch\/fr\/#organization","name":"Contr\u00f4le f\u00e9d\u00e9ral des finances (CDF)","alternateName":"EFK","url":"https:\/\/www.efk.admin.ch\/fr\/","logo":{"@type":"ImageObject","inLanguage":"fr-FR","@id":"https:\/\/www.efk.admin.ch\/fr\/#\/schema\/logo\/image\/","url":"https:\/\/www.efk.admin.ch\/wp-content\/uploads\/efk_cdf_logo_ohne_claim.png","contentUrl":"https:\/\/www.efk.admin.ch\/wp-content\/uploads\/efk_cdf_logo_ohne_claim.png","width":268,"height":258,"caption":"Contr\u00f4le f\u00e9d\u00e9ral des finances (CDF)"},"image":{"@id":"https:\/\/www.efk.admin.ch\/fr\/#\/schema\/logo\/image\/"},"sameAs":["https:\/\/www.instagram.com\/efk_cdf_sfao\/","https:\/\/www.youtube.com\/channel\/UCm-bXj227VE5sJzhB-ihdvw\/featured","https:\/\/www.linkedin.com\/company\/11081578\/"]}]}},"_links":{"self":[{"href":"https:\/\/www.efk.admin.ch\/fr\/wp-json\/wp\/v2\/audit\/6304","targetHints":{"allow":["GET"]}}],"collection":[{"href":"https:\/\/www.efk.admin.ch\/fr\/wp-json\/wp\/v2\/audit"}],"about":[{"href":"https:\/\/www.efk.admin.ch\/fr\/wp-json\/wp\/v2\/types\/audit"}],"acf:post":[{"embeddable":true,"href":"https:\/\/www.efk.admin.ch\/fr\/wp-json\/wp\/v2\/office\/22350"},{"embeddable":true,"href":"https:\/\/www.efk.admin.ch\/fr\/wp-json\/wp\/v2\/office\/22707"}],"wp:attachment":[{"href":"https:\/\/www.efk.admin.ch\/fr\/wp-json\/wp\/v2\/media?parent=6304"}],"wp:term":[{"taxonomy":"audit_category","embeddable":true,"href":"https:\/\/www.efk.admin.ch\/fr\/wp-json\/wp\/v2\/audit_category?post=6304"},{"taxonomy":"audit_type","embeddable":true,"href":"https:\/\/www.efk.admin.ch\/fr\/wp-json\/wp\/v2\/audit_type?post=6304"}],"curies":[{"name":"wp","href":"https:\/\/api.w.org\/{rel}","templated":true}]}}