{"id":6302,"date":"2024-01-17T16:38:02","date_gmt":"2024-01-17T15:38:02","guid":{"rendered":"https:\/\/preview.efk.admin.ch\/prufung\/mise-en-oeuvre-des-recommandations-activites-diplomatiques-des-petites-representations-suisses-a-letranger-departement-federal-des-affaires-etrangeres\/"},"modified":"2024-02-14T14:40:11","modified_gmt":"2024-02-14T13:40:11","slug":"mise-en-oeuvre-des-recommandations-activites-diplomatiques-des-petites-representations-suisses-a-letranger-departement-federal-des-affaires-etrangeres","status":"publish","type":"audit","link":"https:\/\/www.efk.admin.ch\/fr\/audit\/mise-en-oeuvre-des-recommandations-activites-diplomatiques-des-petites-representations-suisses-a-letranger-departement-federal-des-affaires-etrangeres\/","title":{"rendered":"Mise en \u0153uvre des recommandations : Activit\u00e9s diplomatiques des petites repr\u00e9sentations suisses \u00e0 l\u2019\u00e9tranger"},"content":{"rendered":"\n<p>Le Contr\u00f4le f\u00e9d\u00e9ral des finances (CDF) a examin\u00e9 le suivi des recommandations de son \u00e9valuation publi\u00e9e en 2018 sur les activit\u00e9s diplomatiques des petites repr\u00e9sentations suisses \u00e0 l\u2019\u00e9tranger. Il en existait alors 31 parmi la centaine d\u2019ambassades, pour un co\u00fbt annuel d\u2019environ 25 millions de francs. Un seul diplomate est engag\u00e9 sur place.<\/p>\n","protected":false},"featured_media":0,"menu_order":0,"template":"","audit_category":[64],"audit_type":[50],"class_list":["post-6302","audit","type-audit","status-publish","hentry","audit_category-relations-avec-l-etranger","audit_type-pruefung"],"acf":{"audit_lang":[{"lang":"f"}],"audit_numbers":[{"audit_number":"21504"}],"audit_office":[22707],"audit_office_text":"","audit_date":"20231108","bgo":false,"keywords":"le suivi des recommandations, \u00e9valuation publi\u00e9e en 2018, les activit\u00e9s diplomatiques, repr\u00e9sentations suisses \u00e0 l\u2019\u00e9tranger, d\u2019ambassades, diplomate","audit_office_local":""},"yoast_head":"<!-- This site is optimized with the Yoast SEO Premium plugin v27.4 (Yoast SEO v27.4) - https:\/\/yoast.com\/product\/yoast-seo-premium-wordpress\/ -->\n<title>Mise en \u0153uvre des recommandations : Activit\u00e9s diplomatiques des petites repr\u00e9sentations suisses \u00e0 l\u2019\u00e9tranger - Contr\u00f4le f\u00e9d\u00e9ral des finances (CDF)<\/title>\n<meta name=\"description\" content=\"Mise en \u0153uvre des recommandations : Activit\u00e9s diplomatiques des petites repr\u00e9sentations suisses \u00e0 l\u2019\u00e9tranger\" \/>\n<meta name=\"robots\" content=\"index, follow, max-snippet:-1, max-image-preview:large, max-video-preview:-1\" \/>\n<link rel=\"canonical\" href=\"https:\/\/www.efk.admin.ch\/fr\/audit\/mise-en-oeuvre-des-recommandations-activites-diplomatiques-des-petites-representations-suisses-a-letranger-departement-federal-des-affaires-etrangeres\/\" \/>\n<meta property=\"og:locale\" content=\"fr_FR\" \/>\n<meta property=\"og:type\" content=\"article\" \/>\n<meta property=\"og:title\" content=\"Mise en \u0153uvre des recommandations : Activit\u00e9s diplomatiques des petites repr\u00e9sentations suisses \u00e0 l\u2019\u00e9tranger\" \/>\n<meta property=\"og:description\" content=\"Mise en \u0153uvre des recommandations : Activit\u00e9s diplomatiques des petites repr\u00e9sentations suisses \u00e0 l\u2019\u00e9tranger\" \/>\n<meta property=\"og:url\" content=\"https:\/\/www.efk.admin.ch\/fr\/audit\/mise-en-oeuvre-des-recommandations-activites-diplomatiques-des-petites-representations-suisses-a-letranger-departement-federal-des-affaires-etrangeres\/\" \/>\n<meta property=\"og:site_name\" content=\"Contr\u00f4le f\u00e9d\u00e9ral des finances (CDF)\" \/>\n<meta property=\"article:modified_time\" content=\"2024-02-14T13:40:11+00:00\" \/>\n<meta property=\"og:image\" content=\"https:\/\/www.efk.admin.ch\/wp-content\/uploads\/test\/palais.jpg\" \/>\n\t<meta property=\"og:image:width\" content=\"750\" \/>\n\t<meta property=\"og:image:height\" content=\"500\" \/>\n\t<meta property=\"og:image:type\" content=\"image\/jpeg\" \/>\n<meta name=\"twitter:card\" content=\"summary_large_image\" \/>\n<script type=\"application\/ld+json\" class=\"yoast-schema-graph\">{\"@context\":\"https:\\\/\\\/schema.org\",\"@graph\":[{\"@type\":\"WebPage\",\"@id\":\"https:\\\/\\\/www.efk.admin.ch\\\/fr\\\/audit\\\/mise-en-oeuvre-des-recommandations-activites-diplomatiques-des-petites-representations-suisses-a-letranger-departement-federal-des-affaires-etrangeres\\\/\",\"url\":\"https:\\\/\\\/www.efk.admin.ch\\\/fr\\\/audit\\\/mise-en-oeuvre-des-recommandations-activites-diplomatiques-des-petites-representations-suisses-a-letranger-departement-federal-des-affaires-etrangeres\\\/\",\"name\":\"Mise en \u0153uvre des recommandations : Activit\u00e9s diplomatiques des petites repr\u00e9sentations suisses \u00e0 l\u2019\u00e9tranger - Contr\u00f4le f\u00e9d\u00e9ral des finances (CDF)\",\"isPartOf\":{\"@id\":\"https:\\\/\\\/www.efk.admin.ch\\\/fr\\\/#website\"},\"datePublished\":\"2024-01-17T15:38:02+00:00\",\"dateModified\":\"2024-02-14T13:40:11+00:00\",\"description\":\"Mise en \u0153uvre des recommandations : Activit\u00e9s diplomatiques des petites repr\u00e9sentations suisses \u00e0 l\u2019\u00e9tranger\",\"breadcrumb\":{\"@id\":\"https:\\\/\\\/www.efk.admin.ch\\\/fr\\\/audit\\\/mise-en-oeuvre-des-recommandations-activites-diplomatiques-des-petites-representations-suisses-a-letranger-departement-federal-des-affaires-etrangeres\\\/#breadcrumb\"},\"inLanguage\":\"fr-FR\",\"potentialAction\":[{\"@type\":\"ReadAction\",\"target\":[\"https:\\\/\\\/www.efk.admin.ch\\\/fr\\\/audit\\\/mise-en-oeuvre-des-recommandations-activites-diplomatiques-des-petites-representations-suisses-a-letranger-departement-federal-des-affaires-etrangeres\\\/\"]}]},{\"@type\":\"BreadcrumbList\",\"@id\":\"https:\\\/\\\/www.efk.admin.ch\\\/fr\\\/audit\\\/mise-en-oeuvre-des-recommandations-activites-diplomatiques-des-petites-representations-suisses-a-letranger-departement-federal-des-affaires-etrangeres\\\/#breadcrumb\",\"itemListElement\":[{\"@type\":\"ListItem\",\"position\":1,\"name\":\"Home\",\"item\":\"https:\\\/\\\/www.efk.admin.ch\\\/fr\\\/\"},{\"@type\":\"ListItem\",\"position\":2,\"name\":\"Rapport\",\"item\":\"https:\\\/\\\/www.efk.admin.ch\\\/fr\\\/audit\\\/\"},{\"@type\":\"ListItem\",\"position\":3,\"name\":\"Mise en \u0153uvre des recommandations : Activit\u00e9s diplomatiques des petites repr\u00e9sentations suisses \u00e0 l\u2019\u00e9tranger\"}]},{\"@type\":\"WebSite\",\"@id\":\"https:\\\/\\\/www.efk.admin.ch\\\/fr\\\/#website\",\"url\":\"https:\\\/\\\/www.efk.admin.ch\\\/fr\\\/\",\"name\":\"Informationen \u00fcber das oberste Finanzaufsichtsorgan der Schweiz\",\"description\":\"Le Contr\u00f4le f\u00e9d\u00e9ral des finances (CDF) est l'organe supr\u00eame de surveillance financi\u00e8re de la Conf\u00e9d\u00e9ration suisse.\",\"publisher\":{\"@id\":\"https:\\\/\\\/www.efk.admin.ch\\\/fr\\\/#organization\"},\"alternateName\":\"EFK\",\"potentialAction\":[{\"@type\":\"SearchAction\",\"target\":{\"@type\":\"EntryPoint\",\"urlTemplate\":\"https:\\\/\\\/www.efk.admin.ch\\\/fr\\\/?s={search_term_string}\"},\"query-input\":{\"@type\":\"PropertyValueSpecification\",\"valueRequired\":true,\"valueName\":\"search_term_string\"}}],\"inLanguage\":\"fr-FR\"},{\"@type\":\"Organization\",\"@id\":\"https:\\\/\\\/www.efk.admin.ch\\\/fr\\\/#organization\",\"name\":\"Contr\u00f4le f\u00e9d\u00e9ral des finances (CDF)\",\"alternateName\":\"EFK\",\"url\":\"https:\\\/\\\/www.efk.admin.ch\\\/fr\\\/\",\"logo\":{\"@type\":\"ImageObject\",\"inLanguage\":\"fr-FR\",\"@id\":\"https:\\\/\\\/www.efk.admin.ch\\\/fr\\\/#\\\/schema\\\/logo\\\/image\\\/\",\"url\":\"https:\\\/\\\/www.efk.admin.ch\\\/wp-content\\\/uploads\\\/efk_cdf_logo_ohne_claim.png\",\"contentUrl\":\"https:\\\/\\\/www.efk.admin.ch\\\/wp-content\\\/uploads\\\/efk_cdf_logo_ohne_claim.png\",\"width\":268,\"height\":258,\"caption\":\"Contr\u00f4le f\u00e9d\u00e9ral des finances (CDF)\"},\"image\":{\"@id\":\"https:\\\/\\\/www.efk.admin.ch\\\/fr\\\/#\\\/schema\\\/logo\\\/image\\\/\"},\"sameAs\":[\"https:\\\/\\\/www.instagram.com\\\/efk_cdf_sfao\\\/\",\"https:\\\/\\\/www.youtube.com\\\/channel\\\/UCm-bXj227VE5sJzhB-ihdvw\\\/featured\",\"https:\\\/\\\/www.linkedin.com\\\/company\\\/11081578\\\/\"]}]}<\/script>\n<!-- \/ Yoast SEO Premium plugin. -->","yoast_head_json":{"title":"Mise en \u0153uvre des recommandations : Activit\u00e9s diplomatiques des petites repr\u00e9sentations suisses \u00e0 l\u2019\u00e9tranger - Contr\u00f4le f\u00e9d\u00e9ral des finances (CDF)","description":"Mise en \u0153uvre des recommandations : Activit\u00e9s diplomatiques des petites repr\u00e9sentations suisses \u00e0 l\u2019\u00e9tranger","robots":{"index":"index","follow":"follow","max-snippet":"max-snippet:-1","max-image-preview":"max-image-preview:large","max-video-preview":"max-video-preview:-1"},"canonical":"https:\/\/www.efk.admin.ch\/fr\/audit\/mise-en-oeuvre-des-recommandations-activites-diplomatiques-des-petites-representations-suisses-a-letranger-departement-federal-des-affaires-etrangeres\/","og_locale":"fr_FR","og_type":"article","og_title":"Mise en \u0153uvre des recommandations : Activit\u00e9s diplomatiques des petites repr\u00e9sentations suisses \u00e0 l\u2019\u00e9tranger","og_description":"Mise en \u0153uvre des recommandations : Activit\u00e9s diplomatiques des petites repr\u00e9sentations suisses \u00e0 l\u2019\u00e9tranger","og_url":"https:\/\/www.efk.admin.ch\/fr\/audit\/mise-en-oeuvre-des-recommandations-activites-diplomatiques-des-petites-representations-suisses-a-letranger-departement-federal-des-affaires-etrangeres\/","og_site_name":"Contr\u00f4le f\u00e9d\u00e9ral des finances (CDF)","article_modified_time":"2024-02-14T13:40:11+00:00","og_image":[{"width":750,"height":500,"url":"https:\/\/www.efk.admin.ch\/wp-content\/uploads\/test\/palais.jpg","type":"image\/jpeg"}],"twitter_card":"summary_large_image","schema":{"@context":"https:\/\/schema.org","@graph":[{"@type":"WebPage","@id":"https:\/\/www.efk.admin.ch\/fr\/audit\/mise-en-oeuvre-des-recommandations-activites-diplomatiques-des-petites-representations-suisses-a-letranger-departement-federal-des-affaires-etrangeres\/","url":"https:\/\/www.efk.admin.ch\/fr\/audit\/mise-en-oeuvre-des-recommandations-activites-diplomatiques-des-petites-representations-suisses-a-letranger-departement-federal-des-affaires-etrangeres\/","name":"Mise en \u0153uvre des recommandations : Activit\u00e9s diplomatiques des petites repr\u00e9sentations suisses \u00e0 l\u2019\u00e9tranger - Contr\u00f4le f\u00e9d\u00e9ral des finances (CDF)","isPartOf":{"@id":"https:\/\/www.efk.admin.ch\/fr\/#website"},"datePublished":"2024-01-17T15:38:02+00:00","dateModified":"2024-02-14T13:40:11+00:00","description":"Mise en \u0153uvre des recommandations : Activit\u00e9s diplomatiques des petites repr\u00e9sentations suisses \u00e0 l\u2019\u00e9tranger","breadcrumb":{"@id":"https:\/\/www.efk.admin.ch\/fr\/audit\/mise-en-oeuvre-des-recommandations-activites-diplomatiques-des-petites-representations-suisses-a-letranger-departement-federal-des-affaires-etrangeres\/#breadcrumb"},"inLanguage":"fr-FR","potentialAction":[{"@type":"ReadAction","target":["https:\/\/www.efk.admin.ch\/fr\/audit\/mise-en-oeuvre-des-recommandations-activites-diplomatiques-des-petites-representations-suisses-a-letranger-departement-federal-des-affaires-etrangeres\/"]}]},{"@type":"BreadcrumbList","@id":"https:\/\/www.efk.admin.ch\/fr\/audit\/mise-en-oeuvre-des-recommandations-activites-diplomatiques-des-petites-representations-suisses-a-letranger-departement-federal-des-affaires-etrangeres\/#breadcrumb","itemListElement":[{"@type":"ListItem","position":1,"name":"Home","item":"https:\/\/www.efk.admin.ch\/fr\/"},{"@type":"ListItem","position":2,"name":"Rapport","item":"https:\/\/www.efk.admin.ch\/fr\/audit\/"},{"@type":"ListItem","position":3,"name":"Mise en \u0153uvre des recommandations : Activit\u00e9s diplomatiques des petites repr\u00e9sentations suisses \u00e0 l\u2019\u00e9tranger"}]},{"@type":"WebSite","@id":"https:\/\/www.efk.admin.ch\/fr\/#website","url":"https:\/\/www.efk.admin.ch\/fr\/","name":"Informationen \u00fcber das oberste Finanzaufsichtsorgan der Schweiz","description":"Le Contr\u00f4le f\u00e9d\u00e9ral des finances (CDF) est l'organe supr\u00eame de surveillance financi\u00e8re de la Conf\u00e9d\u00e9ration suisse.","publisher":{"@id":"https:\/\/www.efk.admin.ch\/fr\/#organization"},"alternateName":"EFK","potentialAction":[{"@type":"SearchAction","target":{"@type":"EntryPoint","urlTemplate":"https:\/\/www.efk.admin.ch\/fr\/?s={search_term_string}"},"query-input":{"@type":"PropertyValueSpecification","valueRequired":true,"valueName":"search_term_string"}}],"inLanguage":"fr-FR"},{"@type":"Organization","@id":"https:\/\/www.efk.admin.ch\/fr\/#organization","name":"Contr\u00f4le f\u00e9d\u00e9ral des finances (CDF)","alternateName":"EFK","url":"https:\/\/www.efk.admin.ch\/fr\/","logo":{"@type":"ImageObject","inLanguage":"fr-FR","@id":"https:\/\/www.efk.admin.ch\/fr\/#\/schema\/logo\/image\/","url":"https:\/\/www.efk.admin.ch\/wp-content\/uploads\/efk_cdf_logo_ohne_claim.png","contentUrl":"https:\/\/www.efk.admin.ch\/wp-content\/uploads\/efk_cdf_logo_ohne_claim.png","width":268,"height":258,"caption":"Contr\u00f4le f\u00e9d\u00e9ral des finances (CDF)"},"image":{"@id":"https:\/\/www.efk.admin.ch\/fr\/#\/schema\/logo\/image\/"},"sameAs":["https:\/\/www.instagram.com\/efk_cdf_sfao\/","https:\/\/www.youtube.com\/channel\/UCm-bXj227VE5sJzhB-ihdvw\/featured","https:\/\/www.linkedin.com\/company\/11081578\/"]}]}},"_links":{"self":[{"href":"https:\/\/www.efk.admin.ch\/fr\/wp-json\/wp\/v2\/audit\/6302","targetHints":{"allow":["GET"]}}],"collection":[{"href":"https:\/\/www.efk.admin.ch\/fr\/wp-json\/wp\/v2\/audit"}],"about":[{"href":"https:\/\/www.efk.admin.ch\/fr\/wp-json\/wp\/v2\/types\/audit"}],"acf:post":[{"embeddable":true,"href":"https:\/\/www.efk.admin.ch\/fr\/wp-json\/wp\/v2\/office\/22707"}],"wp:attachment":[{"href":"https:\/\/www.efk.admin.ch\/fr\/wp-json\/wp\/v2\/media?parent=6302"}],"wp:term":[{"taxonomy":"audit_category","embeddable":true,"href":"https:\/\/www.efk.admin.ch\/fr\/wp-json\/wp\/v2\/audit_category?post=6302"},{"taxonomy":"audit_type","embeddable":true,"href":"https:\/\/www.efk.admin.ch\/fr\/wp-json\/wp\/v2\/audit_type?post=6302"}],"curies":[{"name":"wp","href":"https:\/\/api.w.org\/{rel}","templated":true}]}}