{"id":6301,"date":"2024-01-17T16:38:02","date_gmt":"2024-01-17T15:38:02","guid":{"rendered":"https:\/\/preview.efk.admin.ch\/prufung\/impact-des-subventions-allouees-aux-grandes-installations-photovoltaiques-office-federal-de-lenergie\/"},"modified":"2024-02-12T17:45:24","modified_gmt":"2024-02-12T16:45:24","slug":"impact-des-subventions-allouees-aux-grandes-installations-photovoltaiques-office-federal-de-lenergie","status":"publish","type":"audit","link":"https:\/\/www.efk.admin.ch\/fr\/audit\/impact-des-subventions-allouees-aux-grandes-installations-photovoltaiques-office-federal-de-lenergie\/","title":{"rendered":"Impact des subventions allou\u00e9es aux grandes installations photovolta\u00efques"},"content":{"rendered":"\n<p>Afin d\u2019atteindre ses objectifs en mati\u00e8re de politique \u00e9nerg\u00e9tique et climatique, la Conf\u00e9d\u00e9ration a pris des mesures pour augmenter consid\u00e9rablement la production d\u2019\u00e9lectricit\u00e9 au moyen du photovolta\u00efque (PV). D\u2019ici 2050, ce dernier doit remplacer l\u2019\u00e9nergie nucl\u00e9aire comme principal pilier de la production d\u2019\u00e9lectricit\u00e9 suisse, avec l\u2019\u00e9nergie hydraulique. Les objectifs de production d\u2019\u00e9lectricit\u00e9 solaire ont \u00e9t\u00e9 relev\u00e9s \u00e0 plusieurs reprises et les mesures adapt\u00e9es r\u00e9guli\u00e8rement. Depuis 2014, la r\u00e9tribution unique pour les installations photovolta\u00efques (RU), con\u00e7ue comme une contribution \u00e0 l\u2019investissement, a progressivement remplac\u00e9 la r\u00e9tribution \u00e0 prix co\u00fbtant du courant inject\u00e9 (RPC), vers\u00e9e depuis 2009, en tant que principale subvention pour l\u2019\u00e9lectricit\u00e9 solaire. Jusqu\u2019\u00e0 fin 2022, un total de 1,5\u00a0milliard de francs de subventions provenant du Fonds aliment\u00e9 par le suppl\u00e9ment a \u00e9t\u00e9 allou\u00e9 dans le cadre de la RU pour 130\u00a0000\u00a0installations photovolta\u00efques avec une production annuelle de 2,6\u00a0t\u00e9rawattheures. En outre, les r\u00e9glementations f\u00e9d\u00e9rales ont une incidence sur les incitations financi\u00e8res suppl\u00e9mentaires et les possibilit\u00e9s l\u00e9gales qui ont trait au d\u00e9veloppement des installations solaires. Il s\u2019agit en particulier de dispositions relatives \u00e0 la consommation propre de l\u2019\u00e9lectricit\u00e9 solaire produite, \u00e0 la restitution d\u2019\u00e9lectricit\u00e9 aux exploitants de r\u00e9seaux et \u00e0 l\u2019am\u00e9nagement du territoire. Les obligations en mati\u00e8re de PV pour les nouvelles constructions, les mesures d\u2019information et les r\u00e9glementations fiscales de la Conf\u00e9d\u00e9ration et des cantons ainsi que les subventions compl\u00e9mentaires de certains cantons et communes ont aussi un impact sur le d\u00e9veloppement des installations solaires.<\/p>\n","protected":false},"featured_media":0,"menu_order":0,"template":"","audit_category":[73],"audit_type":[52],"class_list":["post-6301","audit","type-audit","status-publish","hentry","audit_category-energie-et-communication","audit_type-audit-fr"],"acf":{"audit_lang":[{"lang":"d"}],"audit_numbers":[{"audit_number":"22325"}],"audit_office":7958,"audit_office_text":"","audit_date":"20230830","bgo":false,"keywords":"objectifs, politique \u00e9nerg\u00e9tique et climatique, Conf\u00e9d\u00e9ration, mesures, la production d\u2019\u00e9lectricit\u00e9,  photovolta\u00efque (PV), contribution \u00e0 l\u2019investissement,  r\u00e9tribution unique, la r\u00e9tribution \u00e0 prix co\u00fbtant du courant inject\u00e9 (RPC), subventions, incitations financi\u00e8res, les possibilit\u00e9s l\u00e9gales","audit_office_local":""},"yoast_head":"<!-- This site is optimized with the Yoast SEO Premium plugin v27.4 (Yoast SEO v27.4) - https:\/\/yoast.com\/product\/yoast-seo-premium-wordpress\/ -->\n<title>Impact des subventions allou\u00e9es aux grandes installations photovolta\u00efques - Contr\u00f4le f\u00e9d\u00e9ral des finances (CDF)<\/title>\n<meta name=\"description\" content=\"Impact des subventions allou\u00e9es aux grandes installations photovolta\u00efques\" \/>\n<meta name=\"robots\" content=\"index, follow, max-snippet:-1, max-image-preview:large, max-video-preview:-1\" \/>\n<link rel=\"canonical\" href=\"https:\/\/www.efk.admin.ch\/fr\/audit\/impact-des-subventions-allouees-aux-grandes-installations-photovoltaiques-office-federal-de-lenergie\/\" \/>\n<meta property=\"og:locale\" content=\"fr_FR\" \/>\n<meta property=\"og:type\" content=\"article\" \/>\n<meta property=\"og:title\" content=\"Impact des subventions allou\u00e9es aux grandes installations photovolta\u00efques\" \/>\n<meta property=\"og:description\" content=\"Impact des subventions allou\u00e9es aux grandes installations photovolta\u00efques\" \/>\n<meta property=\"og:url\" content=\"https:\/\/www.efk.admin.ch\/fr\/audit\/impact-des-subventions-allouees-aux-grandes-installations-photovoltaiques-office-federal-de-lenergie\/\" \/>\n<meta property=\"og:site_name\" content=\"Contr\u00f4le f\u00e9d\u00e9ral des finances (CDF)\" \/>\n<meta property=\"article:modified_time\" content=\"2024-02-12T16:45:24+00:00\" \/>\n<meta property=\"og:image\" content=\"https:\/\/www.efk.admin.ch\/wp-content\/uploads\/test\/palais.jpg\" \/>\n\t<meta property=\"og:image:width\" content=\"750\" \/>\n\t<meta property=\"og:image:height\" content=\"500\" \/>\n\t<meta property=\"og:image:type\" content=\"image\/jpeg\" \/>\n<meta name=\"twitter:card\" content=\"summary_large_image\" \/>\n<meta name=\"twitter:label1\" content=\"Dur\u00e9e de lecture estim\u00e9e\" \/>\n\t<meta name=\"twitter:data1\" content=\"1 minute\" \/>\n<script type=\"application\/ld+json\" class=\"yoast-schema-graph\">{\"@context\":\"https:\\\/\\\/schema.org\",\"@graph\":[{\"@type\":\"WebPage\",\"@id\":\"https:\\\/\\\/www.efk.admin.ch\\\/fr\\\/audit\\\/impact-des-subventions-allouees-aux-grandes-installations-photovoltaiques-office-federal-de-lenergie\\\/\",\"url\":\"https:\\\/\\\/www.efk.admin.ch\\\/fr\\\/audit\\\/impact-des-subventions-allouees-aux-grandes-installations-photovoltaiques-office-federal-de-lenergie\\\/\",\"name\":\"Impact des subventions allou\u00e9es aux grandes installations photovolta\u00efques - Contr\u00f4le f\u00e9d\u00e9ral des finances (CDF)\",\"isPartOf\":{\"@id\":\"https:\\\/\\\/www.efk.admin.ch\\\/fr\\\/#website\"},\"datePublished\":\"2024-01-17T15:38:02+00:00\",\"dateModified\":\"2024-02-12T16:45:24+00:00\",\"description\":\"Impact des subventions allou\u00e9es aux grandes installations photovolta\u00efques\",\"breadcrumb\":{\"@id\":\"https:\\\/\\\/www.efk.admin.ch\\\/fr\\\/audit\\\/impact-des-subventions-allouees-aux-grandes-installations-photovoltaiques-office-federal-de-lenergie\\\/#breadcrumb\"},\"inLanguage\":\"fr-FR\",\"potentialAction\":[{\"@type\":\"ReadAction\",\"target\":[\"https:\\\/\\\/www.efk.admin.ch\\\/fr\\\/audit\\\/impact-des-subventions-allouees-aux-grandes-installations-photovoltaiques-office-federal-de-lenergie\\\/\"]}]},{\"@type\":\"BreadcrumbList\",\"@id\":\"https:\\\/\\\/www.efk.admin.ch\\\/fr\\\/audit\\\/impact-des-subventions-allouees-aux-grandes-installations-photovoltaiques-office-federal-de-lenergie\\\/#breadcrumb\",\"itemListElement\":[{\"@type\":\"ListItem\",\"position\":1,\"name\":\"Home\",\"item\":\"https:\\\/\\\/www.efk.admin.ch\\\/fr\\\/\"},{\"@type\":\"ListItem\",\"position\":2,\"name\":\"Rapport\",\"item\":\"https:\\\/\\\/www.efk.admin.ch\\\/fr\\\/audit\\\/\"},{\"@type\":\"ListItem\",\"position\":3,\"name\":\"Impact des subventions allou\u00e9es aux grandes installations photovolta\u00efques\"}]},{\"@type\":\"WebSite\",\"@id\":\"https:\\\/\\\/www.efk.admin.ch\\\/fr\\\/#website\",\"url\":\"https:\\\/\\\/www.efk.admin.ch\\\/fr\\\/\",\"name\":\"Informationen \u00fcber das oberste Finanzaufsichtsorgan der Schweiz\",\"description\":\"Le Contr\u00f4le f\u00e9d\u00e9ral des finances (CDF) est l'organe supr\u00eame de surveillance financi\u00e8re de la Conf\u00e9d\u00e9ration suisse.\",\"publisher\":{\"@id\":\"https:\\\/\\\/www.efk.admin.ch\\\/fr\\\/#organization\"},\"alternateName\":\"EFK\",\"potentialAction\":[{\"@type\":\"SearchAction\",\"target\":{\"@type\":\"EntryPoint\",\"urlTemplate\":\"https:\\\/\\\/www.efk.admin.ch\\\/fr\\\/?s={search_term_string}\"},\"query-input\":{\"@type\":\"PropertyValueSpecification\",\"valueRequired\":true,\"valueName\":\"search_term_string\"}}],\"inLanguage\":\"fr-FR\"},{\"@type\":\"Organization\",\"@id\":\"https:\\\/\\\/www.efk.admin.ch\\\/fr\\\/#organization\",\"name\":\"Contr\u00f4le f\u00e9d\u00e9ral des finances (CDF)\",\"alternateName\":\"EFK\",\"url\":\"https:\\\/\\\/www.efk.admin.ch\\\/fr\\\/\",\"logo\":{\"@type\":\"ImageObject\",\"inLanguage\":\"fr-FR\",\"@id\":\"https:\\\/\\\/www.efk.admin.ch\\\/fr\\\/#\\\/schema\\\/logo\\\/image\\\/\",\"url\":\"https:\\\/\\\/www.efk.admin.ch\\\/wp-content\\\/uploads\\\/efk_cdf_logo_ohne_claim.png\",\"contentUrl\":\"https:\\\/\\\/www.efk.admin.ch\\\/wp-content\\\/uploads\\\/efk_cdf_logo_ohne_claim.png\",\"width\":268,\"height\":258,\"caption\":\"Contr\u00f4le f\u00e9d\u00e9ral des finances (CDF)\"},\"image\":{\"@id\":\"https:\\\/\\\/www.efk.admin.ch\\\/fr\\\/#\\\/schema\\\/logo\\\/image\\\/\"},\"sameAs\":[\"https:\\\/\\\/www.instagram.com\\\/efk_cdf_sfao\\\/\",\"https:\\\/\\\/www.youtube.com\\\/channel\\\/UCm-bXj227VE5sJzhB-ihdvw\\\/featured\",\"https:\\\/\\\/www.linkedin.com\\\/company\\\/11081578\\\/\"]}]}<\/script>\n<!-- \/ Yoast SEO Premium plugin. -->","yoast_head_json":{"title":"Impact des subventions allou\u00e9es aux grandes installations photovolta\u00efques - Contr\u00f4le f\u00e9d\u00e9ral des finances (CDF)","description":"Impact des subventions allou\u00e9es aux grandes installations photovolta\u00efques","robots":{"index":"index","follow":"follow","max-snippet":"max-snippet:-1","max-image-preview":"max-image-preview:large","max-video-preview":"max-video-preview:-1"},"canonical":"https:\/\/www.efk.admin.ch\/fr\/audit\/impact-des-subventions-allouees-aux-grandes-installations-photovoltaiques-office-federal-de-lenergie\/","og_locale":"fr_FR","og_type":"article","og_title":"Impact des subventions allou\u00e9es aux grandes installations photovolta\u00efques","og_description":"Impact des subventions allou\u00e9es aux grandes installations photovolta\u00efques","og_url":"https:\/\/www.efk.admin.ch\/fr\/audit\/impact-des-subventions-allouees-aux-grandes-installations-photovoltaiques-office-federal-de-lenergie\/","og_site_name":"Contr\u00f4le f\u00e9d\u00e9ral des finances (CDF)","article_modified_time":"2024-02-12T16:45:24+00:00","og_image":[{"width":750,"height":500,"url":"https:\/\/www.efk.admin.ch\/wp-content\/uploads\/test\/palais.jpg","type":"image\/jpeg"}],"twitter_card":"summary_large_image","twitter_misc":{"Dur\u00e9e de lecture estim\u00e9e":"1 minute"},"schema":{"@context":"https:\/\/schema.org","@graph":[{"@type":"WebPage","@id":"https:\/\/www.efk.admin.ch\/fr\/audit\/impact-des-subventions-allouees-aux-grandes-installations-photovoltaiques-office-federal-de-lenergie\/","url":"https:\/\/www.efk.admin.ch\/fr\/audit\/impact-des-subventions-allouees-aux-grandes-installations-photovoltaiques-office-federal-de-lenergie\/","name":"Impact des subventions allou\u00e9es aux grandes installations photovolta\u00efques - Contr\u00f4le f\u00e9d\u00e9ral des finances (CDF)","isPartOf":{"@id":"https:\/\/www.efk.admin.ch\/fr\/#website"},"datePublished":"2024-01-17T15:38:02+00:00","dateModified":"2024-02-12T16:45:24+00:00","description":"Impact des subventions allou\u00e9es aux grandes installations photovolta\u00efques","breadcrumb":{"@id":"https:\/\/www.efk.admin.ch\/fr\/audit\/impact-des-subventions-allouees-aux-grandes-installations-photovoltaiques-office-federal-de-lenergie\/#breadcrumb"},"inLanguage":"fr-FR","potentialAction":[{"@type":"ReadAction","target":["https:\/\/www.efk.admin.ch\/fr\/audit\/impact-des-subventions-allouees-aux-grandes-installations-photovoltaiques-office-federal-de-lenergie\/"]}]},{"@type":"BreadcrumbList","@id":"https:\/\/www.efk.admin.ch\/fr\/audit\/impact-des-subventions-allouees-aux-grandes-installations-photovoltaiques-office-federal-de-lenergie\/#breadcrumb","itemListElement":[{"@type":"ListItem","position":1,"name":"Home","item":"https:\/\/www.efk.admin.ch\/fr\/"},{"@type":"ListItem","position":2,"name":"Rapport","item":"https:\/\/www.efk.admin.ch\/fr\/audit\/"},{"@type":"ListItem","position":3,"name":"Impact des subventions allou\u00e9es aux grandes installations photovolta\u00efques"}]},{"@type":"WebSite","@id":"https:\/\/www.efk.admin.ch\/fr\/#website","url":"https:\/\/www.efk.admin.ch\/fr\/","name":"Informationen \u00fcber das oberste Finanzaufsichtsorgan der Schweiz","description":"Le Contr\u00f4le f\u00e9d\u00e9ral des finances (CDF) est l'organe supr\u00eame de surveillance financi\u00e8re de la Conf\u00e9d\u00e9ration suisse.","publisher":{"@id":"https:\/\/www.efk.admin.ch\/fr\/#organization"},"alternateName":"EFK","potentialAction":[{"@type":"SearchAction","target":{"@type":"EntryPoint","urlTemplate":"https:\/\/www.efk.admin.ch\/fr\/?s={search_term_string}"},"query-input":{"@type":"PropertyValueSpecification","valueRequired":true,"valueName":"search_term_string"}}],"inLanguage":"fr-FR"},{"@type":"Organization","@id":"https:\/\/www.efk.admin.ch\/fr\/#organization","name":"Contr\u00f4le f\u00e9d\u00e9ral des finances (CDF)","alternateName":"EFK","url":"https:\/\/www.efk.admin.ch\/fr\/","logo":{"@type":"ImageObject","inLanguage":"fr-FR","@id":"https:\/\/www.efk.admin.ch\/fr\/#\/schema\/logo\/image\/","url":"https:\/\/www.efk.admin.ch\/wp-content\/uploads\/efk_cdf_logo_ohne_claim.png","contentUrl":"https:\/\/www.efk.admin.ch\/wp-content\/uploads\/efk_cdf_logo_ohne_claim.png","width":268,"height":258,"caption":"Contr\u00f4le f\u00e9d\u00e9ral des finances (CDF)"},"image":{"@id":"https:\/\/www.efk.admin.ch\/fr\/#\/schema\/logo\/image\/"},"sameAs":["https:\/\/www.instagram.com\/efk_cdf_sfao\/","https:\/\/www.youtube.com\/channel\/UCm-bXj227VE5sJzhB-ihdvw\/featured","https:\/\/www.linkedin.com\/company\/11081578\/"]}]}},"_links":{"self":[{"href":"https:\/\/www.efk.admin.ch\/fr\/wp-json\/wp\/v2\/audit\/6301","targetHints":{"allow":["GET"]}}],"collection":[{"href":"https:\/\/www.efk.admin.ch\/fr\/wp-json\/wp\/v2\/audit"}],"about":[{"href":"https:\/\/www.efk.admin.ch\/fr\/wp-json\/wp\/v2\/types\/audit"}],"acf:post":[{"embeddable":true,"href":"https:\/\/www.efk.admin.ch\/fr\/wp-json\/wp\/v2\/office\/7958"}],"wp:attachment":[{"href":"https:\/\/www.efk.admin.ch\/fr\/wp-json\/wp\/v2\/media?parent=6301"}],"wp:term":[{"taxonomy":"audit_category","embeddable":true,"href":"https:\/\/www.efk.admin.ch\/fr\/wp-json\/wp\/v2\/audit_category?post=6301"},{"taxonomy":"audit_type","embeddable":true,"href":"https:\/\/www.efk.admin.ch\/fr\/wp-json\/wp\/v2\/audit_type?post=6301"}],"curies":[{"name":"wp","href":"https:\/\/api.w.org\/{rel}","templated":true}]}}