{"id":6285,"date":"2024-01-17T16:37:56","date_gmt":"2024-01-17T15:37:56","guid":{"rendered":"https:\/\/preview.efk.admin.ch\/prufung\/projet-de-renovation-globale-de-la-chancellerie-a-washington-departement-federal-des-affaires-etrangeres-office-federal-des-constructions-et-de-la-logistique\/"},"modified":"2024-02-22T10:29:18","modified_gmt":"2024-02-22T09:29:18","slug":"projet-de-renovation-globale-de-la-chancellerie-a-washington-departement-federal-des-affaires-etrangeres-office-federal-des-constructions-et-de-la-logistique","status":"publish","type":"audit","link":"https:\/\/www.efk.admin.ch\/fr\/audit\/projet-de-renovation-globale-de-la-chancellerie-a-washington-departement-federal-des-affaires-etrangeres-office-federal-des-constructions-et-de-la-logistique\/","title":{"rendered":"Projet de r\u00e9novation globale de la chancellerie \u00e0 Washington"},"content":{"rendered":"\n<p>L\u2019Office f\u00e9d\u00e9ral des constructions et de la logistique (OFCL) entreprend une r\u00e9novation compl\u00e8te de la chancellerie de l\u2019ambassade de Suisse \u00e0 Washington D.C. (USA), utilis\u00e9e par le D\u00e9partement f\u00e9d\u00e9ral des affaires \u00e9trang\u00e8res (DFAE), pour un co\u00fbt de quelque 14 millions de francs. Entre 2015 et 2018, les co\u00fbts du projet sont pass\u00e9s d\u2019environ 7 \u00e0 14 millions de francs, montant du cr\u00e9dit sollicit\u00e9 actuellement. Le d\u00e9but des travaux est pr\u00e9vu pour l\u2019automne 2019. Les transformations n\u00e9cessaires pour la relocalisation provisoire de la chancellerie sont d\u00e9j\u00e0 en cours.<\/p>\n","protected":false},"featured_media":0,"menu_order":0,"template":"","audit_category":[64],"audit_type":[52],"class_list":["post-6285","audit","type-audit","status-publish","hentry","audit_category-relations-avec-l-etranger","audit_type-audit-fr"],"acf":{"audit_lang":[{"lang":"d"}],"audit_numbers":[{"audit_number":"19383"}],"audit_office":[22707,22350],"audit_office_text":"","audit_date":"20200622","bgo":false,"keywords":"la chancellerie de l\u2019ambassade de Suisse, Washington D.C. (USA), r\u00e9novation compl\u00e8te, les co\u00fbts du projet","audit_office_local":""},"yoast_head":"<!-- This site is optimized with the Yoast SEO Premium plugin v27.4 (Yoast SEO v27.4) - https:\/\/yoast.com\/product\/yoast-seo-premium-wordpress\/ -->\n<title>Projet de r\u00e9novation globale de la chancellerie \u00e0 Washington - Contr\u00f4le f\u00e9d\u00e9ral des finances (CDF)<\/title>\n<meta name=\"description\" content=\"Projet de r\u00e9novation globale de la chancellerie \u00e0 Washington\" \/>\n<meta name=\"robots\" content=\"index, follow, max-snippet:-1, max-image-preview:large, max-video-preview:-1\" \/>\n<link rel=\"canonical\" href=\"https:\/\/www.efk.admin.ch\/fr\/audit\/projet-de-renovation-globale-de-la-chancellerie-a-washington-departement-federal-des-affaires-etrangeres-office-federal-des-constructions-et-de-la-logistique\/\" \/>\n<meta property=\"og:locale\" content=\"fr_FR\" \/>\n<meta property=\"og:type\" content=\"article\" \/>\n<meta property=\"og:title\" content=\"Projet de r\u00e9novation globale de la chancellerie \u00e0 Washington\" \/>\n<meta property=\"og:description\" content=\"Projet de r\u00e9novation globale de la chancellerie \u00e0 Washington\" \/>\n<meta property=\"og:url\" content=\"https:\/\/www.efk.admin.ch\/fr\/audit\/projet-de-renovation-globale-de-la-chancellerie-a-washington-departement-federal-des-affaires-etrangeres-office-federal-des-constructions-et-de-la-logistique\/\" \/>\n<meta property=\"og:site_name\" content=\"Contr\u00f4le f\u00e9d\u00e9ral des finances (CDF)\" \/>\n<meta property=\"article:modified_time\" content=\"2024-02-22T09:29:18+00:00\" \/>\n<meta property=\"og:image\" content=\"https:\/\/www.efk.admin.ch\/wp-content\/uploads\/test\/palais.jpg\" \/>\n\t<meta property=\"og:image:width\" content=\"750\" \/>\n\t<meta property=\"og:image:height\" content=\"500\" \/>\n\t<meta property=\"og:image:type\" content=\"image\/jpeg\" \/>\n<meta name=\"twitter:card\" content=\"summary_large_image\" \/>\n<meta name=\"twitter:label1\" content=\"Dur\u00e9e de lecture estim\u00e9e\" \/>\n\t<meta name=\"twitter:data1\" content=\"1 minute\" \/>\n<script type=\"application\/ld+json\" class=\"yoast-schema-graph\">{\"@context\":\"https:\\\/\\\/schema.org\",\"@graph\":[{\"@type\":\"WebPage\",\"@id\":\"https:\\\/\\\/www.efk.admin.ch\\\/fr\\\/audit\\\/projet-de-renovation-globale-de-la-chancellerie-a-washington-departement-federal-des-affaires-etrangeres-office-federal-des-constructions-et-de-la-logistique\\\/\",\"url\":\"https:\\\/\\\/www.efk.admin.ch\\\/fr\\\/audit\\\/projet-de-renovation-globale-de-la-chancellerie-a-washington-departement-federal-des-affaires-etrangeres-office-federal-des-constructions-et-de-la-logistique\\\/\",\"name\":\"Projet de r\u00e9novation globale de la chancellerie \u00e0 Washington - Contr\u00f4le f\u00e9d\u00e9ral des finances (CDF)\",\"isPartOf\":{\"@id\":\"https:\\\/\\\/www.efk.admin.ch\\\/fr\\\/#website\"},\"datePublished\":\"2024-01-17T15:37:56+00:00\",\"dateModified\":\"2024-02-22T09:29:18+00:00\",\"description\":\"Projet de r\u00e9novation globale de la chancellerie \u00e0 Washington\",\"breadcrumb\":{\"@id\":\"https:\\\/\\\/www.efk.admin.ch\\\/fr\\\/audit\\\/projet-de-renovation-globale-de-la-chancellerie-a-washington-departement-federal-des-affaires-etrangeres-office-federal-des-constructions-et-de-la-logistique\\\/#breadcrumb\"},\"inLanguage\":\"fr-FR\",\"potentialAction\":[{\"@type\":\"ReadAction\",\"target\":[\"https:\\\/\\\/www.efk.admin.ch\\\/fr\\\/audit\\\/projet-de-renovation-globale-de-la-chancellerie-a-washington-departement-federal-des-affaires-etrangeres-office-federal-des-constructions-et-de-la-logistique\\\/\"]}]},{\"@type\":\"BreadcrumbList\",\"@id\":\"https:\\\/\\\/www.efk.admin.ch\\\/fr\\\/audit\\\/projet-de-renovation-globale-de-la-chancellerie-a-washington-departement-federal-des-affaires-etrangeres-office-federal-des-constructions-et-de-la-logistique\\\/#breadcrumb\",\"itemListElement\":[{\"@type\":\"ListItem\",\"position\":1,\"name\":\"Home\",\"item\":\"https:\\\/\\\/www.efk.admin.ch\\\/fr\\\/\"},{\"@type\":\"ListItem\",\"position\":2,\"name\":\"Rapport\",\"item\":\"https:\\\/\\\/www.efk.admin.ch\\\/fr\\\/audit\\\/\"},{\"@type\":\"ListItem\",\"position\":3,\"name\":\"Projet de r\u00e9novation globale de la chancellerie \u00e0 Washington\"}]},{\"@type\":\"WebSite\",\"@id\":\"https:\\\/\\\/www.efk.admin.ch\\\/fr\\\/#website\",\"url\":\"https:\\\/\\\/www.efk.admin.ch\\\/fr\\\/\",\"name\":\"Informationen \u00fcber das oberste Finanzaufsichtsorgan der Schweiz\",\"description\":\"Le Contr\u00f4le f\u00e9d\u00e9ral des finances (CDF) est l'organe supr\u00eame de surveillance financi\u00e8re de la Conf\u00e9d\u00e9ration suisse.\",\"publisher\":{\"@id\":\"https:\\\/\\\/www.efk.admin.ch\\\/fr\\\/#organization\"},\"alternateName\":\"EFK\",\"potentialAction\":[{\"@type\":\"SearchAction\",\"target\":{\"@type\":\"EntryPoint\",\"urlTemplate\":\"https:\\\/\\\/www.efk.admin.ch\\\/fr\\\/?s={search_term_string}\"},\"query-input\":{\"@type\":\"PropertyValueSpecification\",\"valueRequired\":true,\"valueName\":\"search_term_string\"}}],\"inLanguage\":\"fr-FR\"},{\"@type\":\"Organization\",\"@id\":\"https:\\\/\\\/www.efk.admin.ch\\\/fr\\\/#organization\",\"name\":\"Contr\u00f4le f\u00e9d\u00e9ral des finances (CDF)\",\"alternateName\":\"EFK\",\"url\":\"https:\\\/\\\/www.efk.admin.ch\\\/fr\\\/\",\"logo\":{\"@type\":\"ImageObject\",\"inLanguage\":\"fr-FR\",\"@id\":\"https:\\\/\\\/www.efk.admin.ch\\\/fr\\\/#\\\/schema\\\/logo\\\/image\\\/\",\"url\":\"https:\\\/\\\/www.efk.admin.ch\\\/wp-content\\\/uploads\\\/efk_cdf_logo_ohne_claim.png\",\"contentUrl\":\"https:\\\/\\\/www.efk.admin.ch\\\/wp-content\\\/uploads\\\/efk_cdf_logo_ohne_claim.png\",\"width\":268,\"height\":258,\"caption\":\"Contr\u00f4le f\u00e9d\u00e9ral des finances (CDF)\"},\"image\":{\"@id\":\"https:\\\/\\\/www.efk.admin.ch\\\/fr\\\/#\\\/schema\\\/logo\\\/image\\\/\"},\"sameAs\":[\"https:\\\/\\\/www.instagram.com\\\/efk_cdf_sfao\\\/\",\"https:\\\/\\\/www.youtube.com\\\/channel\\\/UCm-bXj227VE5sJzhB-ihdvw\\\/featured\",\"https:\\\/\\\/www.linkedin.com\\\/company\\\/11081578\\\/\"]}]}<\/script>\n<!-- \/ Yoast SEO Premium plugin. -->","yoast_head_json":{"title":"Projet de r\u00e9novation globale de la chancellerie \u00e0 Washington - Contr\u00f4le f\u00e9d\u00e9ral des finances (CDF)","description":"Projet de r\u00e9novation globale de la chancellerie \u00e0 Washington","robots":{"index":"index","follow":"follow","max-snippet":"max-snippet:-1","max-image-preview":"max-image-preview:large","max-video-preview":"max-video-preview:-1"},"canonical":"https:\/\/www.efk.admin.ch\/fr\/audit\/projet-de-renovation-globale-de-la-chancellerie-a-washington-departement-federal-des-affaires-etrangeres-office-federal-des-constructions-et-de-la-logistique\/","og_locale":"fr_FR","og_type":"article","og_title":"Projet de r\u00e9novation globale de la chancellerie \u00e0 Washington","og_description":"Projet de r\u00e9novation globale de la chancellerie \u00e0 Washington","og_url":"https:\/\/www.efk.admin.ch\/fr\/audit\/projet-de-renovation-globale-de-la-chancellerie-a-washington-departement-federal-des-affaires-etrangeres-office-federal-des-constructions-et-de-la-logistique\/","og_site_name":"Contr\u00f4le f\u00e9d\u00e9ral des finances (CDF)","article_modified_time":"2024-02-22T09:29:18+00:00","og_image":[{"width":750,"height":500,"url":"https:\/\/www.efk.admin.ch\/wp-content\/uploads\/test\/palais.jpg","type":"image\/jpeg"}],"twitter_card":"summary_large_image","twitter_misc":{"Dur\u00e9e de lecture estim\u00e9e":"1 minute"},"schema":{"@context":"https:\/\/schema.org","@graph":[{"@type":"WebPage","@id":"https:\/\/www.efk.admin.ch\/fr\/audit\/projet-de-renovation-globale-de-la-chancellerie-a-washington-departement-federal-des-affaires-etrangeres-office-federal-des-constructions-et-de-la-logistique\/","url":"https:\/\/www.efk.admin.ch\/fr\/audit\/projet-de-renovation-globale-de-la-chancellerie-a-washington-departement-federal-des-affaires-etrangeres-office-federal-des-constructions-et-de-la-logistique\/","name":"Projet de r\u00e9novation globale de la chancellerie \u00e0 Washington - Contr\u00f4le f\u00e9d\u00e9ral des finances (CDF)","isPartOf":{"@id":"https:\/\/www.efk.admin.ch\/fr\/#website"},"datePublished":"2024-01-17T15:37:56+00:00","dateModified":"2024-02-22T09:29:18+00:00","description":"Projet de r\u00e9novation globale de la chancellerie \u00e0 Washington","breadcrumb":{"@id":"https:\/\/www.efk.admin.ch\/fr\/audit\/projet-de-renovation-globale-de-la-chancellerie-a-washington-departement-federal-des-affaires-etrangeres-office-federal-des-constructions-et-de-la-logistique\/#breadcrumb"},"inLanguage":"fr-FR","potentialAction":[{"@type":"ReadAction","target":["https:\/\/www.efk.admin.ch\/fr\/audit\/projet-de-renovation-globale-de-la-chancellerie-a-washington-departement-federal-des-affaires-etrangeres-office-federal-des-constructions-et-de-la-logistique\/"]}]},{"@type":"BreadcrumbList","@id":"https:\/\/www.efk.admin.ch\/fr\/audit\/projet-de-renovation-globale-de-la-chancellerie-a-washington-departement-federal-des-affaires-etrangeres-office-federal-des-constructions-et-de-la-logistique\/#breadcrumb","itemListElement":[{"@type":"ListItem","position":1,"name":"Home","item":"https:\/\/www.efk.admin.ch\/fr\/"},{"@type":"ListItem","position":2,"name":"Rapport","item":"https:\/\/www.efk.admin.ch\/fr\/audit\/"},{"@type":"ListItem","position":3,"name":"Projet de r\u00e9novation globale de la chancellerie \u00e0 Washington"}]},{"@type":"WebSite","@id":"https:\/\/www.efk.admin.ch\/fr\/#website","url":"https:\/\/www.efk.admin.ch\/fr\/","name":"Informationen \u00fcber das oberste Finanzaufsichtsorgan der Schweiz","description":"Le Contr\u00f4le f\u00e9d\u00e9ral des finances (CDF) est l'organe supr\u00eame de surveillance financi\u00e8re de la Conf\u00e9d\u00e9ration suisse.","publisher":{"@id":"https:\/\/www.efk.admin.ch\/fr\/#organization"},"alternateName":"EFK","potentialAction":[{"@type":"SearchAction","target":{"@type":"EntryPoint","urlTemplate":"https:\/\/www.efk.admin.ch\/fr\/?s={search_term_string}"},"query-input":{"@type":"PropertyValueSpecification","valueRequired":true,"valueName":"search_term_string"}}],"inLanguage":"fr-FR"},{"@type":"Organization","@id":"https:\/\/www.efk.admin.ch\/fr\/#organization","name":"Contr\u00f4le f\u00e9d\u00e9ral des finances (CDF)","alternateName":"EFK","url":"https:\/\/www.efk.admin.ch\/fr\/","logo":{"@type":"ImageObject","inLanguage":"fr-FR","@id":"https:\/\/www.efk.admin.ch\/fr\/#\/schema\/logo\/image\/","url":"https:\/\/www.efk.admin.ch\/wp-content\/uploads\/efk_cdf_logo_ohne_claim.png","contentUrl":"https:\/\/www.efk.admin.ch\/wp-content\/uploads\/efk_cdf_logo_ohne_claim.png","width":268,"height":258,"caption":"Contr\u00f4le f\u00e9d\u00e9ral des finances (CDF)"},"image":{"@id":"https:\/\/www.efk.admin.ch\/fr\/#\/schema\/logo\/image\/"},"sameAs":["https:\/\/www.instagram.com\/efk_cdf_sfao\/","https:\/\/www.youtube.com\/channel\/UCm-bXj227VE5sJzhB-ihdvw\/featured","https:\/\/www.linkedin.com\/company\/11081578\/"]}]}},"_links":{"self":[{"href":"https:\/\/www.efk.admin.ch\/fr\/wp-json\/wp\/v2\/audit\/6285","targetHints":{"allow":["GET"]}}],"collection":[{"href":"https:\/\/www.efk.admin.ch\/fr\/wp-json\/wp\/v2\/audit"}],"about":[{"href":"https:\/\/www.efk.admin.ch\/fr\/wp-json\/wp\/v2\/types\/audit"}],"acf:post":[{"embeddable":true,"href":"https:\/\/www.efk.admin.ch\/fr\/wp-json\/wp\/v2\/office\/22350"},{"embeddable":true,"href":"https:\/\/www.efk.admin.ch\/fr\/wp-json\/wp\/v2\/office\/22707"}],"wp:attachment":[{"href":"https:\/\/www.efk.admin.ch\/fr\/wp-json\/wp\/v2\/media?parent=6285"}],"wp:term":[{"taxonomy":"audit_category","embeddable":true,"href":"https:\/\/www.efk.admin.ch\/fr\/wp-json\/wp\/v2\/audit_category?post=6285"},{"taxonomy":"audit_type","embeddable":true,"href":"https:\/\/www.efk.admin.ch\/fr\/wp-json\/wp\/v2\/audit_type?post=6285"}],"curies":[{"name":"wp","href":"https:\/\/api.w.org\/{rel}","templated":true}]}}