{"id":6282,"date":"2024-01-17T16:37:56","date_gmt":"2024-01-17T15:37:56","guid":{"rendered":"https:\/\/preview.efk.admin.ch\/prufung\/nouveau-batiment-administratif-2e-etape-zollikofen-office-federal-des-constructions-et-de-la-logistique\/"},"modified":"2024-02-22T15:26:50","modified_gmt":"2024-02-22T14:26:50","slug":"nouveau-batiment-administratif-2e-etape-zollikofen-office-federal-des-constructions-et-de-la-logistique","status":"publish","type":"audit","link":"https:\/\/www.efk.admin.ch\/fr\/audit\/nouveau-batiment-administratif-2e-etape-zollikofen-office-federal-des-constructions-et-de-la-logistique\/","title":{"rendered":"Nouveau b\u00e2timent administratif, 2e \u00e9tape, Zollikofen"},"content":{"rendered":"\n<p>L\u2019Office f\u00e9d\u00e9ral des constructions et de la logistique (OFCL) r\u00e9alise actuellement la deuxi\u00e8me \u00e9tape de construction d\u2019un nouveau b\u00e2timent administratif \u00e0 Zollikofen (BE). \u00c0 la suite d\u2019un concours sur l\u2019\u00e9tude et sur la r\u00e9alisation, la conception et la construction de ce b\u00e2timent est en cours depuis fin 2016. Marti AG, une entreprise totale (ET), est responsable de la mise en \u0153uvre.<\/p>\n","protected":false},"featured_media":0,"menu_order":0,"template":"","audit_category":[31],"audit_type":[52],"class_list":["post-6282","audit","type-audit","status-publish","hentry","audit_category-administration-generale","audit_type-audit-fr"],"acf":{"audit_lang":[{"lang":"d"}],"audit_numbers":[{"audit_number":"19244"}],"audit_office":22350,"audit_office_text":"","audit_date":"20200831","bgo":false,"keywords":"la deuxi\u00e8me \u00e9tape de construction d\u2019un nouveau b\u00e2timent administratif, Zollikofen,d\u2019un concours, Marti AG","audit_office_local":""},"yoast_head":"<!-- This site is optimized with the Yoast SEO Premium plugin v27.4 (Yoast SEO v27.4) - https:\/\/yoast.com\/product\/yoast-seo-premium-wordpress\/ -->\n<title>Nouveau b\u00e2timent administratif, 2e \u00e9tape, Zollikofen - Contr\u00f4le f\u00e9d\u00e9ral des finances (CDF)<\/title>\n<meta name=\"description\" content=\"Nouveau b\u00e2timent administratif, 2e \u00e9tape, Zollikofen\" \/>\n<meta name=\"robots\" content=\"index, follow, max-snippet:-1, max-image-preview:large, max-video-preview:-1\" \/>\n<link rel=\"canonical\" href=\"https:\/\/www.efk.admin.ch\/fr\/audit\/nouveau-batiment-administratif-2e-etape-zollikofen-office-federal-des-constructions-et-de-la-logistique\/\" \/>\n<meta property=\"og:locale\" content=\"fr_FR\" \/>\n<meta property=\"og:type\" content=\"article\" \/>\n<meta property=\"og:title\" content=\"Nouveau b\u00e2timent administratif, 2e \u00e9tape, Zollikofen\" \/>\n<meta property=\"og:description\" content=\"Nouveau b\u00e2timent administratif, 2e \u00e9tape, Zollikofen\" \/>\n<meta property=\"og:url\" content=\"https:\/\/www.efk.admin.ch\/fr\/audit\/nouveau-batiment-administratif-2e-etape-zollikofen-office-federal-des-constructions-et-de-la-logistique\/\" \/>\n<meta property=\"og:site_name\" content=\"Contr\u00f4le f\u00e9d\u00e9ral des finances (CDF)\" \/>\n<meta property=\"article:modified_time\" content=\"2024-02-22T14:26:50+00:00\" \/>\n<meta property=\"og:image\" content=\"https:\/\/www.efk.admin.ch\/wp-content\/uploads\/test\/palais.jpg\" \/>\n\t<meta property=\"og:image:width\" content=\"750\" \/>\n\t<meta property=\"og:image:height\" content=\"500\" \/>\n\t<meta property=\"og:image:type\" content=\"image\/jpeg\" \/>\n<meta name=\"twitter:card\" content=\"summary_large_image\" \/>\n<script type=\"application\/ld+json\" class=\"yoast-schema-graph\">{\"@context\":\"https:\\\/\\\/schema.org\",\"@graph\":[{\"@type\":\"WebPage\",\"@id\":\"https:\\\/\\\/www.efk.admin.ch\\\/fr\\\/audit\\\/nouveau-batiment-administratif-2e-etape-zollikofen-office-federal-des-constructions-et-de-la-logistique\\\/\",\"url\":\"https:\\\/\\\/www.efk.admin.ch\\\/fr\\\/audit\\\/nouveau-batiment-administratif-2e-etape-zollikofen-office-federal-des-constructions-et-de-la-logistique\\\/\",\"name\":\"Nouveau b\u00e2timent administratif, 2e \u00e9tape, Zollikofen - Contr\u00f4le f\u00e9d\u00e9ral des finances (CDF)\",\"isPartOf\":{\"@id\":\"https:\\\/\\\/www.efk.admin.ch\\\/fr\\\/#website\"},\"datePublished\":\"2024-01-17T15:37:56+00:00\",\"dateModified\":\"2024-02-22T14:26:50+00:00\",\"description\":\"Nouveau b\u00e2timent administratif, 2e \u00e9tape, Zollikofen\",\"breadcrumb\":{\"@id\":\"https:\\\/\\\/www.efk.admin.ch\\\/fr\\\/audit\\\/nouveau-batiment-administratif-2e-etape-zollikofen-office-federal-des-constructions-et-de-la-logistique\\\/#breadcrumb\"},\"inLanguage\":\"fr-FR\",\"potentialAction\":[{\"@type\":\"ReadAction\",\"target\":[\"https:\\\/\\\/www.efk.admin.ch\\\/fr\\\/audit\\\/nouveau-batiment-administratif-2e-etape-zollikofen-office-federal-des-constructions-et-de-la-logistique\\\/\"]}]},{\"@type\":\"BreadcrumbList\",\"@id\":\"https:\\\/\\\/www.efk.admin.ch\\\/fr\\\/audit\\\/nouveau-batiment-administratif-2e-etape-zollikofen-office-federal-des-constructions-et-de-la-logistique\\\/#breadcrumb\",\"itemListElement\":[{\"@type\":\"ListItem\",\"position\":1,\"name\":\"Home\",\"item\":\"https:\\\/\\\/www.efk.admin.ch\\\/fr\\\/\"},{\"@type\":\"ListItem\",\"position\":2,\"name\":\"Rapport\",\"item\":\"https:\\\/\\\/www.efk.admin.ch\\\/fr\\\/audit\\\/\"},{\"@type\":\"ListItem\",\"position\":3,\"name\":\"Nouveau b\u00e2timent administratif, 2e \u00e9tape, Zollikofen\"}]},{\"@type\":\"WebSite\",\"@id\":\"https:\\\/\\\/www.efk.admin.ch\\\/fr\\\/#website\",\"url\":\"https:\\\/\\\/www.efk.admin.ch\\\/fr\\\/\",\"name\":\"Informationen \u00fcber das oberste Finanzaufsichtsorgan der Schweiz\",\"description\":\"Le Contr\u00f4le f\u00e9d\u00e9ral des finances (CDF) est l'organe supr\u00eame de surveillance financi\u00e8re de la Conf\u00e9d\u00e9ration suisse.\",\"publisher\":{\"@id\":\"https:\\\/\\\/www.efk.admin.ch\\\/fr\\\/#organization\"},\"alternateName\":\"EFK\",\"potentialAction\":[{\"@type\":\"SearchAction\",\"target\":{\"@type\":\"EntryPoint\",\"urlTemplate\":\"https:\\\/\\\/www.efk.admin.ch\\\/fr\\\/?s={search_term_string}\"},\"query-input\":{\"@type\":\"PropertyValueSpecification\",\"valueRequired\":true,\"valueName\":\"search_term_string\"}}],\"inLanguage\":\"fr-FR\"},{\"@type\":\"Organization\",\"@id\":\"https:\\\/\\\/www.efk.admin.ch\\\/fr\\\/#organization\",\"name\":\"Contr\u00f4le f\u00e9d\u00e9ral des finances (CDF)\",\"alternateName\":\"EFK\",\"url\":\"https:\\\/\\\/www.efk.admin.ch\\\/fr\\\/\",\"logo\":{\"@type\":\"ImageObject\",\"inLanguage\":\"fr-FR\",\"@id\":\"https:\\\/\\\/www.efk.admin.ch\\\/fr\\\/#\\\/schema\\\/logo\\\/image\\\/\",\"url\":\"https:\\\/\\\/www.efk.admin.ch\\\/wp-content\\\/uploads\\\/efk_cdf_logo_ohne_claim.png\",\"contentUrl\":\"https:\\\/\\\/www.efk.admin.ch\\\/wp-content\\\/uploads\\\/efk_cdf_logo_ohne_claim.png\",\"width\":268,\"height\":258,\"caption\":\"Contr\u00f4le f\u00e9d\u00e9ral des finances (CDF)\"},\"image\":{\"@id\":\"https:\\\/\\\/www.efk.admin.ch\\\/fr\\\/#\\\/schema\\\/logo\\\/image\\\/\"},\"sameAs\":[\"https:\\\/\\\/www.instagram.com\\\/efk_cdf_sfao\\\/\",\"https:\\\/\\\/www.youtube.com\\\/channel\\\/UCm-bXj227VE5sJzhB-ihdvw\\\/featured\",\"https:\\\/\\\/www.linkedin.com\\\/company\\\/11081578\\\/\"]}]}<\/script>\n<!-- \/ Yoast SEO Premium plugin. -->","yoast_head_json":{"title":"Nouveau b\u00e2timent administratif, 2e \u00e9tape, Zollikofen - Contr\u00f4le f\u00e9d\u00e9ral des finances (CDF)","description":"Nouveau b\u00e2timent administratif, 2e \u00e9tape, Zollikofen","robots":{"index":"index","follow":"follow","max-snippet":"max-snippet:-1","max-image-preview":"max-image-preview:large","max-video-preview":"max-video-preview:-1"},"canonical":"https:\/\/www.efk.admin.ch\/fr\/audit\/nouveau-batiment-administratif-2e-etape-zollikofen-office-federal-des-constructions-et-de-la-logistique\/","og_locale":"fr_FR","og_type":"article","og_title":"Nouveau b\u00e2timent administratif, 2e \u00e9tape, Zollikofen","og_description":"Nouveau b\u00e2timent administratif, 2e \u00e9tape, Zollikofen","og_url":"https:\/\/www.efk.admin.ch\/fr\/audit\/nouveau-batiment-administratif-2e-etape-zollikofen-office-federal-des-constructions-et-de-la-logistique\/","og_site_name":"Contr\u00f4le f\u00e9d\u00e9ral des finances (CDF)","article_modified_time":"2024-02-22T14:26:50+00:00","og_image":[{"width":750,"height":500,"url":"https:\/\/www.efk.admin.ch\/wp-content\/uploads\/test\/palais.jpg","type":"image\/jpeg"}],"twitter_card":"summary_large_image","schema":{"@context":"https:\/\/schema.org","@graph":[{"@type":"WebPage","@id":"https:\/\/www.efk.admin.ch\/fr\/audit\/nouveau-batiment-administratif-2e-etape-zollikofen-office-federal-des-constructions-et-de-la-logistique\/","url":"https:\/\/www.efk.admin.ch\/fr\/audit\/nouveau-batiment-administratif-2e-etape-zollikofen-office-federal-des-constructions-et-de-la-logistique\/","name":"Nouveau b\u00e2timent administratif, 2e \u00e9tape, Zollikofen - Contr\u00f4le f\u00e9d\u00e9ral des finances (CDF)","isPartOf":{"@id":"https:\/\/www.efk.admin.ch\/fr\/#website"},"datePublished":"2024-01-17T15:37:56+00:00","dateModified":"2024-02-22T14:26:50+00:00","description":"Nouveau b\u00e2timent administratif, 2e \u00e9tape, Zollikofen","breadcrumb":{"@id":"https:\/\/www.efk.admin.ch\/fr\/audit\/nouveau-batiment-administratif-2e-etape-zollikofen-office-federal-des-constructions-et-de-la-logistique\/#breadcrumb"},"inLanguage":"fr-FR","potentialAction":[{"@type":"ReadAction","target":["https:\/\/www.efk.admin.ch\/fr\/audit\/nouveau-batiment-administratif-2e-etape-zollikofen-office-federal-des-constructions-et-de-la-logistique\/"]}]},{"@type":"BreadcrumbList","@id":"https:\/\/www.efk.admin.ch\/fr\/audit\/nouveau-batiment-administratif-2e-etape-zollikofen-office-federal-des-constructions-et-de-la-logistique\/#breadcrumb","itemListElement":[{"@type":"ListItem","position":1,"name":"Home","item":"https:\/\/www.efk.admin.ch\/fr\/"},{"@type":"ListItem","position":2,"name":"Rapport","item":"https:\/\/www.efk.admin.ch\/fr\/audit\/"},{"@type":"ListItem","position":3,"name":"Nouveau b\u00e2timent administratif, 2e \u00e9tape, Zollikofen"}]},{"@type":"WebSite","@id":"https:\/\/www.efk.admin.ch\/fr\/#website","url":"https:\/\/www.efk.admin.ch\/fr\/","name":"Informationen \u00fcber das oberste Finanzaufsichtsorgan der Schweiz","description":"Le Contr\u00f4le f\u00e9d\u00e9ral des finances (CDF) est l'organe supr\u00eame de surveillance financi\u00e8re de la Conf\u00e9d\u00e9ration suisse.","publisher":{"@id":"https:\/\/www.efk.admin.ch\/fr\/#organization"},"alternateName":"EFK","potentialAction":[{"@type":"SearchAction","target":{"@type":"EntryPoint","urlTemplate":"https:\/\/www.efk.admin.ch\/fr\/?s={search_term_string}"},"query-input":{"@type":"PropertyValueSpecification","valueRequired":true,"valueName":"search_term_string"}}],"inLanguage":"fr-FR"},{"@type":"Organization","@id":"https:\/\/www.efk.admin.ch\/fr\/#organization","name":"Contr\u00f4le f\u00e9d\u00e9ral des finances (CDF)","alternateName":"EFK","url":"https:\/\/www.efk.admin.ch\/fr\/","logo":{"@type":"ImageObject","inLanguage":"fr-FR","@id":"https:\/\/www.efk.admin.ch\/fr\/#\/schema\/logo\/image\/","url":"https:\/\/www.efk.admin.ch\/wp-content\/uploads\/efk_cdf_logo_ohne_claim.png","contentUrl":"https:\/\/www.efk.admin.ch\/wp-content\/uploads\/efk_cdf_logo_ohne_claim.png","width":268,"height":258,"caption":"Contr\u00f4le f\u00e9d\u00e9ral des finances (CDF)"},"image":{"@id":"https:\/\/www.efk.admin.ch\/fr\/#\/schema\/logo\/image\/"},"sameAs":["https:\/\/www.instagram.com\/efk_cdf_sfao\/","https:\/\/www.youtube.com\/channel\/UCm-bXj227VE5sJzhB-ihdvw\/featured","https:\/\/www.linkedin.com\/company\/11081578\/"]}]}},"_links":{"self":[{"href":"https:\/\/www.efk.admin.ch\/fr\/wp-json\/wp\/v2\/audit\/6282","targetHints":{"allow":["GET"]}}],"collection":[{"href":"https:\/\/www.efk.admin.ch\/fr\/wp-json\/wp\/v2\/audit"}],"about":[{"href":"https:\/\/www.efk.admin.ch\/fr\/wp-json\/wp\/v2\/types\/audit"}],"acf:post":[{"embeddable":true,"href":"https:\/\/www.efk.admin.ch\/fr\/wp-json\/wp\/v2\/office\/22350"}],"wp:attachment":[{"href":"https:\/\/www.efk.admin.ch\/fr\/wp-json\/wp\/v2\/media?parent=6282"}],"wp:term":[{"taxonomy":"audit_category","embeddable":true,"href":"https:\/\/www.efk.admin.ch\/fr\/wp-json\/wp\/v2\/audit_category?post=6282"},{"taxonomy":"audit_type","embeddable":true,"href":"https:\/\/www.efk.admin.ch\/fr\/wp-json\/wp\/v2\/audit_type?post=6282"}],"curies":[{"name":"wp","href":"https:\/\/api.w.org\/{rel}","templated":true}]}}