{"id":6264,"date":"2024-01-17T16:37:50","date_gmt":"2024-01-17T15:37:50","guid":{"rendered":"https:\/\/preview.efk.admin.ch\/prufung\/lutte-contre-la-pollution-de-lair-evaluation-de-la-taxe-dincitation-sur-les-composes-organiques-volatils-cov\/"},"modified":"2024-03-21T18:26:53","modified_gmt":"2024-03-21T17:26:53","slug":"lutte-contre-la-pollution-de-lair-evaluation-de-la-taxe-dincitation-sur-les-composes-organiques-volatils-cov","status":"publish","type":"audit","link":"https:\/\/www.efk.admin.ch\/fr\/audit\/lutte-contre-la-pollution-de-lair-evaluation-de-la-taxe-dincitation-sur-les-composes-organiques-volatils-cov\/","title":{"rendered":"Lutte contre la pollution de l&#8217;air Evaluation de la taxe d&#8217;incitation sur les compos\u00e9s organiques volatils (COV)"},"content":{"rendered":"\n<p>Les compos\u00e9s organiques volatils (COV) sont utilis\u00e9s comme solvants dans de nombreux domaines et sont pr\u00e9sents dans divers produits comme les peintures et les vernis, les d\u00e9tergents et les produits cosm\u00e9tiques. Ils sont \u00e9mis lors du processus de production, lors du traitement ou de l\u2019utilisation de produits contenant des COV. Les \u00e9missions de COV sont, avec celles d&#8217;oxyde d&#8217;azote, responsables de la formation excessive d&#8217;ozone au sol (smog estival). Pour limiter et r\u00e9duire ces \u00e9missions, les principaux instruments de la politique suisse sont l\u2019Ordonnance sur la protection de l\u2019air (OPair) de 1986, les prescriptions restrictives sur les gaz d\u2019\u00e9chappement pour les v\u00e9hicules l\u00e9gers jusqu\u2019\u00e0 3,5 tonnes de 1987 et la taxe d\u2019incitation sur les COV de 2000.<\/p>\n","protected":false},"featured_media":0,"menu_order":0,"template":"","audit_category":[47],"audit_type":[100],"class_list":["post-6264","audit","type-audit","status-publish","hentry","audit_category-transports-et-environnement","audit_type-evaluation"],"acf":{"audit_lang":[{"lang":"f"}],"audit_numbers":[{"audit_number":"6316"}],"audit_office":null,"audit_office_text":"","audit_date":"20080201","bgo":false,"keywords":"nombreux domaines, les peintures, les vernis, les d\u00e9tergents, les produits cosm\u00e9tiques, Les \u00e9missions de COV, rocessus de production, d'oxyde d'azote, responsables de la formation excessive d'ozone au sol (smog estival),  instruments de la politique, limiter et r\u00e9duire ces \u00e9missions,  l\u2019Ordonnance sur la protection de l\u2019air (OPair)","audit_office_local":""},"yoast_head":"<!-- This site is optimized with the Yoast SEO Premium plugin v27.4 (Yoast SEO v27.4) - https:\/\/yoast.com\/product\/yoast-seo-premium-wordpress\/ -->\n<title>Lutte contre la pollution de l&#039;air Evaluation de la taxe d&#039;incitation sur les compos\u00e9s organiques volatils (COV) - Contr\u00f4le f\u00e9d\u00e9ral des finances (CDF)<\/title>\n<meta name=\"description\" content=\"Lutte contre la pollution de l&#039;air Evaluation de la taxe d&#039;incitation sur les compos\u00e9s organiques volatils (COV)\" \/>\n<meta name=\"robots\" content=\"index, follow, max-snippet:-1, max-image-preview:large, max-video-preview:-1\" \/>\n<link rel=\"canonical\" href=\"https:\/\/www.efk.admin.ch\/fr\/audit\/lutte-contre-la-pollution-de-lair-evaluation-de-la-taxe-dincitation-sur-les-composes-organiques-volatils-cov\/\" \/>\n<meta property=\"og:locale\" content=\"fr_FR\" \/>\n<meta property=\"og:type\" content=\"article\" \/>\n<meta property=\"og:title\" content=\"Lutte contre la pollution de l&#039;air Evaluation de la taxe d&#039;incitation sur les compos\u00e9s organiques volatils (COV)\" \/>\n<meta property=\"og:description\" content=\"Lutte contre la pollution de l&#039;air Evaluation de la taxe d&#039;incitation sur les compos\u00e9s organiques volatils (COV)\" \/>\n<meta property=\"og:url\" content=\"https:\/\/www.efk.admin.ch\/fr\/audit\/lutte-contre-la-pollution-de-lair-evaluation-de-la-taxe-dincitation-sur-les-composes-organiques-volatils-cov\/\" \/>\n<meta property=\"og:site_name\" content=\"Contr\u00f4le f\u00e9d\u00e9ral des finances (CDF)\" \/>\n<meta property=\"article:modified_time\" content=\"2024-03-21T17:26:53+00:00\" \/>\n<meta property=\"og:image\" content=\"https:\/\/www.efk.admin.ch\/wp-content\/uploads\/test\/palais.jpg\" \/>\n\t<meta property=\"og:image:width\" content=\"750\" \/>\n\t<meta property=\"og:image:height\" content=\"500\" \/>\n\t<meta property=\"og:image:type\" content=\"image\/jpeg\" \/>\n<meta name=\"twitter:card\" content=\"summary_large_image\" \/>\n<meta name=\"twitter:label1\" content=\"Dur\u00e9e de lecture estim\u00e9e\" \/>\n\t<meta name=\"twitter:data1\" content=\"1 minute\" \/>\n<script type=\"application\/ld+json\" class=\"yoast-schema-graph\">{\"@context\":\"https:\\\/\\\/schema.org\",\"@graph\":[{\"@type\":\"WebPage\",\"@id\":\"https:\\\/\\\/www.efk.admin.ch\\\/fr\\\/audit\\\/lutte-contre-la-pollution-de-lair-evaluation-de-la-taxe-dincitation-sur-les-composes-organiques-volatils-cov\\\/\",\"url\":\"https:\\\/\\\/www.efk.admin.ch\\\/fr\\\/audit\\\/lutte-contre-la-pollution-de-lair-evaluation-de-la-taxe-dincitation-sur-les-composes-organiques-volatils-cov\\\/\",\"name\":\"Lutte contre la pollution de l'air Evaluation de la taxe d'incitation sur les compos\u00e9s organiques volatils (COV) - Contr\u00f4le f\u00e9d\u00e9ral des finances (CDF)\",\"isPartOf\":{\"@id\":\"https:\\\/\\\/www.efk.admin.ch\\\/fr\\\/#website\"},\"datePublished\":\"2024-01-17T15:37:50+00:00\",\"dateModified\":\"2024-03-21T17:26:53+00:00\",\"description\":\"Lutte contre la pollution de l'air Evaluation de la taxe d'incitation sur les compos\u00e9s organiques volatils (COV)\",\"breadcrumb\":{\"@id\":\"https:\\\/\\\/www.efk.admin.ch\\\/fr\\\/audit\\\/lutte-contre-la-pollution-de-lair-evaluation-de-la-taxe-dincitation-sur-les-composes-organiques-volatils-cov\\\/#breadcrumb\"},\"inLanguage\":\"fr-FR\",\"potentialAction\":[{\"@type\":\"ReadAction\",\"target\":[\"https:\\\/\\\/www.efk.admin.ch\\\/fr\\\/audit\\\/lutte-contre-la-pollution-de-lair-evaluation-de-la-taxe-dincitation-sur-les-composes-organiques-volatils-cov\\\/\"]}]},{\"@type\":\"BreadcrumbList\",\"@id\":\"https:\\\/\\\/www.efk.admin.ch\\\/fr\\\/audit\\\/lutte-contre-la-pollution-de-lair-evaluation-de-la-taxe-dincitation-sur-les-composes-organiques-volatils-cov\\\/#breadcrumb\",\"itemListElement\":[{\"@type\":\"ListItem\",\"position\":1,\"name\":\"Home\",\"item\":\"https:\\\/\\\/www.efk.admin.ch\\\/fr\\\/\"},{\"@type\":\"ListItem\",\"position\":2,\"name\":\"Rapport\",\"item\":\"https:\\\/\\\/www.efk.admin.ch\\\/fr\\\/audit\\\/\"},{\"@type\":\"ListItem\",\"position\":3,\"name\":\"Lutte contre la pollution de l&#8217;air Evaluation de la taxe d&#8217;incitation sur les compos\u00e9s organiques volatils (COV)\"}]},{\"@type\":\"WebSite\",\"@id\":\"https:\\\/\\\/www.efk.admin.ch\\\/fr\\\/#website\",\"url\":\"https:\\\/\\\/www.efk.admin.ch\\\/fr\\\/\",\"name\":\"Informationen \u00fcber das oberste Finanzaufsichtsorgan der Schweiz\",\"description\":\"Le Contr\u00f4le f\u00e9d\u00e9ral des finances (CDF) est l'organe supr\u00eame de surveillance financi\u00e8re de la Conf\u00e9d\u00e9ration suisse.\",\"publisher\":{\"@id\":\"https:\\\/\\\/www.efk.admin.ch\\\/fr\\\/#organization\"},\"alternateName\":\"EFK\",\"potentialAction\":[{\"@type\":\"SearchAction\",\"target\":{\"@type\":\"EntryPoint\",\"urlTemplate\":\"https:\\\/\\\/www.efk.admin.ch\\\/fr\\\/?s={search_term_string}\"},\"query-input\":{\"@type\":\"PropertyValueSpecification\",\"valueRequired\":true,\"valueName\":\"search_term_string\"}}],\"inLanguage\":\"fr-FR\"},{\"@type\":\"Organization\",\"@id\":\"https:\\\/\\\/www.efk.admin.ch\\\/fr\\\/#organization\",\"name\":\"Contr\u00f4le f\u00e9d\u00e9ral des finances (CDF)\",\"alternateName\":\"EFK\",\"url\":\"https:\\\/\\\/www.efk.admin.ch\\\/fr\\\/\",\"logo\":{\"@type\":\"ImageObject\",\"inLanguage\":\"fr-FR\",\"@id\":\"https:\\\/\\\/www.efk.admin.ch\\\/fr\\\/#\\\/schema\\\/logo\\\/image\\\/\",\"url\":\"https:\\\/\\\/www.efk.admin.ch\\\/wp-content\\\/uploads\\\/efk_cdf_logo_ohne_claim.png\",\"contentUrl\":\"https:\\\/\\\/www.efk.admin.ch\\\/wp-content\\\/uploads\\\/efk_cdf_logo_ohne_claim.png\",\"width\":268,\"height\":258,\"caption\":\"Contr\u00f4le f\u00e9d\u00e9ral des finances (CDF)\"},\"image\":{\"@id\":\"https:\\\/\\\/www.efk.admin.ch\\\/fr\\\/#\\\/schema\\\/logo\\\/image\\\/\"},\"sameAs\":[\"https:\\\/\\\/www.instagram.com\\\/efk_cdf_sfao\\\/\",\"https:\\\/\\\/www.youtube.com\\\/channel\\\/UCm-bXj227VE5sJzhB-ihdvw\\\/featured\",\"https:\\\/\\\/www.linkedin.com\\\/company\\\/11081578\\\/\"]}]}<\/script>\n<!-- \/ Yoast SEO Premium plugin. -->","yoast_head_json":{"title":"Lutte contre la pollution de l'air Evaluation de la taxe d'incitation sur les compos\u00e9s organiques volatils (COV) - Contr\u00f4le f\u00e9d\u00e9ral des finances (CDF)","description":"Lutte contre la pollution de l'air Evaluation de la taxe d'incitation sur les compos\u00e9s organiques volatils (COV)","robots":{"index":"index","follow":"follow","max-snippet":"max-snippet:-1","max-image-preview":"max-image-preview:large","max-video-preview":"max-video-preview:-1"},"canonical":"https:\/\/www.efk.admin.ch\/fr\/audit\/lutte-contre-la-pollution-de-lair-evaluation-de-la-taxe-dincitation-sur-les-composes-organiques-volatils-cov\/","og_locale":"fr_FR","og_type":"article","og_title":"Lutte contre la pollution de l'air Evaluation de la taxe d'incitation sur les compos\u00e9s organiques volatils (COV)","og_description":"Lutte contre la pollution de l'air Evaluation de la taxe d'incitation sur les compos\u00e9s organiques volatils (COV)","og_url":"https:\/\/www.efk.admin.ch\/fr\/audit\/lutte-contre-la-pollution-de-lair-evaluation-de-la-taxe-dincitation-sur-les-composes-organiques-volatils-cov\/","og_site_name":"Contr\u00f4le f\u00e9d\u00e9ral des finances (CDF)","article_modified_time":"2024-03-21T17:26:53+00:00","og_image":[{"width":750,"height":500,"url":"https:\/\/www.efk.admin.ch\/wp-content\/uploads\/test\/palais.jpg","type":"image\/jpeg"}],"twitter_card":"summary_large_image","twitter_misc":{"Dur\u00e9e de lecture estim\u00e9e":"1 minute"},"schema":{"@context":"https:\/\/schema.org","@graph":[{"@type":"WebPage","@id":"https:\/\/www.efk.admin.ch\/fr\/audit\/lutte-contre-la-pollution-de-lair-evaluation-de-la-taxe-dincitation-sur-les-composes-organiques-volatils-cov\/","url":"https:\/\/www.efk.admin.ch\/fr\/audit\/lutte-contre-la-pollution-de-lair-evaluation-de-la-taxe-dincitation-sur-les-composes-organiques-volatils-cov\/","name":"Lutte contre la pollution de l'air Evaluation de la taxe d'incitation sur les compos\u00e9s organiques volatils (COV) - Contr\u00f4le f\u00e9d\u00e9ral des finances (CDF)","isPartOf":{"@id":"https:\/\/www.efk.admin.ch\/fr\/#website"},"datePublished":"2024-01-17T15:37:50+00:00","dateModified":"2024-03-21T17:26:53+00:00","description":"Lutte contre la pollution de l'air Evaluation de la taxe d'incitation sur les compos\u00e9s organiques volatils (COV)","breadcrumb":{"@id":"https:\/\/www.efk.admin.ch\/fr\/audit\/lutte-contre-la-pollution-de-lair-evaluation-de-la-taxe-dincitation-sur-les-composes-organiques-volatils-cov\/#breadcrumb"},"inLanguage":"fr-FR","potentialAction":[{"@type":"ReadAction","target":["https:\/\/www.efk.admin.ch\/fr\/audit\/lutte-contre-la-pollution-de-lair-evaluation-de-la-taxe-dincitation-sur-les-composes-organiques-volatils-cov\/"]}]},{"@type":"BreadcrumbList","@id":"https:\/\/www.efk.admin.ch\/fr\/audit\/lutte-contre-la-pollution-de-lair-evaluation-de-la-taxe-dincitation-sur-les-composes-organiques-volatils-cov\/#breadcrumb","itemListElement":[{"@type":"ListItem","position":1,"name":"Home","item":"https:\/\/www.efk.admin.ch\/fr\/"},{"@type":"ListItem","position":2,"name":"Rapport","item":"https:\/\/www.efk.admin.ch\/fr\/audit\/"},{"@type":"ListItem","position":3,"name":"Lutte contre la pollution de l&#8217;air Evaluation de la taxe d&#8217;incitation sur les compos\u00e9s organiques volatils (COV)"}]},{"@type":"WebSite","@id":"https:\/\/www.efk.admin.ch\/fr\/#website","url":"https:\/\/www.efk.admin.ch\/fr\/","name":"Informationen \u00fcber das oberste Finanzaufsichtsorgan der Schweiz","description":"Le Contr\u00f4le f\u00e9d\u00e9ral des finances (CDF) est l'organe supr\u00eame de surveillance financi\u00e8re de la Conf\u00e9d\u00e9ration suisse.","publisher":{"@id":"https:\/\/www.efk.admin.ch\/fr\/#organization"},"alternateName":"EFK","potentialAction":[{"@type":"SearchAction","target":{"@type":"EntryPoint","urlTemplate":"https:\/\/www.efk.admin.ch\/fr\/?s={search_term_string}"},"query-input":{"@type":"PropertyValueSpecification","valueRequired":true,"valueName":"search_term_string"}}],"inLanguage":"fr-FR"},{"@type":"Organization","@id":"https:\/\/www.efk.admin.ch\/fr\/#organization","name":"Contr\u00f4le f\u00e9d\u00e9ral des finances (CDF)","alternateName":"EFK","url":"https:\/\/www.efk.admin.ch\/fr\/","logo":{"@type":"ImageObject","inLanguage":"fr-FR","@id":"https:\/\/www.efk.admin.ch\/fr\/#\/schema\/logo\/image\/","url":"https:\/\/www.efk.admin.ch\/wp-content\/uploads\/efk_cdf_logo_ohne_claim.png","contentUrl":"https:\/\/www.efk.admin.ch\/wp-content\/uploads\/efk_cdf_logo_ohne_claim.png","width":268,"height":258,"caption":"Contr\u00f4le f\u00e9d\u00e9ral des finances (CDF)"},"image":{"@id":"https:\/\/www.efk.admin.ch\/fr\/#\/schema\/logo\/image\/"},"sameAs":["https:\/\/www.instagram.com\/efk_cdf_sfao\/","https:\/\/www.youtube.com\/channel\/UCm-bXj227VE5sJzhB-ihdvw\/featured","https:\/\/www.linkedin.com\/company\/11081578\/"]}]}},"_links":{"self":[{"href":"https:\/\/www.efk.admin.ch\/fr\/wp-json\/wp\/v2\/audit\/6264","targetHints":{"allow":["GET"]}}],"collection":[{"href":"https:\/\/www.efk.admin.ch\/fr\/wp-json\/wp\/v2\/audit"}],"about":[{"href":"https:\/\/www.efk.admin.ch\/fr\/wp-json\/wp\/v2\/types\/audit"}],"wp:attachment":[{"href":"https:\/\/www.efk.admin.ch\/fr\/wp-json\/wp\/v2\/media?parent=6264"}],"wp:term":[{"taxonomy":"audit_category","embeddable":true,"href":"https:\/\/www.efk.admin.ch\/fr\/wp-json\/wp\/v2\/audit_category?post=6264"},{"taxonomy":"audit_type","embeddable":true,"href":"https:\/\/www.efk.admin.ch\/fr\/wp-json\/wp\/v2\/audit_type?post=6264"}],"curies":[{"name":"wp","href":"https:\/\/api.w.org\/{rel}","templated":true}]}}