{"id":6262,"date":"2024-01-17T16:37:50","date_gmt":"2024-01-17T15:37:50","guid":{"rendered":"https:\/\/preview.efk.admin.ch\/prufung\/achat-darmement-a-letranger-evaluation-des-affaires-compensatoires\/"},"modified":"2024-03-21T18:27:32","modified_gmt":"2024-03-21T17:27:32","slug":"achat-darmement-a-letranger-evaluation-des-affaires-compensatoires","status":"publish","type":"audit","link":"https:\/\/www.efk.admin.ch\/fr\/audit\/achat-darmement-a-letranger-evaluation-des-affaires-compensatoires\/","title":{"rendered":"Achat d&#8217;armement \u00e0 l&#8217;\u00e9tranger &#8211; Evaluation des affaires compensatoires"},"content":{"rendered":"\n<p>Le Contr\u00f4le f\u00e9d\u00e9ral des finances a men\u00e9 une \u00e9valuation des affaires compensatoires r\u00e9alis\u00e9es dans le cadre de programme d\u2019armement. Il constate que ces affaires n\u2019ont que rarement des effets durables d\u2019un point de vue \u00e9conomique pour les entreprises suisses b\u00e9n\u00e9ficiaires et que leur efficacit\u00e9 en mati\u00e8re d\u2019emploi est plus faible que pr\u00e9vu. Par contre la pratique actuelle se r\u00e9v\u00e8le avantageuse quant aux co\u00fbts de mise en oeuvre. Le Contr\u00f4le f\u00e9d\u00e9ral des finances recommande d\u2019\u00e9laborer une strat\u00e9gie plus transparente en ce qui concerne la politique suisse de participation industrielle.<\/p>\n","protected":false},"featured_media":0,"menu_order":0,"template":"","audit_category":[39],"audit_type":[100],"class_list":["post-6262","audit","type-audit","status-publish","hentry","audit_category-defense-et-armee","audit_type-evaluation"],"acf":{"audit_lang":[{"lang":"d"}],"audit_numbers":[{"audit_number":"6366"}],"audit_office":null,"audit_office_text":"","audit_date":"20080623","bgo":false,"keywords":"l\u2019arm\u00e9e suisse, ch\u00e8te de l\u2019armement \u00e0 l\u2019\u00e9tranger, fabricant \u00e9tranger, est en principe tenu, la somme contractuelle, participation directe ou indirecte de l\u2019industrie suisse, compenser, participation industrielle, affaires compensatoires, mandats","audit_office_local":""},"yoast_head":"<!-- This site is optimized with the Yoast SEO Premium plugin v27.4 (Yoast SEO v27.4) - https:\/\/yoast.com\/product\/yoast-seo-premium-wordpress\/ -->\n<title>Achat d&#039;armement \u00e0 l&#039;\u00e9tranger - Evaluation des affaires compensatoires - Contr\u00f4le f\u00e9d\u00e9ral des finances (CDF)<\/title>\n<meta name=\"description\" content=\"Achat d&#039;armement \u00e0 l&#039;\u00e9tranger - Evaluation des affaires compensatoires\" \/>\n<meta name=\"robots\" content=\"index, follow, max-snippet:-1, max-image-preview:large, max-video-preview:-1\" \/>\n<link rel=\"canonical\" href=\"https:\/\/www.efk.admin.ch\/fr\/audit\/achat-darmement-a-letranger-evaluation-des-affaires-compensatoires\/\" \/>\n<meta property=\"og:locale\" content=\"fr_FR\" \/>\n<meta property=\"og:type\" content=\"article\" \/>\n<meta property=\"og:title\" content=\"Achat d&#039;armement \u00e0 l&#039;\u00e9tranger - Evaluation des affaires compensatoires\" \/>\n<meta property=\"og:description\" content=\"Achat d&#039;armement \u00e0 l&#039;\u00e9tranger - Evaluation des affaires compensatoires\" \/>\n<meta property=\"og:url\" content=\"https:\/\/www.efk.admin.ch\/fr\/audit\/achat-darmement-a-letranger-evaluation-des-affaires-compensatoires\/\" \/>\n<meta property=\"og:site_name\" content=\"Contr\u00f4le f\u00e9d\u00e9ral des finances (CDF)\" \/>\n<meta property=\"article:modified_time\" content=\"2024-03-21T17:27:32+00:00\" \/>\n<meta property=\"og:image\" content=\"https:\/\/www.efk.admin.ch\/wp-content\/uploads\/test\/palais.jpg\" \/>\n\t<meta property=\"og:image:width\" content=\"750\" \/>\n\t<meta property=\"og:image:height\" content=\"500\" \/>\n\t<meta property=\"og:image:type\" content=\"image\/jpeg\" \/>\n<meta name=\"twitter:card\" content=\"summary_large_image\" \/>\n<meta name=\"twitter:label1\" content=\"Dur\u00e9e de lecture estim\u00e9e\" \/>\n\t<meta name=\"twitter:data1\" content=\"1 minute\" \/>\n<script type=\"application\/ld+json\" class=\"yoast-schema-graph\">{\"@context\":\"https:\\\/\\\/schema.org\",\"@graph\":[{\"@type\":\"WebPage\",\"@id\":\"https:\\\/\\\/www.efk.admin.ch\\\/fr\\\/audit\\\/achat-darmement-a-letranger-evaluation-des-affaires-compensatoires\\\/\",\"url\":\"https:\\\/\\\/www.efk.admin.ch\\\/fr\\\/audit\\\/achat-darmement-a-letranger-evaluation-des-affaires-compensatoires\\\/\",\"name\":\"Achat d'armement \u00e0 l'\u00e9tranger - Evaluation des affaires compensatoires - Contr\u00f4le f\u00e9d\u00e9ral des finances (CDF)\",\"isPartOf\":{\"@id\":\"https:\\\/\\\/www.efk.admin.ch\\\/fr\\\/#website\"},\"datePublished\":\"2024-01-17T15:37:50+00:00\",\"dateModified\":\"2024-03-21T17:27:32+00:00\",\"description\":\"Achat d'armement \u00e0 l'\u00e9tranger - Evaluation des affaires compensatoires\",\"breadcrumb\":{\"@id\":\"https:\\\/\\\/www.efk.admin.ch\\\/fr\\\/audit\\\/achat-darmement-a-letranger-evaluation-des-affaires-compensatoires\\\/#breadcrumb\"},\"inLanguage\":\"fr-FR\",\"potentialAction\":[{\"@type\":\"ReadAction\",\"target\":[\"https:\\\/\\\/www.efk.admin.ch\\\/fr\\\/audit\\\/achat-darmement-a-letranger-evaluation-des-affaires-compensatoires\\\/\"]}]},{\"@type\":\"BreadcrumbList\",\"@id\":\"https:\\\/\\\/www.efk.admin.ch\\\/fr\\\/audit\\\/achat-darmement-a-letranger-evaluation-des-affaires-compensatoires\\\/#breadcrumb\",\"itemListElement\":[{\"@type\":\"ListItem\",\"position\":1,\"name\":\"Home\",\"item\":\"https:\\\/\\\/www.efk.admin.ch\\\/fr\\\/\"},{\"@type\":\"ListItem\",\"position\":2,\"name\":\"Rapport\",\"item\":\"https:\\\/\\\/www.efk.admin.ch\\\/fr\\\/audit\\\/\"},{\"@type\":\"ListItem\",\"position\":3,\"name\":\"Achat d&#8217;armement \u00e0 l&#8217;\u00e9tranger &#8211; Evaluation des affaires compensatoires\"}]},{\"@type\":\"WebSite\",\"@id\":\"https:\\\/\\\/www.efk.admin.ch\\\/fr\\\/#website\",\"url\":\"https:\\\/\\\/www.efk.admin.ch\\\/fr\\\/\",\"name\":\"Informationen \u00fcber das oberste Finanzaufsichtsorgan der Schweiz\",\"description\":\"Le Contr\u00f4le f\u00e9d\u00e9ral des finances (CDF) est l'organe supr\u00eame de surveillance financi\u00e8re de la Conf\u00e9d\u00e9ration suisse.\",\"publisher\":{\"@id\":\"https:\\\/\\\/www.efk.admin.ch\\\/fr\\\/#organization\"},\"alternateName\":\"EFK\",\"potentialAction\":[{\"@type\":\"SearchAction\",\"target\":{\"@type\":\"EntryPoint\",\"urlTemplate\":\"https:\\\/\\\/www.efk.admin.ch\\\/fr\\\/?s={search_term_string}\"},\"query-input\":{\"@type\":\"PropertyValueSpecification\",\"valueRequired\":true,\"valueName\":\"search_term_string\"}}],\"inLanguage\":\"fr-FR\"},{\"@type\":\"Organization\",\"@id\":\"https:\\\/\\\/www.efk.admin.ch\\\/fr\\\/#organization\",\"name\":\"Contr\u00f4le f\u00e9d\u00e9ral des finances (CDF)\",\"alternateName\":\"EFK\",\"url\":\"https:\\\/\\\/www.efk.admin.ch\\\/fr\\\/\",\"logo\":{\"@type\":\"ImageObject\",\"inLanguage\":\"fr-FR\",\"@id\":\"https:\\\/\\\/www.efk.admin.ch\\\/fr\\\/#\\\/schema\\\/logo\\\/image\\\/\",\"url\":\"https:\\\/\\\/www.efk.admin.ch\\\/wp-content\\\/uploads\\\/efk_cdf_logo_ohne_claim.png\",\"contentUrl\":\"https:\\\/\\\/www.efk.admin.ch\\\/wp-content\\\/uploads\\\/efk_cdf_logo_ohne_claim.png\",\"width\":268,\"height\":258,\"caption\":\"Contr\u00f4le f\u00e9d\u00e9ral des finances (CDF)\"},\"image\":{\"@id\":\"https:\\\/\\\/www.efk.admin.ch\\\/fr\\\/#\\\/schema\\\/logo\\\/image\\\/\"},\"sameAs\":[\"https:\\\/\\\/www.instagram.com\\\/efk_cdf_sfao\\\/\",\"https:\\\/\\\/www.youtube.com\\\/channel\\\/UCm-bXj227VE5sJzhB-ihdvw\\\/featured\",\"https:\\\/\\\/www.linkedin.com\\\/company\\\/11081578\\\/\"]}]}<\/script>\n<!-- \/ Yoast SEO Premium plugin. -->","yoast_head_json":{"title":"Achat d'armement \u00e0 l'\u00e9tranger - Evaluation des affaires compensatoires - Contr\u00f4le f\u00e9d\u00e9ral des finances (CDF)","description":"Achat d'armement \u00e0 l'\u00e9tranger - Evaluation des affaires compensatoires","robots":{"index":"index","follow":"follow","max-snippet":"max-snippet:-1","max-image-preview":"max-image-preview:large","max-video-preview":"max-video-preview:-1"},"canonical":"https:\/\/www.efk.admin.ch\/fr\/audit\/achat-darmement-a-letranger-evaluation-des-affaires-compensatoires\/","og_locale":"fr_FR","og_type":"article","og_title":"Achat d'armement \u00e0 l'\u00e9tranger - Evaluation des affaires compensatoires","og_description":"Achat d'armement \u00e0 l'\u00e9tranger - Evaluation des affaires compensatoires","og_url":"https:\/\/www.efk.admin.ch\/fr\/audit\/achat-darmement-a-letranger-evaluation-des-affaires-compensatoires\/","og_site_name":"Contr\u00f4le f\u00e9d\u00e9ral des finances (CDF)","article_modified_time":"2024-03-21T17:27:32+00:00","og_image":[{"width":750,"height":500,"url":"https:\/\/www.efk.admin.ch\/wp-content\/uploads\/test\/palais.jpg","type":"image\/jpeg"}],"twitter_card":"summary_large_image","twitter_misc":{"Dur\u00e9e de lecture estim\u00e9e":"1 minute"},"schema":{"@context":"https:\/\/schema.org","@graph":[{"@type":"WebPage","@id":"https:\/\/www.efk.admin.ch\/fr\/audit\/achat-darmement-a-letranger-evaluation-des-affaires-compensatoires\/","url":"https:\/\/www.efk.admin.ch\/fr\/audit\/achat-darmement-a-letranger-evaluation-des-affaires-compensatoires\/","name":"Achat d'armement \u00e0 l'\u00e9tranger - Evaluation des affaires compensatoires - Contr\u00f4le f\u00e9d\u00e9ral des finances (CDF)","isPartOf":{"@id":"https:\/\/www.efk.admin.ch\/fr\/#website"},"datePublished":"2024-01-17T15:37:50+00:00","dateModified":"2024-03-21T17:27:32+00:00","description":"Achat d'armement \u00e0 l'\u00e9tranger - Evaluation des affaires compensatoires","breadcrumb":{"@id":"https:\/\/www.efk.admin.ch\/fr\/audit\/achat-darmement-a-letranger-evaluation-des-affaires-compensatoires\/#breadcrumb"},"inLanguage":"fr-FR","potentialAction":[{"@type":"ReadAction","target":["https:\/\/www.efk.admin.ch\/fr\/audit\/achat-darmement-a-letranger-evaluation-des-affaires-compensatoires\/"]}]},{"@type":"BreadcrumbList","@id":"https:\/\/www.efk.admin.ch\/fr\/audit\/achat-darmement-a-letranger-evaluation-des-affaires-compensatoires\/#breadcrumb","itemListElement":[{"@type":"ListItem","position":1,"name":"Home","item":"https:\/\/www.efk.admin.ch\/fr\/"},{"@type":"ListItem","position":2,"name":"Rapport","item":"https:\/\/www.efk.admin.ch\/fr\/audit\/"},{"@type":"ListItem","position":3,"name":"Achat d&#8217;armement \u00e0 l&#8217;\u00e9tranger &#8211; Evaluation des affaires compensatoires"}]},{"@type":"WebSite","@id":"https:\/\/www.efk.admin.ch\/fr\/#website","url":"https:\/\/www.efk.admin.ch\/fr\/","name":"Informationen \u00fcber das oberste Finanzaufsichtsorgan der Schweiz","description":"Le Contr\u00f4le f\u00e9d\u00e9ral des finances (CDF) est l'organe supr\u00eame de surveillance financi\u00e8re de la Conf\u00e9d\u00e9ration suisse.","publisher":{"@id":"https:\/\/www.efk.admin.ch\/fr\/#organization"},"alternateName":"EFK","potentialAction":[{"@type":"SearchAction","target":{"@type":"EntryPoint","urlTemplate":"https:\/\/www.efk.admin.ch\/fr\/?s={search_term_string}"},"query-input":{"@type":"PropertyValueSpecification","valueRequired":true,"valueName":"search_term_string"}}],"inLanguage":"fr-FR"},{"@type":"Organization","@id":"https:\/\/www.efk.admin.ch\/fr\/#organization","name":"Contr\u00f4le f\u00e9d\u00e9ral des finances (CDF)","alternateName":"EFK","url":"https:\/\/www.efk.admin.ch\/fr\/","logo":{"@type":"ImageObject","inLanguage":"fr-FR","@id":"https:\/\/www.efk.admin.ch\/fr\/#\/schema\/logo\/image\/","url":"https:\/\/www.efk.admin.ch\/wp-content\/uploads\/efk_cdf_logo_ohne_claim.png","contentUrl":"https:\/\/www.efk.admin.ch\/wp-content\/uploads\/efk_cdf_logo_ohne_claim.png","width":268,"height":258,"caption":"Contr\u00f4le f\u00e9d\u00e9ral des finances (CDF)"},"image":{"@id":"https:\/\/www.efk.admin.ch\/fr\/#\/schema\/logo\/image\/"},"sameAs":["https:\/\/www.instagram.com\/efk_cdf_sfao\/","https:\/\/www.youtube.com\/channel\/UCm-bXj227VE5sJzhB-ihdvw\/featured","https:\/\/www.linkedin.com\/company\/11081578\/"]}]}},"_links":{"self":[{"href":"https:\/\/www.efk.admin.ch\/fr\/wp-json\/wp\/v2\/audit\/6262","targetHints":{"allow":["GET"]}}],"collection":[{"href":"https:\/\/www.efk.admin.ch\/fr\/wp-json\/wp\/v2\/audit"}],"about":[{"href":"https:\/\/www.efk.admin.ch\/fr\/wp-json\/wp\/v2\/types\/audit"}],"wp:attachment":[{"href":"https:\/\/www.efk.admin.ch\/fr\/wp-json\/wp\/v2\/media?parent=6262"}],"wp:term":[{"taxonomy":"audit_category","embeddable":true,"href":"https:\/\/www.efk.admin.ch\/fr\/wp-json\/wp\/v2\/audit_category?post=6262"},{"taxonomy":"audit_type","embeddable":true,"href":"https:\/\/www.efk.admin.ch\/fr\/wp-json\/wp\/v2\/audit_type?post=6262"}],"curies":[{"name":"wp","href":"https:\/\/api.w.org\/{rel}","templated":true}]}}