{"id":6219,"date":"2024-01-17T16:37:33","date_gmt":"2024-01-17T15:37:33","guid":{"rendered":"https:\/\/preview.efk.admin.ch\/prufung\/fonds-de-desaffectation-et-fonds-de-gestion-des-dechets-radioactifs-audit-concernant-la-gouvernance-dentreprise\/"},"modified":"2024-03-06T08:34:00","modified_gmt":"2024-03-06T07:34:00","slug":"fonds-de-desaffectation-et-fonds-de-gestion-des-dechets-radioactifs-audit-concernant-la-gouvernance-dentreprise","status":"publish","type":"audit","link":"https:\/\/www.efk.admin.ch\/fr\/audit\/fonds-de-desaffectation-et-fonds-de-gestion-des-dechets-radioactifs-audit-concernant-la-gouvernance-dentreprise\/","title":{"rendered":"Audit concernant la gouvernance d&#8217;entreprise"},"content":{"rendered":"\n<p>Dans le cadre du programme d\u2019audit de 2014, le Contr\u00f4le f\u00e9d\u00e9ral des finances (CDF) a examin\u00e9 des points relatifs \u00e0 la gouvernance d\u2019entreprise du fonds de d\u00e9saffectation et du fonds de gestion des d\u00e9chets radioactifs dans le domaine des installations nucl\u00e9aires (ci-apr\u00e8s les fonds). La loi sur l\u2019\u00e9nergie nucl\u00e9aire (LENu) r\u00e8gle les droits et les obligations en mati\u00e8re de gestion des d\u00e9chets radioactifs. En vertu du principe de causalit\u00e9, les exploitants d\u2019installations nucl\u00e9aires sont tenus d\u2019\u00e9vacuer de mani\u00e8re s\u00fbre les d\u00e9chets radioactifs. Les deux fonds pr\u00e9cit\u00e9s ont \u00e9t\u00e9 cr\u00e9\u00e9s en tant qu\u2019\u00e9tablissements de droit public afin de financer ces co\u00fbts. Ils sont soumis \u00e0 la surveillance du Conseil f\u00e9d\u00e9ral.<\/p>\n","protected":false},"featured_media":0,"menu_order":0,"template":"","audit_category":[73],"audit_type":[52],"class_list":["post-6219","audit","type-audit","status-publish","hentry","audit_category-energie-et-communication","audit_type-audit-fr"],"acf":{"audit_lang":[{"lang":"d"}],"audit_numbers":[{"audit_number":"14172"}],"audit_office":8078,"audit_office_text":"","audit_date":"20141101","bgo":false,"keywords":"la gouvernance d\u2019entreprise,  La loi sur l\u2019\u00e9nergie nucl\u00e9aire (LENu), les droits et les obligations, en mati\u00e8re de gestion, d\u00e9chets radioactifs, principe de causalit\u00e9, les exploitants, financer, co\u00fbts, \u00e9tablissements de droit public, urveillance du Conseil f\u00e9d\u00e9ral","audit_office_local":""},"yoast_head":"<!-- This site is optimized with the Yoast SEO Premium plugin v27.4 (Yoast SEO v27.4) - https:\/\/yoast.com\/product\/yoast-seo-premium-wordpress\/ -->\n<title>Audit concernant la gouvernance d&#039;entreprise - Contr\u00f4le f\u00e9d\u00e9ral des finances (CDF)<\/title>\n<meta name=\"description\" content=\"Audit concernant la gouvernance d&#039;entreprise\" \/>\n<meta name=\"robots\" content=\"index, follow, max-snippet:-1, max-image-preview:large, max-video-preview:-1\" \/>\n<link rel=\"canonical\" href=\"https:\/\/www.efk.admin.ch\/fr\/audit\/fonds-de-desaffectation-et-fonds-de-gestion-des-dechets-radioactifs-audit-concernant-la-gouvernance-dentreprise\/\" \/>\n<meta property=\"og:locale\" content=\"fr_FR\" \/>\n<meta property=\"og:type\" content=\"article\" \/>\n<meta property=\"og:title\" content=\"Audit concernant la gouvernance d&#039;entreprise\" \/>\n<meta property=\"og:description\" content=\"Audit concernant la gouvernance d&#039;entreprise\" \/>\n<meta property=\"og:url\" content=\"https:\/\/www.efk.admin.ch\/fr\/audit\/fonds-de-desaffectation-et-fonds-de-gestion-des-dechets-radioactifs-audit-concernant-la-gouvernance-dentreprise\/\" \/>\n<meta property=\"og:site_name\" content=\"Contr\u00f4le f\u00e9d\u00e9ral des finances (CDF)\" \/>\n<meta property=\"article:modified_time\" content=\"2024-03-06T07:34:00+00:00\" \/>\n<meta property=\"og:image\" content=\"https:\/\/www.efk.admin.ch\/wp-content\/uploads\/test\/palais.jpg\" \/>\n\t<meta property=\"og:image:width\" content=\"750\" \/>\n\t<meta property=\"og:image:height\" content=\"500\" \/>\n\t<meta property=\"og:image:type\" content=\"image\/jpeg\" \/>\n<meta name=\"twitter:card\" content=\"summary_large_image\" \/>\n<meta name=\"twitter:label1\" content=\"Dur\u00e9e de lecture estim\u00e9e\" \/>\n\t<meta name=\"twitter:data1\" content=\"1 minute\" \/>\n<script type=\"application\/ld+json\" class=\"yoast-schema-graph\">{\"@context\":\"https:\\\/\\\/schema.org\",\"@graph\":[{\"@type\":\"WebPage\",\"@id\":\"https:\\\/\\\/www.efk.admin.ch\\\/fr\\\/audit\\\/fonds-de-desaffectation-et-fonds-de-gestion-des-dechets-radioactifs-audit-concernant-la-gouvernance-dentreprise\\\/\",\"url\":\"https:\\\/\\\/www.efk.admin.ch\\\/fr\\\/audit\\\/fonds-de-desaffectation-et-fonds-de-gestion-des-dechets-radioactifs-audit-concernant-la-gouvernance-dentreprise\\\/\",\"name\":\"Audit concernant la gouvernance d'entreprise - Contr\u00f4le f\u00e9d\u00e9ral des finances (CDF)\",\"isPartOf\":{\"@id\":\"https:\\\/\\\/www.efk.admin.ch\\\/fr\\\/#website\"},\"datePublished\":\"2024-01-17T15:37:33+00:00\",\"dateModified\":\"2024-03-06T07:34:00+00:00\",\"description\":\"Audit concernant la gouvernance d'entreprise\",\"breadcrumb\":{\"@id\":\"https:\\\/\\\/www.efk.admin.ch\\\/fr\\\/audit\\\/fonds-de-desaffectation-et-fonds-de-gestion-des-dechets-radioactifs-audit-concernant-la-gouvernance-dentreprise\\\/#breadcrumb\"},\"inLanguage\":\"fr-FR\",\"potentialAction\":[{\"@type\":\"ReadAction\",\"target\":[\"https:\\\/\\\/www.efk.admin.ch\\\/fr\\\/audit\\\/fonds-de-desaffectation-et-fonds-de-gestion-des-dechets-radioactifs-audit-concernant-la-gouvernance-dentreprise\\\/\"]}]},{\"@type\":\"BreadcrumbList\",\"@id\":\"https:\\\/\\\/www.efk.admin.ch\\\/fr\\\/audit\\\/fonds-de-desaffectation-et-fonds-de-gestion-des-dechets-radioactifs-audit-concernant-la-gouvernance-dentreprise\\\/#breadcrumb\",\"itemListElement\":[{\"@type\":\"ListItem\",\"position\":1,\"name\":\"Home\",\"item\":\"https:\\\/\\\/www.efk.admin.ch\\\/fr\\\/\"},{\"@type\":\"ListItem\",\"position\":2,\"name\":\"Rapport\",\"item\":\"https:\\\/\\\/www.efk.admin.ch\\\/fr\\\/audit\\\/\"},{\"@type\":\"ListItem\",\"position\":3,\"name\":\"Audit concernant la gouvernance d&#8217;entreprise\"}]},{\"@type\":\"WebSite\",\"@id\":\"https:\\\/\\\/www.efk.admin.ch\\\/fr\\\/#website\",\"url\":\"https:\\\/\\\/www.efk.admin.ch\\\/fr\\\/\",\"name\":\"Informationen \u00fcber das oberste Finanzaufsichtsorgan der Schweiz\",\"description\":\"Le Contr\u00f4le f\u00e9d\u00e9ral des finances (CDF) est l'organe supr\u00eame de surveillance financi\u00e8re de la Conf\u00e9d\u00e9ration suisse.\",\"publisher\":{\"@id\":\"https:\\\/\\\/www.efk.admin.ch\\\/fr\\\/#organization\"},\"alternateName\":\"EFK\",\"potentialAction\":[{\"@type\":\"SearchAction\",\"target\":{\"@type\":\"EntryPoint\",\"urlTemplate\":\"https:\\\/\\\/www.efk.admin.ch\\\/fr\\\/?s={search_term_string}\"},\"query-input\":{\"@type\":\"PropertyValueSpecification\",\"valueRequired\":true,\"valueName\":\"search_term_string\"}}],\"inLanguage\":\"fr-FR\"},{\"@type\":\"Organization\",\"@id\":\"https:\\\/\\\/www.efk.admin.ch\\\/fr\\\/#organization\",\"name\":\"Contr\u00f4le f\u00e9d\u00e9ral des finances (CDF)\",\"alternateName\":\"EFK\",\"url\":\"https:\\\/\\\/www.efk.admin.ch\\\/fr\\\/\",\"logo\":{\"@type\":\"ImageObject\",\"inLanguage\":\"fr-FR\",\"@id\":\"https:\\\/\\\/www.efk.admin.ch\\\/fr\\\/#\\\/schema\\\/logo\\\/image\\\/\",\"url\":\"https:\\\/\\\/www.efk.admin.ch\\\/wp-content\\\/uploads\\\/efk_cdf_logo_ohne_claim.png\",\"contentUrl\":\"https:\\\/\\\/www.efk.admin.ch\\\/wp-content\\\/uploads\\\/efk_cdf_logo_ohne_claim.png\",\"width\":268,\"height\":258,\"caption\":\"Contr\u00f4le f\u00e9d\u00e9ral des finances (CDF)\"},\"image\":{\"@id\":\"https:\\\/\\\/www.efk.admin.ch\\\/fr\\\/#\\\/schema\\\/logo\\\/image\\\/\"},\"sameAs\":[\"https:\\\/\\\/www.instagram.com\\\/efk_cdf_sfao\\\/\",\"https:\\\/\\\/www.youtube.com\\\/channel\\\/UCm-bXj227VE5sJzhB-ihdvw\\\/featured\",\"https:\\\/\\\/www.linkedin.com\\\/company\\\/11081578\\\/\"]}]}<\/script>\n<!-- \/ Yoast SEO Premium plugin. -->","yoast_head_json":{"title":"Audit concernant la gouvernance d'entreprise - Contr\u00f4le f\u00e9d\u00e9ral des finances (CDF)","description":"Audit concernant la gouvernance d'entreprise","robots":{"index":"index","follow":"follow","max-snippet":"max-snippet:-1","max-image-preview":"max-image-preview:large","max-video-preview":"max-video-preview:-1"},"canonical":"https:\/\/www.efk.admin.ch\/fr\/audit\/fonds-de-desaffectation-et-fonds-de-gestion-des-dechets-radioactifs-audit-concernant-la-gouvernance-dentreprise\/","og_locale":"fr_FR","og_type":"article","og_title":"Audit concernant la gouvernance d'entreprise","og_description":"Audit concernant la gouvernance d'entreprise","og_url":"https:\/\/www.efk.admin.ch\/fr\/audit\/fonds-de-desaffectation-et-fonds-de-gestion-des-dechets-radioactifs-audit-concernant-la-gouvernance-dentreprise\/","og_site_name":"Contr\u00f4le f\u00e9d\u00e9ral des finances (CDF)","article_modified_time":"2024-03-06T07:34:00+00:00","og_image":[{"width":750,"height":500,"url":"https:\/\/www.efk.admin.ch\/wp-content\/uploads\/test\/palais.jpg","type":"image\/jpeg"}],"twitter_card":"summary_large_image","twitter_misc":{"Dur\u00e9e de lecture estim\u00e9e":"1 minute"},"schema":{"@context":"https:\/\/schema.org","@graph":[{"@type":"WebPage","@id":"https:\/\/www.efk.admin.ch\/fr\/audit\/fonds-de-desaffectation-et-fonds-de-gestion-des-dechets-radioactifs-audit-concernant-la-gouvernance-dentreprise\/","url":"https:\/\/www.efk.admin.ch\/fr\/audit\/fonds-de-desaffectation-et-fonds-de-gestion-des-dechets-radioactifs-audit-concernant-la-gouvernance-dentreprise\/","name":"Audit concernant la gouvernance d'entreprise - Contr\u00f4le f\u00e9d\u00e9ral des finances (CDF)","isPartOf":{"@id":"https:\/\/www.efk.admin.ch\/fr\/#website"},"datePublished":"2024-01-17T15:37:33+00:00","dateModified":"2024-03-06T07:34:00+00:00","description":"Audit concernant la gouvernance d'entreprise","breadcrumb":{"@id":"https:\/\/www.efk.admin.ch\/fr\/audit\/fonds-de-desaffectation-et-fonds-de-gestion-des-dechets-radioactifs-audit-concernant-la-gouvernance-dentreprise\/#breadcrumb"},"inLanguage":"fr-FR","potentialAction":[{"@type":"ReadAction","target":["https:\/\/www.efk.admin.ch\/fr\/audit\/fonds-de-desaffectation-et-fonds-de-gestion-des-dechets-radioactifs-audit-concernant-la-gouvernance-dentreprise\/"]}]},{"@type":"BreadcrumbList","@id":"https:\/\/www.efk.admin.ch\/fr\/audit\/fonds-de-desaffectation-et-fonds-de-gestion-des-dechets-radioactifs-audit-concernant-la-gouvernance-dentreprise\/#breadcrumb","itemListElement":[{"@type":"ListItem","position":1,"name":"Home","item":"https:\/\/www.efk.admin.ch\/fr\/"},{"@type":"ListItem","position":2,"name":"Rapport","item":"https:\/\/www.efk.admin.ch\/fr\/audit\/"},{"@type":"ListItem","position":3,"name":"Audit concernant la gouvernance d&#8217;entreprise"}]},{"@type":"WebSite","@id":"https:\/\/www.efk.admin.ch\/fr\/#website","url":"https:\/\/www.efk.admin.ch\/fr\/","name":"Informationen \u00fcber das oberste Finanzaufsichtsorgan der Schweiz","description":"Le Contr\u00f4le f\u00e9d\u00e9ral des finances (CDF) est l'organe supr\u00eame de surveillance financi\u00e8re de la Conf\u00e9d\u00e9ration suisse.","publisher":{"@id":"https:\/\/www.efk.admin.ch\/fr\/#organization"},"alternateName":"EFK","potentialAction":[{"@type":"SearchAction","target":{"@type":"EntryPoint","urlTemplate":"https:\/\/www.efk.admin.ch\/fr\/?s={search_term_string}"},"query-input":{"@type":"PropertyValueSpecification","valueRequired":true,"valueName":"search_term_string"}}],"inLanguage":"fr-FR"},{"@type":"Organization","@id":"https:\/\/www.efk.admin.ch\/fr\/#organization","name":"Contr\u00f4le f\u00e9d\u00e9ral des finances (CDF)","alternateName":"EFK","url":"https:\/\/www.efk.admin.ch\/fr\/","logo":{"@type":"ImageObject","inLanguage":"fr-FR","@id":"https:\/\/www.efk.admin.ch\/fr\/#\/schema\/logo\/image\/","url":"https:\/\/www.efk.admin.ch\/wp-content\/uploads\/efk_cdf_logo_ohne_claim.png","contentUrl":"https:\/\/www.efk.admin.ch\/wp-content\/uploads\/efk_cdf_logo_ohne_claim.png","width":268,"height":258,"caption":"Contr\u00f4le f\u00e9d\u00e9ral des finances (CDF)"},"image":{"@id":"https:\/\/www.efk.admin.ch\/fr\/#\/schema\/logo\/image\/"},"sameAs":["https:\/\/www.instagram.com\/efk_cdf_sfao\/","https:\/\/www.youtube.com\/channel\/UCm-bXj227VE5sJzhB-ihdvw\/featured","https:\/\/www.linkedin.com\/company\/11081578\/"]}]}},"_links":{"self":[{"href":"https:\/\/www.efk.admin.ch\/fr\/wp-json\/wp\/v2\/audit\/6219","targetHints":{"allow":["GET"]}}],"collection":[{"href":"https:\/\/www.efk.admin.ch\/fr\/wp-json\/wp\/v2\/audit"}],"about":[{"href":"https:\/\/www.efk.admin.ch\/fr\/wp-json\/wp\/v2\/types\/audit"}],"acf:post":[{"embeddable":true,"href":"https:\/\/www.efk.admin.ch\/fr\/wp-json\/wp\/v2\/office\/8078"}],"wp:attachment":[{"href":"https:\/\/www.efk.admin.ch\/fr\/wp-json\/wp\/v2\/media?parent=6219"}],"wp:term":[{"taxonomy":"audit_category","embeddable":true,"href":"https:\/\/www.efk.admin.ch\/fr\/wp-json\/wp\/v2\/audit_category?post=6219"},{"taxonomy":"audit_type","embeddable":true,"href":"https:\/\/www.efk.admin.ch\/fr\/wp-json\/wp\/v2\/audit_type?post=6219"}],"curies":[{"name":"wp","href":"https:\/\/api.w.org\/{rel}","templated":true}]}}