{"id":6213,"date":"2024-01-17T16:37:33","date_gmt":"2024-01-17T15:37:33","guid":{"rendered":"https:\/\/preview.efk.admin.ch\/prufung\/conduite-et-exploitation-de-linformatique-apres-lintegration-du-centre-de-solutions-centrale-de-compensation\/"},"modified":"2024-03-04T18:11:54","modified_gmt":"2024-03-04T17:11:54","slug":"conduite-et-exploitation-de-linformatique-apres-lintegration-du-centre-de-solutions-centrale-de-compensation","status":"publish","type":"audit","link":"https:\/\/www.efk.admin.ch\/fr\/audit\/conduite-et-exploitation-de-linformatique-apres-lintegration-du-centre-de-solutions-centrale-de-compensation\/","title":{"rendered":"Conduite et exploitation de l\u2019informatique apr\u00e8s l\u2019int\u00e9gration du Centre de solutions"},"content":{"rendered":"\n<p>La Centrale de compensation (CdC) est une institution essentielle au bon fonctionnement de toutes les assurances sociales du premier pilier (AVS, AI et APG). Elle pr\u00e9sente la particularit\u00e9 de ne pas \u00eatre un office f\u00e9d\u00e9ral autonome, mais une division de l\u2019Administration f\u00e9d\u00e9rale des finances (AFF) \u00e0 laquelle sa direction est soumise hi\u00e9rarchiquement. Autre particularit\u00e9, elle a \u00e9t\u00e9 autoris\u00e9e en mars 2012 par le Conseil f\u00e9d\u00e9ral \u2013 en d\u00e9rogation \u00e0 l\u2019Ordonnance sur l\u2019informatique dans l\u2019administration f\u00e9d\u00e9rale \u2013 \u00e0 r\u00e9int\u00e9grer une partie de ses services informatiques. Ceci a conduit \u00e0 la cr\u00e9ation de la nouvelle division Gouvernance d&#8217;entreprise et technologies de l&#8217;information (GETI), forte de 70 personnes.<\/p>\n","protected":false},"featured_media":0,"menu_order":0,"template":"","audit_category":[35,79],"audit_type":[52],"class_list":["post-6213","audit","type-audit","status-publish","hentry","audit_category-assurances-sociales-et-prevoyance-vieillesse","audit_category-projets-informatiques","audit_type-audit-fr"],"acf":{"audit_lang":[{"lang":"d"}],"audit_numbers":[{"audit_number":"14504"}],"audit_office":7986,"audit_office_text":"","audit_date":"20140430","bgo":false,"keywords":"La Centrale de compensation (CdC) est une institution essentielle au bon fonctionnement de toutes les assurances sociales du premier pilier (AVS, AI et APG). Elle pr\u00e9sente la particularit\u00e9 de ne pas \u00eatre un office f\u00e9d\u00e9ral autonome, mais une division de l\u2019Administration f\u00e9d\u00e9rale des finances (AFF) \u00e0 laquelle sa direction est soumise hi\u00e9rarchiquement. Autre particularit\u00e9, elle a \u00e9t\u00e9 autoris\u00e9e en mars 2012 par le Conseil f\u00e9d\u00e9ral \u2013 en d\u00e9rogation \u00e0 l\u2019Ordonnance sur l\u2019informatique dans l\u2019administration f\u00e9d\u00e9rale \u2013 \u00e0 r\u00e9int\u00e9grer une partie de ses services informatiques. Ceci a conduit \u00e0 la cr\u00e9ation de la nouvelle division Gouvernance d'entreprise et technologies de l'information (GETI), forte de 70 personnes.","audit_office_local":""},"yoast_head":"<!-- This site is optimized with the Yoast SEO Premium plugin v27.4 (Yoast SEO v27.4) - https:\/\/yoast.com\/product\/yoast-seo-premium-wordpress\/ -->\n<title>Conduite et exploitation de l\u2019informatique apr\u00e8s l\u2019int\u00e9gration du Centre de solutions - Contr\u00f4le f\u00e9d\u00e9ral des finances (CDF)<\/title>\n<meta name=\"description\" content=\"Conduite et exploitation de l\u2019informatique apr\u00e8s l\u2019int\u00e9gration du Centre de solutions\" \/>\n<meta name=\"robots\" content=\"index, follow, max-snippet:-1, max-image-preview:large, max-video-preview:-1\" \/>\n<link rel=\"canonical\" href=\"https:\/\/www.efk.admin.ch\/fr\/audit\/conduite-et-exploitation-de-linformatique-apres-lintegration-du-centre-de-solutions-centrale-de-compensation\/\" \/>\n<meta property=\"og:locale\" content=\"fr_FR\" \/>\n<meta property=\"og:type\" content=\"article\" \/>\n<meta property=\"og:title\" content=\"Conduite et exploitation de l\u2019informatique apr\u00e8s l\u2019int\u00e9gration du Centre de solutions\" \/>\n<meta property=\"og:description\" content=\"Conduite et exploitation de l\u2019informatique apr\u00e8s l\u2019int\u00e9gration du Centre de solutions\" \/>\n<meta property=\"og:url\" content=\"https:\/\/www.efk.admin.ch\/fr\/audit\/conduite-et-exploitation-de-linformatique-apres-lintegration-du-centre-de-solutions-centrale-de-compensation\/\" \/>\n<meta property=\"og:site_name\" content=\"Contr\u00f4le f\u00e9d\u00e9ral des finances (CDF)\" \/>\n<meta property=\"article:modified_time\" content=\"2024-03-04T17:11:54+00:00\" \/>\n<meta property=\"og:image\" content=\"https:\/\/www.efk.admin.ch\/wp-content\/uploads\/test\/palais.jpg\" \/>\n\t<meta property=\"og:image:width\" content=\"750\" \/>\n\t<meta property=\"og:image:height\" content=\"500\" \/>\n\t<meta property=\"og:image:type\" content=\"image\/jpeg\" \/>\n<meta name=\"twitter:card\" content=\"summary_large_image\" \/>\n<meta name=\"twitter:label1\" content=\"Dur\u00e9e de lecture estim\u00e9e\" \/>\n\t<meta name=\"twitter:data1\" content=\"1 minute\" \/>\n<script type=\"application\/ld+json\" class=\"yoast-schema-graph\">{\"@context\":\"https:\\\/\\\/schema.org\",\"@graph\":[{\"@type\":\"WebPage\",\"@id\":\"https:\\\/\\\/www.efk.admin.ch\\\/fr\\\/audit\\\/conduite-et-exploitation-de-linformatique-apres-lintegration-du-centre-de-solutions-centrale-de-compensation\\\/\",\"url\":\"https:\\\/\\\/www.efk.admin.ch\\\/fr\\\/audit\\\/conduite-et-exploitation-de-linformatique-apres-lintegration-du-centre-de-solutions-centrale-de-compensation\\\/\",\"name\":\"Conduite et exploitation de l\u2019informatique apr\u00e8s l\u2019int\u00e9gration du Centre de solutions - Contr\u00f4le f\u00e9d\u00e9ral des finances (CDF)\",\"isPartOf\":{\"@id\":\"https:\\\/\\\/www.efk.admin.ch\\\/fr\\\/#website\"},\"datePublished\":\"2024-01-17T15:37:33+00:00\",\"dateModified\":\"2024-03-04T17:11:54+00:00\",\"description\":\"Conduite et exploitation de l\u2019informatique apr\u00e8s l\u2019int\u00e9gration du Centre de solutions\",\"breadcrumb\":{\"@id\":\"https:\\\/\\\/www.efk.admin.ch\\\/fr\\\/audit\\\/conduite-et-exploitation-de-linformatique-apres-lintegration-du-centre-de-solutions-centrale-de-compensation\\\/#breadcrumb\"},\"inLanguage\":\"fr-FR\",\"potentialAction\":[{\"@type\":\"ReadAction\",\"target\":[\"https:\\\/\\\/www.efk.admin.ch\\\/fr\\\/audit\\\/conduite-et-exploitation-de-linformatique-apres-lintegration-du-centre-de-solutions-centrale-de-compensation\\\/\"]}]},{\"@type\":\"BreadcrumbList\",\"@id\":\"https:\\\/\\\/www.efk.admin.ch\\\/fr\\\/audit\\\/conduite-et-exploitation-de-linformatique-apres-lintegration-du-centre-de-solutions-centrale-de-compensation\\\/#breadcrumb\",\"itemListElement\":[{\"@type\":\"ListItem\",\"position\":1,\"name\":\"Home\",\"item\":\"https:\\\/\\\/www.efk.admin.ch\\\/fr\\\/\"},{\"@type\":\"ListItem\",\"position\":2,\"name\":\"Rapport\",\"item\":\"https:\\\/\\\/www.efk.admin.ch\\\/fr\\\/audit\\\/\"},{\"@type\":\"ListItem\",\"position\":3,\"name\":\"Conduite et exploitation de l\u2019informatique apr\u00e8s l\u2019int\u00e9gration du Centre de solutions\"}]},{\"@type\":\"WebSite\",\"@id\":\"https:\\\/\\\/www.efk.admin.ch\\\/fr\\\/#website\",\"url\":\"https:\\\/\\\/www.efk.admin.ch\\\/fr\\\/\",\"name\":\"Informationen \u00fcber das oberste Finanzaufsichtsorgan der Schweiz\",\"description\":\"Le Contr\u00f4le f\u00e9d\u00e9ral des finances (CDF) est l'organe supr\u00eame de surveillance financi\u00e8re de la Conf\u00e9d\u00e9ration suisse.\",\"publisher\":{\"@id\":\"https:\\\/\\\/www.efk.admin.ch\\\/fr\\\/#organization\"},\"alternateName\":\"EFK\",\"potentialAction\":[{\"@type\":\"SearchAction\",\"target\":{\"@type\":\"EntryPoint\",\"urlTemplate\":\"https:\\\/\\\/www.efk.admin.ch\\\/fr\\\/?s={search_term_string}\"},\"query-input\":{\"@type\":\"PropertyValueSpecification\",\"valueRequired\":true,\"valueName\":\"search_term_string\"}}],\"inLanguage\":\"fr-FR\"},{\"@type\":\"Organization\",\"@id\":\"https:\\\/\\\/www.efk.admin.ch\\\/fr\\\/#organization\",\"name\":\"Contr\u00f4le f\u00e9d\u00e9ral des finances (CDF)\",\"alternateName\":\"EFK\",\"url\":\"https:\\\/\\\/www.efk.admin.ch\\\/fr\\\/\",\"logo\":{\"@type\":\"ImageObject\",\"inLanguage\":\"fr-FR\",\"@id\":\"https:\\\/\\\/www.efk.admin.ch\\\/fr\\\/#\\\/schema\\\/logo\\\/image\\\/\",\"url\":\"https:\\\/\\\/www.efk.admin.ch\\\/wp-content\\\/uploads\\\/efk_cdf_logo_ohne_claim.png\",\"contentUrl\":\"https:\\\/\\\/www.efk.admin.ch\\\/wp-content\\\/uploads\\\/efk_cdf_logo_ohne_claim.png\",\"width\":268,\"height\":258,\"caption\":\"Contr\u00f4le f\u00e9d\u00e9ral des finances (CDF)\"},\"image\":{\"@id\":\"https:\\\/\\\/www.efk.admin.ch\\\/fr\\\/#\\\/schema\\\/logo\\\/image\\\/\"},\"sameAs\":[\"https:\\\/\\\/www.instagram.com\\\/efk_cdf_sfao\\\/\",\"https:\\\/\\\/www.youtube.com\\\/channel\\\/UCm-bXj227VE5sJzhB-ihdvw\\\/featured\",\"https:\\\/\\\/www.linkedin.com\\\/company\\\/11081578\\\/\"]}]}<\/script>\n<!-- \/ Yoast SEO Premium plugin. -->","yoast_head_json":{"title":"Conduite et exploitation de l\u2019informatique apr\u00e8s l\u2019int\u00e9gration du Centre de solutions - Contr\u00f4le f\u00e9d\u00e9ral des finances (CDF)","description":"Conduite et exploitation de l\u2019informatique apr\u00e8s l\u2019int\u00e9gration du Centre de solutions","robots":{"index":"index","follow":"follow","max-snippet":"max-snippet:-1","max-image-preview":"max-image-preview:large","max-video-preview":"max-video-preview:-1"},"canonical":"https:\/\/www.efk.admin.ch\/fr\/audit\/conduite-et-exploitation-de-linformatique-apres-lintegration-du-centre-de-solutions-centrale-de-compensation\/","og_locale":"fr_FR","og_type":"article","og_title":"Conduite et exploitation de l\u2019informatique apr\u00e8s l\u2019int\u00e9gration du Centre de solutions","og_description":"Conduite et exploitation de l\u2019informatique apr\u00e8s l\u2019int\u00e9gration du Centre de solutions","og_url":"https:\/\/www.efk.admin.ch\/fr\/audit\/conduite-et-exploitation-de-linformatique-apres-lintegration-du-centre-de-solutions-centrale-de-compensation\/","og_site_name":"Contr\u00f4le f\u00e9d\u00e9ral des finances (CDF)","article_modified_time":"2024-03-04T17:11:54+00:00","og_image":[{"width":750,"height":500,"url":"https:\/\/www.efk.admin.ch\/wp-content\/uploads\/test\/palais.jpg","type":"image\/jpeg"}],"twitter_card":"summary_large_image","twitter_misc":{"Dur\u00e9e de lecture estim\u00e9e":"1 minute"},"schema":{"@context":"https:\/\/schema.org","@graph":[{"@type":"WebPage","@id":"https:\/\/www.efk.admin.ch\/fr\/audit\/conduite-et-exploitation-de-linformatique-apres-lintegration-du-centre-de-solutions-centrale-de-compensation\/","url":"https:\/\/www.efk.admin.ch\/fr\/audit\/conduite-et-exploitation-de-linformatique-apres-lintegration-du-centre-de-solutions-centrale-de-compensation\/","name":"Conduite et exploitation de l\u2019informatique apr\u00e8s l\u2019int\u00e9gration du Centre de solutions - Contr\u00f4le f\u00e9d\u00e9ral des finances (CDF)","isPartOf":{"@id":"https:\/\/www.efk.admin.ch\/fr\/#website"},"datePublished":"2024-01-17T15:37:33+00:00","dateModified":"2024-03-04T17:11:54+00:00","description":"Conduite et exploitation de l\u2019informatique apr\u00e8s l\u2019int\u00e9gration du Centre de solutions","breadcrumb":{"@id":"https:\/\/www.efk.admin.ch\/fr\/audit\/conduite-et-exploitation-de-linformatique-apres-lintegration-du-centre-de-solutions-centrale-de-compensation\/#breadcrumb"},"inLanguage":"fr-FR","potentialAction":[{"@type":"ReadAction","target":["https:\/\/www.efk.admin.ch\/fr\/audit\/conduite-et-exploitation-de-linformatique-apres-lintegration-du-centre-de-solutions-centrale-de-compensation\/"]}]},{"@type":"BreadcrumbList","@id":"https:\/\/www.efk.admin.ch\/fr\/audit\/conduite-et-exploitation-de-linformatique-apres-lintegration-du-centre-de-solutions-centrale-de-compensation\/#breadcrumb","itemListElement":[{"@type":"ListItem","position":1,"name":"Home","item":"https:\/\/www.efk.admin.ch\/fr\/"},{"@type":"ListItem","position":2,"name":"Rapport","item":"https:\/\/www.efk.admin.ch\/fr\/audit\/"},{"@type":"ListItem","position":3,"name":"Conduite et exploitation de l\u2019informatique apr\u00e8s l\u2019int\u00e9gration du Centre de solutions"}]},{"@type":"WebSite","@id":"https:\/\/www.efk.admin.ch\/fr\/#website","url":"https:\/\/www.efk.admin.ch\/fr\/","name":"Informationen \u00fcber das oberste Finanzaufsichtsorgan der Schweiz","description":"Le Contr\u00f4le f\u00e9d\u00e9ral des finances (CDF) est l'organe supr\u00eame de surveillance financi\u00e8re de la Conf\u00e9d\u00e9ration suisse.","publisher":{"@id":"https:\/\/www.efk.admin.ch\/fr\/#organization"},"alternateName":"EFK","potentialAction":[{"@type":"SearchAction","target":{"@type":"EntryPoint","urlTemplate":"https:\/\/www.efk.admin.ch\/fr\/?s={search_term_string}"},"query-input":{"@type":"PropertyValueSpecification","valueRequired":true,"valueName":"search_term_string"}}],"inLanguage":"fr-FR"},{"@type":"Organization","@id":"https:\/\/www.efk.admin.ch\/fr\/#organization","name":"Contr\u00f4le f\u00e9d\u00e9ral des finances (CDF)","alternateName":"EFK","url":"https:\/\/www.efk.admin.ch\/fr\/","logo":{"@type":"ImageObject","inLanguage":"fr-FR","@id":"https:\/\/www.efk.admin.ch\/fr\/#\/schema\/logo\/image\/","url":"https:\/\/www.efk.admin.ch\/wp-content\/uploads\/efk_cdf_logo_ohne_claim.png","contentUrl":"https:\/\/www.efk.admin.ch\/wp-content\/uploads\/efk_cdf_logo_ohne_claim.png","width":268,"height":258,"caption":"Contr\u00f4le f\u00e9d\u00e9ral des finances (CDF)"},"image":{"@id":"https:\/\/www.efk.admin.ch\/fr\/#\/schema\/logo\/image\/"},"sameAs":["https:\/\/www.instagram.com\/efk_cdf_sfao\/","https:\/\/www.youtube.com\/channel\/UCm-bXj227VE5sJzhB-ihdvw\/featured","https:\/\/www.linkedin.com\/company\/11081578\/"]}]}},"_links":{"self":[{"href":"https:\/\/www.efk.admin.ch\/fr\/wp-json\/wp\/v2\/audit\/6213","targetHints":{"allow":["GET"]}}],"collection":[{"href":"https:\/\/www.efk.admin.ch\/fr\/wp-json\/wp\/v2\/audit"}],"about":[{"href":"https:\/\/www.efk.admin.ch\/fr\/wp-json\/wp\/v2\/types\/audit"}],"acf:post":[{"embeddable":true,"href":"https:\/\/www.efk.admin.ch\/fr\/wp-json\/wp\/v2\/office\/7986"}],"wp:attachment":[{"href":"https:\/\/www.efk.admin.ch\/fr\/wp-json\/wp\/v2\/media?parent=6213"}],"wp:term":[{"taxonomy":"audit_category","embeddable":true,"href":"https:\/\/www.efk.admin.ch\/fr\/wp-json\/wp\/v2\/audit_category?post=6213"},{"taxonomy":"audit_type","embeddable":true,"href":"https:\/\/www.efk.admin.ch\/fr\/wp-json\/wp\/v2\/audit_type?post=6213"}],"curies":[{"name":"wp","href":"https:\/\/api.w.org\/{rel}","templated":true}]}}