{"id":6212,"date":"2024-01-17T16:37:33","date_gmt":"2024-01-17T15:37:33","guid":{"rendered":"https:\/\/preview.efk.admin.ch\/prufung\/mesures-daccompagnement-a-la-libre-circulation-des-personnes-audit-de-la-surveillance-du-seco\/"},"modified":"2024-03-05T16:19:00","modified_gmt":"2024-03-05T15:19:00","slug":"mesures-daccompagnement-a-la-libre-circulation-des-personnes-audit-de-la-surveillance-du-seco","status":"publish","type":"audit","link":"https:\/\/www.efk.admin.ch\/fr\/audit\/mesures-daccompagnement-a-la-libre-circulation-des-personnes-audit-de-la-surveillance-du-seco\/","title":{"rendered":"Mesures d&#8217;accompagnement \u00e0 la libre circulation des personnes &#8211; Audit de la surveillance"},"content":{"rendered":"\n<p>Suite \u00e0 l&#8217;entr\u00e9e en vigueur de l&#8217;Accord sur la libre circulation des personnes entre l&#8217;Union europ\u00e9enne (UE) et la Conf\u00e9d\u00e9ration suisse, celle-ci a introduit d\u00e8s 2004, des mesures d&#8217;accompagnement pour prot\u00e9ger les travailleurs suisses et d\u00e9tach\u00e9s en Suisse contre la sousench\u00e8re des salaires et des conditions de travail (FlaM). En 2013, les organes d&#8217;ex\u00e9cution charg\u00e9s des contr\u00f4les des FlaM ont r\u00e9alis\u00e9s 40 000 contr\u00f4les d&#8217;entreprises et obtenus 11,4 millions de francs d&#8217;indemnit\u00e9s de la Conf\u00e9d\u00e9ration.<\/p>\n","protected":false},"featured_media":0,"menu_order":0,"template":"","audit_category":[88],"audit_type":[52],"class_list":["post-6212","audit","type-audit","status-publish","hentry","audit_category-economie-et-agriculture","audit_type-audit-fr"],"acf":{"audit_lang":[{"lang":"f"}],"audit_numbers":[{"audit_number":"14321"}],"audit_office":7945,"audit_office_text":"","audit_date":"20150311","bgo":false,"keywords":"l'entr\u00e9e en vigueur, l'Accord sur la libre circulation des personnes entre l'Union europ\u00e9enne (UE) et la Conf\u00e9d\u00e9ration suisse, mesures d'accompagnement, les travailleurs, sousench\u00e8re,  salaires et des conditions de travail, contr\u00f4les d'entreprises","audit_office_local":""},"yoast_head":"<!-- This site is optimized with the Yoast SEO Premium plugin v27.4 (Yoast SEO v27.4) - https:\/\/yoast.com\/product\/yoast-seo-premium-wordpress\/ -->\n<title>Mesures d&#039;accompagnement \u00e0 la libre circulation des personnes - Audit de la surveillance - Contr\u00f4le f\u00e9d\u00e9ral des finances (CDF)<\/title>\n<meta name=\"description\" content=\"Mesures d&#039;accompagnement \u00e0 la libre circulation des personnes - Audit de la surveillance\" \/>\n<meta name=\"robots\" content=\"index, follow, max-snippet:-1, max-image-preview:large, max-video-preview:-1\" \/>\n<link rel=\"canonical\" href=\"https:\/\/www.efk.admin.ch\/fr\/audit\/mesures-daccompagnement-a-la-libre-circulation-des-personnes-audit-de-la-surveillance-du-seco\/\" \/>\n<meta property=\"og:locale\" content=\"fr_FR\" \/>\n<meta property=\"og:type\" content=\"article\" \/>\n<meta property=\"og:title\" content=\"Mesures d&#039;accompagnement \u00e0 la libre circulation des personnes - Audit de la surveillance\" \/>\n<meta property=\"og:description\" content=\"Mesures d&#039;accompagnement \u00e0 la libre circulation des personnes - Audit de la surveillance\" \/>\n<meta property=\"og:url\" content=\"https:\/\/www.efk.admin.ch\/fr\/audit\/mesures-daccompagnement-a-la-libre-circulation-des-personnes-audit-de-la-surveillance-du-seco\/\" \/>\n<meta property=\"og:site_name\" content=\"Contr\u00f4le f\u00e9d\u00e9ral des finances (CDF)\" \/>\n<meta property=\"article:modified_time\" content=\"2024-03-05T15:19:00+00:00\" \/>\n<meta property=\"og:image\" content=\"https:\/\/www.efk.admin.ch\/wp-content\/uploads\/test\/palais.jpg\" \/>\n\t<meta property=\"og:image:width\" content=\"750\" \/>\n\t<meta property=\"og:image:height\" content=\"500\" \/>\n\t<meta property=\"og:image:type\" content=\"image\/jpeg\" \/>\n<meta name=\"twitter:card\" content=\"summary_large_image\" \/>\n<script type=\"application\/ld+json\" class=\"yoast-schema-graph\">{\"@context\":\"https:\\\/\\\/schema.org\",\"@graph\":[{\"@type\":\"WebPage\",\"@id\":\"https:\\\/\\\/www.efk.admin.ch\\\/fr\\\/audit\\\/mesures-daccompagnement-a-la-libre-circulation-des-personnes-audit-de-la-surveillance-du-seco\\\/\",\"url\":\"https:\\\/\\\/www.efk.admin.ch\\\/fr\\\/audit\\\/mesures-daccompagnement-a-la-libre-circulation-des-personnes-audit-de-la-surveillance-du-seco\\\/\",\"name\":\"Mesures d'accompagnement \u00e0 la libre circulation des personnes - Audit de la surveillance - Contr\u00f4le f\u00e9d\u00e9ral des finances (CDF)\",\"isPartOf\":{\"@id\":\"https:\\\/\\\/www.efk.admin.ch\\\/fr\\\/#website\"},\"datePublished\":\"2024-01-17T15:37:33+00:00\",\"dateModified\":\"2024-03-05T15:19:00+00:00\",\"description\":\"Mesures d'accompagnement \u00e0 la libre circulation des personnes - Audit de la surveillance\",\"breadcrumb\":{\"@id\":\"https:\\\/\\\/www.efk.admin.ch\\\/fr\\\/audit\\\/mesures-daccompagnement-a-la-libre-circulation-des-personnes-audit-de-la-surveillance-du-seco\\\/#breadcrumb\"},\"inLanguage\":\"fr-FR\",\"potentialAction\":[{\"@type\":\"ReadAction\",\"target\":[\"https:\\\/\\\/www.efk.admin.ch\\\/fr\\\/audit\\\/mesures-daccompagnement-a-la-libre-circulation-des-personnes-audit-de-la-surveillance-du-seco\\\/\"]}]},{\"@type\":\"BreadcrumbList\",\"@id\":\"https:\\\/\\\/www.efk.admin.ch\\\/fr\\\/audit\\\/mesures-daccompagnement-a-la-libre-circulation-des-personnes-audit-de-la-surveillance-du-seco\\\/#breadcrumb\",\"itemListElement\":[{\"@type\":\"ListItem\",\"position\":1,\"name\":\"Home\",\"item\":\"https:\\\/\\\/www.efk.admin.ch\\\/fr\\\/\"},{\"@type\":\"ListItem\",\"position\":2,\"name\":\"Rapport\",\"item\":\"https:\\\/\\\/www.efk.admin.ch\\\/fr\\\/audit\\\/\"},{\"@type\":\"ListItem\",\"position\":3,\"name\":\"Mesures d&#8217;accompagnement \u00e0 la libre circulation des personnes &#8211; Audit de la surveillance\"}]},{\"@type\":\"WebSite\",\"@id\":\"https:\\\/\\\/www.efk.admin.ch\\\/fr\\\/#website\",\"url\":\"https:\\\/\\\/www.efk.admin.ch\\\/fr\\\/\",\"name\":\"Informationen \u00fcber das oberste Finanzaufsichtsorgan der Schweiz\",\"description\":\"Le Contr\u00f4le f\u00e9d\u00e9ral des finances (CDF) est l'organe supr\u00eame de surveillance financi\u00e8re de la Conf\u00e9d\u00e9ration suisse.\",\"publisher\":{\"@id\":\"https:\\\/\\\/www.efk.admin.ch\\\/fr\\\/#organization\"},\"alternateName\":\"EFK\",\"potentialAction\":[{\"@type\":\"SearchAction\",\"target\":{\"@type\":\"EntryPoint\",\"urlTemplate\":\"https:\\\/\\\/www.efk.admin.ch\\\/fr\\\/?s={search_term_string}\"},\"query-input\":{\"@type\":\"PropertyValueSpecification\",\"valueRequired\":true,\"valueName\":\"search_term_string\"}}],\"inLanguage\":\"fr-FR\"},{\"@type\":\"Organization\",\"@id\":\"https:\\\/\\\/www.efk.admin.ch\\\/fr\\\/#organization\",\"name\":\"Contr\u00f4le f\u00e9d\u00e9ral des finances (CDF)\",\"alternateName\":\"EFK\",\"url\":\"https:\\\/\\\/www.efk.admin.ch\\\/fr\\\/\",\"logo\":{\"@type\":\"ImageObject\",\"inLanguage\":\"fr-FR\",\"@id\":\"https:\\\/\\\/www.efk.admin.ch\\\/fr\\\/#\\\/schema\\\/logo\\\/image\\\/\",\"url\":\"https:\\\/\\\/www.efk.admin.ch\\\/wp-content\\\/uploads\\\/efk_cdf_logo_ohne_claim.png\",\"contentUrl\":\"https:\\\/\\\/www.efk.admin.ch\\\/wp-content\\\/uploads\\\/efk_cdf_logo_ohne_claim.png\",\"width\":268,\"height\":258,\"caption\":\"Contr\u00f4le f\u00e9d\u00e9ral des finances (CDF)\"},\"image\":{\"@id\":\"https:\\\/\\\/www.efk.admin.ch\\\/fr\\\/#\\\/schema\\\/logo\\\/image\\\/\"},\"sameAs\":[\"https:\\\/\\\/www.instagram.com\\\/efk_cdf_sfao\\\/\",\"https:\\\/\\\/www.youtube.com\\\/channel\\\/UCm-bXj227VE5sJzhB-ihdvw\\\/featured\",\"https:\\\/\\\/www.linkedin.com\\\/company\\\/11081578\\\/\"]}]}<\/script>\n<!-- \/ Yoast SEO Premium plugin. -->","yoast_head_json":{"title":"Mesures d'accompagnement \u00e0 la libre circulation des personnes - Audit de la surveillance - Contr\u00f4le f\u00e9d\u00e9ral des finances (CDF)","description":"Mesures d'accompagnement \u00e0 la libre circulation des personnes - Audit de la surveillance","robots":{"index":"index","follow":"follow","max-snippet":"max-snippet:-1","max-image-preview":"max-image-preview:large","max-video-preview":"max-video-preview:-1"},"canonical":"https:\/\/www.efk.admin.ch\/fr\/audit\/mesures-daccompagnement-a-la-libre-circulation-des-personnes-audit-de-la-surveillance-du-seco\/","og_locale":"fr_FR","og_type":"article","og_title":"Mesures d'accompagnement \u00e0 la libre circulation des personnes - Audit de la surveillance","og_description":"Mesures d'accompagnement \u00e0 la libre circulation des personnes - Audit de la surveillance","og_url":"https:\/\/www.efk.admin.ch\/fr\/audit\/mesures-daccompagnement-a-la-libre-circulation-des-personnes-audit-de-la-surveillance-du-seco\/","og_site_name":"Contr\u00f4le f\u00e9d\u00e9ral des finances (CDF)","article_modified_time":"2024-03-05T15:19:00+00:00","og_image":[{"width":750,"height":500,"url":"https:\/\/www.efk.admin.ch\/wp-content\/uploads\/test\/palais.jpg","type":"image\/jpeg"}],"twitter_card":"summary_large_image","schema":{"@context":"https:\/\/schema.org","@graph":[{"@type":"WebPage","@id":"https:\/\/www.efk.admin.ch\/fr\/audit\/mesures-daccompagnement-a-la-libre-circulation-des-personnes-audit-de-la-surveillance-du-seco\/","url":"https:\/\/www.efk.admin.ch\/fr\/audit\/mesures-daccompagnement-a-la-libre-circulation-des-personnes-audit-de-la-surveillance-du-seco\/","name":"Mesures d'accompagnement \u00e0 la libre circulation des personnes - Audit de la surveillance - Contr\u00f4le f\u00e9d\u00e9ral des finances (CDF)","isPartOf":{"@id":"https:\/\/www.efk.admin.ch\/fr\/#website"},"datePublished":"2024-01-17T15:37:33+00:00","dateModified":"2024-03-05T15:19:00+00:00","description":"Mesures d'accompagnement \u00e0 la libre circulation des personnes - Audit de la surveillance","breadcrumb":{"@id":"https:\/\/www.efk.admin.ch\/fr\/audit\/mesures-daccompagnement-a-la-libre-circulation-des-personnes-audit-de-la-surveillance-du-seco\/#breadcrumb"},"inLanguage":"fr-FR","potentialAction":[{"@type":"ReadAction","target":["https:\/\/www.efk.admin.ch\/fr\/audit\/mesures-daccompagnement-a-la-libre-circulation-des-personnes-audit-de-la-surveillance-du-seco\/"]}]},{"@type":"BreadcrumbList","@id":"https:\/\/www.efk.admin.ch\/fr\/audit\/mesures-daccompagnement-a-la-libre-circulation-des-personnes-audit-de-la-surveillance-du-seco\/#breadcrumb","itemListElement":[{"@type":"ListItem","position":1,"name":"Home","item":"https:\/\/www.efk.admin.ch\/fr\/"},{"@type":"ListItem","position":2,"name":"Rapport","item":"https:\/\/www.efk.admin.ch\/fr\/audit\/"},{"@type":"ListItem","position":3,"name":"Mesures d&#8217;accompagnement \u00e0 la libre circulation des personnes &#8211; Audit de la surveillance"}]},{"@type":"WebSite","@id":"https:\/\/www.efk.admin.ch\/fr\/#website","url":"https:\/\/www.efk.admin.ch\/fr\/","name":"Informationen \u00fcber das oberste Finanzaufsichtsorgan der Schweiz","description":"Le Contr\u00f4le f\u00e9d\u00e9ral des finances (CDF) est l'organe supr\u00eame de surveillance financi\u00e8re de la Conf\u00e9d\u00e9ration suisse.","publisher":{"@id":"https:\/\/www.efk.admin.ch\/fr\/#organization"},"alternateName":"EFK","potentialAction":[{"@type":"SearchAction","target":{"@type":"EntryPoint","urlTemplate":"https:\/\/www.efk.admin.ch\/fr\/?s={search_term_string}"},"query-input":{"@type":"PropertyValueSpecification","valueRequired":true,"valueName":"search_term_string"}}],"inLanguage":"fr-FR"},{"@type":"Organization","@id":"https:\/\/www.efk.admin.ch\/fr\/#organization","name":"Contr\u00f4le f\u00e9d\u00e9ral des finances (CDF)","alternateName":"EFK","url":"https:\/\/www.efk.admin.ch\/fr\/","logo":{"@type":"ImageObject","inLanguage":"fr-FR","@id":"https:\/\/www.efk.admin.ch\/fr\/#\/schema\/logo\/image\/","url":"https:\/\/www.efk.admin.ch\/wp-content\/uploads\/efk_cdf_logo_ohne_claim.png","contentUrl":"https:\/\/www.efk.admin.ch\/wp-content\/uploads\/efk_cdf_logo_ohne_claim.png","width":268,"height":258,"caption":"Contr\u00f4le f\u00e9d\u00e9ral des finances (CDF)"},"image":{"@id":"https:\/\/www.efk.admin.ch\/fr\/#\/schema\/logo\/image\/"},"sameAs":["https:\/\/www.instagram.com\/efk_cdf_sfao\/","https:\/\/www.youtube.com\/channel\/UCm-bXj227VE5sJzhB-ihdvw\/featured","https:\/\/www.linkedin.com\/company\/11081578\/"]}]}},"_links":{"self":[{"href":"https:\/\/www.efk.admin.ch\/fr\/wp-json\/wp\/v2\/audit\/6212","targetHints":{"allow":["GET"]}}],"collection":[{"href":"https:\/\/www.efk.admin.ch\/fr\/wp-json\/wp\/v2\/audit"}],"about":[{"href":"https:\/\/www.efk.admin.ch\/fr\/wp-json\/wp\/v2\/types\/audit"}],"acf:post":[{"embeddable":true,"href":"https:\/\/www.efk.admin.ch\/fr\/wp-json\/wp\/v2\/office\/7945"}],"wp:attachment":[{"href":"https:\/\/www.efk.admin.ch\/fr\/wp-json\/wp\/v2\/media?parent=6212"}],"wp:term":[{"taxonomy":"audit_category","embeddable":true,"href":"https:\/\/www.efk.admin.ch\/fr\/wp-json\/wp\/v2\/audit_category?post=6212"},{"taxonomy":"audit_type","embeddable":true,"href":"https:\/\/www.efk.admin.ch\/fr\/wp-json\/wp\/v2\/audit_type?post=6212"}],"curies":[{"name":"wp","href":"https:\/\/api.w.org\/{rel}","templated":true}]}}