{"id":6209,"date":"2024-01-17T16:37:33","date_gmt":"2024-01-17T15:37:33","guid":{"rendered":"https:\/\/preview.efk.admin.ch\/prufung\/audit-du-projet-informatique-cle-refonte-de-la-gestion-du-trafic-administration-federale-des-douanes-afd\/"},"modified":"2025-09-11T13:07:03","modified_gmt":"2025-09-11T11:07:03","slug":"audit-du-projet-informatique-cle-refonte-de-la-gestion-du-trafic-administration-federale-des-douanes-afd","status":"publish","type":"audit","link":"https:\/\/www.efk.admin.ch\/fr\/audit\/audit-du-projet-informatique-cle-refonte-de-la-gestion-du-trafic-administration-federale-des-douanes-afd\/","title":{"rendered":"Audit du projet informatique cl\u00e9: refonte de la gestion du trafic"},"content":{"rendered":"\n<p>Le paysage informatique de l&#8217;Administration f\u00e9d\u00e9rale des douanes (AFD) englobe un grand nombre d&#8217;applications. Elles ont vu le jour sur une p\u00e9riode de plus de dix ans en dehors de tous principes g\u00e9n\u00e9raux et uniformis\u00e9s en mati\u00e8re d&#8217;architecture et de technologie. R\u00e9sultat, on assiste \u00e0 une grande h\u00e9t\u00e9rog\u00e9n\u00e9it\u00e9 et \u00e0 de nombreuses interd\u00e9pendances et interfaces entre les applications. Durant les prochaines ann\u00e9es, ces syst\u00e8mes arriveront en fin de vie \u00e0 diff\u00e9rents moments. Les deux applications e-dec et NCTS jouent ici un r\u00f4le central. Elles servent \u00e0 traiter les d\u00e9clarations d&#8217;importation et d&#8217;exportation, ainsi que les annonces de transit. Elles repr\u00e9sentent pr\u00e8s d&#8217;un tiers du portefeuille d&#8217;applications.<\/p>\n","protected":false},"featured_media":0,"menu_order":0,"template":"","audit_category":[79],"audit_type":[52],"class_list":["post-6209","audit","type-audit","status-publish","hentry","audit_category-projets-informatiques","audit_type-audit-fr"],"acf":{"audit_lang":[{"lang":"d"}],"audit_numbers":[{"audit_number":"14569"}],"audit_office":[8017,7940],"audit_office_text":"","audit_date":"20150304","bgo":false,"keywords":"Le paysage informatique, applications, principes g\u00e9n\u00e9raux et uniformis\u00e9s en mati\u00e8re d'architecture et de technologie, interd\u00e9pendances, interfaces, syst\u00e8mes, fin de vie, e-dec et NCTS, traiter les d\u00e9clarations d'importation et d'exportation","audit_office_local":"AFD, OFDF"},"yoast_head":"<!-- This site is optimized with the Yoast SEO Premium plugin v27.4 (Yoast SEO v27.4) - https:\/\/yoast.com\/product\/yoast-seo-premium-wordpress\/ -->\n<title>Audit du projet informatique cl\u00e9: refonte de la gestion du trafic - Contr\u00f4le f\u00e9d\u00e9ral des finances (CDF)<\/title>\n<meta name=\"description\" content=\"Audit du projet informatique cl\u00e9: refonte de la gestion du trafic\" \/>\n<meta name=\"robots\" content=\"index, follow, max-snippet:-1, max-image-preview:large, max-video-preview:-1\" \/>\n<link rel=\"canonical\" href=\"https:\/\/www.efk.admin.ch\/fr\/audit\/audit-du-projet-informatique-cle-refonte-de-la-gestion-du-trafic-administration-federale-des-douanes-afd\/\" \/>\n<meta property=\"og:locale\" content=\"fr_FR\" \/>\n<meta property=\"og:type\" content=\"article\" \/>\n<meta property=\"og:title\" content=\"Audit du projet informatique cl\u00e9: refonte de la gestion du trafic\" \/>\n<meta property=\"og:description\" content=\"Audit du projet informatique cl\u00e9: refonte de la gestion du trafic\" \/>\n<meta property=\"og:url\" content=\"https:\/\/www.efk.admin.ch\/fr\/audit\/audit-du-projet-informatique-cle-refonte-de-la-gestion-du-trafic-administration-federale-des-douanes-afd\/\" \/>\n<meta property=\"og:site_name\" content=\"Contr\u00f4le f\u00e9d\u00e9ral des finances (CDF)\" \/>\n<meta property=\"article:modified_time\" content=\"2025-09-11T11:07:03+00:00\" \/>\n<meta property=\"og:image\" content=\"https:\/\/www.efk.admin.ch\/wp-content\/uploads\/test\/palais.jpg\" \/>\n\t<meta property=\"og:image:width\" content=\"750\" \/>\n\t<meta property=\"og:image:height\" content=\"500\" \/>\n\t<meta property=\"og:image:type\" content=\"image\/jpeg\" \/>\n<meta name=\"twitter:card\" content=\"summary_large_image\" \/>\n<meta name=\"twitter:label1\" content=\"Dur\u00e9e de lecture estim\u00e9e\" \/>\n\t<meta name=\"twitter:data1\" content=\"1 minute\" \/>\n<script type=\"application\/ld+json\" class=\"yoast-schema-graph\">{\"@context\":\"https:\\\/\\\/schema.org\",\"@graph\":[{\"@type\":\"WebPage\",\"@id\":\"https:\\\/\\\/www.efk.admin.ch\\\/fr\\\/audit\\\/audit-du-projet-informatique-cle-refonte-de-la-gestion-du-trafic-administration-federale-des-douanes-afd\\\/\",\"url\":\"https:\\\/\\\/www.efk.admin.ch\\\/fr\\\/audit\\\/audit-du-projet-informatique-cle-refonte-de-la-gestion-du-trafic-administration-federale-des-douanes-afd\\\/\",\"name\":\"Audit du projet informatique cl\u00e9: refonte de la gestion du trafic - Contr\u00f4le f\u00e9d\u00e9ral des finances (CDF)\",\"isPartOf\":{\"@id\":\"https:\\\/\\\/www.efk.admin.ch\\\/fr\\\/#website\"},\"datePublished\":\"2024-01-17T15:37:33+00:00\",\"dateModified\":\"2025-09-11T11:07:03+00:00\",\"description\":\"Audit du projet informatique cl\u00e9: refonte de la gestion du trafic\",\"breadcrumb\":{\"@id\":\"https:\\\/\\\/www.efk.admin.ch\\\/fr\\\/audit\\\/audit-du-projet-informatique-cle-refonte-de-la-gestion-du-trafic-administration-federale-des-douanes-afd\\\/#breadcrumb\"},\"inLanguage\":\"fr-FR\",\"potentialAction\":[{\"@type\":\"ReadAction\",\"target\":[\"https:\\\/\\\/www.efk.admin.ch\\\/fr\\\/audit\\\/audit-du-projet-informatique-cle-refonte-de-la-gestion-du-trafic-administration-federale-des-douanes-afd\\\/\"]}]},{\"@type\":\"BreadcrumbList\",\"@id\":\"https:\\\/\\\/www.efk.admin.ch\\\/fr\\\/audit\\\/audit-du-projet-informatique-cle-refonte-de-la-gestion-du-trafic-administration-federale-des-douanes-afd\\\/#breadcrumb\",\"itemListElement\":[{\"@type\":\"ListItem\",\"position\":1,\"name\":\"Home\",\"item\":\"https:\\\/\\\/www.efk.admin.ch\\\/fr\\\/\"},{\"@type\":\"ListItem\",\"position\":2,\"name\":\"Rapport\",\"item\":\"https:\\\/\\\/www.efk.admin.ch\\\/fr\\\/audit\\\/\"},{\"@type\":\"ListItem\",\"position\":3,\"name\":\"Audit du projet informatique cl\u00e9: refonte de la gestion du trafic\"}]},{\"@type\":\"WebSite\",\"@id\":\"https:\\\/\\\/www.efk.admin.ch\\\/fr\\\/#website\",\"url\":\"https:\\\/\\\/www.efk.admin.ch\\\/fr\\\/\",\"name\":\"Informationen \u00fcber das oberste Finanzaufsichtsorgan der Schweiz\",\"description\":\"Le Contr\u00f4le f\u00e9d\u00e9ral des finances (CDF) est l'organe supr\u00eame de surveillance financi\u00e8re de la Conf\u00e9d\u00e9ration suisse.\",\"publisher\":{\"@id\":\"https:\\\/\\\/www.efk.admin.ch\\\/fr\\\/#organization\"},\"alternateName\":\"EFK\",\"potentialAction\":[{\"@type\":\"SearchAction\",\"target\":{\"@type\":\"EntryPoint\",\"urlTemplate\":\"https:\\\/\\\/www.efk.admin.ch\\\/fr\\\/?s={search_term_string}\"},\"query-input\":{\"@type\":\"PropertyValueSpecification\",\"valueRequired\":true,\"valueName\":\"search_term_string\"}}],\"inLanguage\":\"fr-FR\"},{\"@type\":\"Organization\",\"@id\":\"https:\\\/\\\/www.efk.admin.ch\\\/fr\\\/#organization\",\"name\":\"Contr\u00f4le f\u00e9d\u00e9ral des finances (CDF)\",\"alternateName\":\"EFK\",\"url\":\"https:\\\/\\\/www.efk.admin.ch\\\/fr\\\/\",\"logo\":{\"@type\":\"ImageObject\",\"inLanguage\":\"fr-FR\",\"@id\":\"https:\\\/\\\/www.efk.admin.ch\\\/fr\\\/#\\\/schema\\\/logo\\\/image\\\/\",\"url\":\"https:\\\/\\\/www.efk.admin.ch\\\/wp-content\\\/uploads\\\/efk_cdf_logo_ohne_claim.png\",\"contentUrl\":\"https:\\\/\\\/www.efk.admin.ch\\\/wp-content\\\/uploads\\\/efk_cdf_logo_ohne_claim.png\",\"width\":268,\"height\":258,\"caption\":\"Contr\u00f4le f\u00e9d\u00e9ral des finances (CDF)\"},\"image\":{\"@id\":\"https:\\\/\\\/www.efk.admin.ch\\\/fr\\\/#\\\/schema\\\/logo\\\/image\\\/\"},\"sameAs\":[\"https:\\\/\\\/www.instagram.com\\\/efk_cdf_sfao\\\/\",\"https:\\\/\\\/www.youtube.com\\\/channel\\\/UCm-bXj227VE5sJzhB-ihdvw\\\/featured\",\"https:\\\/\\\/www.linkedin.com\\\/company\\\/11081578\\\/\"]}]}<\/script>\n<!-- \/ Yoast SEO Premium plugin. -->","yoast_head_json":{"title":"Audit du projet informatique cl\u00e9: refonte de la gestion du trafic - Contr\u00f4le f\u00e9d\u00e9ral des finances (CDF)","description":"Audit du projet informatique cl\u00e9: refonte de la gestion du trafic","robots":{"index":"index","follow":"follow","max-snippet":"max-snippet:-1","max-image-preview":"max-image-preview:large","max-video-preview":"max-video-preview:-1"},"canonical":"https:\/\/www.efk.admin.ch\/fr\/audit\/audit-du-projet-informatique-cle-refonte-de-la-gestion-du-trafic-administration-federale-des-douanes-afd\/","og_locale":"fr_FR","og_type":"article","og_title":"Audit du projet informatique cl\u00e9: refonte de la gestion du trafic","og_description":"Audit du projet informatique cl\u00e9: refonte de la gestion du trafic","og_url":"https:\/\/www.efk.admin.ch\/fr\/audit\/audit-du-projet-informatique-cle-refonte-de-la-gestion-du-trafic-administration-federale-des-douanes-afd\/","og_site_name":"Contr\u00f4le f\u00e9d\u00e9ral des finances (CDF)","article_modified_time":"2025-09-11T11:07:03+00:00","og_image":[{"width":750,"height":500,"url":"https:\/\/www.efk.admin.ch\/wp-content\/uploads\/test\/palais.jpg","type":"image\/jpeg"}],"twitter_card":"summary_large_image","twitter_misc":{"Dur\u00e9e de lecture estim\u00e9e":"1 minute"},"schema":{"@context":"https:\/\/schema.org","@graph":[{"@type":"WebPage","@id":"https:\/\/www.efk.admin.ch\/fr\/audit\/audit-du-projet-informatique-cle-refonte-de-la-gestion-du-trafic-administration-federale-des-douanes-afd\/","url":"https:\/\/www.efk.admin.ch\/fr\/audit\/audit-du-projet-informatique-cle-refonte-de-la-gestion-du-trafic-administration-federale-des-douanes-afd\/","name":"Audit du projet informatique cl\u00e9: refonte de la gestion du trafic - Contr\u00f4le f\u00e9d\u00e9ral des finances (CDF)","isPartOf":{"@id":"https:\/\/www.efk.admin.ch\/fr\/#website"},"datePublished":"2024-01-17T15:37:33+00:00","dateModified":"2025-09-11T11:07:03+00:00","description":"Audit du projet informatique cl\u00e9: refonte de la gestion du trafic","breadcrumb":{"@id":"https:\/\/www.efk.admin.ch\/fr\/audit\/audit-du-projet-informatique-cle-refonte-de-la-gestion-du-trafic-administration-federale-des-douanes-afd\/#breadcrumb"},"inLanguage":"fr-FR","potentialAction":[{"@type":"ReadAction","target":["https:\/\/www.efk.admin.ch\/fr\/audit\/audit-du-projet-informatique-cle-refonte-de-la-gestion-du-trafic-administration-federale-des-douanes-afd\/"]}]},{"@type":"BreadcrumbList","@id":"https:\/\/www.efk.admin.ch\/fr\/audit\/audit-du-projet-informatique-cle-refonte-de-la-gestion-du-trafic-administration-federale-des-douanes-afd\/#breadcrumb","itemListElement":[{"@type":"ListItem","position":1,"name":"Home","item":"https:\/\/www.efk.admin.ch\/fr\/"},{"@type":"ListItem","position":2,"name":"Rapport","item":"https:\/\/www.efk.admin.ch\/fr\/audit\/"},{"@type":"ListItem","position":3,"name":"Audit du projet informatique cl\u00e9: refonte de la gestion du trafic"}]},{"@type":"WebSite","@id":"https:\/\/www.efk.admin.ch\/fr\/#website","url":"https:\/\/www.efk.admin.ch\/fr\/","name":"Informationen \u00fcber das oberste Finanzaufsichtsorgan der Schweiz","description":"Le Contr\u00f4le f\u00e9d\u00e9ral des finances (CDF) est l'organe supr\u00eame de surveillance financi\u00e8re de la Conf\u00e9d\u00e9ration suisse.","publisher":{"@id":"https:\/\/www.efk.admin.ch\/fr\/#organization"},"alternateName":"EFK","potentialAction":[{"@type":"SearchAction","target":{"@type":"EntryPoint","urlTemplate":"https:\/\/www.efk.admin.ch\/fr\/?s={search_term_string}"},"query-input":{"@type":"PropertyValueSpecification","valueRequired":true,"valueName":"search_term_string"}}],"inLanguage":"fr-FR"},{"@type":"Organization","@id":"https:\/\/www.efk.admin.ch\/fr\/#organization","name":"Contr\u00f4le f\u00e9d\u00e9ral des finances (CDF)","alternateName":"EFK","url":"https:\/\/www.efk.admin.ch\/fr\/","logo":{"@type":"ImageObject","inLanguage":"fr-FR","@id":"https:\/\/www.efk.admin.ch\/fr\/#\/schema\/logo\/image\/","url":"https:\/\/www.efk.admin.ch\/wp-content\/uploads\/efk_cdf_logo_ohne_claim.png","contentUrl":"https:\/\/www.efk.admin.ch\/wp-content\/uploads\/efk_cdf_logo_ohne_claim.png","width":268,"height":258,"caption":"Contr\u00f4le f\u00e9d\u00e9ral des finances (CDF)"},"image":{"@id":"https:\/\/www.efk.admin.ch\/fr\/#\/schema\/logo\/image\/"},"sameAs":["https:\/\/www.instagram.com\/efk_cdf_sfao\/","https:\/\/www.youtube.com\/channel\/UCm-bXj227VE5sJzhB-ihdvw\/featured","https:\/\/www.linkedin.com\/company\/11081578\/"]}]}},"_links":{"self":[{"href":"https:\/\/www.efk.admin.ch\/fr\/wp-json\/wp\/v2\/audit\/6209","targetHints":{"allow":["GET"]}}],"collection":[{"href":"https:\/\/www.efk.admin.ch\/fr\/wp-json\/wp\/v2\/audit"}],"about":[{"href":"https:\/\/www.efk.admin.ch\/fr\/wp-json\/wp\/v2\/types\/audit"}],"acf:post":[{"embeddable":true,"href":"https:\/\/www.efk.admin.ch\/fr\/wp-json\/wp\/v2\/office\/7940"},{"embeddable":true,"href":"https:\/\/www.efk.admin.ch\/fr\/wp-json\/wp\/v2\/office\/8017"}],"wp:attachment":[{"href":"https:\/\/www.efk.admin.ch\/fr\/wp-json\/wp\/v2\/media?parent=6209"}],"wp:term":[{"taxonomy":"audit_category","embeddable":true,"href":"https:\/\/www.efk.admin.ch\/fr\/wp-json\/wp\/v2\/audit_category?post=6209"},{"taxonomy":"audit_type","embeddable":true,"href":"https:\/\/www.efk.admin.ch\/fr\/wp-json\/wp\/v2\/audit_type?post=6209"}],"curies":[{"name":"wp","href":"https:\/\/api.w.org\/{rel}","templated":true}]}}