{"id":6183,"date":"2024-01-17T16:37:27","date_gmt":"2024-01-17T15:37:27","guid":{"rendered":"https:\/\/preview.efk.admin.ch\/prufung\/systeme-de-controle-interne-dans-le-processus-des-achats-office-federal-de-la-statistique\/"},"modified":"2024-03-01T12:53:29","modified_gmt":"2024-03-01T11:53:29","slug":"systeme-de-controle-interne-dans-le-processus-des-achats-office-federal-de-la-statistique","status":"publish","type":"audit","link":"https:\/\/www.efk.admin.ch\/fr\/audit\/systeme-de-controle-interne-dans-le-processus-des-achats-office-federal-de-la-statistique\/","title":{"rendered":"Syst\u00e8me de contr\u00f4le interne dans le processus des achats"},"content":{"rendered":"\n<p>Le syst\u00e8me de contr\u00f4le interne (SCI) de l\u2019Office f\u00e9d\u00e9ral de la Statistique (OFS) existe \u00e0 l\u2019\u00e9tat de concept. Les diagrammes de d\u00e9roulement du processus des achats ont \u00e9t\u00e9 effectu\u00e9s. Les contr\u00f4les cl\u00e9s sont identifi\u00e9s. La prochaine \u00e9tape consiste \u00e0 impliquer les collaborateurs dans le relev\u00e9 des risques, puis dans leur ordonnancement, en vue d\u2019identifier les mesures propres \u00e0 les mitiger. La documentation du SCI n\u2019est pas finalis\u00e9e.<\/p>\n","protected":false},"featured_media":0,"menu_order":0,"template":"","audit_category":[27],"audit_type":[52],"class_list":["post-6183","audit","type-audit","status-publish","hentry","audit_category-achats-publics","audit_type-audit-fr"],"acf":{"audit_lang":[{"lang":"f"}],"audit_numbers":[{"audit_number":"15547"}],"audit_office":7906,"audit_office_text":"","audit_date":"20150811","bgo":false,"keywords":"concept, Les diagrammes de d\u00e9roulemen,  Les contr\u00f4les cl\u00e9s, relev\u00e9 des risques, puis dans leur ordonnancement, mesures, documentation","audit_office_local":""},"yoast_head":"<!-- This site is optimized with the Yoast SEO Premium plugin v27.4 (Yoast SEO v27.4) - https:\/\/yoast.com\/product\/yoast-seo-premium-wordpress\/ -->\n<title>Syst\u00e8me de contr\u00f4le interne dans le processus des achats - Contr\u00f4le f\u00e9d\u00e9ral des finances (CDF)<\/title>\n<meta name=\"description\" content=\"Syst\u00e8me de contr\u00f4le interne dans le processus des achats\" \/>\n<meta name=\"robots\" content=\"index, follow, max-snippet:-1, max-image-preview:large, max-video-preview:-1\" \/>\n<link rel=\"canonical\" href=\"https:\/\/www.efk.admin.ch\/fr\/audit\/systeme-de-controle-interne-dans-le-processus-des-achats-office-federal-de-la-statistique\/\" \/>\n<meta property=\"og:locale\" content=\"fr_FR\" \/>\n<meta property=\"og:type\" content=\"article\" \/>\n<meta property=\"og:title\" content=\"Syst\u00e8me de contr\u00f4le interne dans le processus des achats\" \/>\n<meta property=\"og:description\" content=\"Syst\u00e8me de contr\u00f4le interne dans le processus des achats\" \/>\n<meta property=\"og:url\" content=\"https:\/\/www.efk.admin.ch\/fr\/audit\/systeme-de-controle-interne-dans-le-processus-des-achats-office-federal-de-la-statistique\/\" \/>\n<meta property=\"og:site_name\" content=\"Contr\u00f4le f\u00e9d\u00e9ral des finances (CDF)\" \/>\n<meta property=\"article:modified_time\" content=\"2024-03-01T11:53:29+00:00\" \/>\n<meta property=\"og:image\" content=\"https:\/\/www.efk.admin.ch\/wp-content\/uploads\/test\/palais.jpg\" \/>\n\t<meta property=\"og:image:width\" content=\"750\" \/>\n\t<meta property=\"og:image:height\" content=\"500\" \/>\n\t<meta property=\"og:image:type\" content=\"image\/jpeg\" \/>\n<meta name=\"twitter:card\" content=\"summary_large_image\" \/>\n<script type=\"application\/ld+json\" class=\"yoast-schema-graph\">{\"@context\":\"https:\\\/\\\/schema.org\",\"@graph\":[{\"@type\":\"WebPage\",\"@id\":\"https:\\\/\\\/www.efk.admin.ch\\\/fr\\\/audit\\\/systeme-de-controle-interne-dans-le-processus-des-achats-office-federal-de-la-statistique\\\/\",\"url\":\"https:\\\/\\\/www.efk.admin.ch\\\/fr\\\/audit\\\/systeme-de-controle-interne-dans-le-processus-des-achats-office-federal-de-la-statistique\\\/\",\"name\":\"Syst\u00e8me de contr\u00f4le interne dans le processus des achats - Contr\u00f4le f\u00e9d\u00e9ral des finances (CDF)\",\"isPartOf\":{\"@id\":\"https:\\\/\\\/www.efk.admin.ch\\\/fr\\\/#website\"},\"datePublished\":\"2024-01-17T15:37:27+00:00\",\"dateModified\":\"2024-03-01T11:53:29+00:00\",\"description\":\"Syst\u00e8me de contr\u00f4le interne dans le processus des achats\",\"breadcrumb\":{\"@id\":\"https:\\\/\\\/www.efk.admin.ch\\\/fr\\\/audit\\\/systeme-de-controle-interne-dans-le-processus-des-achats-office-federal-de-la-statistique\\\/#breadcrumb\"},\"inLanguage\":\"fr-FR\",\"potentialAction\":[{\"@type\":\"ReadAction\",\"target\":[\"https:\\\/\\\/www.efk.admin.ch\\\/fr\\\/audit\\\/systeme-de-controle-interne-dans-le-processus-des-achats-office-federal-de-la-statistique\\\/\"]}]},{\"@type\":\"BreadcrumbList\",\"@id\":\"https:\\\/\\\/www.efk.admin.ch\\\/fr\\\/audit\\\/systeme-de-controle-interne-dans-le-processus-des-achats-office-federal-de-la-statistique\\\/#breadcrumb\",\"itemListElement\":[{\"@type\":\"ListItem\",\"position\":1,\"name\":\"Home\",\"item\":\"https:\\\/\\\/www.efk.admin.ch\\\/fr\\\/\"},{\"@type\":\"ListItem\",\"position\":2,\"name\":\"Rapport\",\"item\":\"https:\\\/\\\/www.efk.admin.ch\\\/fr\\\/audit\\\/\"},{\"@type\":\"ListItem\",\"position\":3,\"name\":\"Syst\u00e8me de contr\u00f4le interne dans le processus des achats\"}]},{\"@type\":\"WebSite\",\"@id\":\"https:\\\/\\\/www.efk.admin.ch\\\/fr\\\/#website\",\"url\":\"https:\\\/\\\/www.efk.admin.ch\\\/fr\\\/\",\"name\":\"Informationen \u00fcber das oberste Finanzaufsichtsorgan der Schweiz\",\"description\":\"Le Contr\u00f4le f\u00e9d\u00e9ral des finances (CDF) est l'organe supr\u00eame de surveillance financi\u00e8re de la Conf\u00e9d\u00e9ration suisse.\",\"publisher\":{\"@id\":\"https:\\\/\\\/www.efk.admin.ch\\\/fr\\\/#organization\"},\"alternateName\":\"EFK\",\"potentialAction\":[{\"@type\":\"SearchAction\",\"target\":{\"@type\":\"EntryPoint\",\"urlTemplate\":\"https:\\\/\\\/www.efk.admin.ch\\\/fr\\\/?s={search_term_string}\"},\"query-input\":{\"@type\":\"PropertyValueSpecification\",\"valueRequired\":true,\"valueName\":\"search_term_string\"}}],\"inLanguage\":\"fr-FR\"},{\"@type\":\"Organization\",\"@id\":\"https:\\\/\\\/www.efk.admin.ch\\\/fr\\\/#organization\",\"name\":\"Contr\u00f4le f\u00e9d\u00e9ral des finances (CDF)\",\"alternateName\":\"EFK\",\"url\":\"https:\\\/\\\/www.efk.admin.ch\\\/fr\\\/\",\"logo\":{\"@type\":\"ImageObject\",\"inLanguage\":\"fr-FR\",\"@id\":\"https:\\\/\\\/www.efk.admin.ch\\\/fr\\\/#\\\/schema\\\/logo\\\/image\\\/\",\"url\":\"https:\\\/\\\/www.efk.admin.ch\\\/wp-content\\\/uploads\\\/efk_cdf_logo_ohne_claim.png\",\"contentUrl\":\"https:\\\/\\\/www.efk.admin.ch\\\/wp-content\\\/uploads\\\/efk_cdf_logo_ohne_claim.png\",\"width\":268,\"height\":258,\"caption\":\"Contr\u00f4le f\u00e9d\u00e9ral des finances (CDF)\"},\"image\":{\"@id\":\"https:\\\/\\\/www.efk.admin.ch\\\/fr\\\/#\\\/schema\\\/logo\\\/image\\\/\"},\"sameAs\":[\"https:\\\/\\\/www.instagram.com\\\/efk_cdf_sfao\\\/\",\"https:\\\/\\\/www.youtube.com\\\/channel\\\/UCm-bXj227VE5sJzhB-ihdvw\\\/featured\",\"https:\\\/\\\/www.linkedin.com\\\/company\\\/11081578\\\/\"]}]}<\/script>\n<!-- \/ Yoast SEO Premium plugin. -->","yoast_head_json":{"title":"Syst\u00e8me de contr\u00f4le interne dans le processus des achats - Contr\u00f4le f\u00e9d\u00e9ral des finances (CDF)","description":"Syst\u00e8me de contr\u00f4le interne dans le processus des achats","robots":{"index":"index","follow":"follow","max-snippet":"max-snippet:-1","max-image-preview":"max-image-preview:large","max-video-preview":"max-video-preview:-1"},"canonical":"https:\/\/www.efk.admin.ch\/fr\/audit\/systeme-de-controle-interne-dans-le-processus-des-achats-office-federal-de-la-statistique\/","og_locale":"fr_FR","og_type":"article","og_title":"Syst\u00e8me de contr\u00f4le interne dans le processus des achats","og_description":"Syst\u00e8me de contr\u00f4le interne dans le processus des achats","og_url":"https:\/\/www.efk.admin.ch\/fr\/audit\/systeme-de-controle-interne-dans-le-processus-des-achats-office-federal-de-la-statistique\/","og_site_name":"Contr\u00f4le f\u00e9d\u00e9ral des finances (CDF)","article_modified_time":"2024-03-01T11:53:29+00:00","og_image":[{"width":750,"height":500,"url":"https:\/\/www.efk.admin.ch\/wp-content\/uploads\/test\/palais.jpg","type":"image\/jpeg"}],"twitter_card":"summary_large_image","schema":{"@context":"https:\/\/schema.org","@graph":[{"@type":"WebPage","@id":"https:\/\/www.efk.admin.ch\/fr\/audit\/systeme-de-controle-interne-dans-le-processus-des-achats-office-federal-de-la-statistique\/","url":"https:\/\/www.efk.admin.ch\/fr\/audit\/systeme-de-controle-interne-dans-le-processus-des-achats-office-federal-de-la-statistique\/","name":"Syst\u00e8me de contr\u00f4le interne dans le processus des achats - Contr\u00f4le f\u00e9d\u00e9ral des finances (CDF)","isPartOf":{"@id":"https:\/\/www.efk.admin.ch\/fr\/#website"},"datePublished":"2024-01-17T15:37:27+00:00","dateModified":"2024-03-01T11:53:29+00:00","description":"Syst\u00e8me de contr\u00f4le interne dans le processus des achats","breadcrumb":{"@id":"https:\/\/www.efk.admin.ch\/fr\/audit\/systeme-de-controle-interne-dans-le-processus-des-achats-office-federal-de-la-statistique\/#breadcrumb"},"inLanguage":"fr-FR","potentialAction":[{"@type":"ReadAction","target":["https:\/\/www.efk.admin.ch\/fr\/audit\/systeme-de-controle-interne-dans-le-processus-des-achats-office-federal-de-la-statistique\/"]}]},{"@type":"BreadcrumbList","@id":"https:\/\/www.efk.admin.ch\/fr\/audit\/systeme-de-controle-interne-dans-le-processus-des-achats-office-federal-de-la-statistique\/#breadcrumb","itemListElement":[{"@type":"ListItem","position":1,"name":"Home","item":"https:\/\/www.efk.admin.ch\/fr\/"},{"@type":"ListItem","position":2,"name":"Rapport","item":"https:\/\/www.efk.admin.ch\/fr\/audit\/"},{"@type":"ListItem","position":3,"name":"Syst\u00e8me de contr\u00f4le interne dans le processus des achats"}]},{"@type":"WebSite","@id":"https:\/\/www.efk.admin.ch\/fr\/#website","url":"https:\/\/www.efk.admin.ch\/fr\/","name":"Informationen \u00fcber das oberste Finanzaufsichtsorgan der Schweiz","description":"Le Contr\u00f4le f\u00e9d\u00e9ral des finances (CDF) est l'organe supr\u00eame de surveillance financi\u00e8re de la Conf\u00e9d\u00e9ration suisse.","publisher":{"@id":"https:\/\/www.efk.admin.ch\/fr\/#organization"},"alternateName":"EFK","potentialAction":[{"@type":"SearchAction","target":{"@type":"EntryPoint","urlTemplate":"https:\/\/www.efk.admin.ch\/fr\/?s={search_term_string}"},"query-input":{"@type":"PropertyValueSpecification","valueRequired":true,"valueName":"search_term_string"}}],"inLanguage":"fr-FR"},{"@type":"Organization","@id":"https:\/\/www.efk.admin.ch\/fr\/#organization","name":"Contr\u00f4le f\u00e9d\u00e9ral des finances (CDF)","alternateName":"EFK","url":"https:\/\/www.efk.admin.ch\/fr\/","logo":{"@type":"ImageObject","inLanguage":"fr-FR","@id":"https:\/\/www.efk.admin.ch\/fr\/#\/schema\/logo\/image\/","url":"https:\/\/www.efk.admin.ch\/wp-content\/uploads\/efk_cdf_logo_ohne_claim.png","contentUrl":"https:\/\/www.efk.admin.ch\/wp-content\/uploads\/efk_cdf_logo_ohne_claim.png","width":268,"height":258,"caption":"Contr\u00f4le f\u00e9d\u00e9ral des finances (CDF)"},"image":{"@id":"https:\/\/www.efk.admin.ch\/fr\/#\/schema\/logo\/image\/"},"sameAs":["https:\/\/www.instagram.com\/efk_cdf_sfao\/","https:\/\/www.youtube.com\/channel\/UCm-bXj227VE5sJzhB-ihdvw\/featured","https:\/\/www.linkedin.com\/company\/11081578\/"]}]}},"_links":{"self":[{"href":"https:\/\/www.efk.admin.ch\/fr\/wp-json\/wp\/v2\/audit\/6183","targetHints":{"allow":["GET"]}}],"collection":[{"href":"https:\/\/www.efk.admin.ch\/fr\/wp-json\/wp\/v2\/audit"}],"about":[{"href":"https:\/\/www.efk.admin.ch\/fr\/wp-json\/wp\/v2\/types\/audit"}],"acf:post":[{"embeddable":true,"href":"https:\/\/www.efk.admin.ch\/fr\/wp-json\/wp\/v2\/office\/7906"}],"wp:attachment":[{"href":"https:\/\/www.efk.admin.ch\/fr\/wp-json\/wp\/v2\/media?parent=6183"}],"wp:term":[{"taxonomy":"audit_category","embeddable":true,"href":"https:\/\/www.efk.admin.ch\/fr\/wp-json\/wp\/v2\/audit_category?post=6183"},{"taxonomy":"audit_type","embeddable":true,"href":"https:\/\/www.efk.admin.ch\/fr\/wp-json\/wp\/v2\/audit_type?post=6183"}],"curies":[{"name":"wp","href":"https:\/\/api.w.org\/{rel}","templated":true}]}}