{"id":6172,"date":"2024-01-17T16:37:21","date_gmt":"2024-01-17T15:37:21","guid":{"rendered":"https:\/\/preview.efk.admin.ch\/prufung\/participation-de-la-suisse-a-lexposition-universelle-2015-a-milan-audit-de-surveillance-financiere-aupres-de-presence-suisse\/"},"modified":"2025-01-07T13:47:22","modified_gmt":"2025-01-07T12:47:22","slug":"participation-de-la-suisse-a-lexposition-universelle-2015-a-milan-audit-de-surveillance-financiere-aupres-de-presence-suisse","status":"publish","type":"audit","link":"https:\/\/www.efk.admin.ch\/fr\/audit\/participation-de-la-suisse-a-lexposition-universelle-2015-a-milan-audit-de-surveillance-financiere-aupres-de-presence-suisse\/","title":{"rendered":"Participation de la Suisse \u00e0 l\u2019Exposition universelle 2015 \u00e0 Milan"},"content":{"rendered":"\n<p>2,1 millions de personnes ont visit\u00e9 le Pavillon suisse durant les six mois de l\u2019Exposition universelle de Milan, soit une moyenne de 11 400 personnes par jour. Exhibitor, le magazine des exposants, et la presse italienne ont jug\u00e9 que ce Pavillon a \u00e9t\u00e9 celui qui avait le mieux interpr\u00e9t\u00e9 le th\u00e8me de la manifestation (\u00ab Nourrir la plan\u00e8te, Energie pour la vie \u00bb). Le Contr\u00f4le f\u00e9d\u00e9ral des finances (CDF) a effectu\u00e9 un audit de cette participation suisse, notamment en visitant le Pavillon fin octobre. Globalement, il tire un r\u00e9sultat positif de cette op\u00e9ration men\u00e9e par Pr\u00e9sence Suisse (PRS).<\/p>\n","protected":false},"featured_media":0,"menu_order":0,"template":"","audit_category":[64],"audit_type":[50],"class_list":["post-6172","audit","type-audit","status-publish","hentry","audit_category-relations-avec-l-etranger","audit_type-pruefung"],"acf":{"audit_lang":[{"lang":"f"}],"audit_numbers":[{"audit_number":"15356"}],"audit_office":[24496],"audit_office_text":"","audit_date":"20160216","bgo":false,"keywords":"l\u2019Exposition universelle, Milan, le Pavillon suisse, Exhibitor, le magazine des exposants, (\u00ab Nourrir la plan\u00e8te, Energie pour la vie \u00bb), participation suisse","audit_office_local":""},"yoast_head":"<!-- This site is optimized with the Yoast SEO Premium plugin v27.4 (Yoast SEO v27.4) - https:\/\/yoast.com\/product\/yoast-seo-premium-wordpress\/ -->\n<title>Participation de la Suisse \u00e0 l\u2019Exposition universelle 2015 \u00e0 Milan - Contr\u00f4le f\u00e9d\u00e9ral des finances (CDF)<\/title>\n<meta name=\"description\" content=\"Participation de la Suisse \u00e0 l\u2019Exposition universelle 2015 \u00e0 Milan\" \/>\n<meta name=\"robots\" content=\"index, follow, max-snippet:-1, max-image-preview:large, max-video-preview:-1\" \/>\n<link rel=\"canonical\" href=\"https:\/\/www.efk.admin.ch\/fr\/audit\/participation-de-la-suisse-a-lexposition-universelle-2015-a-milan-audit-de-surveillance-financiere-aupres-de-presence-suisse\/\" \/>\n<meta property=\"og:locale\" content=\"fr_FR\" \/>\n<meta property=\"og:type\" content=\"article\" \/>\n<meta property=\"og:title\" content=\"Participation de la Suisse \u00e0 l\u2019Exposition universelle 2015 \u00e0 Milan\" \/>\n<meta property=\"og:description\" content=\"Participation de la Suisse \u00e0 l\u2019Exposition universelle 2015 \u00e0 Milan\" \/>\n<meta property=\"og:url\" content=\"https:\/\/www.efk.admin.ch\/fr\/audit\/participation-de-la-suisse-a-lexposition-universelle-2015-a-milan-audit-de-surveillance-financiere-aupres-de-presence-suisse\/\" \/>\n<meta property=\"og:site_name\" content=\"Contr\u00f4le f\u00e9d\u00e9ral des finances (CDF)\" \/>\n<meta property=\"article:modified_time\" content=\"2025-01-07T12:47:22+00:00\" \/>\n<meta property=\"og:image\" content=\"https:\/\/www.efk.admin.ch\/wp-content\/uploads\/test\/palais.jpg\" \/>\n\t<meta property=\"og:image:width\" content=\"750\" \/>\n\t<meta property=\"og:image:height\" content=\"500\" \/>\n\t<meta property=\"og:image:type\" content=\"image\/jpeg\" \/>\n<meta name=\"twitter:card\" content=\"summary_large_image\" \/>\n<meta name=\"twitter:label1\" content=\"Dur\u00e9e de lecture estim\u00e9e\" \/>\n\t<meta name=\"twitter:data1\" content=\"1 minute\" \/>\n<script type=\"application\/ld+json\" class=\"yoast-schema-graph\">{\"@context\":\"https:\\\/\\\/schema.org\",\"@graph\":[{\"@type\":\"WebPage\",\"@id\":\"https:\\\/\\\/www.efk.admin.ch\\\/fr\\\/audit\\\/participation-de-la-suisse-a-lexposition-universelle-2015-a-milan-audit-de-surveillance-financiere-aupres-de-presence-suisse\\\/\",\"url\":\"https:\\\/\\\/www.efk.admin.ch\\\/fr\\\/audit\\\/participation-de-la-suisse-a-lexposition-universelle-2015-a-milan-audit-de-surveillance-financiere-aupres-de-presence-suisse\\\/\",\"name\":\"Participation de la Suisse \u00e0 l\u2019Exposition universelle 2015 \u00e0 Milan - Contr\u00f4le f\u00e9d\u00e9ral des finances (CDF)\",\"isPartOf\":{\"@id\":\"https:\\\/\\\/www.efk.admin.ch\\\/fr\\\/#website\"},\"datePublished\":\"2024-01-17T15:37:21+00:00\",\"dateModified\":\"2025-01-07T12:47:22+00:00\",\"description\":\"Participation de la Suisse \u00e0 l\u2019Exposition universelle 2015 \u00e0 Milan\",\"breadcrumb\":{\"@id\":\"https:\\\/\\\/www.efk.admin.ch\\\/fr\\\/audit\\\/participation-de-la-suisse-a-lexposition-universelle-2015-a-milan-audit-de-surveillance-financiere-aupres-de-presence-suisse\\\/#breadcrumb\"},\"inLanguage\":\"fr-FR\",\"potentialAction\":[{\"@type\":\"ReadAction\",\"target\":[\"https:\\\/\\\/www.efk.admin.ch\\\/fr\\\/audit\\\/participation-de-la-suisse-a-lexposition-universelle-2015-a-milan-audit-de-surveillance-financiere-aupres-de-presence-suisse\\\/\"]}]},{\"@type\":\"BreadcrumbList\",\"@id\":\"https:\\\/\\\/www.efk.admin.ch\\\/fr\\\/audit\\\/participation-de-la-suisse-a-lexposition-universelle-2015-a-milan-audit-de-surveillance-financiere-aupres-de-presence-suisse\\\/#breadcrumb\",\"itemListElement\":[{\"@type\":\"ListItem\",\"position\":1,\"name\":\"Home\",\"item\":\"https:\\\/\\\/www.efk.admin.ch\\\/fr\\\/\"},{\"@type\":\"ListItem\",\"position\":2,\"name\":\"Rapport\",\"item\":\"https:\\\/\\\/www.efk.admin.ch\\\/fr\\\/audit\\\/\"},{\"@type\":\"ListItem\",\"position\":3,\"name\":\"Participation de la Suisse \u00e0 l\u2019Exposition universelle 2015 \u00e0 Milan\"}]},{\"@type\":\"WebSite\",\"@id\":\"https:\\\/\\\/www.efk.admin.ch\\\/fr\\\/#website\",\"url\":\"https:\\\/\\\/www.efk.admin.ch\\\/fr\\\/\",\"name\":\"Informationen \u00fcber das oberste Finanzaufsichtsorgan der Schweiz\",\"description\":\"Le Contr\u00f4le f\u00e9d\u00e9ral des finances (CDF) est l'organe supr\u00eame de surveillance financi\u00e8re de la Conf\u00e9d\u00e9ration suisse.\",\"publisher\":{\"@id\":\"https:\\\/\\\/www.efk.admin.ch\\\/fr\\\/#organization\"},\"alternateName\":\"EFK\",\"potentialAction\":[{\"@type\":\"SearchAction\",\"target\":{\"@type\":\"EntryPoint\",\"urlTemplate\":\"https:\\\/\\\/www.efk.admin.ch\\\/fr\\\/?s={search_term_string}\"},\"query-input\":{\"@type\":\"PropertyValueSpecification\",\"valueRequired\":true,\"valueName\":\"search_term_string\"}}],\"inLanguage\":\"fr-FR\"},{\"@type\":\"Organization\",\"@id\":\"https:\\\/\\\/www.efk.admin.ch\\\/fr\\\/#organization\",\"name\":\"Contr\u00f4le f\u00e9d\u00e9ral des finances (CDF)\",\"alternateName\":\"EFK\",\"url\":\"https:\\\/\\\/www.efk.admin.ch\\\/fr\\\/\",\"logo\":{\"@type\":\"ImageObject\",\"inLanguage\":\"fr-FR\",\"@id\":\"https:\\\/\\\/www.efk.admin.ch\\\/fr\\\/#\\\/schema\\\/logo\\\/image\\\/\",\"url\":\"https:\\\/\\\/www.efk.admin.ch\\\/wp-content\\\/uploads\\\/efk_cdf_logo_ohne_claim.png\",\"contentUrl\":\"https:\\\/\\\/www.efk.admin.ch\\\/wp-content\\\/uploads\\\/efk_cdf_logo_ohne_claim.png\",\"width\":268,\"height\":258,\"caption\":\"Contr\u00f4le f\u00e9d\u00e9ral des finances (CDF)\"},\"image\":{\"@id\":\"https:\\\/\\\/www.efk.admin.ch\\\/fr\\\/#\\\/schema\\\/logo\\\/image\\\/\"},\"sameAs\":[\"https:\\\/\\\/www.instagram.com\\\/efk_cdf_sfao\\\/\",\"https:\\\/\\\/www.youtube.com\\\/channel\\\/UCm-bXj227VE5sJzhB-ihdvw\\\/featured\",\"https:\\\/\\\/www.linkedin.com\\\/company\\\/11081578\\\/\"]}]}<\/script>\n<!-- \/ Yoast SEO Premium plugin. -->","yoast_head_json":{"title":"Participation de la Suisse \u00e0 l\u2019Exposition universelle 2015 \u00e0 Milan - Contr\u00f4le f\u00e9d\u00e9ral des finances (CDF)","description":"Participation de la Suisse \u00e0 l\u2019Exposition universelle 2015 \u00e0 Milan","robots":{"index":"index","follow":"follow","max-snippet":"max-snippet:-1","max-image-preview":"max-image-preview:large","max-video-preview":"max-video-preview:-1"},"canonical":"https:\/\/www.efk.admin.ch\/fr\/audit\/participation-de-la-suisse-a-lexposition-universelle-2015-a-milan-audit-de-surveillance-financiere-aupres-de-presence-suisse\/","og_locale":"fr_FR","og_type":"article","og_title":"Participation de la Suisse \u00e0 l\u2019Exposition universelle 2015 \u00e0 Milan","og_description":"Participation de la Suisse \u00e0 l\u2019Exposition universelle 2015 \u00e0 Milan","og_url":"https:\/\/www.efk.admin.ch\/fr\/audit\/participation-de-la-suisse-a-lexposition-universelle-2015-a-milan-audit-de-surveillance-financiere-aupres-de-presence-suisse\/","og_site_name":"Contr\u00f4le f\u00e9d\u00e9ral des finances (CDF)","article_modified_time":"2025-01-07T12:47:22+00:00","og_image":[{"width":750,"height":500,"url":"https:\/\/www.efk.admin.ch\/wp-content\/uploads\/test\/palais.jpg","type":"image\/jpeg"}],"twitter_card":"summary_large_image","twitter_misc":{"Dur\u00e9e de lecture estim\u00e9e":"1 minute"},"schema":{"@context":"https:\/\/schema.org","@graph":[{"@type":"WebPage","@id":"https:\/\/www.efk.admin.ch\/fr\/audit\/participation-de-la-suisse-a-lexposition-universelle-2015-a-milan-audit-de-surveillance-financiere-aupres-de-presence-suisse\/","url":"https:\/\/www.efk.admin.ch\/fr\/audit\/participation-de-la-suisse-a-lexposition-universelle-2015-a-milan-audit-de-surveillance-financiere-aupres-de-presence-suisse\/","name":"Participation de la Suisse \u00e0 l\u2019Exposition universelle 2015 \u00e0 Milan - Contr\u00f4le f\u00e9d\u00e9ral des finances (CDF)","isPartOf":{"@id":"https:\/\/www.efk.admin.ch\/fr\/#website"},"datePublished":"2024-01-17T15:37:21+00:00","dateModified":"2025-01-07T12:47:22+00:00","description":"Participation de la Suisse \u00e0 l\u2019Exposition universelle 2015 \u00e0 Milan","breadcrumb":{"@id":"https:\/\/www.efk.admin.ch\/fr\/audit\/participation-de-la-suisse-a-lexposition-universelle-2015-a-milan-audit-de-surveillance-financiere-aupres-de-presence-suisse\/#breadcrumb"},"inLanguage":"fr-FR","potentialAction":[{"@type":"ReadAction","target":["https:\/\/www.efk.admin.ch\/fr\/audit\/participation-de-la-suisse-a-lexposition-universelle-2015-a-milan-audit-de-surveillance-financiere-aupres-de-presence-suisse\/"]}]},{"@type":"BreadcrumbList","@id":"https:\/\/www.efk.admin.ch\/fr\/audit\/participation-de-la-suisse-a-lexposition-universelle-2015-a-milan-audit-de-surveillance-financiere-aupres-de-presence-suisse\/#breadcrumb","itemListElement":[{"@type":"ListItem","position":1,"name":"Home","item":"https:\/\/www.efk.admin.ch\/fr\/"},{"@type":"ListItem","position":2,"name":"Rapport","item":"https:\/\/www.efk.admin.ch\/fr\/audit\/"},{"@type":"ListItem","position":3,"name":"Participation de la Suisse \u00e0 l\u2019Exposition universelle 2015 \u00e0 Milan"}]},{"@type":"WebSite","@id":"https:\/\/www.efk.admin.ch\/fr\/#website","url":"https:\/\/www.efk.admin.ch\/fr\/","name":"Informationen \u00fcber das oberste Finanzaufsichtsorgan der Schweiz","description":"Le Contr\u00f4le f\u00e9d\u00e9ral des finances (CDF) est l'organe supr\u00eame de surveillance financi\u00e8re de la Conf\u00e9d\u00e9ration suisse.","publisher":{"@id":"https:\/\/www.efk.admin.ch\/fr\/#organization"},"alternateName":"EFK","potentialAction":[{"@type":"SearchAction","target":{"@type":"EntryPoint","urlTemplate":"https:\/\/www.efk.admin.ch\/fr\/?s={search_term_string}"},"query-input":{"@type":"PropertyValueSpecification","valueRequired":true,"valueName":"search_term_string"}}],"inLanguage":"fr-FR"},{"@type":"Organization","@id":"https:\/\/www.efk.admin.ch\/fr\/#organization","name":"Contr\u00f4le f\u00e9d\u00e9ral des finances (CDF)","alternateName":"EFK","url":"https:\/\/www.efk.admin.ch\/fr\/","logo":{"@type":"ImageObject","inLanguage":"fr-FR","@id":"https:\/\/www.efk.admin.ch\/fr\/#\/schema\/logo\/image\/","url":"https:\/\/www.efk.admin.ch\/wp-content\/uploads\/efk_cdf_logo_ohne_claim.png","contentUrl":"https:\/\/www.efk.admin.ch\/wp-content\/uploads\/efk_cdf_logo_ohne_claim.png","width":268,"height":258,"caption":"Contr\u00f4le f\u00e9d\u00e9ral des finances (CDF)"},"image":{"@id":"https:\/\/www.efk.admin.ch\/fr\/#\/schema\/logo\/image\/"},"sameAs":["https:\/\/www.instagram.com\/efk_cdf_sfao\/","https:\/\/www.youtube.com\/channel\/UCm-bXj227VE5sJzhB-ihdvw\/featured","https:\/\/www.linkedin.com\/company\/11081578\/"]}]}},"_links":{"self":[{"href":"https:\/\/www.efk.admin.ch\/fr\/wp-json\/wp\/v2\/audit\/6172","targetHints":{"allow":["GET"]}}],"collection":[{"href":"https:\/\/www.efk.admin.ch\/fr\/wp-json\/wp\/v2\/audit"}],"about":[{"href":"https:\/\/www.efk.admin.ch\/fr\/wp-json\/wp\/v2\/types\/audit"}],"acf:post":[{"embeddable":true,"href":"https:\/\/www.efk.admin.ch\/fr\/wp-json\/wp\/v2\/office\/24496"}],"wp:attachment":[{"href":"https:\/\/www.efk.admin.ch\/fr\/wp-json\/wp\/v2\/media?parent=6172"}],"wp:term":[{"taxonomy":"audit_category","embeddable":true,"href":"https:\/\/www.efk.admin.ch\/fr\/wp-json\/wp\/v2\/audit_category?post=6172"},{"taxonomy":"audit_type","embeddable":true,"href":"https:\/\/www.efk.admin.ch\/fr\/wp-json\/wp\/v2\/audit_type?post=6172"}],"curies":[{"name":"wp","href":"https:\/\/api.w.org\/{rel}","templated":true}]}}