{"id":6168,"date":"2024-01-17T16:37:21","date_gmt":"2024-01-17T15:37:21","guid":{"rendered":"https:\/\/preview.efk.admin.ch\/prufung\/efficacite-de-lorganisation-des-affaires-compensatoires-lors-dachats-darmements-armasuisse\/"},"modified":"2024-03-01T13:36:21","modified_gmt":"2024-03-01T12:36:21","slug":"efficacite-de-lorganisation-des-affaires-compensatoires-lors-dachats-darmements-armasuisse","status":"publish","type":"audit","link":"https:\/\/www.efk.admin.ch\/fr\/audit\/efficacite-de-lorganisation-des-affaires-compensatoires-lors-dachats-darmements-armasuisse\/","title":{"rendered":"Efficacit\u00e9 de l&#8217;organisation des affaires compensatoires lors d&#8217;achats d\u2019armements"},"content":{"rendered":"\n<p>Le Contr\u00f4le f\u00e9d\u00e9ral des finances (CDF) a examin\u00e9 la mise en oeuvre des recommandations formul\u00e9es en 2007 dans son rapport sur les affaires compensatoires d\u2019achat d\u2019armements \u00e0 l\u2019\u00e9tranger. Il s\u2019est \u00e9galement int\u00e9ress\u00e9 \u00e0 l\u2019efficacit\u00e9 de l\u2019organisation afin de s\u2019assurer de l\u2019atteinte des objectifs.<\/p>\n","protected":false},"featured_media":0,"menu_order":0,"template":"","audit_category":[39],"audit_type":[52],"class_list":["post-6168","audit","type-audit","status-publish","hentry","audit_category-defense-et-armee","audit_type-audit-fr"],"acf":{"audit_lang":[{"lang":"f"}],"audit_numbers":[{"audit_number":"15525"}],"audit_office":7930,"audit_office_text":"","audit_date":"20160223","bgo":false,"keywords":"recommandations, 2007 dans son rapport, les affaires compensatoires d\u2019achat d\u2019armements, \u00e0 l\u2019\u00e9tranger","audit_office_local":""},"yoast_head":"<!-- This site is optimized with the Yoast SEO Premium plugin v27.4 (Yoast SEO v27.4) - https:\/\/yoast.com\/product\/yoast-seo-premium-wordpress\/ -->\n<title>Efficacit\u00e9 de l&#039;organisation des affaires compensatoires lors d&#039;achats d\u2019armements - Contr\u00f4le f\u00e9d\u00e9ral des finances (CDF)<\/title>\n<meta name=\"description\" content=\"Efficacit\u00e9 de l&#039;organisation des affaires compensatoires lors d&#039;achats d\u2019armements\" \/>\n<meta name=\"robots\" content=\"index, follow, max-snippet:-1, max-image-preview:large, max-video-preview:-1\" \/>\n<link rel=\"canonical\" href=\"https:\/\/www.efk.admin.ch\/fr\/audit\/efficacite-de-lorganisation-des-affaires-compensatoires-lors-dachats-darmements-armasuisse\/\" \/>\n<meta property=\"og:locale\" content=\"fr_FR\" \/>\n<meta property=\"og:type\" content=\"article\" \/>\n<meta property=\"og:title\" content=\"Efficacit\u00e9 de l&#039;organisation des affaires compensatoires lors d&#039;achats d\u2019armements\" \/>\n<meta property=\"og:description\" content=\"Efficacit\u00e9 de l&#039;organisation des affaires compensatoires lors d&#039;achats d\u2019armements\" \/>\n<meta property=\"og:url\" content=\"https:\/\/www.efk.admin.ch\/fr\/audit\/efficacite-de-lorganisation-des-affaires-compensatoires-lors-dachats-darmements-armasuisse\/\" \/>\n<meta property=\"og:site_name\" content=\"Contr\u00f4le f\u00e9d\u00e9ral des finances (CDF)\" \/>\n<meta property=\"article:modified_time\" content=\"2024-03-01T12:36:21+00:00\" \/>\n<meta property=\"og:image\" content=\"https:\/\/www.efk.admin.ch\/wp-content\/uploads\/test\/palais.jpg\" \/>\n\t<meta property=\"og:image:width\" content=\"750\" \/>\n\t<meta property=\"og:image:height\" content=\"500\" \/>\n\t<meta property=\"og:image:type\" content=\"image\/jpeg\" \/>\n<meta name=\"twitter:card\" content=\"summary_large_image\" \/>\n<script type=\"application\/ld+json\" class=\"yoast-schema-graph\">{\"@context\":\"https:\\\/\\\/schema.org\",\"@graph\":[{\"@type\":\"WebPage\",\"@id\":\"https:\\\/\\\/www.efk.admin.ch\\\/fr\\\/audit\\\/efficacite-de-lorganisation-des-affaires-compensatoires-lors-dachats-darmements-armasuisse\\\/\",\"url\":\"https:\\\/\\\/www.efk.admin.ch\\\/fr\\\/audit\\\/efficacite-de-lorganisation-des-affaires-compensatoires-lors-dachats-darmements-armasuisse\\\/\",\"name\":\"Efficacit\u00e9 de l'organisation des affaires compensatoires lors d'achats d\u2019armements - Contr\u00f4le f\u00e9d\u00e9ral des finances (CDF)\",\"isPartOf\":{\"@id\":\"https:\\\/\\\/www.efk.admin.ch\\\/fr\\\/#website\"},\"datePublished\":\"2024-01-17T15:37:21+00:00\",\"dateModified\":\"2024-03-01T12:36:21+00:00\",\"description\":\"Efficacit\u00e9 de l'organisation des affaires compensatoires lors d'achats d\u2019armements\",\"breadcrumb\":{\"@id\":\"https:\\\/\\\/www.efk.admin.ch\\\/fr\\\/audit\\\/efficacite-de-lorganisation-des-affaires-compensatoires-lors-dachats-darmements-armasuisse\\\/#breadcrumb\"},\"inLanguage\":\"fr-FR\",\"potentialAction\":[{\"@type\":\"ReadAction\",\"target\":[\"https:\\\/\\\/www.efk.admin.ch\\\/fr\\\/audit\\\/efficacite-de-lorganisation-des-affaires-compensatoires-lors-dachats-darmements-armasuisse\\\/\"]}]},{\"@type\":\"BreadcrumbList\",\"@id\":\"https:\\\/\\\/www.efk.admin.ch\\\/fr\\\/audit\\\/efficacite-de-lorganisation-des-affaires-compensatoires-lors-dachats-darmements-armasuisse\\\/#breadcrumb\",\"itemListElement\":[{\"@type\":\"ListItem\",\"position\":1,\"name\":\"Home\",\"item\":\"https:\\\/\\\/www.efk.admin.ch\\\/fr\\\/\"},{\"@type\":\"ListItem\",\"position\":2,\"name\":\"Rapport\",\"item\":\"https:\\\/\\\/www.efk.admin.ch\\\/fr\\\/audit\\\/\"},{\"@type\":\"ListItem\",\"position\":3,\"name\":\"Efficacit\u00e9 de l&#8217;organisation des affaires compensatoires lors d&#8217;achats d\u2019armements\"}]},{\"@type\":\"WebSite\",\"@id\":\"https:\\\/\\\/www.efk.admin.ch\\\/fr\\\/#website\",\"url\":\"https:\\\/\\\/www.efk.admin.ch\\\/fr\\\/\",\"name\":\"Informationen \u00fcber das oberste Finanzaufsichtsorgan der Schweiz\",\"description\":\"Le Contr\u00f4le f\u00e9d\u00e9ral des finances (CDF) est l'organe supr\u00eame de surveillance financi\u00e8re de la Conf\u00e9d\u00e9ration suisse.\",\"publisher\":{\"@id\":\"https:\\\/\\\/www.efk.admin.ch\\\/fr\\\/#organization\"},\"alternateName\":\"EFK\",\"potentialAction\":[{\"@type\":\"SearchAction\",\"target\":{\"@type\":\"EntryPoint\",\"urlTemplate\":\"https:\\\/\\\/www.efk.admin.ch\\\/fr\\\/?s={search_term_string}\"},\"query-input\":{\"@type\":\"PropertyValueSpecification\",\"valueRequired\":true,\"valueName\":\"search_term_string\"}}],\"inLanguage\":\"fr-FR\"},{\"@type\":\"Organization\",\"@id\":\"https:\\\/\\\/www.efk.admin.ch\\\/fr\\\/#organization\",\"name\":\"Contr\u00f4le f\u00e9d\u00e9ral des finances (CDF)\",\"alternateName\":\"EFK\",\"url\":\"https:\\\/\\\/www.efk.admin.ch\\\/fr\\\/\",\"logo\":{\"@type\":\"ImageObject\",\"inLanguage\":\"fr-FR\",\"@id\":\"https:\\\/\\\/www.efk.admin.ch\\\/fr\\\/#\\\/schema\\\/logo\\\/image\\\/\",\"url\":\"https:\\\/\\\/www.efk.admin.ch\\\/wp-content\\\/uploads\\\/efk_cdf_logo_ohne_claim.png\",\"contentUrl\":\"https:\\\/\\\/www.efk.admin.ch\\\/wp-content\\\/uploads\\\/efk_cdf_logo_ohne_claim.png\",\"width\":268,\"height\":258,\"caption\":\"Contr\u00f4le f\u00e9d\u00e9ral des finances (CDF)\"},\"image\":{\"@id\":\"https:\\\/\\\/www.efk.admin.ch\\\/fr\\\/#\\\/schema\\\/logo\\\/image\\\/\"},\"sameAs\":[\"https:\\\/\\\/www.instagram.com\\\/efk_cdf_sfao\\\/\",\"https:\\\/\\\/www.youtube.com\\\/channel\\\/UCm-bXj227VE5sJzhB-ihdvw\\\/featured\",\"https:\\\/\\\/www.linkedin.com\\\/company\\\/11081578\\\/\"]}]}<\/script>\n<!-- \/ Yoast SEO Premium plugin. -->","yoast_head_json":{"title":"Efficacit\u00e9 de l'organisation des affaires compensatoires lors d'achats d\u2019armements - Contr\u00f4le f\u00e9d\u00e9ral des finances (CDF)","description":"Efficacit\u00e9 de l'organisation des affaires compensatoires lors d'achats d\u2019armements","robots":{"index":"index","follow":"follow","max-snippet":"max-snippet:-1","max-image-preview":"max-image-preview:large","max-video-preview":"max-video-preview:-1"},"canonical":"https:\/\/www.efk.admin.ch\/fr\/audit\/efficacite-de-lorganisation-des-affaires-compensatoires-lors-dachats-darmements-armasuisse\/","og_locale":"fr_FR","og_type":"article","og_title":"Efficacit\u00e9 de l'organisation des affaires compensatoires lors d'achats d\u2019armements","og_description":"Efficacit\u00e9 de l'organisation des affaires compensatoires lors d'achats d\u2019armements","og_url":"https:\/\/www.efk.admin.ch\/fr\/audit\/efficacite-de-lorganisation-des-affaires-compensatoires-lors-dachats-darmements-armasuisse\/","og_site_name":"Contr\u00f4le f\u00e9d\u00e9ral des finances (CDF)","article_modified_time":"2024-03-01T12:36:21+00:00","og_image":[{"width":750,"height":500,"url":"https:\/\/www.efk.admin.ch\/wp-content\/uploads\/test\/palais.jpg","type":"image\/jpeg"}],"twitter_card":"summary_large_image","schema":{"@context":"https:\/\/schema.org","@graph":[{"@type":"WebPage","@id":"https:\/\/www.efk.admin.ch\/fr\/audit\/efficacite-de-lorganisation-des-affaires-compensatoires-lors-dachats-darmements-armasuisse\/","url":"https:\/\/www.efk.admin.ch\/fr\/audit\/efficacite-de-lorganisation-des-affaires-compensatoires-lors-dachats-darmements-armasuisse\/","name":"Efficacit\u00e9 de l'organisation des affaires compensatoires lors d'achats d\u2019armements - Contr\u00f4le f\u00e9d\u00e9ral des finances (CDF)","isPartOf":{"@id":"https:\/\/www.efk.admin.ch\/fr\/#website"},"datePublished":"2024-01-17T15:37:21+00:00","dateModified":"2024-03-01T12:36:21+00:00","description":"Efficacit\u00e9 de l'organisation des affaires compensatoires lors d'achats d\u2019armements","breadcrumb":{"@id":"https:\/\/www.efk.admin.ch\/fr\/audit\/efficacite-de-lorganisation-des-affaires-compensatoires-lors-dachats-darmements-armasuisse\/#breadcrumb"},"inLanguage":"fr-FR","potentialAction":[{"@type":"ReadAction","target":["https:\/\/www.efk.admin.ch\/fr\/audit\/efficacite-de-lorganisation-des-affaires-compensatoires-lors-dachats-darmements-armasuisse\/"]}]},{"@type":"BreadcrumbList","@id":"https:\/\/www.efk.admin.ch\/fr\/audit\/efficacite-de-lorganisation-des-affaires-compensatoires-lors-dachats-darmements-armasuisse\/#breadcrumb","itemListElement":[{"@type":"ListItem","position":1,"name":"Home","item":"https:\/\/www.efk.admin.ch\/fr\/"},{"@type":"ListItem","position":2,"name":"Rapport","item":"https:\/\/www.efk.admin.ch\/fr\/audit\/"},{"@type":"ListItem","position":3,"name":"Efficacit\u00e9 de l&#8217;organisation des affaires compensatoires lors d&#8217;achats d\u2019armements"}]},{"@type":"WebSite","@id":"https:\/\/www.efk.admin.ch\/fr\/#website","url":"https:\/\/www.efk.admin.ch\/fr\/","name":"Informationen \u00fcber das oberste Finanzaufsichtsorgan der Schweiz","description":"Le Contr\u00f4le f\u00e9d\u00e9ral des finances (CDF) est l'organe supr\u00eame de surveillance financi\u00e8re de la Conf\u00e9d\u00e9ration suisse.","publisher":{"@id":"https:\/\/www.efk.admin.ch\/fr\/#organization"},"alternateName":"EFK","potentialAction":[{"@type":"SearchAction","target":{"@type":"EntryPoint","urlTemplate":"https:\/\/www.efk.admin.ch\/fr\/?s={search_term_string}"},"query-input":{"@type":"PropertyValueSpecification","valueRequired":true,"valueName":"search_term_string"}}],"inLanguage":"fr-FR"},{"@type":"Organization","@id":"https:\/\/www.efk.admin.ch\/fr\/#organization","name":"Contr\u00f4le f\u00e9d\u00e9ral des finances (CDF)","alternateName":"EFK","url":"https:\/\/www.efk.admin.ch\/fr\/","logo":{"@type":"ImageObject","inLanguage":"fr-FR","@id":"https:\/\/www.efk.admin.ch\/fr\/#\/schema\/logo\/image\/","url":"https:\/\/www.efk.admin.ch\/wp-content\/uploads\/efk_cdf_logo_ohne_claim.png","contentUrl":"https:\/\/www.efk.admin.ch\/wp-content\/uploads\/efk_cdf_logo_ohne_claim.png","width":268,"height":258,"caption":"Contr\u00f4le f\u00e9d\u00e9ral des finances (CDF)"},"image":{"@id":"https:\/\/www.efk.admin.ch\/fr\/#\/schema\/logo\/image\/"},"sameAs":["https:\/\/www.instagram.com\/efk_cdf_sfao\/","https:\/\/www.youtube.com\/channel\/UCm-bXj227VE5sJzhB-ihdvw\/featured","https:\/\/www.linkedin.com\/company\/11081578\/"]}]}},"_links":{"self":[{"href":"https:\/\/www.efk.admin.ch\/fr\/wp-json\/wp\/v2\/audit\/6168","targetHints":{"allow":["GET"]}}],"collection":[{"href":"https:\/\/www.efk.admin.ch\/fr\/wp-json\/wp\/v2\/audit"}],"about":[{"href":"https:\/\/www.efk.admin.ch\/fr\/wp-json\/wp\/v2\/types\/audit"}],"acf:post":[{"embeddable":true,"href":"https:\/\/www.efk.admin.ch\/fr\/wp-json\/wp\/v2\/office\/7930"}],"wp:attachment":[{"href":"https:\/\/www.efk.admin.ch\/fr\/wp-json\/wp\/v2\/media?parent=6168"}],"wp:term":[{"taxonomy":"audit_category","embeddable":true,"href":"https:\/\/www.efk.admin.ch\/fr\/wp-json\/wp\/v2\/audit_category?post=6168"},{"taxonomy":"audit_type","embeddable":true,"href":"https:\/\/www.efk.admin.ch\/fr\/wp-json\/wp\/v2\/audit_type?post=6168"}],"curies":[{"name":"wp","href":"https:\/\/api.w.org\/{rel}","templated":true}]}}