{"id":6165,"date":"2024-01-17T16:37:21","date_gmt":"2024-01-17T15:37:21","guid":{"rendered":"https:\/\/preview.efk.admin.ch\/prufung\/organisation-et-de-lutilisation-des-moyens-pour-la-securite-au-travail-commission-federale-de-coordination-pour-la-securite-au-travail\/"},"modified":"2024-03-01T17:00:56","modified_gmt":"2024-03-01T16:00:56","slug":"organisation-et-de-lutilisation-des-moyens-pour-la-securite-au-travail-commission-federale-de-coordination-pour-la-securite-au-travail","status":"publish","type":"audit","link":"https:\/\/www.efk.admin.ch\/fr\/audit\/organisation-et-de-lutilisation-des-moyens-pour-la-securite-au-travail-commission-federale-de-coordination-pour-la-securite-au-travail\/","title":{"rendered":"Organisation et de l\u2019utilisation des moyens pour la s\u00e9curit\u00e9 au travail"},"content":{"rendered":"\n<p>La Commission f\u00e9d\u00e9rale de coordination pour la s\u00e9curit\u00e9 au travail (CFST) a pour t\u00e2che de d\u00e9limiter les domaines d\u2019ex\u00e9cution et de veiller \u00e0 l\u2019application uniforme des prescriptions en mati\u00e8re de pr\u00e9vention des accidents et maladies professionnels. Elle dispose annuellement de pr\u00e8s de 110 millions de francs pour financer ses activit\u00e9s et celles de diff\u00e9rents organes d\u2019ex\u00e9cution. Cette somme est r\u00e9colt\u00e9e aupr\u00e8s de chaque assureur, qui contribue \u00e0 raison d\u2019un suppl\u00e9ment de prime pr\u00e9lev\u00e9 sur les primes d\u2019assurance-accidents. Dans son audit, le Contr\u00f4le f\u00e9d\u00e9ral des finances (CDF) rel\u00e8ve un enchev\u00eatrement important entre la CFST et la Suva qui menace l\u2019ind\u00e9pendance pratique et apparente de la Commission.<\/p>\n","protected":false},"featured_media":0,"menu_order":0,"template":"","audit_category":[88],"audit_type":[52],"class_list":["post-6165","audit","type-audit","status-publish","hentry","audit_category-economie-et-agriculture","audit_type-audit-fr"],"acf":{"audit_lang":[{"lang":"f"}],"audit_numbers":[{"audit_number":"15323"}],"audit_office":8019,"audit_office_text":"","audit_date":"20160404","bgo":false,"keywords":"t\u00e2che de d\u00e9limiter, uniforme des prescriptions, pr\u00e9vention des accidents et maladies professionnels, organes d\u2019ex\u00e9cution, assureur, les primes, assurance-accidents, enchev\u00eatrement, Suva","audit_office_local":""},"yoast_head":"<!-- This site is optimized with the Yoast SEO Premium plugin v27.4 (Yoast SEO v27.4) - https:\/\/yoast.com\/product\/yoast-seo-premium-wordpress\/ -->\n<title>Organisation et de l\u2019utilisation des moyens pour la s\u00e9curit\u00e9 au travail - Contr\u00f4le f\u00e9d\u00e9ral des finances (CDF)<\/title>\n<meta name=\"description\" content=\"Organisation et de l\u2019utilisation des moyens pour la s\u00e9curit\u00e9 au travail\" \/>\n<meta name=\"robots\" content=\"index, follow, max-snippet:-1, max-image-preview:large, max-video-preview:-1\" \/>\n<link rel=\"canonical\" href=\"https:\/\/www.efk.admin.ch\/fr\/audit\/organisation-et-de-lutilisation-des-moyens-pour-la-securite-au-travail-commission-federale-de-coordination-pour-la-securite-au-travail\/\" \/>\n<meta property=\"og:locale\" content=\"fr_FR\" \/>\n<meta property=\"og:type\" content=\"article\" \/>\n<meta property=\"og:title\" content=\"Organisation et de l\u2019utilisation des moyens pour la s\u00e9curit\u00e9 au travail\" \/>\n<meta property=\"og:description\" content=\"Organisation et de l\u2019utilisation des moyens pour la s\u00e9curit\u00e9 au travail\" \/>\n<meta property=\"og:url\" content=\"https:\/\/www.efk.admin.ch\/fr\/audit\/organisation-et-de-lutilisation-des-moyens-pour-la-securite-au-travail-commission-federale-de-coordination-pour-la-securite-au-travail\/\" \/>\n<meta property=\"og:site_name\" content=\"Contr\u00f4le f\u00e9d\u00e9ral des finances (CDF)\" \/>\n<meta property=\"article:modified_time\" content=\"2024-03-01T16:00:56+00:00\" \/>\n<meta property=\"og:image\" content=\"https:\/\/www.efk.admin.ch\/wp-content\/uploads\/test\/palais.jpg\" \/>\n\t<meta property=\"og:image:width\" content=\"750\" \/>\n\t<meta property=\"og:image:height\" content=\"500\" \/>\n\t<meta property=\"og:image:type\" content=\"image\/jpeg\" \/>\n<meta name=\"twitter:card\" content=\"summary_large_image\" \/>\n<meta name=\"twitter:label1\" content=\"Dur\u00e9e de lecture estim\u00e9e\" \/>\n\t<meta name=\"twitter:data1\" content=\"1 minute\" \/>\n<script type=\"application\/ld+json\" class=\"yoast-schema-graph\">{\"@context\":\"https:\\\/\\\/schema.org\",\"@graph\":[{\"@type\":\"WebPage\",\"@id\":\"https:\\\/\\\/www.efk.admin.ch\\\/fr\\\/audit\\\/organisation-et-de-lutilisation-des-moyens-pour-la-securite-au-travail-commission-federale-de-coordination-pour-la-securite-au-travail\\\/\",\"url\":\"https:\\\/\\\/www.efk.admin.ch\\\/fr\\\/audit\\\/organisation-et-de-lutilisation-des-moyens-pour-la-securite-au-travail-commission-federale-de-coordination-pour-la-securite-au-travail\\\/\",\"name\":\"Organisation et de l\u2019utilisation des moyens pour la s\u00e9curit\u00e9 au travail - Contr\u00f4le f\u00e9d\u00e9ral des finances (CDF)\",\"isPartOf\":{\"@id\":\"https:\\\/\\\/www.efk.admin.ch\\\/fr\\\/#website\"},\"datePublished\":\"2024-01-17T15:37:21+00:00\",\"dateModified\":\"2024-03-01T16:00:56+00:00\",\"description\":\"Organisation et de l\u2019utilisation des moyens pour la s\u00e9curit\u00e9 au travail\",\"breadcrumb\":{\"@id\":\"https:\\\/\\\/www.efk.admin.ch\\\/fr\\\/audit\\\/organisation-et-de-lutilisation-des-moyens-pour-la-securite-au-travail-commission-federale-de-coordination-pour-la-securite-au-travail\\\/#breadcrumb\"},\"inLanguage\":\"fr-FR\",\"potentialAction\":[{\"@type\":\"ReadAction\",\"target\":[\"https:\\\/\\\/www.efk.admin.ch\\\/fr\\\/audit\\\/organisation-et-de-lutilisation-des-moyens-pour-la-securite-au-travail-commission-federale-de-coordination-pour-la-securite-au-travail\\\/\"]}]},{\"@type\":\"BreadcrumbList\",\"@id\":\"https:\\\/\\\/www.efk.admin.ch\\\/fr\\\/audit\\\/organisation-et-de-lutilisation-des-moyens-pour-la-securite-au-travail-commission-federale-de-coordination-pour-la-securite-au-travail\\\/#breadcrumb\",\"itemListElement\":[{\"@type\":\"ListItem\",\"position\":1,\"name\":\"Home\",\"item\":\"https:\\\/\\\/www.efk.admin.ch\\\/fr\\\/\"},{\"@type\":\"ListItem\",\"position\":2,\"name\":\"Rapport\",\"item\":\"https:\\\/\\\/www.efk.admin.ch\\\/fr\\\/audit\\\/\"},{\"@type\":\"ListItem\",\"position\":3,\"name\":\"Organisation et de l\u2019utilisation des moyens pour la s\u00e9curit\u00e9 au travail\"}]},{\"@type\":\"WebSite\",\"@id\":\"https:\\\/\\\/www.efk.admin.ch\\\/fr\\\/#website\",\"url\":\"https:\\\/\\\/www.efk.admin.ch\\\/fr\\\/\",\"name\":\"Informationen \u00fcber das oberste Finanzaufsichtsorgan der Schweiz\",\"description\":\"Le Contr\u00f4le f\u00e9d\u00e9ral des finances (CDF) est l'organe supr\u00eame de surveillance financi\u00e8re de la Conf\u00e9d\u00e9ration suisse.\",\"publisher\":{\"@id\":\"https:\\\/\\\/www.efk.admin.ch\\\/fr\\\/#organization\"},\"alternateName\":\"EFK\",\"potentialAction\":[{\"@type\":\"SearchAction\",\"target\":{\"@type\":\"EntryPoint\",\"urlTemplate\":\"https:\\\/\\\/www.efk.admin.ch\\\/fr\\\/?s={search_term_string}\"},\"query-input\":{\"@type\":\"PropertyValueSpecification\",\"valueRequired\":true,\"valueName\":\"search_term_string\"}}],\"inLanguage\":\"fr-FR\"},{\"@type\":\"Organization\",\"@id\":\"https:\\\/\\\/www.efk.admin.ch\\\/fr\\\/#organization\",\"name\":\"Contr\u00f4le f\u00e9d\u00e9ral des finances (CDF)\",\"alternateName\":\"EFK\",\"url\":\"https:\\\/\\\/www.efk.admin.ch\\\/fr\\\/\",\"logo\":{\"@type\":\"ImageObject\",\"inLanguage\":\"fr-FR\",\"@id\":\"https:\\\/\\\/www.efk.admin.ch\\\/fr\\\/#\\\/schema\\\/logo\\\/image\\\/\",\"url\":\"https:\\\/\\\/www.efk.admin.ch\\\/wp-content\\\/uploads\\\/efk_cdf_logo_ohne_claim.png\",\"contentUrl\":\"https:\\\/\\\/www.efk.admin.ch\\\/wp-content\\\/uploads\\\/efk_cdf_logo_ohne_claim.png\",\"width\":268,\"height\":258,\"caption\":\"Contr\u00f4le f\u00e9d\u00e9ral des finances (CDF)\"},\"image\":{\"@id\":\"https:\\\/\\\/www.efk.admin.ch\\\/fr\\\/#\\\/schema\\\/logo\\\/image\\\/\"},\"sameAs\":[\"https:\\\/\\\/www.instagram.com\\\/efk_cdf_sfao\\\/\",\"https:\\\/\\\/www.youtube.com\\\/channel\\\/UCm-bXj227VE5sJzhB-ihdvw\\\/featured\",\"https:\\\/\\\/www.linkedin.com\\\/company\\\/11081578\\\/\"]}]}<\/script>\n<!-- \/ Yoast SEO Premium plugin. -->","yoast_head_json":{"title":"Organisation et de l\u2019utilisation des moyens pour la s\u00e9curit\u00e9 au travail - Contr\u00f4le f\u00e9d\u00e9ral des finances (CDF)","description":"Organisation et de l\u2019utilisation des moyens pour la s\u00e9curit\u00e9 au travail","robots":{"index":"index","follow":"follow","max-snippet":"max-snippet:-1","max-image-preview":"max-image-preview:large","max-video-preview":"max-video-preview:-1"},"canonical":"https:\/\/www.efk.admin.ch\/fr\/audit\/organisation-et-de-lutilisation-des-moyens-pour-la-securite-au-travail-commission-federale-de-coordination-pour-la-securite-au-travail\/","og_locale":"fr_FR","og_type":"article","og_title":"Organisation et de l\u2019utilisation des moyens pour la s\u00e9curit\u00e9 au travail","og_description":"Organisation et de l\u2019utilisation des moyens pour la s\u00e9curit\u00e9 au travail","og_url":"https:\/\/www.efk.admin.ch\/fr\/audit\/organisation-et-de-lutilisation-des-moyens-pour-la-securite-au-travail-commission-federale-de-coordination-pour-la-securite-au-travail\/","og_site_name":"Contr\u00f4le f\u00e9d\u00e9ral des finances (CDF)","article_modified_time":"2024-03-01T16:00:56+00:00","og_image":[{"width":750,"height":500,"url":"https:\/\/www.efk.admin.ch\/wp-content\/uploads\/test\/palais.jpg","type":"image\/jpeg"}],"twitter_card":"summary_large_image","twitter_misc":{"Dur\u00e9e de lecture estim\u00e9e":"1 minute"},"schema":{"@context":"https:\/\/schema.org","@graph":[{"@type":"WebPage","@id":"https:\/\/www.efk.admin.ch\/fr\/audit\/organisation-et-de-lutilisation-des-moyens-pour-la-securite-au-travail-commission-federale-de-coordination-pour-la-securite-au-travail\/","url":"https:\/\/www.efk.admin.ch\/fr\/audit\/organisation-et-de-lutilisation-des-moyens-pour-la-securite-au-travail-commission-federale-de-coordination-pour-la-securite-au-travail\/","name":"Organisation et de l\u2019utilisation des moyens pour la s\u00e9curit\u00e9 au travail - Contr\u00f4le f\u00e9d\u00e9ral des finances (CDF)","isPartOf":{"@id":"https:\/\/www.efk.admin.ch\/fr\/#website"},"datePublished":"2024-01-17T15:37:21+00:00","dateModified":"2024-03-01T16:00:56+00:00","description":"Organisation et de l\u2019utilisation des moyens pour la s\u00e9curit\u00e9 au travail","breadcrumb":{"@id":"https:\/\/www.efk.admin.ch\/fr\/audit\/organisation-et-de-lutilisation-des-moyens-pour-la-securite-au-travail-commission-federale-de-coordination-pour-la-securite-au-travail\/#breadcrumb"},"inLanguage":"fr-FR","potentialAction":[{"@type":"ReadAction","target":["https:\/\/www.efk.admin.ch\/fr\/audit\/organisation-et-de-lutilisation-des-moyens-pour-la-securite-au-travail-commission-federale-de-coordination-pour-la-securite-au-travail\/"]}]},{"@type":"BreadcrumbList","@id":"https:\/\/www.efk.admin.ch\/fr\/audit\/organisation-et-de-lutilisation-des-moyens-pour-la-securite-au-travail-commission-federale-de-coordination-pour-la-securite-au-travail\/#breadcrumb","itemListElement":[{"@type":"ListItem","position":1,"name":"Home","item":"https:\/\/www.efk.admin.ch\/fr\/"},{"@type":"ListItem","position":2,"name":"Rapport","item":"https:\/\/www.efk.admin.ch\/fr\/audit\/"},{"@type":"ListItem","position":3,"name":"Organisation et de l\u2019utilisation des moyens pour la s\u00e9curit\u00e9 au travail"}]},{"@type":"WebSite","@id":"https:\/\/www.efk.admin.ch\/fr\/#website","url":"https:\/\/www.efk.admin.ch\/fr\/","name":"Informationen \u00fcber das oberste Finanzaufsichtsorgan der Schweiz","description":"Le Contr\u00f4le f\u00e9d\u00e9ral des finances (CDF) est l'organe supr\u00eame de surveillance financi\u00e8re de la Conf\u00e9d\u00e9ration suisse.","publisher":{"@id":"https:\/\/www.efk.admin.ch\/fr\/#organization"},"alternateName":"EFK","potentialAction":[{"@type":"SearchAction","target":{"@type":"EntryPoint","urlTemplate":"https:\/\/www.efk.admin.ch\/fr\/?s={search_term_string}"},"query-input":{"@type":"PropertyValueSpecification","valueRequired":true,"valueName":"search_term_string"}}],"inLanguage":"fr-FR"},{"@type":"Organization","@id":"https:\/\/www.efk.admin.ch\/fr\/#organization","name":"Contr\u00f4le f\u00e9d\u00e9ral des finances (CDF)","alternateName":"EFK","url":"https:\/\/www.efk.admin.ch\/fr\/","logo":{"@type":"ImageObject","inLanguage":"fr-FR","@id":"https:\/\/www.efk.admin.ch\/fr\/#\/schema\/logo\/image\/","url":"https:\/\/www.efk.admin.ch\/wp-content\/uploads\/efk_cdf_logo_ohne_claim.png","contentUrl":"https:\/\/www.efk.admin.ch\/wp-content\/uploads\/efk_cdf_logo_ohne_claim.png","width":268,"height":258,"caption":"Contr\u00f4le f\u00e9d\u00e9ral des finances (CDF)"},"image":{"@id":"https:\/\/www.efk.admin.ch\/fr\/#\/schema\/logo\/image\/"},"sameAs":["https:\/\/www.instagram.com\/efk_cdf_sfao\/","https:\/\/www.youtube.com\/channel\/UCm-bXj227VE5sJzhB-ihdvw\/featured","https:\/\/www.linkedin.com\/company\/11081578\/"]}]}},"_links":{"self":[{"href":"https:\/\/www.efk.admin.ch\/fr\/wp-json\/wp\/v2\/audit\/6165","targetHints":{"allow":["GET"]}}],"collection":[{"href":"https:\/\/www.efk.admin.ch\/fr\/wp-json\/wp\/v2\/audit"}],"about":[{"href":"https:\/\/www.efk.admin.ch\/fr\/wp-json\/wp\/v2\/types\/audit"}],"acf:post":[{"embeddable":true,"href":"https:\/\/www.efk.admin.ch\/fr\/wp-json\/wp\/v2\/office\/8019"}],"wp:attachment":[{"href":"https:\/\/www.efk.admin.ch\/fr\/wp-json\/wp\/v2\/media?parent=6165"}],"wp:term":[{"taxonomy":"audit_category","embeddable":true,"href":"https:\/\/www.efk.admin.ch\/fr\/wp-json\/wp\/v2\/audit_category?post=6165"},{"taxonomy":"audit_type","embeddable":true,"href":"https:\/\/www.efk.admin.ch\/fr\/wp-json\/wp\/v2\/audit_type?post=6165"}],"curies":[{"name":"wp","href":"https:\/\/api.w.org\/{rel}","templated":true}]}}