{"id":6155,"date":"2024-01-17T16:37:15","date_gmt":"2024-01-17T15:37:15","guid":{"rendered":"https:\/\/preview.efk.admin.ch\/prufung\/tarif-des-prestations-medicales-ambulatoires-tarmed-examen-de-la-mise-en-oeuvre-des-recommandations\/"},"modified":"2024-03-04T13:41:23","modified_gmt":"2024-03-04T12:41:23","slug":"tarif-des-prestations-medicales-ambulatoires-tarmed-examen-de-la-mise-en-oeuvre-des-recommandations","status":"publish","type":"audit","link":"https:\/\/www.efk.admin.ch\/fr\/audit\/tarif-des-prestations-medicales-ambulatoires-tarmed-examen-de-la-mise-en-oeuvre-des-recommandations\/","title":{"rendered":"Tarif des prestations m\u00e9dicales ambulatoires (TARMED) : examen de la mise en \u0153uvre des recommandations"},"content":{"rendered":"\n<p>Le tarif des prestations m\u00e9dicales ambulatoires (TARMED) s\u2019applique \u00e0 l\u2019ensemble des prestations de ce type fournies en Suisse. Le volume financier des prestations factur\u00e9es en 2014 \u00e9tait d\u2019environ 10 milliards de francs. En 2010 d\u00e9j\u00e0, le Contr\u00f4le f\u00e9d\u00e9ral des finances (CDF) avait publi\u00e9 une \u00e9valuation sur TARMED accompagn\u00e9e d\u2019importantes recommandations. Cinq ans plus tard, cet audit constate que la grande majorit\u00e9 de ses recommandations restent ouvertes. Des mesures doivent \u00eatre prises au plus vite. La situation reste pr\u00e9occupante \u00e9tant donn\u00e9e la situation conflictuelle qui r\u00e8gne entre plusieurs partenaires. Les difficult\u00e9s d\u2019aboutir \u00e0 un accord sur la r\u00e9vision du TARMED et les risques de blocage sont r\u00e9els.<\/p>\n","protected":false},"featured_media":0,"menu_order":0,"template":"","audit_category":[76],"audit_type":[52],"class_list":["post-6155","audit","type-audit","status-publish","hentry","audit_category-sante","audit_type-audit-fr"],"acf":{"audit_lang":[{"lang":"f"}],"audit_numbers":[{"audit_number":"15292"}],"audit_office":7904,"audit_office_text":"","audit_date":"20160526","bgo":false,"keywords":"des prestations de ce type fournies en Suisse, prestations m\u00e9dicales ambulatoires, volume financier, \u00e9valuation, recommandations, Des mesures doivent \u00eatre prises au plus vite, partenaires, r\u00e9vision","audit_office_local":""},"yoast_head":"<!-- This site is optimized with the Yoast SEO Premium plugin v27.4 (Yoast SEO v27.4) - https:\/\/yoast.com\/product\/yoast-seo-premium-wordpress\/ -->\n<title>Tarif des prestations m\u00e9dicales ambulatoires (TARMED) : examen de la mise en \u0153uvre des recommandations - Contr\u00f4le f\u00e9d\u00e9ral des finances (CDF)<\/title>\n<meta name=\"description\" content=\"Tarif des prestations m\u00e9dicales ambulatoires (TARMED) : examen de la mise en \u0153uvre des recommandations\" \/>\n<meta name=\"robots\" content=\"index, follow, max-snippet:-1, max-image-preview:large, max-video-preview:-1\" \/>\n<link rel=\"canonical\" href=\"https:\/\/www.efk.admin.ch\/fr\/audit\/tarif-des-prestations-medicales-ambulatoires-tarmed-examen-de-la-mise-en-oeuvre-des-recommandations\/\" \/>\n<meta property=\"og:locale\" content=\"fr_FR\" \/>\n<meta property=\"og:type\" content=\"article\" \/>\n<meta property=\"og:title\" content=\"Tarif des prestations m\u00e9dicales ambulatoires (TARMED) : examen de la mise en \u0153uvre des recommandations\" \/>\n<meta property=\"og:description\" content=\"Tarif des prestations m\u00e9dicales ambulatoires (TARMED) : examen de la mise en \u0153uvre des recommandations\" \/>\n<meta property=\"og:url\" content=\"https:\/\/www.efk.admin.ch\/fr\/audit\/tarif-des-prestations-medicales-ambulatoires-tarmed-examen-de-la-mise-en-oeuvre-des-recommandations\/\" \/>\n<meta property=\"og:site_name\" content=\"Contr\u00f4le f\u00e9d\u00e9ral des finances (CDF)\" \/>\n<meta property=\"article:modified_time\" content=\"2024-03-04T12:41:23+00:00\" \/>\n<meta property=\"og:image\" content=\"https:\/\/www.efk.admin.ch\/wp-content\/uploads\/test\/palais.jpg\" \/>\n\t<meta property=\"og:image:width\" content=\"750\" \/>\n\t<meta property=\"og:image:height\" content=\"500\" \/>\n\t<meta property=\"og:image:type\" content=\"image\/jpeg\" \/>\n<meta name=\"twitter:card\" content=\"summary_large_image\" \/>\n<meta name=\"twitter:label1\" content=\"Dur\u00e9e de lecture estim\u00e9e\" \/>\n\t<meta name=\"twitter:data1\" content=\"1 minute\" \/>\n<script type=\"application\/ld+json\" class=\"yoast-schema-graph\">{\"@context\":\"https:\\\/\\\/schema.org\",\"@graph\":[{\"@type\":\"WebPage\",\"@id\":\"https:\\\/\\\/www.efk.admin.ch\\\/fr\\\/audit\\\/tarif-des-prestations-medicales-ambulatoires-tarmed-examen-de-la-mise-en-oeuvre-des-recommandations\\\/\",\"url\":\"https:\\\/\\\/www.efk.admin.ch\\\/fr\\\/audit\\\/tarif-des-prestations-medicales-ambulatoires-tarmed-examen-de-la-mise-en-oeuvre-des-recommandations\\\/\",\"name\":\"Tarif des prestations m\u00e9dicales ambulatoires (TARMED) : examen de la mise en \u0153uvre des recommandations - Contr\u00f4le f\u00e9d\u00e9ral des finances (CDF)\",\"isPartOf\":{\"@id\":\"https:\\\/\\\/www.efk.admin.ch\\\/fr\\\/#website\"},\"datePublished\":\"2024-01-17T15:37:15+00:00\",\"dateModified\":\"2024-03-04T12:41:23+00:00\",\"description\":\"Tarif des prestations m\u00e9dicales ambulatoires (TARMED) : examen de la mise en \u0153uvre des recommandations\",\"breadcrumb\":{\"@id\":\"https:\\\/\\\/www.efk.admin.ch\\\/fr\\\/audit\\\/tarif-des-prestations-medicales-ambulatoires-tarmed-examen-de-la-mise-en-oeuvre-des-recommandations\\\/#breadcrumb\"},\"inLanguage\":\"fr-FR\",\"potentialAction\":[{\"@type\":\"ReadAction\",\"target\":[\"https:\\\/\\\/www.efk.admin.ch\\\/fr\\\/audit\\\/tarif-des-prestations-medicales-ambulatoires-tarmed-examen-de-la-mise-en-oeuvre-des-recommandations\\\/\"]}]},{\"@type\":\"BreadcrumbList\",\"@id\":\"https:\\\/\\\/www.efk.admin.ch\\\/fr\\\/audit\\\/tarif-des-prestations-medicales-ambulatoires-tarmed-examen-de-la-mise-en-oeuvre-des-recommandations\\\/#breadcrumb\",\"itemListElement\":[{\"@type\":\"ListItem\",\"position\":1,\"name\":\"Home\",\"item\":\"https:\\\/\\\/www.efk.admin.ch\\\/fr\\\/\"},{\"@type\":\"ListItem\",\"position\":2,\"name\":\"Rapport\",\"item\":\"https:\\\/\\\/www.efk.admin.ch\\\/fr\\\/audit\\\/\"},{\"@type\":\"ListItem\",\"position\":3,\"name\":\"Tarif des prestations m\u00e9dicales ambulatoires (TARMED) : examen de la mise en \u0153uvre des recommandations\"}]},{\"@type\":\"WebSite\",\"@id\":\"https:\\\/\\\/www.efk.admin.ch\\\/fr\\\/#website\",\"url\":\"https:\\\/\\\/www.efk.admin.ch\\\/fr\\\/\",\"name\":\"Informationen \u00fcber das oberste Finanzaufsichtsorgan der Schweiz\",\"description\":\"Le Contr\u00f4le f\u00e9d\u00e9ral des finances (CDF) est l'organe supr\u00eame de surveillance financi\u00e8re de la Conf\u00e9d\u00e9ration suisse.\",\"publisher\":{\"@id\":\"https:\\\/\\\/www.efk.admin.ch\\\/fr\\\/#organization\"},\"alternateName\":\"EFK\",\"potentialAction\":[{\"@type\":\"SearchAction\",\"target\":{\"@type\":\"EntryPoint\",\"urlTemplate\":\"https:\\\/\\\/www.efk.admin.ch\\\/fr\\\/?s={search_term_string}\"},\"query-input\":{\"@type\":\"PropertyValueSpecification\",\"valueRequired\":true,\"valueName\":\"search_term_string\"}}],\"inLanguage\":\"fr-FR\"},{\"@type\":\"Organization\",\"@id\":\"https:\\\/\\\/www.efk.admin.ch\\\/fr\\\/#organization\",\"name\":\"Contr\u00f4le f\u00e9d\u00e9ral des finances (CDF)\",\"alternateName\":\"EFK\",\"url\":\"https:\\\/\\\/www.efk.admin.ch\\\/fr\\\/\",\"logo\":{\"@type\":\"ImageObject\",\"inLanguage\":\"fr-FR\",\"@id\":\"https:\\\/\\\/www.efk.admin.ch\\\/fr\\\/#\\\/schema\\\/logo\\\/image\\\/\",\"url\":\"https:\\\/\\\/www.efk.admin.ch\\\/wp-content\\\/uploads\\\/efk_cdf_logo_ohne_claim.png\",\"contentUrl\":\"https:\\\/\\\/www.efk.admin.ch\\\/wp-content\\\/uploads\\\/efk_cdf_logo_ohne_claim.png\",\"width\":268,\"height\":258,\"caption\":\"Contr\u00f4le f\u00e9d\u00e9ral des finances (CDF)\"},\"image\":{\"@id\":\"https:\\\/\\\/www.efk.admin.ch\\\/fr\\\/#\\\/schema\\\/logo\\\/image\\\/\"},\"sameAs\":[\"https:\\\/\\\/www.instagram.com\\\/efk_cdf_sfao\\\/\",\"https:\\\/\\\/www.youtube.com\\\/channel\\\/UCm-bXj227VE5sJzhB-ihdvw\\\/featured\",\"https:\\\/\\\/www.linkedin.com\\\/company\\\/11081578\\\/\"]}]}<\/script>\n<!-- \/ Yoast SEO Premium plugin. -->","yoast_head_json":{"title":"Tarif des prestations m\u00e9dicales ambulatoires (TARMED) : examen de la mise en \u0153uvre des recommandations - Contr\u00f4le f\u00e9d\u00e9ral des finances (CDF)","description":"Tarif des prestations m\u00e9dicales ambulatoires (TARMED) : examen de la mise en \u0153uvre des recommandations","robots":{"index":"index","follow":"follow","max-snippet":"max-snippet:-1","max-image-preview":"max-image-preview:large","max-video-preview":"max-video-preview:-1"},"canonical":"https:\/\/www.efk.admin.ch\/fr\/audit\/tarif-des-prestations-medicales-ambulatoires-tarmed-examen-de-la-mise-en-oeuvre-des-recommandations\/","og_locale":"fr_FR","og_type":"article","og_title":"Tarif des prestations m\u00e9dicales ambulatoires (TARMED) : examen de la mise en \u0153uvre des recommandations","og_description":"Tarif des prestations m\u00e9dicales ambulatoires (TARMED) : examen de la mise en \u0153uvre des recommandations","og_url":"https:\/\/www.efk.admin.ch\/fr\/audit\/tarif-des-prestations-medicales-ambulatoires-tarmed-examen-de-la-mise-en-oeuvre-des-recommandations\/","og_site_name":"Contr\u00f4le f\u00e9d\u00e9ral des finances (CDF)","article_modified_time":"2024-03-04T12:41:23+00:00","og_image":[{"width":750,"height":500,"url":"https:\/\/www.efk.admin.ch\/wp-content\/uploads\/test\/palais.jpg","type":"image\/jpeg"}],"twitter_card":"summary_large_image","twitter_misc":{"Dur\u00e9e de lecture estim\u00e9e":"1 minute"},"schema":{"@context":"https:\/\/schema.org","@graph":[{"@type":"WebPage","@id":"https:\/\/www.efk.admin.ch\/fr\/audit\/tarif-des-prestations-medicales-ambulatoires-tarmed-examen-de-la-mise-en-oeuvre-des-recommandations\/","url":"https:\/\/www.efk.admin.ch\/fr\/audit\/tarif-des-prestations-medicales-ambulatoires-tarmed-examen-de-la-mise-en-oeuvre-des-recommandations\/","name":"Tarif des prestations m\u00e9dicales ambulatoires (TARMED) : examen de la mise en \u0153uvre des recommandations - Contr\u00f4le f\u00e9d\u00e9ral des finances (CDF)","isPartOf":{"@id":"https:\/\/www.efk.admin.ch\/fr\/#website"},"datePublished":"2024-01-17T15:37:15+00:00","dateModified":"2024-03-04T12:41:23+00:00","description":"Tarif des prestations m\u00e9dicales ambulatoires (TARMED) : examen de la mise en \u0153uvre des recommandations","breadcrumb":{"@id":"https:\/\/www.efk.admin.ch\/fr\/audit\/tarif-des-prestations-medicales-ambulatoires-tarmed-examen-de-la-mise-en-oeuvre-des-recommandations\/#breadcrumb"},"inLanguage":"fr-FR","potentialAction":[{"@type":"ReadAction","target":["https:\/\/www.efk.admin.ch\/fr\/audit\/tarif-des-prestations-medicales-ambulatoires-tarmed-examen-de-la-mise-en-oeuvre-des-recommandations\/"]}]},{"@type":"BreadcrumbList","@id":"https:\/\/www.efk.admin.ch\/fr\/audit\/tarif-des-prestations-medicales-ambulatoires-tarmed-examen-de-la-mise-en-oeuvre-des-recommandations\/#breadcrumb","itemListElement":[{"@type":"ListItem","position":1,"name":"Home","item":"https:\/\/www.efk.admin.ch\/fr\/"},{"@type":"ListItem","position":2,"name":"Rapport","item":"https:\/\/www.efk.admin.ch\/fr\/audit\/"},{"@type":"ListItem","position":3,"name":"Tarif des prestations m\u00e9dicales ambulatoires (TARMED) : examen de la mise en \u0153uvre des recommandations"}]},{"@type":"WebSite","@id":"https:\/\/www.efk.admin.ch\/fr\/#website","url":"https:\/\/www.efk.admin.ch\/fr\/","name":"Informationen \u00fcber das oberste Finanzaufsichtsorgan der Schweiz","description":"Le Contr\u00f4le f\u00e9d\u00e9ral des finances (CDF) est l'organe supr\u00eame de surveillance financi\u00e8re de la Conf\u00e9d\u00e9ration suisse.","publisher":{"@id":"https:\/\/www.efk.admin.ch\/fr\/#organization"},"alternateName":"EFK","potentialAction":[{"@type":"SearchAction","target":{"@type":"EntryPoint","urlTemplate":"https:\/\/www.efk.admin.ch\/fr\/?s={search_term_string}"},"query-input":{"@type":"PropertyValueSpecification","valueRequired":true,"valueName":"search_term_string"}}],"inLanguage":"fr-FR"},{"@type":"Organization","@id":"https:\/\/www.efk.admin.ch\/fr\/#organization","name":"Contr\u00f4le f\u00e9d\u00e9ral des finances (CDF)","alternateName":"EFK","url":"https:\/\/www.efk.admin.ch\/fr\/","logo":{"@type":"ImageObject","inLanguage":"fr-FR","@id":"https:\/\/www.efk.admin.ch\/fr\/#\/schema\/logo\/image\/","url":"https:\/\/www.efk.admin.ch\/wp-content\/uploads\/efk_cdf_logo_ohne_claim.png","contentUrl":"https:\/\/www.efk.admin.ch\/wp-content\/uploads\/efk_cdf_logo_ohne_claim.png","width":268,"height":258,"caption":"Contr\u00f4le f\u00e9d\u00e9ral des finances (CDF)"},"image":{"@id":"https:\/\/www.efk.admin.ch\/fr\/#\/schema\/logo\/image\/"},"sameAs":["https:\/\/www.instagram.com\/efk_cdf_sfao\/","https:\/\/www.youtube.com\/channel\/UCm-bXj227VE5sJzhB-ihdvw\/featured","https:\/\/www.linkedin.com\/company\/11081578\/"]}]}},"_links":{"self":[{"href":"https:\/\/www.efk.admin.ch\/fr\/wp-json\/wp\/v2\/audit\/6155","targetHints":{"allow":["GET"]}}],"collection":[{"href":"https:\/\/www.efk.admin.ch\/fr\/wp-json\/wp\/v2\/audit"}],"about":[{"href":"https:\/\/www.efk.admin.ch\/fr\/wp-json\/wp\/v2\/types\/audit"}],"acf:post":[{"embeddable":true,"href":"https:\/\/www.efk.admin.ch\/fr\/wp-json\/wp\/v2\/office\/7904"}],"wp:attachment":[{"href":"https:\/\/www.efk.admin.ch\/fr\/wp-json\/wp\/v2\/media?parent=6155"}],"wp:term":[{"taxonomy":"audit_category","embeddable":true,"href":"https:\/\/www.efk.admin.ch\/fr\/wp-json\/wp\/v2\/audit_category?post=6155"},{"taxonomy":"audit_type","embeddable":true,"href":"https:\/\/www.efk.admin.ch\/fr\/wp-json\/wp\/v2\/audit_type?post=6155"}],"curies":[{"name":"wp","href":"https:\/\/api.w.org\/{rel}","templated":true}]}}