{"id":6146,"date":"2024-01-17T16:37:15","date_gmt":"2024-01-17T15:37:15","guid":{"rendered":"https:\/\/preview.efk.admin.ch\/prufung\/reseau-exterieur-de-la-formation-de-la-recherche-et-de-linnovation-swissnex-secretariat-detat-a-la-formation-a-la-recherche-et-a-linnovation\/"},"modified":"2024-03-04T12:52:56","modified_gmt":"2024-03-04T11:52:56","slug":"reseau-exterieur-de-la-formation-de-la-recherche-et-de-linnovation-swissnex-secretariat-detat-a-la-formation-a-la-recherche-et-a-linnovation","status":"publish","type":"audit","link":"https:\/\/www.efk.admin.ch\/fr\/audit\/reseau-exterieur-de-la-formation-de-la-recherche-et-de-linnovation-swissnex-secretariat-detat-a-la-formation-a-la-recherche-et-a-linnovation\/","title":{"rendered":"R\u00e9seau ext\u00e9rieur de la formation, de la recherche et de l\u2019innovation (Swissnex)"},"content":{"rendered":"\n<p>Le r\u00e9seau Swissnex a \u00e9t\u00e9 mis en place sur l\u2019initiative du conseiller scientifique de l\u2019ambassade de Suisse \u00e0 Washington, notamment pour lutter contre l\u2019exode des chercheurs et des sp\u00e9cialistes (brain drain ou \u00abfuite des cerveaux\u00bb). Soutenu par le don d\u2019une banque suisse, le Secr\u00e9tariat d\u2019\u00c9tat \u00e0 la formation, \u00e0 la recherche et \u00e0 l\u2019innovation (SEFRI) a fond\u00e9 en 2000 \u00e0 Boston la premi\u00e8re Maison suisse de la science (aujourd\u2019hui: Swissnex), qui \u00e9tait rattach\u00e9e au consulat g\u00e9n\u00e9ral install\u00e9 alors \u00e0 Boston. Progressivement, le SEFRI a \u00e9tendu dans cinq grandes villes ce projet \u00e0 l\u2019intersection entre les acteurs FRI suisses et les p\u00f4les scientifiques internationaux d\u2019excellence. Au cours des quinze ans d\u2019existence du r\u00e9seau Swissnex, la priorit\u00e9 est pass\u00e9e de la lutte contre la fuite des cerveaux \u00e0 la promotion de l\u2019\u00e9change international de chercheurs et de sp\u00e9cialistes (brain circulation ou \u00abcirculation des cerveaux\u00bb). Les activit\u00e9s de Swissnex varient en fonction de la demande des partenaires FRI. La conduite du SEFRI se d\u00e9marque par la grande autonomie des diff\u00e9rents sites et par les initiatives des directeurs de Swissnex sur place. Le SEFRI dirige et finance quelque neuf conseillers scientifiques en dehors du r\u00e9seau Swissnex. Ce dernier et les conseillers scientifiques, qui sont rattach\u00e9s \u00e0 des ambassades et des consulats suisses \u00e0 l\u2019\u00e9tranger, forment le r\u00e9seau ext\u00e9rieur de la formation, de la recherche et de l\u2019innovation de la Conf\u00e9d\u00e9ration. Il fait donc partie du r\u00e9seau ext\u00e9rieur officiel de la Conf\u00e9d\u00e9ration et est coordonn\u00e9 par le D\u00e9partement f\u00e9d\u00e9ral des affaires \u00e9trang\u00e8res (DFAE).<\/p>\n","protected":false},"featured_media":0,"menu_order":0,"template":"","audit_category":[67],"audit_type":[50],"class_list":["post-6146","audit","type-audit","status-publish","hentry","audit_category-formation-et-recherche","audit_type-pruefung"],"acf":{"audit_lang":[{"lang":"d"}],"audit_numbers":[{"audit_number":"15312"}],"audit_office":[7946],"audit_office_text":"","audit_date":"20160426","bgo":false,"keywords":"mis en place, Le r\u00e9seau Swissnex, l\u2019exode, chercheurs et des sp\u00e9cialistes (brain drain ou \u00abfuite des cerveaux\u00bb), Boston, Maison suisse de la science (aujourd\u2019hui: Swissnex), les acteurs FRI,  de l\u2019\u00e9change international de chercheurs et de sp\u00e9cialistes (brain circulation ou \u00abcirculation des cerveaux\u00bb),  r\u00e9seau ext\u00e9rieur officiel de la Conf\u00e9d\u00e9ration,  D\u00e9partement f\u00e9d\u00e9ral des affaires \u00e9trang\u00e8res (DFAE)","audit_office_local":""},"yoast_head":"<!-- This site is optimized with the Yoast SEO Premium plugin v27.4 (Yoast SEO v27.4) - https:\/\/yoast.com\/product\/yoast-seo-premium-wordpress\/ -->\n<title>R\u00e9seau ext\u00e9rieur de la formation, de la recherche et de l\u2019innovation (Swissnex) - Contr\u00f4le f\u00e9d\u00e9ral des finances (CDF)<\/title>\n<meta name=\"description\" content=\"R\u00e9seau ext\u00e9rieur de la formation, de la recherche et de l\u2019innovation (Swissnex)\" \/>\n<meta name=\"robots\" content=\"index, follow, max-snippet:-1, max-image-preview:large, max-video-preview:-1\" \/>\n<link rel=\"canonical\" href=\"https:\/\/www.efk.admin.ch\/fr\/audit\/reseau-exterieur-de-la-formation-de-la-recherche-et-de-linnovation-swissnex-secretariat-detat-a-la-formation-a-la-recherche-et-a-linnovation\/\" \/>\n<meta property=\"og:locale\" content=\"fr_FR\" \/>\n<meta property=\"og:type\" content=\"article\" \/>\n<meta property=\"og:title\" content=\"R\u00e9seau ext\u00e9rieur de la formation, de la recherche et de l\u2019innovation (Swissnex)\" \/>\n<meta property=\"og:description\" content=\"R\u00e9seau ext\u00e9rieur de la formation, de la recherche et de l\u2019innovation (Swissnex)\" \/>\n<meta property=\"og:url\" content=\"https:\/\/www.efk.admin.ch\/fr\/audit\/reseau-exterieur-de-la-formation-de-la-recherche-et-de-linnovation-swissnex-secretariat-detat-a-la-formation-a-la-recherche-et-a-linnovation\/\" \/>\n<meta property=\"og:site_name\" content=\"Contr\u00f4le f\u00e9d\u00e9ral des finances (CDF)\" \/>\n<meta property=\"article:modified_time\" content=\"2024-03-04T11:52:56+00:00\" \/>\n<meta property=\"og:image\" content=\"https:\/\/www.efk.admin.ch\/wp-content\/uploads\/test\/palais.jpg\" \/>\n\t<meta property=\"og:image:width\" content=\"750\" \/>\n\t<meta property=\"og:image:height\" content=\"500\" \/>\n\t<meta property=\"og:image:type\" content=\"image\/jpeg\" \/>\n<meta name=\"twitter:card\" content=\"summary_large_image\" \/>\n<meta name=\"twitter:label1\" content=\"Dur\u00e9e de lecture estim\u00e9e\" \/>\n\t<meta name=\"twitter:data1\" content=\"1 minute\" \/>\n<script type=\"application\/ld+json\" class=\"yoast-schema-graph\">{\"@context\":\"https:\\\/\\\/schema.org\",\"@graph\":[{\"@type\":\"WebPage\",\"@id\":\"https:\\\/\\\/www.efk.admin.ch\\\/fr\\\/audit\\\/reseau-exterieur-de-la-formation-de-la-recherche-et-de-linnovation-swissnex-secretariat-detat-a-la-formation-a-la-recherche-et-a-linnovation\\\/\",\"url\":\"https:\\\/\\\/www.efk.admin.ch\\\/fr\\\/audit\\\/reseau-exterieur-de-la-formation-de-la-recherche-et-de-linnovation-swissnex-secretariat-detat-a-la-formation-a-la-recherche-et-a-linnovation\\\/\",\"name\":\"R\u00e9seau ext\u00e9rieur de la formation, de la recherche et de l\u2019innovation (Swissnex) - Contr\u00f4le f\u00e9d\u00e9ral des finances (CDF)\",\"isPartOf\":{\"@id\":\"https:\\\/\\\/www.efk.admin.ch\\\/fr\\\/#website\"},\"datePublished\":\"2024-01-17T15:37:15+00:00\",\"dateModified\":\"2024-03-04T11:52:56+00:00\",\"description\":\"R\u00e9seau ext\u00e9rieur de la formation, de la recherche et de l\u2019innovation (Swissnex)\",\"breadcrumb\":{\"@id\":\"https:\\\/\\\/www.efk.admin.ch\\\/fr\\\/audit\\\/reseau-exterieur-de-la-formation-de-la-recherche-et-de-linnovation-swissnex-secretariat-detat-a-la-formation-a-la-recherche-et-a-linnovation\\\/#breadcrumb\"},\"inLanguage\":\"fr-FR\",\"potentialAction\":[{\"@type\":\"ReadAction\",\"target\":[\"https:\\\/\\\/www.efk.admin.ch\\\/fr\\\/audit\\\/reseau-exterieur-de-la-formation-de-la-recherche-et-de-linnovation-swissnex-secretariat-detat-a-la-formation-a-la-recherche-et-a-linnovation\\\/\"]}]},{\"@type\":\"BreadcrumbList\",\"@id\":\"https:\\\/\\\/www.efk.admin.ch\\\/fr\\\/audit\\\/reseau-exterieur-de-la-formation-de-la-recherche-et-de-linnovation-swissnex-secretariat-detat-a-la-formation-a-la-recherche-et-a-linnovation\\\/#breadcrumb\",\"itemListElement\":[{\"@type\":\"ListItem\",\"position\":1,\"name\":\"Home\",\"item\":\"https:\\\/\\\/www.efk.admin.ch\\\/fr\\\/\"},{\"@type\":\"ListItem\",\"position\":2,\"name\":\"Rapport\",\"item\":\"https:\\\/\\\/www.efk.admin.ch\\\/fr\\\/audit\\\/\"},{\"@type\":\"ListItem\",\"position\":3,\"name\":\"R\u00e9seau ext\u00e9rieur de la formation, de la recherche et de l\u2019innovation (Swissnex)\"}]},{\"@type\":\"WebSite\",\"@id\":\"https:\\\/\\\/www.efk.admin.ch\\\/fr\\\/#website\",\"url\":\"https:\\\/\\\/www.efk.admin.ch\\\/fr\\\/\",\"name\":\"Informationen \u00fcber das oberste Finanzaufsichtsorgan der Schweiz\",\"description\":\"Le Contr\u00f4le f\u00e9d\u00e9ral des finances (CDF) est l'organe supr\u00eame de surveillance financi\u00e8re de la Conf\u00e9d\u00e9ration suisse.\",\"publisher\":{\"@id\":\"https:\\\/\\\/www.efk.admin.ch\\\/fr\\\/#organization\"},\"alternateName\":\"EFK\",\"potentialAction\":[{\"@type\":\"SearchAction\",\"target\":{\"@type\":\"EntryPoint\",\"urlTemplate\":\"https:\\\/\\\/www.efk.admin.ch\\\/fr\\\/?s={search_term_string}\"},\"query-input\":{\"@type\":\"PropertyValueSpecification\",\"valueRequired\":true,\"valueName\":\"search_term_string\"}}],\"inLanguage\":\"fr-FR\"},{\"@type\":\"Organization\",\"@id\":\"https:\\\/\\\/www.efk.admin.ch\\\/fr\\\/#organization\",\"name\":\"Contr\u00f4le f\u00e9d\u00e9ral des finances (CDF)\",\"alternateName\":\"EFK\",\"url\":\"https:\\\/\\\/www.efk.admin.ch\\\/fr\\\/\",\"logo\":{\"@type\":\"ImageObject\",\"inLanguage\":\"fr-FR\",\"@id\":\"https:\\\/\\\/www.efk.admin.ch\\\/fr\\\/#\\\/schema\\\/logo\\\/image\\\/\",\"url\":\"https:\\\/\\\/www.efk.admin.ch\\\/wp-content\\\/uploads\\\/efk_cdf_logo_ohne_claim.png\",\"contentUrl\":\"https:\\\/\\\/www.efk.admin.ch\\\/wp-content\\\/uploads\\\/efk_cdf_logo_ohne_claim.png\",\"width\":268,\"height\":258,\"caption\":\"Contr\u00f4le f\u00e9d\u00e9ral des finances (CDF)\"},\"image\":{\"@id\":\"https:\\\/\\\/www.efk.admin.ch\\\/fr\\\/#\\\/schema\\\/logo\\\/image\\\/\"},\"sameAs\":[\"https:\\\/\\\/www.instagram.com\\\/efk_cdf_sfao\\\/\",\"https:\\\/\\\/www.youtube.com\\\/channel\\\/UCm-bXj227VE5sJzhB-ihdvw\\\/featured\",\"https:\\\/\\\/www.linkedin.com\\\/company\\\/11081578\\\/\"]}]}<\/script>\n<!-- \/ Yoast SEO Premium plugin. -->","yoast_head_json":{"title":"R\u00e9seau ext\u00e9rieur de la formation, de la recherche et de l\u2019innovation (Swissnex) - Contr\u00f4le f\u00e9d\u00e9ral des finances (CDF)","description":"R\u00e9seau ext\u00e9rieur de la formation, de la recherche et de l\u2019innovation (Swissnex)","robots":{"index":"index","follow":"follow","max-snippet":"max-snippet:-1","max-image-preview":"max-image-preview:large","max-video-preview":"max-video-preview:-1"},"canonical":"https:\/\/www.efk.admin.ch\/fr\/audit\/reseau-exterieur-de-la-formation-de-la-recherche-et-de-linnovation-swissnex-secretariat-detat-a-la-formation-a-la-recherche-et-a-linnovation\/","og_locale":"fr_FR","og_type":"article","og_title":"R\u00e9seau ext\u00e9rieur de la formation, de la recherche et de l\u2019innovation (Swissnex)","og_description":"R\u00e9seau ext\u00e9rieur de la formation, de la recherche et de l\u2019innovation (Swissnex)","og_url":"https:\/\/www.efk.admin.ch\/fr\/audit\/reseau-exterieur-de-la-formation-de-la-recherche-et-de-linnovation-swissnex-secretariat-detat-a-la-formation-a-la-recherche-et-a-linnovation\/","og_site_name":"Contr\u00f4le f\u00e9d\u00e9ral des finances (CDF)","article_modified_time":"2024-03-04T11:52:56+00:00","og_image":[{"width":750,"height":500,"url":"https:\/\/www.efk.admin.ch\/wp-content\/uploads\/test\/palais.jpg","type":"image\/jpeg"}],"twitter_card":"summary_large_image","twitter_misc":{"Dur\u00e9e de lecture estim\u00e9e":"1 minute"},"schema":{"@context":"https:\/\/schema.org","@graph":[{"@type":"WebPage","@id":"https:\/\/www.efk.admin.ch\/fr\/audit\/reseau-exterieur-de-la-formation-de-la-recherche-et-de-linnovation-swissnex-secretariat-detat-a-la-formation-a-la-recherche-et-a-linnovation\/","url":"https:\/\/www.efk.admin.ch\/fr\/audit\/reseau-exterieur-de-la-formation-de-la-recherche-et-de-linnovation-swissnex-secretariat-detat-a-la-formation-a-la-recherche-et-a-linnovation\/","name":"R\u00e9seau ext\u00e9rieur de la formation, de la recherche et de l\u2019innovation (Swissnex) - Contr\u00f4le f\u00e9d\u00e9ral des finances (CDF)","isPartOf":{"@id":"https:\/\/www.efk.admin.ch\/fr\/#website"},"datePublished":"2024-01-17T15:37:15+00:00","dateModified":"2024-03-04T11:52:56+00:00","description":"R\u00e9seau ext\u00e9rieur de la formation, de la recherche et de l\u2019innovation (Swissnex)","breadcrumb":{"@id":"https:\/\/www.efk.admin.ch\/fr\/audit\/reseau-exterieur-de-la-formation-de-la-recherche-et-de-linnovation-swissnex-secretariat-detat-a-la-formation-a-la-recherche-et-a-linnovation\/#breadcrumb"},"inLanguage":"fr-FR","potentialAction":[{"@type":"ReadAction","target":["https:\/\/www.efk.admin.ch\/fr\/audit\/reseau-exterieur-de-la-formation-de-la-recherche-et-de-linnovation-swissnex-secretariat-detat-a-la-formation-a-la-recherche-et-a-linnovation\/"]}]},{"@type":"BreadcrumbList","@id":"https:\/\/www.efk.admin.ch\/fr\/audit\/reseau-exterieur-de-la-formation-de-la-recherche-et-de-linnovation-swissnex-secretariat-detat-a-la-formation-a-la-recherche-et-a-linnovation\/#breadcrumb","itemListElement":[{"@type":"ListItem","position":1,"name":"Home","item":"https:\/\/www.efk.admin.ch\/fr\/"},{"@type":"ListItem","position":2,"name":"Rapport","item":"https:\/\/www.efk.admin.ch\/fr\/audit\/"},{"@type":"ListItem","position":3,"name":"R\u00e9seau ext\u00e9rieur de la formation, de la recherche et de l\u2019innovation (Swissnex)"}]},{"@type":"WebSite","@id":"https:\/\/www.efk.admin.ch\/fr\/#website","url":"https:\/\/www.efk.admin.ch\/fr\/","name":"Informationen \u00fcber das oberste Finanzaufsichtsorgan der Schweiz","description":"Le Contr\u00f4le f\u00e9d\u00e9ral des finances (CDF) est l'organe supr\u00eame de surveillance financi\u00e8re de la Conf\u00e9d\u00e9ration suisse.","publisher":{"@id":"https:\/\/www.efk.admin.ch\/fr\/#organization"},"alternateName":"EFK","potentialAction":[{"@type":"SearchAction","target":{"@type":"EntryPoint","urlTemplate":"https:\/\/www.efk.admin.ch\/fr\/?s={search_term_string}"},"query-input":{"@type":"PropertyValueSpecification","valueRequired":true,"valueName":"search_term_string"}}],"inLanguage":"fr-FR"},{"@type":"Organization","@id":"https:\/\/www.efk.admin.ch\/fr\/#organization","name":"Contr\u00f4le f\u00e9d\u00e9ral des finances (CDF)","alternateName":"EFK","url":"https:\/\/www.efk.admin.ch\/fr\/","logo":{"@type":"ImageObject","inLanguage":"fr-FR","@id":"https:\/\/www.efk.admin.ch\/fr\/#\/schema\/logo\/image\/","url":"https:\/\/www.efk.admin.ch\/wp-content\/uploads\/efk_cdf_logo_ohne_claim.png","contentUrl":"https:\/\/www.efk.admin.ch\/wp-content\/uploads\/efk_cdf_logo_ohne_claim.png","width":268,"height":258,"caption":"Contr\u00f4le f\u00e9d\u00e9ral des finances (CDF)"},"image":{"@id":"https:\/\/www.efk.admin.ch\/fr\/#\/schema\/logo\/image\/"},"sameAs":["https:\/\/www.instagram.com\/efk_cdf_sfao\/","https:\/\/www.youtube.com\/channel\/UCm-bXj227VE5sJzhB-ihdvw\/featured","https:\/\/www.linkedin.com\/company\/11081578\/"]}]}},"_links":{"self":[{"href":"https:\/\/www.efk.admin.ch\/fr\/wp-json\/wp\/v2\/audit\/6146","targetHints":{"allow":["GET"]}}],"collection":[{"href":"https:\/\/www.efk.admin.ch\/fr\/wp-json\/wp\/v2\/audit"}],"about":[{"href":"https:\/\/www.efk.admin.ch\/fr\/wp-json\/wp\/v2\/types\/audit"}],"acf:post":[{"embeddable":true,"href":"https:\/\/www.efk.admin.ch\/fr\/wp-json\/wp\/v2\/office\/7946"}],"wp:attachment":[{"href":"https:\/\/www.efk.admin.ch\/fr\/wp-json\/wp\/v2\/media?parent=6146"}],"wp:term":[{"taxonomy":"audit_category","embeddable":true,"href":"https:\/\/www.efk.admin.ch\/fr\/wp-json\/wp\/v2\/audit_category?post=6146"},{"taxonomy":"audit_type","embeddable":true,"href":"https:\/\/www.efk.admin.ch\/fr\/wp-json\/wp\/v2\/audit_type?post=6146"}],"curies":[{"name":"wp","href":"https:\/\/api.w.org\/{rel}","templated":true}]}}