{"id":6142,"date":"2024-01-17T16:37:15","date_gmt":"2024-01-17T15:37:15","guid":{"rendered":"https:\/\/preview.efk.admin.ch\/prufung\/administration-federale-des-finances-rapport-detaille-sur-la-revision-du-compte-2015-de-la-confederation\/"},"modified":"2024-03-01T09:39:33","modified_gmt":"2024-03-01T08:39:33","slug":"administration-federale-des-finances-rapport-detaille-sur-la-revision-du-compte-2015-de-la-confederation","status":"publish","type":"audit","link":"https:\/\/www.efk.admin.ch\/fr\/audit\/administration-federale-des-finances-rapport-detaille-sur-la-revision-du-compte-2015-de-la-confederation\/","title":{"rendered":"Rapport d\u00e9taill\u00e9 sur la r\u00e9vision du compte 2015 de la Conf\u00e9d\u00e9ration"},"content":{"rendered":"\n<p>Chaque ann\u00e9e, l\u2019Assembl\u00e9e f\u00e9d\u00e9rale de la Conf\u00e9d\u00e9ration suisse doit d\u00e9cider de l\u2019approbation du compte d\u2019\u00c9tat de la Conf\u00e9d\u00e9ration (compte de la Conf\u00e9d\u00e9ration). Il importe qu\u2019elle puisse compter sur l\u2019examen du compte de la Conf\u00e9d\u00e9ration par un organe de r\u00e9vision ind\u00e9pendant. Le Contr\u00f4le f\u00e9d\u00e9ral des finances (CDF) v\u00e9rifie, sur la base de normes reconnues en mati\u00e8re de r\u00e9vision, si le compte de la Conf\u00e9d\u00e9ration a \u00e9t\u00e9 \u00e9tabli correctement. Puis il \u00e9met une recommandation \u00e0 l\u2019intention des Commissions des finances des Chambres f\u00e9d\u00e9rales, leur indiquant s\u2019il convient ou non d\u2019ap-prouver le compte de la Conf\u00e9d\u00e9ration. Se fondant sur les conclusions tir\u00e9es des examens effectu\u00e9s le CDF recommande, dans son rapport du 26 avril 2016 d\u2019approuver le compte de la Conf\u00e9d\u00e9ration pour l\u2019ann\u00e9e 2015.<\/p>\n","protected":false},"featured_media":0,"menu_order":0,"template":"","audit_category":[43],"audit_type":[221],"class_list":["post-6142","audit","type-audit","status-publish","hentry","audit_category-finances-publiques-et-impots","audit_type-bundesrechnung"],"acf":{"audit_lang":[{"lang":"d"}],"audit_numbers":[{"audit_number":"16056"}],"audit_office":[7937],"audit_office_text":"","audit_date":"20160613","bgo":false,"keywords":"l\u2019Assembl\u00e9e f\u00e9d\u00e9rale, l\u2019approbation,  compte d\u2019\u00c9tat, compte de la Conf\u00e9d\u00e9ration, organe de r\u00e9vision ind\u00e9pendant,  normes reconnues en mati\u00e8re de r\u00e9vision,  Commissions des finances des Chambres f\u00e9d\u00e9rales, recommandation","audit_office_local":""},"yoast_head":"<!-- This site is optimized with the Yoast SEO Premium plugin v27.4 (Yoast SEO v27.4) - https:\/\/yoast.com\/product\/yoast-seo-premium-wordpress\/ -->\n<title>Rapport d\u00e9taill\u00e9 sur la r\u00e9vision du compte 2015 de la Conf\u00e9d\u00e9ration - Contr\u00f4le f\u00e9d\u00e9ral des finances (CDF)<\/title>\n<meta name=\"description\" content=\"Rapport d\u00e9taill\u00e9 sur la r\u00e9vision du compte 2015 de la Conf\u00e9d\u00e9ration\" \/>\n<meta name=\"robots\" content=\"index, follow, max-snippet:-1, max-image-preview:large, max-video-preview:-1\" \/>\n<link rel=\"canonical\" href=\"https:\/\/www.efk.admin.ch\/fr\/audit\/administration-federale-des-finances-rapport-detaille-sur-la-revision-du-compte-2015-de-la-confederation\/\" \/>\n<meta property=\"og:locale\" content=\"fr_FR\" \/>\n<meta property=\"og:type\" content=\"article\" \/>\n<meta property=\"og:title\" content=\"Rapport d\u00e9taill\u00e9 sur la r\u00e9vision du compte 2015 de la Conf\u00e9d\u00e9ration\" \/>\n<meta property=\"og:description\" content=\"Rapport d\u00e9taill\u00e9 sur la r\u00e9vision du compte 2015 de la Conf\u00e9d\u00e9ration\" \/>\n<meta property=\"og:url\" content=\"https:\/\/www.efk.admin.ch\/fr\/audit\/administration-federale-des-finances-rapport-detaille-sur-la-revision-du-compte-2015-de-la-confederation\/\" \/>\n<meta property=\"og:site_name\" content=\"Contr\u00f4le f\u00e9d\u00e9ral des finances (CDF)\" \/>\n<meta property=\"article:modified_time\" content=\"2024-03-01T08:39:33+00:00\" \/>\n<meta property=\"og:image\" content=\"https:\/\/www.efk.admin.ch\/wp-content\/uploads\/test\/palais.jpg\" \/>\n\t<meta property=\"og:image:width\" content=\"750\" \/>\n\t<meta property=\"og:image:height\" content=\"500\" \/>\n\t<meta property=\"og:image:type\" content=\"image\/jpeg\" \/>\n<meta name=\"twitter:card\" content=\"summary_large_image\" \/>\n<meta name=\"twitter:label1\" content=\"Dur\u00e9e de lecture estim\u00e9e\" \/>\n\t<meta name=\"twitter:data1\" content=\"1 minute\" \/>\n<script type=\"application\/ld+json\" class=\"yoast-schema-graph\">{\"@context\":\"https:\\\/\\\/schema.org\",\"@graph\":[{\"@type\":\"WebPage\",\"@id\":\"https:\\\/\\\/www.efk.admin.ch\\\/fr\\\/audit\\\/administration-federale-des-finances-rapport-detaille-sur-la-revision-du-compte-2015-de-la-confederation\\\/\",\"url\":\"https:\\\/\\\/www.efk.admin.ch\\\/fr\\\/audit\\\/administration-federale-des-finances-rapport-detaille-sur-la-revision-du-compte-2015-de-la-confederation\\\/\",\"name\":\"Rapport d\u00e9taill\u00e9 sur la r\u00e9vision du compte 2015 de la Conf\u00e9d\u00e9ration - Contr\u00f4le f\u00e9d\u00e9ral des finances (CDF)\",\"isPartOf\":{\"@id\":\"https:\\\/\\\/www.efk.admin.ch\\\/fr\\\/#website\"},\"datePublished\":\"2024-01-17T15:37:15+00:00\",\"dateModified\":\"2024-03-01T08:39:33+00:00\",\"description\":\"Rapport d\u00e9taill\u00e9 sur la r\u00e9vision du compte 2015 de la Conf\u00e9d\u00e9ration\",\"breadcrumb\":{\"@id\":\"https:\\\/\\\/www.efk.admin.ch\\\/fr\\\/audit\\\/administration-federale-des-finances-rapport-detaille-sur-la-revision-du-compte-2015-de-la-confederation\\\/#breadcrumb\"},\"inLanguage\":\"fr-FR\",\"potentialAction\":[{\"@type\":\"ReadAction\",\"target\":[\"https:\\\/\\\/www.efk.admin.ch\\\/fr\\\/audit\\\/administration-federale-des-finances-rapport-detaille-sur-la-revision-du-compte-2015-de-la-confederation\\\/\"]}]},{\"@type\":\"BreadcrumbList\",\"@id\":\"https:\\\/\\\/www.efk.admin.ch\\\/fr\\\/audit\\\/administration-federale-des-finances-rapport-detaille-sur-la-revision-du-compte-2015-de-la-confederation\\\/#breadcrumb\",\"itemListElement\":[{\"@type\":\"ListItem\",\"position\":1,\"name\":\"Home\",\"item\":\"https:\\\/\\\/www.efk.admin.ch\\\/fr\\\/\"},{\"@type\":\"ListItem\",\"position\":2,\"name\":\"Rapport\",\"item\":\"https:\\\/\\\/www.efk.admin.ch\\\/fr\\\/audit\\\/\"},{\"@type\":\"ListItem\",\"position\":3,\"name\":\"Rapport d\u00e9taill\u00e9 sur la r\u00e9vision du compte 2015 de la Conf\u00e9d\u00e9ration\"}]},{\"@type\":\"WebSite\",\"@id\":\"https:\\\/\\\/www.efk.admin.ch\\\/fr\\\/#website\",\"url\":\"https:\\\/\\\/www.efk.admin.ch\\\/fr\\\/\",\"name\":\"Informationen \u00fcber das oberste Finanzaufsichtsorgan der Schweiz\",\"description\":\"Le Contr\u00f4le f\u00e9d\u00e9ral des finances (CDF) est l'organe supr\u00eame de surveillance financi\u00e8re de la Conf\u00e9d\u00e9ration suisse.\",\"publisher\":{\"@id\":\"https:\\\/\\\/www.efk.admin.ch\\\/fr\\\/#organization\"},\"alternateName\":\"EFK\",\"potentialAction\":[{\"@type\":\"SearchAction\",\"target\":{\"@type\":\"EntryPoint\",\"urlTemplate\":\"https:\\\/\\\/www.efk.admin.ch\\\/fr\\\/?s={search_term_string}\"},\"query-input\":{\"@type\":\"PropertyValueSpecification\",\"valueRequired\":true,\"valueName\":\"search_term_string\"}}],\"inLanguage\":\"fr-FR\"},{\"@type\":\"Organization\",\"@id\":\"https:\\\/\\\/www.efk.admin.ch\\\/fr\\\/#organization\",\"name\":\"Contr\u00f4le f\u00e9d\u00e9ral des finances (CDF)\",\"alternateName\":\"EFK\",\"url\":\"https:\\\/\\\/www.efk.admin.ch\\\/fr\\\/\",\"logo\":{\"@type\":\"ImageObject\",\"inLanguage\":\"fr-FR\",\"@id\":\"https:\\\/\\\/www.efk.admin.ch\\\/fr\\\/#\\\/schema\\\/logo\\\/image\\\/\",\"url\":\"https:\\\/\\\/www.efk.admin.ch\\\/wp-content\\\/uploads\\\/efk_cdf_logo_ohne_claim.png\",\"contentUrl\":\"https:\\\/\\\/www.efk.admin.ch\\\/wp-content\\\/uploads\\\/efk_cdf_logo_ohne_claim.png\",\"width\":268,\"height\":258,\"caption\":\"Contr\u00f4le f\u00e9d\u00e9ral des finances (CDF)\"},\"image\":{\"@id\":\"https:\\\/\\\/www.efk.admin.ch\\\/fr\\\/#\\\/schema\\\/logo\\\/image\\\/\"},\"sameAs\":[\"https:\\\/\\\/www.instagram.com\\\/efk_cdf_sfao\\\/\",\"https:\\\/\\\/www.youtube.com\\\/channel\\\/UCm-bXj227VE5sJzhB-ihdvw\\\/featured\",\"https:\\\/\\\/www.linkedin.com\\\/company\\\/11081578\\\/\"]}]}<\/script>\n<!-- \/ Yoast SEO Premium plugin. -->","yoast_head_json":{"title":"Rapport d\u00e9taill\u00e9 sur la r\u00e9vision du compte 2015 de la Conf\u00e9d\u00e9ration - Contr\u00f4le f\u00e9d\u00e9ral des finances (CDF)","description":"Rapport d\u00e9taill\u00e9 sur la r\u00e9vision du compte 2015 de la Conf\u00e9d\u00e9ration","robots":{"index":"index","follow":"follow","max-snippet":"max-snippet:-1","max-image-preview":"max-image-preview:large","max-video-preview":"max-video-preview:-1"},"canonical":"https:\/\/www.efk.admin.ch\/fr\/audit\/administration-federale-des-finances-rapport-detaille-sur-la-revision-du-compte-2015-de-la-confederation\/","og_locale":"fr_FR","og_type":"article","og_title":"Rapport d\u00e9taill\u00e9 sur la r\u00e9vision du compte 2015 de la Conf\u00e9d\u00e9ration","og_description":"Rapport d\u00e9taill\u00e9 sur la r\u00e9vision du compte 2015 de la Conf\u00e9d\u00e9ration","og_url":"https:\/\/www.efk.admin.ch\/fr\/audit\/administration-federale-des-finances-rapport-detaille-sur-la-revision-du-compte-2015-de-la-confederation\/","og_site_name":"Contr\u00f4le f\u00e9d\u00e9ral des finances (CDF)","article_modified_time":"2024-03-01T08:39:33+00:00","og_image":[{"width":750,"height":500,"url":"https:\/\/www.efk.admin.ch\/wp-content\/uploads\/test\/palais.jpg","type":"image\/jpeg"}],"twitter_card":"summary_large_image","twitter_misc":{"Dur\u00e9e de lecture estim\u00e9e":"1 minute"},"schema":{"@context":"https:\/\/schema.org","@graph":[{"@type":"WebPage","@id":"https:\/\/www.efk.admin.ch\/fr\/audit\/administration-federale-des-finances-rapport-detaille-sur-la-revision-du-compte-2015-de-la-confederation\/","url":"https:\/\/www.efk.admin.ch\/fr\/audit\/administration-federale-des-finances-rapport-detaille-sur-la-revision-du-compte-2015-de-la-confederation\/","name":"Rapport d\u00e9taill\u00e9 sur la r\u00e9vision du compte 2015 de la Conf\u00e9d\u00e9ration - Contr\u00f4le f\u00e9d\u00e9ral des finances (CDF)","isPartOf":{"@id":"https:\/\/www.efk.admin.ch\/fr\/#website"},"datePublished":"2024-01-17T15:37:15+00:00","dateModified":"2024-03-01T08:39:33+00:00","description":"Rapport d\u00e9taill\u00e9 sur la r\u00e9vision du compte 2015 de la Conf\u00e9d\u00e9ration","breadcrumb":{"@id":"https:\/\/www.efk.admin.ch\/fr\/audit\/administration-federale-des-finances-rapport-detaille-sur-la-revision-du-compte-2015-de-la-confederation\/#breadcrumb"},"inLanguage":"fr-FR","potentialAction":[{"@type":"ReadAction","target":["https:\/\/www.efk.admin.ch\/fr\/audit\/administration-federale-des-finances-rapport-detaille-sur-la-revision-du-compte-2015-de-la-confederation\/"]}]},{"@type":"BreadcrumbList","@id":"https:\/\/www.efk.admin.ch\/fr\/audit\/administration-federale-des-finances-rapport-detaille-sur-la-revision-du-compte-2015-de-la-confederation\/#breadcrumb","itemListElement":[{"@type":"ListItem","position":1,"name":"Home","item":"https:\/\/www.efk.admin.ch\/fr\/"},{"@type":"ListItem","position":2,"name":"Rapport","item":"https:\/\/www.efk.admin.ch\/fr\/audit\/"},{"@type":"ListItem","position":3,"name":"Rapport d\u00e9taill\u00e9 sur la r\u00e9vision du compte 2015 de la Conf\u00e9d\u00e9ration"}]},{"@type":"WebSite","@id":"https:\/\/www.efk.admin.ch\/fr\/#website","url":"https:\/\/www.efk.admin.ch\/fr\/","name":"Informationen \u00fcber das oberste Finanzaufsichtsorgan der Schweiz","description":"Le Contr\u00f4le f\u00e9d\u00e9ral des finances (CDF) est l'organe supr\u00eame de surveillance financi\u00e8re de la Conf\u00e9d\u00e9ration suisse.","publisher":{"@id":"https:\/\/www.efk.admin.ch\/fr\/#organization"},"alternateName":"EFK","potentialAction":[{"@type":"SearchAction","target":{"@type":"EntryPoint","urlTemplate":"https:\/\/www.efk.admin.ch\/fr\/?s={search_term_string}"},"query-input":{"@type":"PropertyValueSpecification","valueRequired":true,"valueName":"search_term_string"}}],"inLanguage":"fr-FR"},{"@type":"Organization","@id":"https:\/\/www.efk.admin.ch\/fr\/#organization","name":"Contr\u00f4le f\u00e9d\u00e9ral des finances (CDF)","alternateName":"EFK","url":"https:\/\/www.efk.admin.ch\/fr\/","logo":{"@type":"ImageObject","inLanguage":"fr-FR","@id":"https:\/\/www.efk.admin.ch\/fr\/#\/schema\/logo\/image\/","url":"https:\/\/www.efk.admin.ch\/wp-content\/uploads\/efk_cdf_logo_ohne_claim.png","contentUrl":"https:\/\/www.efk.admin.ch\/wp-content\/uploads\/efk_cdf_logo_ohne_claim.png","width":268,"height":258,"caption":"Contr\u00f4le f\u00e9d\u00e9ral des finances (CDF)"},"image":{"@id":"https:\/\/www.efk.admin.ch\/fr\/#\/schema\/logo\/image\/"},"sameAs":["https:\/\/www.instagram.com\/efk_cdf_sfao\/","https:\/\/www.youtube.com\/channel\/UCm-bXj227VE5sJzhB-ihdvw\/featured","https:\/\/www.linkedin.com\/company\/11081578\/"]}]}},"_links":{"self":[{"href":"https:\/\/www.efk.admin.ch\/fr\/wp-json\/wp\/v2\/audit\/6142","targetHints":{"allow":["GET"]}}],"collection":[{"href":"https:\/\/www.efk.admin.ch\/fr\/wp-json\/wp\/v2\/audit"}],"about":[{"href":"https:\/\/www.efk.admin.ch\/fr\/wp-json\/wp\/v2\/types\/audit"}],"acf:post":[{"embeddable":true,"href":"https:\/\/www.efk.admin.ch\/fr\/wp-json\/wp\/v2\/office\/7937"}],"wp:attachment":[{"href":"https:\/\/www.efk.admin.ch\/fr\/wp-json\/wp\/v2\/media?parent=6142"}],"wp:term":[{"taxonomy":"audit_category","embeddable":true,"href":"https:\/\/www.efk.admin.ch\/fr\/wp-json\/wp\/v2\/audit_category?post=6142"},{"taxonomy":"audit_type","embeddable":true,"href":"https:\/\/www.efk.admin.ch\/fr\/wp-json\/wp\/v2\/audit_type?post=6142"}],"curies":[{"name":"wp","href":"https:\/\/api.w.org\/{rel}","templated":true}]}}