{"id":6141,"date":"2024-01-17T16:37:15","date_gmt":"2024-01-17T15:37:15","guid":{"rendered":"https:\/\/preview.efk.admin.ch\/prufung\/contributions-aux-investissements-et-a-lexploitation-accordees-par-la-confederation-a-la-maison-de-la-paix-a-geneve-secretariat-detat-a-la-formation-a-la-recherche-et-a-l\/"},"modified":"2024-02-29T16:14:58","modified_gmt":"2024-02-29T15:14:58","slug":"contributions-aux-investissements-et-a-lexploitation-accordees-par-la-confederation-a-la-maison-de-la-paix-a-geneve-secretariat-detat-a-la-formation-a-la-recherche-et-a-l","status":"publish","type":"audit","link":"https:\/\/www.efk.admin.ch\/fr\/audit\/contributions-aux-investissements-et-a-lexploitation-accordees-par-la-confederation-a-la-maison-de-la-paix-a-geneve-secretariat-detat-a-la-formation-a-la-recherche-et-a-l\/","title":{"rendered":"Contributions aux investissements et \u00e0 l\u2019exploitation accord\u00e9es par la Conf\u00e9d\u00e9ration \u00e0 la Maison de la paix \u00e0 Gen\u00e8ve"},"content":{"rendered":"\n<p>La Maison de la paix a ouvert ses portes \u00e0 Gen\u00e8ve en automne 2014. Formant un remarquable ensemble architectural, elle a \u00e9t\u00e9 r\u00e9alis\u00e9e par l\u2019Institut de hautes \u00e9tudes internationales et du d\u00e9veloppement (IHEID), qui, en tant que ma\u00eetre d\u2019ouvrage, en occupe environ les deux tiers pour le fonctionnement de la haute \u00e9cole. Par ailleurs, trois fondations soutenues par la Conf\u00e9d\u00e9ration s\u2019y sont \u00e9tablies \u2013 le Centre de politique de s\u00e9curit\u00e9, Gen\u00e8ve (GCSP), le Centre international de d\u00e9minage humanitaire, Gen\u00e8ve (CIDHG) et le Centre pour le contr\u00f4le d\u00e9mocratique des forces arm\u00e9es, Gen\u00e8ve (DCAF) \u2013, de m\u00eame que d\u2019autres institutions actives dans les domaines de la politique ext\u00e9rieure, de la politique de paix et de s\u00e9curit\u00e9. Le p\u00f4le de comp\u00e9tences ainsi cr\u00e9\u00e9 va faciliter les \u00e9changes et la collaboration entre ces divers organismes, tout en r\u00e9solvant le probl\u00e8me du manque de locaux. Les co\u00fbts de construction se sont \u00e9lev\u00e9s \u00e0 189 millions de franc (sans le terrain) et le Secr\u00e9tariat d\u2019\u00c9tat \u00e0 la formation, \u00e0 la recherche et \u00e0 l\u2019innovation (SEFRI) y a particip\u00e9 \u00e0 hauteur de 33,6 millions.<\/p>\n","protected":false},"featured_media":0,"menu_order":0,"template":"","audit_category":[64],"audit_type":[52],"class_list":["post-6141","audit","type-audit","status-publish","hentry","audit_category-relations-avec-l-etranger","audit_type-audit-fr"],"acf":{"audit_lang":[{"lang":"d"}],"audit_numbers":[{"audit_number":"16189"}],"audit_office":7946,"audit_office_text":"","audit_date":"20160802","bgo":false,"keywords":"2014, r\u00e9alis\u00e9e, l\u2019Institut de hautes \u00e9tudes internationales et du d\u00e9veloppementz \u00e9cole, fondations soutenues par la Conf\u00e9d\u00e9ration, le Centre de politique de s\u00e9curit\u00e9, Gen\u00e8ve (GCSP), le Centre international de d\u00e9minage humanitaire, Gen\u00e8ve (CIDHG), Centre pour le contr\u00f4le d\u00e9mocratique des forces arm\u00e9es, Gen\u00e8ve (DCAF), d\u2019autres institutions, Le p\u00f4le de comp\u00e9tences,  Les co\u00fbts de construction","audit_office_local":""},"yoast_head":"<!-- This site is optimized with the Yoast SEO Premium plugin v27.4 (Yoast SEO v27.4) - https:\/\/yoast.com\/product\/yoast-seo-premium-wordpress\/ -->\n<title>Contributions aux investissements et \u00e0 l\u2019exploitation accord\u00e9es par la Conf\u00e9d\u00e9ration \u00e0 la Maison de la paix \u00e0 Gen\u00e8ve - Contr\u00f4le f\u00e9d\u00e9ral des finances (CDF)<\/title>\n<meta name=\"description\" content=\"Contributions aux investissements et \u00e0 l\u2019exploitation accord\u00e9es par la Conf\u00e9d\u00e9ration \u00e0 la Maison de la paix \u00e0 Gen\u00e8ve\" \/>\n<meta name=\"robots\" content=\"index, follow, max-snippet:-1, max-image-preview:large, max-video-preview:-1\" \/>\n<link rel=\"canonical\" href=\"https:\/\/www.efk.admin.ch\/fr\/audit\/contributions-aux-investissements-et-a-lexploitation-accordees-par-la-confederation-a-la-maison-de-la-paix-a-geneve-secretariat-detat-a-la-formation-a-la-recherche-et-a-l\/\" \/>\n<meta property=\"og:locale\" content=\"fr_FR\" \/>\n<meta property=\"og:type\" content=\"article\" \/>\n<meta property=\"og:title\" content=\"Contributions aux investissements et \u00e0 l\u2019exploitation accord\u00e9es par la Conf\u00e9d\u00e9ration \u00e0 la Maison de la paix \u00e0 Gen\u00e8ve\" \/>\n<meta property=\"og:description\" content=\"Contributions aux investissements et \u00e0 l\u2019exploitation accord\u00e9es par la Conf\u00e9d\u00e9ration \u00e0 la Maison de la paix \u00e0 Gen\u00e8ve\" \/>\n<meta property=\"og:url\" content=\"https:\/\/www.efk.admin.ch\/fr\/audit\/contributions-aux-investissements-et-a-lexploitation-accordees-par-la-confederation-a-la-maison-de-la-paix-a-geneve-secretariat-detat-a-la-formation-a-la-recherche-et-a-l\/\" \/>\n<meta property=\"og:site_name\" content=\"Contr\u00f4le f\u00e9d\u00e9ral des finances (CDF)\" \/>\n<meta property=\"article:modified_time\" content=\"2024-02-29T15:14:58+00:00\" \/>\n<meta property=\"og:image\" content=\"https:\/\/www.efk.admin.ch\/wp-content\/uploads\/test\/palais.jpg\" \/>\n\t<meta property=\"og:image:width\" content=\"750\" \/>\n\t<meta property=\"og:image:height\" content=\"500\" \/>\n\t<meta property=\"og:image:type\" content=\"image\/jpeg\" \/>\n<meta name=\"twitter:card\" content=\"summary_large_image\" \/>\n<meta name=\"twitter:label1\" content=\"Dur\u00e9e de lecture estim\u00e9e\" \/>\n\t<meta name=\"twitter:data1\" content=\"1 minute\" \/>\n<script type=\"application\/ld+json\" class=\"yoast-schema-graph\">{\"@context\":\"https:\\\/\\\/schema.org\",\"@graph\":[{\"@type\":\"WebPage\",\"@id\":\"https:\\\/\\\/www.efk.admin.ch\\\/fr\\\/audit\\\/contributions-aux-investissements-et-a-lexploitation-accordees-par-la-confederation-a-la-maison-de-la-paix-a-geneve-secretariat-detat-a-la-formation-a-la-recherche-et-a-l\\\/\",\"url\":\"https:\\\/\\\/www.efk.admin.ch\\\/fr\\\/audit\\\/contributions-aux-investissements-et-a-lexploitation-accordees-par-la-confederation-a-la-maison-de-la-paix-a-geneve-secretariat-detat-a-la-formation-a-la-recherche-et-a-l\\\/\",\"name\":\"Contributions aux investissements et \u00e0 l\u2019exploitation accord\u00e9es par la Conf\u00e9d\u00e9ration \u00e0 la Maison de la paix \u00e0 Gen\u00e8ve - Contr\u00f4le f\u00e9d\u00e9ral des finances (CDF)\",\"isPartOf\":{\"@id\":\"https:\\\/\\\/www.efk.admin.ch\\\/fr\\\/#website\"},\"datePublished\":\"2024-01-17T15:37:15+00:00\",\"dateModified\":\"2024-02-29T15:14:58+00:00\",\"description\":\"Contributions aux investissements et \u00e0 l\u2019exploitation accord\u00e9es par la Conf\u00e9d\u00e9ration \u00e0 la Maison de la paix \u00e0 Gen\u00e8ve\",\"breadcrumb\":{\"@id\":\"https:\\\/\\\/www.efk.admin.ch\\\/fr\\\/audit\\\/contributions-aux-investissements-et-a-lexploitation-accordees-par-la-confederation-a-la-maison-de-la-paix-a-geneve-secretariat-detat-a-la-formation-a-la-recherche-et-a-l\\\/#breadcrumb\"},\"inLanguage\":\"fr-FR\",\"potentialAction\":[{\"@type\":\"ReadAction\",\"target\":[\"https:\\\/\\\/www.efk.admin.ch\\\/fr\\\/audit\\\/contributions-aux-investissements-et-a-lexploitation-accordees-par-la-confederation-a-la-maison-de-la-paix-a-geneve-secretariat-detat-a-la-formation-a-la-recherche-et-a-l\\\/\"]}]},{\"@type\":\"BreadcrumbList\",\"@id\":\"https:\\\/\\\/www.efk.admin.ch\\\/fr\\\/audit\\\/contributions-aux-investissements-et-a-lexploitation-accordees-par-la-confederation-a-la-maison-de-la-paix-a-geneve-secretariat-detat-a-la-formation-a-la-recherche-et-a-l\\\/#breadcrumb\",\"itemListElement\":[{\"@type\":\"ListItem\",\"position\":1,\"name\":\"Home\",\"item\":\"https:\\\/\\\/www.efk.admin.ch\\\/fr\\\/\"},{\"@type\":\"ListItem\",\"position\":2,\"name\":\"Rapport\",\"item\":\"https:\\\/\\\/www.efk.admin.ch\\\/fr\\\/audit\\\/\"},{\"@type\":\"ListItem\",\"position\":3,\"name\":\"Contributions aux investissements et \u00e0 l\u2019exploitation accord\u00e9es par la Conf\u00e9d\u00e9ration \u00e0 la Maison de la paix \u00e0 Gen\u00e8ve\"}]},{\"@type\":\"WebSite\",\"@id\":\"https:\\\/\\\/www.efk.admin.ch\\\/fr\\\/#website\",\"url\":\"https:\\\/\\\/www.efk.admin.ch\\\/fr\\\/\",\"name\":\"Informationen \u00fcber das oberste Finanzaufsichtsorgan der Schweiz\",\"description\":\"Le Contr\u00f4le f\u00e9d\u00e9ral des finances (CDF) est l'organe supr\u00eame de surveillance financi\u00e8re de la Conf\u00e9d\u00e9ration suisse.\",\"publisher\":{\"@id\":\"https:\\\/\\\/www.efk.admin.ch\\\/fr\\\/#organization\"},\"alternateName\":\"EFK\",\"potentialAction\":[{\"@type\":\"SearchAction\",\"target\":{\"@type\":\"EntryPoint\",\"urlTemplate\":\"https:\\\/\\\/www.efk.admin.ch\\\/fr\\\/?s={search_term_string}\"},\"query-input\":{\"@type\":\"PropertyValueSpecification\",\"valueRequired\":true,\"valueName\":\"search_term_string\"}}],\"inLanguage\":\"fr-FR\"},{\"@type\":\"Organization\",\"@id\":\"https:\\\/\\\/www.efk.admin.ch\\\/fr\\\/#organization\",\"name\":\"Contr\u00f4le f\u00e9d\u00e9ral des finances (CDF)\",\"alternateName\":\"EFK\",\"url\":\"https:\\\/\\\/www.efk.admin.ch\\\/fr\\\/\",\"logo\":{\"@type\":\"ImageObject\",\"inLanguage\":\"fr-FR\",\"@id\":\"https:\\\/\\\/www.efk.admin.ch\\\/fr\\\/#\\\/schema\\\/logo\\\/image\\\/\",\"url\":\"https:\\\/\\\/www.efk.admin.ch\\\/wp-content\\\/uploads\\\/efk_cdf_logo_ohne_claim.png\",\"contentUrl\":\"https:\\\/\\\/www.efk.admin.ch\\\/wp-content\\\/uploads\\\/efk_cdf_logo_ohne_claim.png\",\"width\":268,\"height\":258,\"caption\":\"Contr\u00f4le f\u00e9d\u00e9ral des finances (CDF)\"},\"image\":{\"@id\":\"https:\\\/\\\/www.efk.admin.ch\\\/fr\\\/#\\\/schema\\\/logo\\\/image\\\/\"},\"sameAs\":[\"https:\\\/\\\/www.instagram.com\\\/efk_cdf_sfao\\\/\",\"https:\\\/\\\/www.youtube.com\\\/channel\\\/UCm-bXj227VE5sJzhB-ihdvw\\\/featured\",\"https:\\\/\\\/www.linkedin.com\\\/company\\\/11081578\\\/\"]}]}<\/script>\n<!-- \/ Yoast SEO Premium plugin. -->","yoast_head_json":{"title":"Contributions aux investissements et \u00e0 l\u2019exploitation accord\u00e9es par la Conf\u00e9d\u00e9ration \u00e0 la Maison de la paix \u00e0 Gen\u00e8ve - Contr\u00f4le f\u00e9d\u00e9ral des finances (CDF)","description":"Contributions aux investissements et \u00e0 l\u2019exploitation accord\u00e9es par la Conf\u00e9d\u00e9ration \u00e0 la Maison de la paix \u00e0 Gen\u00e8ve","robots":{"index":"index","follow":"follow","max-snippet":"max-snippet:-1","max-image-preview":"max-image-preview:large","max-video-preview":"max-video-preview:-1"},"canonical":"https:\/\/www.efk.admin.ch\/fr\/audit\/contributions-aux-investissements-et-a-lexploitation-accordees-par-la-confederation-a-la-maison-de-la-paix-a-geneve-secretariat-detat-a-la-formation-a-la-recherche-et-a-l\/","og_locale":"fr_FR","og_type":"article","og_title":"Contributions aux investissements et \u00e0 l\u2019exploitation accord\u00e9es par la Conf\u00e9d\u00e9ration \u00e0 la Maison de la paix \u00e0 Gen\u00e8ve","og_description":"Contributions aux investissements et \u00e0 l\u2019exploitation accord\u00e9es par la Conf\u00e9d\u00e9ration \u00e0 la Maison de la paix \u00e0 Gen\u00e8ve","og_url":"https:\/\/www.efk.admin.ch\/fr\/audit\/contributions-aux-investissements-et-a-lexploitation-accordees-par-la-confederation-a-la-maison-de-la-paix-a-geneve-secretariat-detat-a-la-formation-a-la-recherche-et-a-l\/","og_site_name":"Contr\u00f4le f\u00e9d\u00e9ral des finances (CDF)","article_modified_time":"2024-02-29T15:14:58+00:00","og_image":[{"width":750,"height":500,"url":"https:\/\/www.efk.admin.ch\/wp-content\/uploads\/test\/palais.jpg","type":"image\/jpeg"}],"twitter_card":"summary_large_image","twitter_misc":{"Dur\u00e9e de lecture estim\u00e9e":"1 minute"},"schema":{"@context":"https:\/\/schema.org","@graph":[{"@type":"WebPage","@id":"https:\/\/www.efk.admin.ch\/fr\/audit\/contributions-aux-investissements-et-a-lexploitation-accordees-par-la-confederation-a-la-maison-de-la-paix-a-geneve-secretariat-detat-a-la-formation-a-la-recherche-et-a-l\/","url":"https:\/\/www.efk.admin.ch\/fr\/audit\/contributions-aux-investissements-et-a-lexploitation-accordees-par-la-confederation-a-la-maison-de-la-paix-a-geneve-secretariat-detat-a-la-formation-a-la-recherche-et-a-l\/","name":"Contributions aux investissements et \u00e0 l\u2019exploitation accord\u00e9es par la Conf\u00e9d\u00e9ration \u00e0 la Maison de la paix \u00e0 Gen\u00e8ve - Contr\u00f4le f\u00e9d\u00e9ral des finances (CDF)","isPartOf":{"@id":"https:\/\/www.efk.admin.ch\/fr\/#website"},"datePublished":"2024-01-17T15:37:15+00:00","dateModified":"2024-02-29T15:14:58+00:00","description":"Contributions aux investissements et \u00e0 l\u2019exploitation accord\u00e9es par la Conf\u00e9d\u00e9ration \u00e0 la Maison de la paix \u00e0 Gen\u00e8ve","breadcrumb":{"@id":"https:\/\/www.efk.admin.ch\/fr\/audit\/contributions-aux-investissements-et-a-lexploitation-accordees-par-la-confederation-a-la-maison-de-la-paix-a-geneve-secretariat-detat-a-la-formation-a-la-recherche-et-a-l\/#breadcrumb"},"inLanguage":"fr-FR","potentialAction":[{"@type":"ReadAction","target":["https:\/\/www.efk.admin.ch\/fr\/audit\/contributions-aux-investissements-et-a-lexploitation-accordees-par-la-confederation-a-la-maison-de-la-paix-a-geneve-secretariat-detat-a-la-formation-a-la-recherche-et-a-l\/"]}]},{"@type":"BreadcrumbList","@id":"https:\/\/www.efk.admin.ch\/fr\/audit\/contributions-aux-investissements-et-a-lexploitation-accordees-par-la-confederation-a-la-maison-de-la-paix-a-geneve-secretariat-detat-a-la-formation-a-la-recherche-et-a-l\/#breadcrumb","itemListElement":[{"@type":"ListItem","position":1,"name":"Home","item":"https:\/\/www.efk.admin.ch\/fr\/"},{"@type":"ListItem","position":2,"name":"Rapport","item":"https:\/\/www.efk.admin.ch\/fr\/audit\/"},{"@type":"ListItem","position":3,"name":"Contributions aux investissements et \u00e0 l\u2019exploitation accord\u00e9es par la Conf\u00e9d\u00e9ration \u00e0 la Maison de la paix \u00e0 Gen\u00e8ve"}]},{"@type":"WebSite","@id":"https:\/\/www.efk.admin.ch\/fr\/#website","url":"https:\/\/www.efk.admin.ch\/fr\/","name":"Informationen \u00fcber das oberste Finanzaufsichtsorgan der Schweiz","description":"Le Contr\u00f4le f\u00e9d\u00e9ral des finances (CDF) est l'organe supr\u00eame de surveillance financi\u00e8re de la Conf\u00e9d\u00e9ration suisse.","publisher":{"@id":"https:\/\/www.efk.admin.ch\/fr\/#organization"},"alternateName":"EFK","potentialAction":[{"@type":"SearchAction","target":{"@type":"EntryPoint","urlTemplate":"https:\/\/www.efk.admin.ch\/fr\/?s={search_term_string}"},"query-input":{"@type":"PropertyValueSpecification","valueRequired":true,"valueName":"search_term_string"}}],"inLanguage":"fr-FR"},{"@type":"Organization","@id":"https:\/\/www.efk.admin.ch\/fr\/#organization","name":"Contr\u00f4le f\u00e9d\u00e9ral des finances (CDF)","alternateName":"EFK","url":"https:\/\/www.efk.admin.ch\/fr\/","logo":{"@type":"ImageObject","inLanguage":"fr-FR","@id":"https:\/\/www.efk.admin.ch\/fr\/#\/schema\/logo\/image\/","url":"https:\/\/www.efk.admin.ch\/wp-content\/uploads\/efk_cdf_logo_ohne_claim.png","contentUrl":"https:\/\/www.efk.admin.ch\/wp-content\/uploads\/efk_cdf_logo_ohne_claim.png","width":268,"height":258,"caption":"Contr\u00f4le f\u00e9d\u00e9ral des finances (CDF)"},"image":{"@id":"https:\/\/www.efk.admin.ch\/fr\/#\/schema\/logo\/image\/"},"sameAs":["https:\/\/www.instagram.com\/efk_cdf_sfao\/","https:\/\/www.youtube.com\/channel\/UCm-bXj227VE5sJzhB-ihdvw\/featured","https:\/\/www.linkedin.com\/company\/11081578\/"]}]}},"_links":{"self":[{"href":"https:\/\/www.efk.admin.ch\/fr\/wp-json\/wp\/v2\/audit\/6141","targetHints":{"allow":["GET"]}}],"collection":[{"href":"https:\/\/www.efk.admin.ch\/fr\/wp-json\/wp\/v2\/audit"}],"about":[{"href":"https:\/\/www.efk.admin.ch\/fr\/wp-json\/wp\/v2\/types\/audit"}],"acf:post":[{"embeddable":true,"href":"https:\/\/www.efk.admin.ch\/fr\/wp-json\/wp\/v2\/office\/7946"}],"wp:attachment":[{"href":"https:\/\/www.efk.admin.ch\/fr\/wp-json\/wp\/v2\/media?parent=6141"}],"wp:term":[{"taxonomy":"audit_category","embeddable":true,"href":"https:\/\/www.efk.admin.ch\/fr\/wp-json\/wp\/v2\/audit_category?post=6141"},{"taxonomy":"audit_type","embeddable":true,"href":"https:\/\/www.efk.admin.ch\/fr\/wp-json\/wp\/v2\/audit_type?post=6141"}],"curies":[{"name":"wp","href":"https:\/\/api.w.org\/{rel}","templated":true}]}}