{"id":6140,"date":"2024-01-17T16:37:15","date_gmt":"2024-01-17T15:37:15","guid":{"rendered":"https:\/\/preview.efk.admin.ch\/prufung\/controle-subsequent-de-la-mise-en-oeuvre-dans-les-cantons-de-la-politique-de-securite-du-reseau-de-la-conference-suisse-sur-linformatique-office-federal-de-linformatique-et-de-la-telecommunication\/"},"modified":"2024-02-28T14:33:45","modified_gmt":"2024-02-28T13:33:45","slug":"controle-subsequent-de-la-mise-en-oeuvre-dans-les-cantons-de-la-politique-de-securite-du-reseau-de-la-conference-suisse-sur-linformatique-office-federal-de-linformatique-et-de-la-telecommunication","status":"publish","type":"audit","link":"https:\/\/www.efk.admin.ch\/fr\/audit\/controle-subsequent-de-la-mise-en-oeuvre-dans-les-cantons-de-la-politique-de-securite-du-reseau-de-la-conference-suisse-sur-linformatique-office-federal-de-linformatique-et-de-la-telecommunication\/","title":{"rendered":"Contr\u00f4le subs\u00e9quent de la mise en oeuvre dans les cantons de la politique de s\u00e9curit\u00e9 du r\u00e9seau de la Conf\u00e9rence suisse sur l&#8217;informatique"},"content":{"rendered":"\n<p>En 2009, le Contr\u00f4le f\u00e9d\u00e9ral des finances (CDF) a examin\u00e9 dans quelle mesure les cantons avaient mis en oeuvre la politique de s\u00e9curit\u00e9 du r\u00e9seau (Network Security Policy, NSP) dict\u00e9e par la Conf\u00e9rence suisse sur l&#8217;informatique (CSI). Sur la base des r\u00e9sultats de cet audit, une recommandation a \u00e9t\u00e9 adress\u00e9e \u00e0 l&#8217;Office f\u00e9d\u00e9ral de l&#8217;informatique et de la t\u00e9l\u00e9communication (OFIT) qui, selon le CDF, n&#8217;a pas \u00e9t\u00e9 mise en oeuvre jusqu&#8217;ici. Les contrats entre l&#8217;OFIT et les cantons devaient \u00eatre compl\u00e9t\u00e9s par des dispositions de s\u00e9curit\u00e9. De plus, les cantons devraient fournir la preuve que leurs r\u00e9seaux r\u00e9pondent aux exigences convenues en la mati\u00e8re. S&#8217;ils ne respectent pas ces accords, l&#8217;OFIT ou les organisations tierces mandat\u00e9es doivent mener de tels audits de s\u00e9curit\u00e9.<\/p>\n","protected":false},"featured_media":0,"menu_order":0,"template":"","audit_category":[79],"audit_type":[50],"class_list":["post-6140","audit","type-audit","status-publish","hentry","audit_category-projets-informatiques","audit_type-pruefung"],"acf":{"audit_lang":[{"lang":"d"}],"audit_numbers":[{"audit_number":"16603"}],"audit_office":[7941],"audit_office_text":"","audit_date":"20160526","bgo":false,"keywords":"les cantons, la Conf\u00e9rence suisse sur l'informatique (CSI), la politique de s\u00e9curit\u00e9 du r\u00e9seau (Network Security Policy, NSP), recommandation, Les contrats, dispositions de s\u00e9curit\u00e9, la preuve, mise en oeuvre,","audit_office_local":""},"yoast_head":"<!-- This site is optimized with the Yoast SEO Premium plugin v27.4 (Yoast SEO v27.4) - https:\/\/yoast.com\/product\/yoast-seo-premium-wordpress\/ -->\n<title>Contr\u00f4le subs\u00e9quent de la mise en oeuvre dans les cantons de la politique de s\u00e9curit\u00e9 du r\u00e9seau de la Conf\u00e9rence suisse sur l&#039;informatique - Contr\u00f4le f\u00e9d\u00e9ral des finances (CDF)<\/title>\n<meta name=\"description\" content=\"Contr\u00f4le subs\u00e9quent de la mise en oeuvre dans les cantons de la politique de s\u00e9curit\u00e9 du r\u00e9seau de la Conf\u00e9rence suisse sur l&#039;informatique\" \/>\n<meta name=\"robots\" content=\"index, follow, max-snippet:-1, max-image-preview:large, max-video-preview:-1\" \/>\n<link rel=\"canonical\" href=\"https:\/\/www.efk.admin.ch\/fr\/audit\/controle-subsequent-de-la-mise-en-oeuvre-dans-les-cantons-de-la-politique-de-securite-du-reseau-de-la-conference-suisse-sur-linformatique-office-federal-de-linformatique-et-de-la-telecommunication\/\" \/>\n<meta property=\"og:locale\" content=\"fr_FR\" \/>\n<meta property=\"og:type\" content=\"article\" \/>\n<meta property=\"og:title\" content=\"Contr\u00f4le subs\u00e9quent de la mise en oeuvre dans les cantons de la politique de s\u00e9curit\u00e9 du r\u00e9seau de la Conf\u00e9rence suisse sur l&#039;informatique\" \/>\n<meta property=\"og:description\" content=\"Contr\u00f4le subs\u00e9quent de la mise en oeuvre dans les cantons de la politique de s\u00e9curit\u00e9 du r\u00e9seau de la Conf\u00e9rence suisse sur l&#039;informatique\" \/>\n<meta property=\"og:url\" content=\"https:\/\/www.efk.admin.ch\/fr\/audit\/controle-subsequent-de-la-mise-en-oeuvre-dans-les-cantons-de-la-politique-de-securite-du-reseau-de-la-conference-suisse-sur-linformatique-office-federal-de-linformatique-et-de-la-telecommunication\/\" \/>\n<meta property=\"og:site_name\" content=\"Contr\u00f4le f\u00e9d\u00e9ral des finances (CDF)\" \/>\n<meta property=\"article:modified_time\" content=\"2024-02-28T13:33:45+00:00\" \/>\n<meta property=\"og:image\" content=\"https:\/\/www.efk.admin.ch\/wp-content\/uploads\/test\/palais.jpg\" \/>\n\t<meta property=\"og:image:width\" content=\"750\" \/>\n\t<meta property=\"og:image:height\" content=\"500\" \/>\n\t<meta property=\"og:image:type\" content=\"image\/jpeg\" \/>\n<meta name=\"twitter:card\" content=\"summary_large_image\" \/>\n<meta name=\"twitter:label1\" content=\"Dur\u00e9e de lecture estim\u00e9e\" \/>\n\t<meta name=\"twitter:data1\" content=\"1 minute\" \/>\n<script type=\"application\/ld+json\" class=\"yoast-schema-graph\">{\"@context\":\"https:\\\/\\\/schema.org\",\"@graph\":[{\"@type\":\"WebPage\",\"@id\":\"https:\\\/\\\/www.efk.admin.ch\\\/fr\\\/audit\\\/controle-subsequent-de-la-mise-en-oeuvre-dans-les-cantons-de-la-politique-de-securite-du-reseau-de-la-conference-suisse-sur-linformatique-office-federal-de-linformatique-et-de-la-telecommunication\\\/\",\"url\":\"https:\\\/\\\/www.efk.admin.ch\\\/fr\\\/audit\\\/controle-subsequent-de-la-mise-en-oeuvre-dans-les-cantons-de-la-politique-de-securite-du-reseau-de-la-conference-suisse-sur-linformatique-office-federal-de-linformatique-et-de-la-telecommunication\\\/\",\"name\":\"Contr\u00f4le subs\u00e9quent de la mise en oeuvre dans les cantons de la politique de s\u00e9curit\u00e9 du r\u00e9seau de la Conf\u00e9rence suisse sur l'informatique - Contr\u00f4le f\u00e9d\u00e9ral des finances (CDF)\",\"isPartOf\":{\"@id\":\"https:\\\/\\\/www.efk.admin.ch\\\/fr\\\/#website\"},\"datePublished\":\"2024-01-17T15:37:15+00:00\",\"dateModified\":\"2024-02-28T13:33:45+00:00\",\"description\":\"Contr\u00f4le subs\u00e9quent de la mise en oeuvre dans les cantons de la politique de s\u00e9curit\u00e9 du r\u00e9seau de la Conf\u00e9rence suisse sur l'informatique\",\"breadcrumb\":{\"@id\":\"https:\\\/\\\/www.efk.admin.ch\\\/fr\\\/audit\\\/controle-subsequent-de-la-mise-en-oeuvre-dans-les-cantons-de-la-politique-de-securite-du-reseau-de-la-conference-suisse-sur-linformatique-office-federal-de-linformatique-et-de-la-telecommunication\\\/#breadcrumb\"},\"inLanguage\":\"fr-FR\",\"potentialAction\":[{\"@type\":\"ReadAction\",\"target\":[\"https:\\\/\\\/www.efk.admin.ch\\\/fr\\\/audit\\\/controle-subsequent-de-la-mise-en-oeuvre-dans-les-cantons-de-la-politique-de-securite-du-reseau-de-la-conference-suisse-sur-linformatique-office-federal-de-linformatique-et-de-la-telecommunication\\\/\"]}]},{\"@type\":\"BreadcrumbList\",\"@id\":\"https:\\\/\\\/www.efk.admin.ch\\\/fr\\\/audit\\\/controle-subsequent-de-la-mise-en-oeuvre-dans-les-cantons-de-la-politique-de-securite-du-reseau-de-la-conference-suisse-sur-linformatique-office-federal-de-linformatique-et-de-la-telecommunication\\\/#breadcrumb\",\"itemListElement\":[{\"@type\":\"ListItem\",\"position\":1,\"name\":\"Home\",\"item\":\"https:\\\/\\\/www.efk.admin.ch\\\/fr\\\/\"},{\"@type\":\"ListItem\",\"position\":2,\"name\":\"Rapport\",\"item\":\"https:\\\/\\\/www.efk.admin.ch\\\/fr\\\/audit\\\/\"},{\"@type\":\"ListItem\",\"position\":3,\"name\":\"Contr\u00f4le subs\u00e9quent de la mise en oeuvre dans les cantons de la politique de s\u00e9curit\u00e9 du r\u00e9seau de la Conf\u00e9rence suisse sur l&#8217;informatique\"}]},{\"@type\":\"WebSite\",\"@id\":\"https:\\\/\\\/www.efk.admin.ch\\\/fr\\\/#website\",\"url\":\"https:\\\/\\\/www.efk.admin.ch\\\/fr\\\/\",\"name\":\"Informationen \u00fcber das oberste Finanzaufsichtsorgan der Schweiz\",\"description\":\"Le Contr\u00f4le f\u00e9d\u00e9ral des finances (CDF) est l'organe supr\u00eame de surveillance financi\u00e8re de la Conf\u00e9d\u00e9ration suisse.\",\"publisher\":{\"@id\":\"https:\\\/\\\/www.efk.admin.ch\\\/fr\\\/#organization\"},\"alternateName\":\"EFK\",\"potentialAction\":[{\"@type\":\"SearchAction\",\"target\":{\"@type\":\"EntryPoint\",\"urlTemplate\":\"https:\\\/\\\/www.efk.admin.ch\\\/fr\\\/?s={search_term_string}\"},\"query-input\":{\"@type\":\"PropertyValueSpecification\",\"valueRequired\":true,\"valueName\":\"search_term_string\"}}],\"inLanguage\":\"fr-FR\"},{\"@type\":\"Organization\",\"@id\":\"https:\\\/\\\/www.efk.admin.ch\\\/fr\\\/#organization\",\"name\":\"Contr\u00f4le f\u00e9d\u00e9ral des finances (CDF)\",\"alternateName\":\"EFK\",\"url\":\"https:\\\/\\\/www.efk.admin.ch\\\/fr\\\/\",\"logo\":{\"@type\":\"ImageObject\",\"inLanguage\":\"fr-FR\",\"@id\":\"https:\\\/\\\/www.efk.admin.ch\\\/fr\\\/#\\\/schema\\\/logo\\\/image\\\/\",\"url\":\"https:\\\/\\\/www.efk.admin.ch\\\/wp-content\\\/uploads\\\/efk_cdf_logo_ohne_claim.png\",\"contentUrl\":\"https:\\\/\\\/www.efk.admin.ch\\\/wp-content\\\/uploads\\\/efk_cdf_logo_ohne_claim.png\",\"width\":268,\"height\":258,\"caption\":\"Contr\u00f4le f\u00e9d\u00e9ral des finances (CDF)\"},\"image\":{\"@id\":\"https:\\\/\\\/www.efk.admin.ch\\\/fr\\\/#\\\/schema\\\/logo\\\/image\\\/\"},\"sameAs\":[\"https:\\\/\\\/www.instagram.com\\\/efk_cdf_sfao\\\/\",\"https:\\\/\\\/www.youtube.com\\\/channel\\\/UCm-bXj227VE5sJzhB-ihdvw\\\/featured\",\"https:\\\/\\\/www.linkedin.com\\\/company\\\/11081578\\\/\"]}]}<\/script>\n<!-- \/ Yoast SEO Premium plugin. -->","yoast_head_json":{"title":"Contr\u00f4le subs\u00e9quent de la mise en oeuvre dans les cantons de la politique de s\u00e9curit\u00e9 du r\u00e9seau de la Conf\u00e9rence suisse sur l'informatique - Contr\u00f4le f\u00e9d\u00e9ral des finances (CDF)","description":"Contr\u00f4le subs\u00e9quent de la mise en oeuvre dans les cantons de la politique de s\u00e9curit\u00e9 du r\u00e9seau de la Conf\u00e9rence suisse sur l'informatique","robots":{"index":"index","follow":"follow","max-snippet":"max-snippet:-1","max-image-preview":"max-image-preview:large","max-video-preview":"max-video-preview:-1"},"canonical":"https:\/\/www.efk.admin.ch\/fr\/audit\/controle-subsequent-de-la-mise-en-oeuvre-dans-les-cantons-de-la-politique-de-securite-du-reseau-de-la-conference-suisse-sur-linformatique-office-federal-de-linformatique-et-de-la-telecommunication\/","og_locale":"fr_FR","og_type":"article","og_title":"Contr\u00f4le subs\u00e9quent de la mise en oeuvre dans les cantons de la politique de s\u00e9curit\u00e9 du r\u00e9seau de la Conf\u00e9rence suisse sur l'informatique","og_description":"Contr\u00f4le subs\u00e9quent de la mise en oeuvre dans les cantons de la politique de s\u00e9curit\u00e9 du r\u00e9seau de la Conf\u00e9rence suisse sur l'informatique","og_url":"https:\/\/www.efk.admin.ch\/fr\/audit\/controle-subsequent-de-la-mise-en-oeuvre-dans-les-cantons-de-la-politique-de-securite-du-reseau-de-la-conference-suisse-sur-linformatique-office-federal-de-linformatique-et-de-la-telecommunication\/","og_site_name":"Contr\u00f4le f\u00e9d\u00e9ral des finances (CDF)","article_modified_time":"2024-02-28T13:33:45+00:00","og_image":[{"width":750,"height":500,"url":"https:\/\/www.efk.admin.ch\/wp-content\/uploads\/test\/palais.jpg","type":"image\/jpeg"}],"twitter_card":"summary_large_image","twitter_misc":{"Dur\u00e9e de lecture estim\u00e9e":"1 minute"},"schema":{"@context":"https:\/\/schema.org","@graph":[{"@type":"WebPage","@id":"https:\/\/www.efk.admin.ch\/fr\/audit\/controle-subsequent-de-la-mise-en-oeuvre-dans-les-cantons-de-la-politique-de-securite-du-reseau-de-la-conference-suisse-sur-linformatique-office-federal-de-linformatique-et-de-la-telecommunication\/","url":"https:\/\/www.efk.admin.ch\/fr\/audit\/controle-subsequent-de-la-mise-en-oeuvre-dans-les-cantons-de-la-politique-de-securite-du-reseau-de-la-conference-suisse-sur-linformatique-office-federal-de-linformatique-et-de-la-telecommunication\/","name":"Contr\u00f4le subs\u00e9quent de la mise en oeuvre dans les cantons de la politique de s\u00e9curit\u00e9 du r\u00e9seau de la Conf\u00e9rence suisse sur l'informatique - Contr\u00f4le f\u00e9d\u00e9ral des finances (CDF)","isPartOf":{"@id":"https:\/\/www.efk.admin.ch\/fr\/#website"},"datePublished":"2024-01-17T15:37:15+00:00","dateModified":"2024-02-28T13:33:45+00:00","description":"Contr\u00f4le subs\u00e9quent de la mise en oeuvre dans les cantons de la politique de s\u00e9curit\u00e9 du r\u00e9seau de la Conf\u00e9rence suisse sur l'informatique","breadcrumb":{"@id":"https:\/\/www.efk.admin.ch\/fr\/audit\/controle-subsequent-de-la-mise-en-oeuvre-dans-les-cantons-de-la-politique-de-securite-du-reseau-de-la-conference-suisse-sur-linformatique-office-federal-de-linformatique-et-de-la-telecommunication\/#breadcrumb"},"inLanguage":"fr-FR","potentialAction":[{"@type":"ReadAction","target":["https:\/\/www.efk.admin.ch\/fr\/audit\/controle-subsequent-de-la-mise-en-oeuvre-dans-les-cantons-de-la-politique-de-securite-du-reseau-de-la-conference-suisse-sur-linformatique-office-federal-de-linformatique-et-de-la-telecommunication\/"]}]},{"@type":"BreadcrumbList","@id":"https:\/\/www.efk.admin.ch\/fr\/audit\/controle-subsequent-de-la-mise-en-oeuvre-dans-les-cantons-de-la-politique-de-securite-du-reseau-de-la-conference-suisse-sur-linformatique-office-federal-de-linformatique-et-de-la-telecommunication\/#breadcrumb","itemListElement":[{"@type":"ListItem","position":1,"name":"Home","item":"https:\/\/www.efk.admin.ch\/fr\/"},{"@type":"ListItem","position":2,"name":"Rapport","item":"https:\/\/www.efk.admin.ch\/fr\/audit\/"},{"@type":"ListItem","position":3,"name":"Contr\u00f4le subs\u00e9quent de la mise en oeuvre dans les cantons de la politique de s\u00e9curit\u00e9 du r\u00e9seau de la Conf\u00e9rence suisse sur l&#8217;informatique"}]},{"@type":"WebSite","@id":"https:\/\/www.efk.admin.ch\/fr\/#website","url":"https:\/\/www.efk.admin.ch\/fr\/","name":"Informationen \u00fcber das oberste Finanzaufsichtsorgan der Schweiz","description":"Le Contr\u00f4le f\u00e9d\u00e9ral des finances (CDF) est l'organe supr\u00eame de surveillance financi\u00e8re de la Conf\u00e9d\u00e9ration suisse.","publisher":{"@id":"https:\/\/www.efk.admin.ch\/fr\/#organization"},"alternateName":"EFK","potentialAction":[{"@type":"SearchAction","target":{"@type":"EntryPoint","urlTemplate":"https:\/\/www.efk.admin.ch\/fr\/?s={search_term_string}"},"query-input":{"@type":"PropertyValueSpecification","valueRequired":true,"valueName":"search_term_string"}}],"inLanguage":"fr-FR"},{"@type":"Organization","@id":"https:\/\/www.efk.admin.ch\/fr\/#organization","name":"Contr\u00f4le f\u00e9d\u00e9ral des finances (CDF)","alternateName":"EFK","url":"https:\/\/www.efk.admin.ch\/fr\/","logo":{"@type":"ImageObject","inLanguage":"fr-FR","@id":"https:\/\/www.efk.admin.ch\/fr\/#\/schema\/logo\/image\/","url":"https:\/\/www.efk.admin.ch\/wp-content\/uploads\/efk_cdf_logo_ohne_claim.png","contentUrl":"https:\/\/www.efk.admin.ch\/wp-content\/uploads\/efk_cdf_logo_ohne_claim.png","width":268,"height":258,"caption":"Contr\u00f4le f\u00e9d\u00e9ral des finances (CDF)"},"image":{"@id":"https:\/\/www.efk.admin.ch\/fr\/#\/schema\/logo\/image\/"},"sameAs":["https:\/\/www.instagram.com\/efk_cdf_sfao\/","https:\/\/www.youtube.com\/channel\/UCm-bXj227VE5sJzhB-ihdvw\/featured","https:\/\/www.linkedin.com\/company\/11081578\/"]}]}},"_links":{"self":[{"href":"https:\/\/www.efk.admin.ch\/fr\/wp-json\/wp\/v2\/audit\/6140","targetHints":{"allow":["GET"]}}],"collection":[{"href":"https:\/\/www.efk.admin.ch\/fr\/wp-json\/wp\/v2\/audit"}],"about":[{"href":"https:\/\/www.efk.admin.ch\/fr\/wp-json\/wp\/v2\/types\/audit"}],"acf:post":[{"embeddable":true,"href":"https:\/\/www.efk.admin.ch\/fr\/wp-json\/wp\/v2\/office\/7941"}],"wp:attachment":[{"href":"https:\/\/www.efk.admin.ch\/fr\/wp-json\/wp\/v2\/media?parent=6140"}],"wp:term":[{"taxonomy":"audit_category","embeddable":true,"href":"https:\/\/www.efk.admin.ch\/fr\/wp-json\/wp\/v2\/audit_category?post=6140"},{"taxonomy":"audit_type","embeddable":true,"href":"https:\/\/www.efk.admin.ch\/fr\/wp-json\/wp\/v2\/audit_type?post=6140"}],"curies":[{"name":"wp","href":"https:\/\/api.w.org\/{rel}","templated":true}]}}