{"id":6122,"date":"2024-01-17T16:37:09","date_gmt":"2024-01-17T15:37:09","guid":{"rendered":"https:\/\/preview.efk.admin.ch\/prufung\/gestion-de-la-continuite-des-affaires-au-sein-de-la-division-exploitation-office-federal-de-linformatique-et-de-la-telecommunication\/"},"modified":"2024-03-01T09:10:55","modified_gmt":"2024-03-01T08:10:55","slug":"gestion-de-la-continuite-des-affaires-au-sein-de-la-division-exploitation-office-federal-de-linformatique-et-de-la-telecommunication","status":"publish","type":"audit","link":"https:\/\/www.efk.admin.ch\/fr\/audit\/gestion-de-la-continuite-des-affaires-au-sein-de-la-division-exploitation-office-federal-de-linformatique-et-de-la-telecommunication\/","title":{"rendered":"Gestion de la continuit\u00e9 des affaires au sein de la division Exploitation"},"content":{"rendered":"\n<p>Le Contr\u00f4le f\u00e9d\u00e9ral des finances (CDF) a examin\u00e9 si la division Exploitation de l\u2019Office f\u00e9d\u00e9ral de l\u2019informatique et de la t\u00e9l\u00e9communication (OFIT) est en mesure d&#8217;assurer l\u2019essentiel des activit\u00e9s de ses clients lors de situations de crise majeures, selon les dispositions contractuelles. Dans l\u2019ensemble, les mesures en cas de crise pr\u00e9vues par la division et l\u2019OFIT ont fait bonne impression. Les divers outils, processus et documents garantissent le retour syst\u00e9matique et contr\u00f4l\u00e9 \u00e0 la normale apr\u00e8s un incident.<\/p>\n","protected":false},"featured_media":0,"menu_order":0,"template":"","audit_category":[79],"audit_type":[52],"class_list":["post-6122","audit","type-audit","status-publish","hentry","audit_category-projets-informatiques","audit_type-audit-fr"],"acf":{"audit_lang":[{"lang":"d"}],"audit_numbers":[{"audit_number":"16150"}],"audit_office":7941,"audit_office_text":"","audit_date":"20160913","bgo":false,"keywords":"la division Exploitation, situations de crise,  l\u2019essentiel des activit\u00e9s, dispositions contractuelles,les mesures, le retour, la normale","audit_office_local":""},"yoast_head":"<!-- This site is optimized with the Yoast SEO Premium plugin v27.4 (Yoast SEO v27.4) - https:\/\/yoast.com\/product\/yoast-seo-premium-wordpress\/ -->\n<title>Gestion de la continuit\u00e9 des affaires au sein de la division Exploitation - Contr\u00f4le f\u00e9d\u00e9ral des finances (CDF)<\/title>\n<meta name=\"description\" content=\"Gestion de la continuit\u00e9 des affaires au sein de la division Exploitation\" \/>\n<meta name=\"robots\" content=\"index, follow, max-snippet:-1, max-image-preview:large, max-video-preview:-1\" \/>\n<link rel=\"canonical\" href=\"https:\/\/www.efk.admin.ch\/fr\/audit\/gestion-de-la-continuite-des-affaires-au-sein-de-la-division-exploitation-office-federal-de-linformatique-et-de-la-telecommunication\/\" \/>\n<meta property=\"og:locale\" content=\"fr_FR\" \/>\n<meta property=\"og:type\" content=\"article\" \/>\n<meta property=\"og:title\" content=\"Gestion de la continuit\u00e9 des affaires au sein de la division Exploitation\" \/>\n<meta property=\"og:description\" content=\"Gestion de la continuit\u00e9 des affaires au sein de la division Exploitation\" \/>\n<meta property=\"og:url\" content=\"https:\/\/www.efk.admin.ch\/fr\/audit\/gestion-de-la-continuite-des-affaires-au-sein-de-la-division-exploitation-office-federal-de-linformatique-et-de-la-telecommunication\/\" \/>\n<meta property=\"og:site_name\" content=\"Contr\u00f4le f\u00e9d\u00e9ral des finances (CDF)\" \/>\n<meta property=\"article:modified_time\" content=\"2024-03-01T08:10:55+00:00\" \/>\n<meta property=\"og:image\" content=\"https:\/\/www.efk.admin.ch\/wp-content\/uploads\/test\/palais.jpg\" \/>\n\t<meta property=\"og:image:width\" content=\"750\" \/>\n\t<meta property=\"og:image:height\" content=\"500\" \/>\n\t<meta property=\"og:image:type\" content=\"image\/jpeg\" \/>\n<meta name=\"twitter:card\" content=\"summary_large_image\" \/>\n<script type=\"application\/ld+json\" class=\"yoast-schema-graph\">{\"@context\":\"https:\\\/\\\/schema.org\",\"@graph\":[{\"@type\":\"WebPage\",\"@id\":\"https:\\\/\\\/www.efk.admin.ch\\\/fr\\\/audit\\\/gestion-de-la-continuite-des-affaires-au-sein-de-la-division-exploitation-office-federal-de-linformatique-et-de-la-telecommunication\\\/\",\"url\":\"https:\\\/\\\/www.efk.admin.ch\\\/fr\\\/audit\\\/gestion-de-la-continuite-des-affaires-au-sein-de-la-division-exploitation-office-federal-de-linformatique-et-de-la-telecommunication\\\/\",\"name\":\"Gestion de la continuit\u00e9 des affaires au sein de la division Exploitation - Contr\u00f4le f\u00e9d\u00e9ral des finances (CDF)\",\"isPartOf\":{\"@id\":\"https:\\\/\\\/www.efk.admin.ch\\\/fr\\\/#website\"},\"datePublished\":\"2024-01-17T15:37:09+00:00\",\"dateModified\":\"2024-03-01T08:10:55+00:00\",\"description\":\"Gestion de la continuit\u00e9 des affaires au sein de la division Exploitation\",\"breadcrumb\":{\"@id\":\"https:\\\/\\\/www.efk.admin.ch\\\/fr\\\/audit\\\/gestion-de-la-continuite-des-affaires-au-sein-de-la-division-exploitation-office-federal-de-linformatique-et-de-la-telecommunication\\\/#breadcrumb\"},\"inLanguage\":\"fr-FR\",\"potentialAction\":[{\"@type\":\"ReadAction\",\"target\":[\"https:\\\/\\\/www.efk.admin.ch\\\/fr\\\/audit\\\/gestion-de-la-continuite-des-affaires-au-sein-de-la-division-exploitation-office-federal-de-linformatique-et-de-la-telecommunication\\\/\"]}]},{\"@type\":\"BreadcrumbList\",\"@id\":\"https:\\\/\\\/www.efk.admin.ch\\\/fr\\\/audit\\\/gestion-de-la-continuite-des-affaires-au-sein-de-la-division-exploitation-office-federal-de-linformatique-et-de-la-telecommunication\\\/#breadcrumb\",\"itemListElement\":[{\"@type\":\"ListItem\",\"position\":1,\"name\":\"Home\",\"item\":\"https:\\\/\\\/www.efk.admin.ch\\\/fr\\\/\"},{\"@type\":\"ListItem\",\"position\":2,\"name\":\"Rapport\",\"item\":\"https:\\\/\\\/www.efk.admin.ch\\\/fr\\\/audit\\\/\"},{\"@type\":\"ListItem\",\"position\":3,\"name\":\"Gestion de la continuit\u00e9 des affaires au sein de la division Exploitation\"}]},{\"@type\":\"WebSite\",\"@id\":\"https:\\\/\\\/www.efk.admin.ch\\\/fr\\\/#website\",\"url\":\"https:\\\/\\\/www.efk.admin.ch\\\/fr\\\/\",\"name\":\"Informationen \u00fcber das oberste Finanzaufsichtsorgan der Schweiz\",\"description\":\"Le Contr\u00f4le f\u00e9d\u00e9ral des finances (CDF) est l'organe supr\u00eame de surveillance financi\u00e8re de la Conf\u00e9d\u00e9ration suisse.\",\"publisher\":{\"@id\":\"https:\\\/\\\/www.efk.admin.ch\\\/fr\\\/#organization\"},\"alternateName\":\"EFK\",\"potentialAction\":[{\"@type\":\"SearchAction\",\"target\":{\"@type\":\"EntryPoint\",\"urlTemplate\":\"https:\\\/\\\/www.efk.admin.ch\\\/fr\\\/?s={search_term_string}\"},\"query-input\":{\"@type\":\"PropertyValueSpecification\",\"valueRequired\":true,\"valueName\":\"search_term_string\"}}],\"inLanguage\":\"fr-FR\"},{\"@type\":\"Organization\",\"@id\":\"https:\\\/\\\/www.efk.admin.ch\\\/fr\\\/#organization\",\"name\":\"Contr\u00f4le f\u00e9d\u00e9ral des finances (CDF)\",\"alternateName\":\"EFK\",\"url\":\"https:\\\/\\\/www.efk.admin.ch\\\/fr\\\/\",\"logo\":{\"@type\":\"ImageObject\",\"inLanguage\":\"fr-FR\",\"@id\":\"https:\\\/\\\/www.efk.admin.ch\\\/fr\\\/#\\\/schema\\\/logo\\\/image\\\/\",\"url\":\"https:\\\/\\\/www.efk.admin.ch\\\/wp-content\\\/uploads\\\/efk_cdf_logo_ohne_claim.png\",\"contentUrl\":\"https:\\\/\\\/www.efk.admin.ch\\\/wp-content\\\/uploads\\\/efk_cdf_logo_ohne_claim.png\",\"width\":268,\"height\":258,\"caption\":\"Contr\u00f4le f\u00e9d\u00e9ral des finances (CDF)\"},\"image\":{\"@id\":\"https:\\\/\\\/www.efk.admin.ch\\\/fr\\\/#\\\/schema\\\/logo\\\/image\\\/\"},\"sameAs\":[\"https:\\\/\\\/www.instagram.com\\\/efk_cdf_sfao\\\/\",\"https:\\\/\\\/www.youtube.com\\\/channel\\\/UCm-bXj227VE5sJzhB-ihdvw\\\/featured\",\"https:\\\/\\\/www.linkedin.com\\\/company\\\/11081578\\\/\"]}]}<\/script>\n<!-- \/ Yoast SEO Premium plugin. -->","yoast_head_json":{"title":"Gestion de la continuit\u00e9 des affaires au sein de la division Exploitation - Contr\u00f4le f\u00e9d\u00e9ral des finances (CDF)","description":"Gestion de la continuit\u00e9 des affaires au sein de la division Exploitation","robots":{"index":"index","follow":"follow","max-snippet":"max-snippet:-1","max-image-preview":"max-image-preview:large","max-video-preview":"max-video-preview:-1"},"canonical":"https:\/\/www.efk.admin.ch\/fr\/audit\/gestion-de-la-continuite-des-affaires-au-sein-de-la-division-exploitation-office-federal-de-linformatique-et-de-la-telecommunication\/","og_locale":"fr_FR","og_type":"article","og_title":"Gestion de la continuit\u00e9 des affaires au sein de la division Exploitation","og_description":"Gestion de la continuit\u00e9 des affaires au sein de la division Exploitation","og_url":"https:\/\/www.efk.admin.ch\/fr\/audit\/gestion-de-la-continuite-des-affaires-au-sein-de-la-division-exploitation-office-federal-de-linformatique-et-de-la-telecommunication\/","og_site_name":"Contr\u00f4le f\u00e9d\u00e9ral des finances (CDF)","article_modified_time":"2024-03-01T08:10:55+00:00","og_image":[{"width":750,"height":500,"url":"https:\/\/www.efk.admin.ch\/wp-content\/uploads\/test\/palais.jpg","type":"image\/jpeg"}],"twitter_card":"summary_large_image","schema":{"@context":"https:\/\/schema.org","@graph":[{"@type":"WebPage","@id":"https:\/\/www.efk.admin.ch\/fr\/audit\/gestion-de-la-continuite-des-affaires-au-sein-de-la-division-exploitation-office-federal-de-linformatique-et-de-la-telecommunication\/","url":"https:\/\/www.efk.admin.ch\/fr\/audit\/gestion-de-la-continuite-des-affaires-au-sein-de-la-division-exploitation-office-federal-de-linformatique-et-de-la-telecommunication\/","name":"Gestion de la continuit\u00e9 des affaires au sein de la division Exploitation - Contr\u00f4le f\u00e9d\u00e9ral des finances (CDF)","isPartOf":{"@id":"https:\/\/www.efk.admin.ch\/fr\/#website"},"datePublished":"2024-01-17T15:37:09+00:00","dateModified":"2024-03-01T08:10:55+00:00","description":"Gestion de la continuit\u00e9 des affaires au sein de la division Exploitation","breadcrumb":{"@id":"https:\/\/www.efk.admin.ch\/fr\/audit\/gestion-de-la-continuite-des-affaires-au-sein-de-la-division-exploitation-office-federal-de-linformatique-et-de-la-telecommunication\/#breadcrumb"},"inLanguage":"fr-FR","potentialAction":[{"@type":"ReadAction","target":["https:\/\/www.efk.admin.ch\/fr\/audit\/gestion-de-la-continuite-des-affaires-au-sein-de-la-division-exploitation-office-federal-de-linformatique-et-de-la-telecommunication\/"]}]},{"@type":"BreadcrumbList","@id":"https:\/\/www.efk.admin.ch\/fr\/audit\/gestion-de-la-continuite-des-affaires-au-sein-de-la-division-exploitation-office-federal-de-linformatique-et-de-la-telecommunication\/#breadcrumb","itemListElement":[{"@type":"ListItem","position":1,"name":"Home","item":"https:\/\/www.efk.admin.ch\/fr\/"},{"@type":"ListItem","position":2,"name":"Rapport","item":"https:\/\/www.efk.admin.ch\/fr\/audit\/"},{"@type":"ListItem","position":3,"name":"Gestion de la continuit\u00e9 des affaires au sein de la division Exploitation"}]},{"@type":"WebSite","@id":"https:\/\/www.efk.admin.ch\/fr\/#website","url":"https:\/\/www.efk.admin.ch\/fr\/","name":"Informationen \u00fcber das oberste Finanzaufsichtsorgan der Schweiz","description":"Le Contr\u00f4le f\u00e9d\u00e9ral des finances (CDF) est l'organe supr\u00eame de surveillance financi\u00e8re de la Conf\u00e9d\u00e9ration suisse.","publisher":{"@id":"https:\/\/www.efk.admin.ch\/fr\/#organization"},"alternateName":"EFK","potentialAction":[{"@type":"SearchAction","target":{"@type":"EntryPoint","urlTemplate":"https:\/\/www.efk.admin.ch\/fr\/?s={search_term_string}"},"query-input":{"@type":"PropertyValueSpecification","valueRequired":true,"valueName":"search_term_string"}}],"inLanguage":"fr-FR"},{"@type":"Organization","@id":"https:\/\/www.efk.admin.ch\/fr\/#organization","name":"Contr\u00f4le f\u00e9d\u00e9ral des finances (CDF)","alternateName":"EFK","url":"https:\/\/www.efk.admin.ch\/fr\/","logo":{"@type":"ImageObject","inLanguage":"fr-FR","@id":"https:\/\/www.efk.admin.ch\/fr\/#\/schema\/logo\/image\/","url":"https:\/\/www.efk.admin.ch\/wp-content\/uploads\/efk_cdf_logo_ohne_claim.png","contentUrl":"https:\/\/www.efk.admin.ch\/wp-content\/uploads\/efk_cdf_logo_ohne_claim.png","width":268,"height":258,"caption":"Contr\u00f4le f\u00e9d\u00e9ral des finances (CDF)"},"image":{"@id":"https:\/\/www.efk.admin.ch\/fr\/#\/schema\/logo\/image\/"},"sameAs":["https:\/\/www.instagram.com\/efk_cdf_sfao\/","https:\/\/www.youtube.com\/channel\/UCm-bXj227VE5sJzhB-ihdvw\/featured","https:\/\/www.linkedin.com\/company\/11081578\/"]}]}},"_links":{"self":[{"href":"https:\/\/www.efk.admin.ch\/fr\/wp-json\/wp\/v2\/audit\/6122","targetHints":{"allow":["GET"]}}],"collection":[{"href":"https:\/\/www.efk.admin.ch\/fr\/wp-json\/wp\/v2\/audit"}],"about":[{"href":"https:\/\/www.efk.admin.ch\/fr\/wp-json\/wp\/v2\/types\/audit"}],"acf:post":[{"embeddable":true,"href":"https:\/\/www.efk.admin.ch\/fr\/wp-json\/wp\/v2\/office\/7941"}],"wp:attachment":[{"href":"https:\/\/www.efk.admin.ch\/fr\/wp-json\/wp\/v2\/media?parent=6122"}],"wp:term":[{"taxonomy":"audit_category","embeddable":true,"href":"https:\/\/www.efk.admin.ch\/fr\/wp-json\/wp\/v2\/audit_category?post=6122"},{"taxonomy":"audit_type","embeddable":true,"href":"https:\/\/www.efk.admin.ch\/fr\/wp-json\/wp\/v2\/audit_type?post=6122"}],"curies":[{"name":"wp","href":"https:\/\/api.w.org\/{rel}","templated":true}]}}