{"id":6114,"date":"2024-01-17T16:37:04","date_gmt":"2024-01-17T15:37:04","guid":{"rendered":"https:\/\/preview.efk.admin.ch\/prufung\/effet-incitatif-du-systeme-dechange-de-quotas-demission-office-federal-de-lenvironnement\/"},"modified":"2024-03-21T17:53:08","modified_gmt":"2024-03-21T16:53:08","slug":"effet-incitatif-du-systeme-dechange-de-quotas-demission-office-federal-de-lenvironnement","status":"publish","type":"audit","link":"https:\/\/www.efk.admin.ch\/fr\/audit\/effet-incitatif-du-systeme-dechange-de-quotas-demission-office-federal-de-lenvironnement\/","title":{"rendered":"Effet incitatif du syst\u00e8me d\u2019\u00e9change de quotas d\u2019\u00e9mission"},"content":{"rendered":"\n<p>La taxe sur le CO<sub>2<\/sub>\u00a0est une taxe d\u2019incitation pr\u00e9lev\u00e9e depuis 2008 dans le but d\u2019encourager une utilisation parcimonieuse des combustibles fossiles. Deux tiers de ses recettes annuelles (un milliard de francs environ) sont redistribu\u00e9s \u00e0 la population et \u00e0 l\u2019\u00e9conomie, tandis qu\u2019un tiers environ alimente le Programme B\u00e2timents et le fonds de technologie.<\/p>\n","protected":false},"featured_media":0,"menu_order":0,"template":"","audit_category":[47],"audit_type":[100],"class_list":["post-6114","audit","type-audit","status-publish","hentry","audit_category-transports-et-environnement","audit_type-evaluation"],"acf":{"audit_lang":[{"lang":"d"}],"audit_numbers":[{"audit_number":"16393"}],"audit_office":[7961],"audit_office_text":"","audit_date":"20171101","bgo":false,"keywords":"2008, La taxe sur le CO2, taxe d\u2019incitation, combustibles fossiles, recettes, le Programme B\u00e2timents, le fonds de technologie","audit_office_local":""},"yoast_head":"<!-- This site is optimized with the Yoast SEO Premium plugin v27.4 (Yoast SEO v27.4) - https:\/\/yoast.com\/product\/yoast-seo-premium-wordpress\/ -->\n<title>Effet incitatif du syst\u00e8me d\u2019\u00e9change de quotas d\u2019\u00e9mission - Contr\u00f4le f\u00e9d\u00e9ral des finances (CDF)<\/title>\n<meta name=\"description\" content=\"Effet incitatif du syst\u00e8me d\u2019\u00e9change de quotas d\u2019\u00e9mission\" \/>\n<meta name=\"robots\" content=\"index, follow, max-snippet:-1, max-image-preview:large, max-video-preview:-1\" \/>\n<link rel=\"canonical\" href=\"https:\/\/www.efk.admin.ch\/fr\/audit\/effet-incitatif-du-systeme-dechange-de-quotas-demission-office-federal-de-lenvironnement\/\" \/>\n<meta property=\"og:locale\" content=\"fr_FR\" \/>\n<meta property=\"og:type\" content=\"article\" \/>\n<meta property=\"og:title\" content=\"Effet incitatif du syst\u00e8me d\u2019\u00e9change de quotas d\u2019\u00e9mission\" \/>\n<meta property=\"og:description\" content=\"Effet incitatif du syst\u00e8me d\u2019\u00e9change de quotas d\u2019\u00e9mission\" \/>\n<meta property=\"og:url\" content=\"https:\/\/www.efk.admin.ch\/fr\/audit\/effet-incitatif-du-systeme-dechange-de-quotas-demission-office-federal-de-lenvironnement\/\" \/>\n<meta property=\"og:site_name\" content=\"Contr\u00f4le f\u00e9d\u00e9ral des finances (CDF)\" \/>\n<meta property=\"article:modified_time\" content=\"2024-03-21T16:53:08+00:00\" \/>\n<meta property=\"og:image\" content=\"https:\/\/www.efk.admin.ch\/wp-content\/uploads\/test\/palais.jpg\" \/>\n\t<meta property=\"og:image:width\" content=\"750\" \/>\n\t<meta property=\"og:image:height\" content=\"500\" \/>\n\t<meta property=\"og:image:type\" content=\"image\/jpeg\" \/>\n<meta name=\"twitter:card\" content=\"summary_large_image\" \/>\n<script type=\"application\/ld+json\" class=\"yoast-schema-graph\">{\"@context\":\"https:\\\/\\\/schema.org\",\"@graph\":[{\"@type\":\"WebPage\",\"@id\":\"https:\\\/\\\/www.efk.admin.ch\\\/fr\\\/audit\\\/effet-incitatif-du-systeme-dechange-de-quotas-demission-office-federal-de-lenvironnement\\\/\",\"url\":\"https:\\\/\\\/www.efk.admin.ch\\\/fr\\\/audit\\\/effet-incitatif-du-systeme-dechange-de-quotas-demission-office-federal-de-lenvironnement\\\/\",\"name\":\"Effet incitatif du syst\u00e8me d\u2019\u00e9change de quotas d\u2019\u00e9mission - Contr\u00f4le f\u00e9d\u00e9ral des finances (CDF)\",\"isPartOf\":{\"@id\":\"https:\\\/\\\/www.efk.admin.ch\\\/fr\\\/#website\"},\"datePublished\":\"2024-01-17T15:37:04+00:00\",\"dateModified\":\"2024-03-21T16:53:08+00:00\",\"description\":\"Effet incitatif du syst\u00e8me d\u2019\u00e9change de quotas d\u2019\u00e9mission\",\"breadcrumb\":{\"@id\":\"https:\\\/\\\/www.efk.admin.ch\\\/fr\\\/audit\\\/effet-incitatif-du-systeme-dechange-de-quotas-demission-office-federal-de-lenvironnement\\\/#breadcrumb\"},\"inLanguage\":\"fr-FR\",\"potentialAction\":[{\"@type\":\"ReadAction\",\"target\":[\"https:\\\/\\\/www.efk.admin.ch\\\/fr\\\/audit\\\/effet-incitatif-du-systeme-dechange-de-quotas-demission-office-federal-de-lenvironnement\\\/\"]}]},{\"@type\":\"BreadcrumbList\",\"@id\":\"https:\\\/\\\/www.efk.admin.ch\\\/fr\\\/audit\\\/effet-incitatif-du-systeme-dechange-de-quotas-demission-office-federal-de-lenvironnement\\\/#breadcrumb\",\"itemListElement\":[{\"@type\":\"ListItem\",\"position\":1,\"name\":\"Home\",\"item\":\"https:\\\/\\\/www.efk.admin.ch\\\/fr\\\/\"},{\"@type\":\"ListItem\",\"position\":2,\"name\":\"Rapport\",\"item\":\"https:\\\/\\\/www.efk.admin.ch\\\/fr\\\/audit\\\/\"},{\"@type\":\"ListItem\",\"position\":3,\"name\":\"Effet incitatif du syst\u00e8me d\u2019\u00e9change de quotas d\u2019\u00e9mission\"}]},{\"@type\":\"WebSite\",\"@id\":\"https:\\\/\\\/www.efk.admin.ch\\\/fr\\\/#website\",\"url\":\"https:\\\/\\\/www.efk.admin.ch\\\/fr\\\/\",\"name\":\"Informationen \u00fcber das oberste Finanzaufsichtsorgan der Schweiz\",\"description\":\"Le Contr\u00f4le f\u00e9d\u00e9ral des finances (CDF) est l'organe supr\u00eame de surveillance financi\u00e8re de la Conf\u00e9d\u00e9ration suisse.\",\"publisher\":{\"@id\":\"https:\\\/\\\/www.efk.admin.ch\\\/fr\\\/#organization\"},\"alternateName\":\"EFK\",\"potentialAction\":[{\"@type\":\"SearchAction\",\"target\":{\"@type\":\"EntryPoint\",\"urlTemplate\":\"https:\\\/\\\/www.efk.admin.ch\\\/fr\\\/?s={search_term_string}\"},\"query-input\":{\"@type\":\"PropertyValueSpecification\",\"valueRequired\":true,\"valueName\":\"search_term_string\"}}],\"inLanguage\":\"fr-FR\"},{\"@type\":\"Organization\",\"@id\":\"https:\\\/\\\/www.efk.admin.ch\\\/fr\\\/#organization\",\"name\":\"Contr\u00f4le f\u00e9d\u00e9ral des finances (CDF)\",\"alternateName\":\"EFK\",\"url\":\"https:\\\/\\\/www.efk.admin.ch\\\/fr\\\/\",\"logo\":{\"@type\":\"ImageObject\",\"inLanguage\":\"fr-FR\",\"@id\":\"https:\\\/\\\/www.efk.admin.ch\\\/fr\\\/#\\\/schema\\\/logo\\\/image\\\/\",\"url\":\"https:\\\/\\\/www.efk.admin.ch\\\/wp-content\\\/uploads\\\/efk_cdf_logo_ohne_claim.png\",\"contentUrl\":\"https:\\\/\\\/www.efk.admin.ch\\\/wp-content\\\/uploads\\\/efk_cdf_logo_ohne_claim.png\",\"width\":268,\"height\":258,\"caption\":\"Contr\u00f4le f\u00e9d\u00e9ral des finances (CDF)\"},\"image\":{\"@id\":\"https:\\\/\\\/www.efk.admin.ch\\\/fr\\\/#\\\/schema\\\/logo\\\/image\\\/\"},\"sameAs\":[\"https:\\\/\\\/www.instagram.com\\\/efk_cdf_sfao\\\/\",\"https:\\\/\\\/www.youtube.com\\\/channel\\\/UCm-bXj227VE5sJzhB-ihdvw\\\/featured\",\"https:\\\/\\\/www.linkedin.com\\\/company\\\/11081578\\\/\"]}]}<\/script>\n<!-- \/ Yoast SEO Premium plugin. -->","yoast_head_json":{"title":"Effet incitatif du syst\u00e8me d\u2019\u00e9change de quotas d\u2019\u00e9mission - Contr\u00f4le f\u00e9d\u00e9ral des finances (CDF)","description":"Effet incitatif du syst\u00e8me d\u2019\u00e9change de quotas d\u2019\u00e9mission","robots":{"index":"index","follow":"follow","max-snippet":"max-snippet:-1","max-image-preview":"max-image-preview:large","max-video-preview":"max-video-preview:-1"},"canonical":"https:\/\/www.efk.admin.ch\/fr\/audit\/effet-incitatif-du-systeme-dechange-de-quotas-demission-office-federal-de-lenvironnement\/","og_locale":"fr_FR","og_type":"article","og_title":"Effet incitatif du syst\u00e8me d\u2019\u00e9change de quotas d\u2019\u00e9mission","og_description":"Effet incitatif du syst\u00e8me d\u2019\u00e9change de quotas d\u2019\u00e9mission","og_url":"https:\/\/www.efk.admin.ch\/fr\/audit\/effet-incitatif-du-systeme-dechange-de-quotas-demission-office-federal-de-lenvironnement\/","og_site_name":"Contr\u00f4le f\u00e9d\u00e9ral des finances (CDF)","article_modified_time":"2024-03-21T16:53:08+00:00","og_image":[{"width":750,"height":500,"url":"https:\/\/www.efk.admin.ch\/wp-content\/uploads\/test\/palais.jpg","type":"image\/jpeg"}],"twitter_card":"summary_large_image","schema":{"@context":"https:\/\/schema.org","@graph":[{"@type":"WebPage","@id":"https:\/\/www.efk.admin.ch\/fr\/audit\/effet-incitatif-du-systeme-dechange-de-quotas-demission-office-federal-de-lenvironnement\/","url":"https:\/\/www.efk.admin.ch\/fr\/audit\/effet-incitatif-du-systeme-dechange-de-quotas-demission-office-federal-de-lenvironnement\/","name":"Effet incitatif du syst\u00e8me d\u2019\u00e9change de quotas d\u2019\u00e9mission - Contr\u00f4le f\u00e9d\u00e9ral des finances (CDF)","isPartOf":{"@id":"https:\/\/www.efk.admin.ch\/fr\/#website"},"datePublished":"2024-01-17T15:37:04+00:00","dateModified":"2024-03-21T16:53:08+00:00","description":"Effet incitatif du syst\u00e8me d\u2019\u00e9change de quotas d\u2019\u00e9mission","breadcrumb":{"@id":"https:\/\/www.efk.admin.ch\/fr\/audit\/effet-incitatif-du-systeme-dechange-de-quotas-demission-office-federal-de-lenvironnement\/#breadcrumb"},"inLanguage":"fr-FR","potentialAction":[{"@type":"ReadAction","target":["https:\/\/www.efk.admin.ch\/fr\/audit\/effet-incitatif-du-systeme-dechange-de-quotas-demission-office-federal-de-lenvironnement\/"]}]},{"@type":"BreadcrumbList","@id":"https:\/\/www.efk.admin.ch\/fr\/audit\/effet-incitatif-du-systeme-dechange-de-quotas-demission-office-federal-de-lenvironnement\/#breadcrumb","itemListElement":[{"@type":"ListItem","position":1,"name":"Home","item":"https:\/\/www.efk.admin.ch\/fr\/"},{"@type":"ListItem","position":2,"name":"Rapport","item":"https:\/\/www.efk.admin.ch\/fr\/audit\/"},{"@type":"ListItem","position":3,"name":"Effet incitatif du syst\u00e8me d\u2019\u00e9change de quotas d\u2019\u00e9mission"}]},{"@type":"WebSite","@id":"https:\/\/www.efk.admin.ch\/fr\/#website","url":"https:\/\/www.efk.admin.ch\/fr\/","name":"Informationen \u00fcber das oberste Finanzaufsichtsorgan der Schweiz","description":"Le Contr\u00f4le f\u00e9d\u00e9ral des finances (CDF) est l'organe supr\u00eame de surveillance financi\u00e8re de la Conf\u00e9d\u00e9ration suisse.","publisher":{"@id":"https:\/\/www.efk.admin.ch\/fr\/#organization"},"alternateName":"EFK","potentialAction":[{"@type":"SearchAction","target":{"@type":"EntryPoint","urlTemplate":"https:\/\/www.efk.admin.ch\/fr\/?s={search_term_string}"},"query-input":{"@type":"PropertyValueSpecification","valueRequired":true,"valueName":"search_term_string"}}],"inLanguage":"fr-FR"},{"@type":"Organization","@id":"https:\/\/www.efk.admin.ch\/fr\/#organization","name":"Contr\u00f4le f\u00e9d\u00e9ral des finances (CDF)","alternateName":"EFK","url":"https:\/\/www.efk.admin.ch\/fr\/","logo":{"@type":"ImageObject","inLanguage":"fr-FR","@id":"https:\/\/www.efk.admin.ch\/fr\/#\/schema\/logo\/image\/","url":"https:\/\/www.efk.admin.ch\/wp-content\/uploads\/efk_cdf_logo_ohne_claim.png","contentUrl":"https:\/\/www.efk.admin.ch\/wp-content\/uploads\/efk_cdf_logo_ohne_claim.png","width":268,"height":258,"caption":"Contr\u00f4le f\u00e9d\u00e9ral des finances (CDF)"},"image":{"@id":"https:\/\/www.efk.admin.ch\/fr\/#\/schema\/logo\/image\/"},"sameAs":["https:\/\/www.instagram.com\/efk_cdf_sfao\/","https:\/\/www.youtube.com\/channel\/UCm-bXj227VE5sJzhB-ihdvw\/featured","https:\/\/www.linkedin.com\/company\/11081578\/"]}]}},"_links":{"self":[{"href":"https:\/\/www.efk.admin.ch\/fr\/wp-json\/wp\/v2\/audit\/6114","targetHints":{"allow":["GET"]}}],"collection":[{"href":"https:\/\/www.efk.admin.ch\/fr\/wp-json\/wp\/v2\/audit"}],"about":[{"href":"https:\/\/www.efk.admin.ch\/fr\/wp-json\/wp\/v2\/types\/audit"}],"acf:post":[{"embeddable":true,"href":"https:\/\/www.efk.admin.ch\/fr\/wp-json\/wp\/v2\/office\/7961"}],"wp:attachment":[{"href":"https:\/\/www.efk.admin.ch\/fr\/wp-json\/wp\/v2\/media?parent=6114"}],"wp:term":[{"taxonomy":"audit_category","embeddable":true,"href":"https:\/\/www.efk.admin.ch\/fr\/wp-json\/wp\/v2\/audit_category?post=6114"},{"taxonomy":"audit_type","embeddable":true,"href":"https:\/\/www.efk.admin.ch\/fr\/wp-json\/wp\/v2\/audit_type?post=6114"}],"curies":[{"name":"wp","href":"https:\/\/api.w.org\/{rel}","templated":true}]}}